
{"id":4027,"date":"2024-08-21T13:59:57","date_gmt":"2024-08-21T13:59:57","guid":{"rendered":"https:\/\/slategrey-clam-517275.hostingersite.com\/?page_id=4027"},"modified":"2026-03-17T17:58:15","modified_gmt":"2026-03-17T17:58:15","slug":"home","status":"publish","type":"page","link":"https:\/\/abreme.com.br\/","title":{"rendered":"Home"},"content":{"rendered":"\t\t<div data-elementor-type=\"wp-page\" data-elementor-id=\"4027\" class=\"elementor elementor-4027\">\n\t\t\t\t<div class=\"elementor-element elementor-element-9098e9e e-con-full e-flex wpr-particle-no wpr-jarallax-no wpr-parallax-no wpr-sticky-section-no wpr-equal-height-no e-con e-parent\" data-id=\"9098e9e\" data-element_type=\"container\" data-settings=\"{&quot;background_background&quot;:&quot;slideshow&quot;,&quot;background_slideshow_gallery&quot;:[{&quot;id&quot;:4083,&quot;url&quot;:&quot;https:\\\/\\\/abreme.com.br\\\/wp-content\\\/uploads\\\/2024\\\/08\\\/rowing-8135184_1280.webp&quot;}],&quot;background_slideshow_slide_duration&quot;:5000,&quot;background_slideshow_slide_transition&quot;:&quot;fade&quot;,&quot;background_slideshow_transition_duration&quot;:500}\">\n\t\t\t\t<div class=\"elementor-element elementor-element-aa3abb5 elementor-widget elementor-widget-heading\" data-id=\"aa3abb5\" data-element_type=\"widget\" data-widget_type=\"heading.default\">\n\t\t\t\t<div class=\"elementor-widget-container\">\n\t\t\t\t\t<h2 class=\"elementor-heading-title elementor-size-default\">Junte-se a n\u00f3s<\/h2>\t\t\t\t<\/div>\n\t\t\t\t<\/div>\n\t\t\t\t<div class=\"elementor-element elementor-element-5e1a424 elementor-widget elementor-widget-heading\" data-id=\"5e1a424\" data-element_type=\"widget\" data-widget_type=\"heading.default\">\n\t\t\t\t<div class=\"elementor-widget-container\">\n\t\t\t\t\t<h2 class=\"elementor-heading-title elementor-size-default\">Associado ABREME tem informa\u00e7\u00f5es, servi\u00e7os exclusivos, assessoria jur\u00eddica e muito mais.\n\n<\/h2>\t\t\t\t<\/div>\n\t\t\t\t<\/div>\n\t\t\t\t<div class=\"elementor-element elementor-element-275bbe6 elementor-widget elementor-widget-button\" data-id=\"275bbe6\" data-element_type=\"widget\" data-widget_type=\"button.default\">\n\t\t\t\t<div class=\"elementor-widget-container\">\n\t\t\t\t\t\t\t\t\t<div class=\"elementor-button-wrapper\">\n\t\t\t\t\t<a class=\"elementor-button elementor-button-link elementor-size-sm\" href=\"?page_id=4352\">\n\t\t\t\t\t\t<span class=\"elementor-button-content-wrapper\">\n\t\t\t\t\t\t\t\t\t<span class=\"elementor-button-text\">SAIBA MAIS<\/span>\n\t\t\t\t\t<\/span>\n\t\t\t\t\t<\/a>\n\t\t\t\t<\/div>\n\t\t\t\t\t\t\t\t<\/div>\n\t\t\t\t<\/div>\n\t\t\t\t<\/div>\n\t\t<div class=\"elementor-element elementor-element-e95b52f e-con-full e-flex wpr-particle-no wpr-jarallax-no wpr-parallax-no wpr-sticky-section-no wpr-equal-height-no e-con e-parent\" data-id=\"e95b52f\" data-element_type=\"container\" data-settings=\"{&quot;background_background&quot;:&quot;classic&quot;}\">\n\t\t<div class=\"elementor-element elementor-element-ccea6cd e-con-full e-flex wpr-particle-no wpr-jarallax-no wpr-parallax-no wpr-sticky-section-no wpr-equal-height-no e-con e-child\" data-id=\"ccea6cd\" data-element_type=\"container\">\n\t\t\t\t<div class=\"elementor-element elementor-element-c149491 elementor-widget elementor-widget-image\" data-id=\"c149491\" data-element_type=\"widget\" data-widget_type=\"image.default\">\n\t\t\t\t<div class=\"elementor-widget-container\">\n\t\t\t\t\t\t\t\t\t\t\t\t\t\t\t<img decoding=\"async\" width=\"300\" height=\"58\" src=\"https:\/\/abreme.com.br\/wp-content\/uploads\/2019\/05\/abreme-branco-300x58.png\" class=\"attachment-medium size-medium wp-image-439\" alt=\"\" srcset=\"https:\/\/abreme.com.br\/wp-content\/uploads\/2019\/05\/abreme-branco-300x58.png 300w, https:\/\/abreme.com.br\/wp-content\/uploads\/2019\/05\/abreme-branco.png 737w\" sizes=\"(max-width: 300px) 100vw, 300px\" \/>\t\t\t\t\t\t\t\t\t\t\t\t\t\t\t<\/div>\n\t\t\t\t<\/div>\n\t\t\t\t<div class=\"elementor-element elementor-element-1a3dd57 elementor-widget elementor-widget-heading\" data-id=\"1a3dd57\" data-element_type=\"widget\" data-widget_type=\"heading.default\">\n\t\t\t\t<div class=\"elementor-widget-container\">\n\t\t\t\t\t<h3 class=\"elementor-heading-title elementor-size-default\">Promovendo o desenvolvimento e a profissionaliza\u00e7\u00e3o do mercado de revenda e distribui\u00e7\u00e3o de materiais el\u00e9tricos\n\n<\/h3>\t\t\t\t<\/div>\n\t\t\t\t<\/div>\n\t\t\t\t<div class=\"elementor-element elementor-element-e8c25a9 elementor-widget elementor-widget-text-editor\" data-id=\"e8c25a9\" data-element_type=\"widget\" data-widget_type=\"text-editor.default\">\n\t\t\t\t<div class=\"elementor-widget-container\">\n\t\t\t\t\t\t\t\t\t<p>A ABREME Associa\u00e7\u00e3o Brasileira dos Revendedores e Distribuidores de Materiais El\u00e9tricos, \u00e9 uma entidade civil, sem fins lucrativos que congrega empresas individuais ou coletivas que se dedicam \u00e0 comercializa\u00e7\u00e3o de materiais el\u00e9tricos, seja na base de revenda\u00a0 ou distribui\u00e7\u00e3o.<\/p>\t\t\t\t\t\t\t\t<\/div>\n\t\t\t\t<\/div>\n\t\t\t\t<\/div>\n\t\t<div class=\"elementor-element elementor-element-ebf9a72 e-con-full e-flex wpr-particle-no wpr-jarallax-no wpr-parallax-no wpr-sticky-section-no wpr-equal-height-no e-con e-child\" data-id=\"ebf9a72\" data-element_type=\"container\" data-settings=\"{&quot;background_background&quot;:&quot;classic&quot;}\">\n\t\t\t\t<div class=\"elementor-element elementor-element-5d0b175 elementor-widget elementor-widget-heading\" data-id=\"5d0b175\" data-element_type=\"widget\" data-widget_type=\"heading.default\">\n\t\t\t\t<div class=\"elementor-widget-container\">\n\t\t\t\t\t<h2 class=\"elementor-heading-title elementor-size-default\">STF restabelece parcialmente decreto que eleva al\u00edquotas do IOF\n<\/h2>\t\t\t\t<\/div>\n\t\t\t\t<\/div>\n\t\t\t\t<div class=\"elementor-element elementor-element-6e516d6 elementor-widget elementor-widget-text-editor\" data-id=\"6e516d6\" data-element_type=\"widget\" data-widget_type=\"text-editor.default\">\n\t\t\t\t<div class=\"elementor-widget-container\">\n\t\t\t\t\t\t\t\t\t<p>Ministro Alexandre de Moraes manteve suspens\u00e3o apenas quanto \u00e0 incid\u00eancia do imposto sobre opera\u00e7\u00f5es de \u201crisco sacado\u201d Foto: Wallace Martins\/STF \u00a0 O ministro Alexandre de Moraes, do Supremo Tribunal Federal (STF), restabeleceu parcialmente a validade do decreto do presidente da Rep\u00fablica<\/p>\t\t\t\t\t\t\t\t<\/div>\n\t\t\t\t<\/div>\n\t\t\t\t<div class=\"elementor-element elementor-element-2306a5e elementor-align-right elementor-mobile-align-center elementor-widget elementor-widget-button\" data-id=\"2306a5e\" data-element_type=\"widget\" data-widget_type=\"button.default\">\n\t\t\t\t<div class=\"elementor-widget-container\">\n\t\t\t\t\t\t\t\t\t<div class=\"elementor-button-wrapper\">\n\t\t\t\t\t<a class=\"elementor-button elementor-button-link elementor-size-sm\" href=\"?p=5986\">\n\t\t\t\t\t\t<span class=\"elementor-button-content-wrapper\">\n\t\t\t\t\t\t\t\t\t<span class=\"elementor-button-text\">Mais Informa\u00e7\u00f5es<\/span>\n\t\t\t\t\t<\/span>\n\t\t\t\t\t<\/a>\n\t\t\t\t<\/div>\n\t\t\t\t\t\t\t\t<\/div>\n\t\t\t\t<\/div>\n\t\t\t\t<\/div>\n\t\t\t\t<\/div>\n\t\t<div class=\"elementor-element elementor-element-c0f83af e-con-full e-flex wpr-particle-no wpr-jarallax-no wpr-parallax-no wpr-sticky-section-no wpr-equal-height-no e-con e-parent\" data-id=\"c0f83af\" data-element_type=\"container\" data-settings=\"{&quot;background_background&quot;:&quot;classic&quot;}\">\n\t\t\t\t<div class=\"elementor-element elementor-element-170fbcf elementor-arrows-position-outside elementor-widget elementor-widget-image-carousel\" data-id=\"170fbcf\" data-element_type=\"widget\" data-settings=\"{&quot;slides_to_show&quot;:&quot;10&quot;,&quot;navigation&quot;:&quot;arrows&quot;,&quot;image_spacing_custom&quot;:{&quot;unit&quot;:&quot;px&quot;,&quot;size&quot;:45,&quot;sizes&quot;:[]},&quot;slides_to_scroll&quot;:&quot;5&quot;,&quot;slides_to_show_mobile&quot;:&quot;2&quot;,&quot;slides_to_scroll_mobile&quot;:&quot;2&quot;,&quot;autoplay&quot;:&quot;yes&quot;,&quot;pause_on_hover&quot;:&quot;yes&quot;,&quot;pause_on_interaction&quot;:&quot;yes&quot;,&quot;autoplay_speed&quot;:5000,&quot;infinite&quot;:&quot;yes&quot;,&quot;speed&quot;:500,&quot;image_spacing_custom_tablet&quot;:{&quot;unit&quot;:&quot;px&quot;,&quot;size&quot;:&quot;&quot;,&quot;sizes&quot;:[]},&quot;image_spacing_custom_mobile&quot;:{&quot;unit&quot;:&quot;px&quot;,&quot;size&quot;:&quot;&quot;,&quot;sizes&quot;:[]}}\" data-widget_type=\"image-carousel.default\">\n\t\t\t\t<div class=\"elementor-widget-container\">\n\t\t\t\t\t\t\t<div class=\"elementor-image-carousel-wrapper swiper\" role=\"region\" aria-roledescription=\"carousel\" aria-label=\"Carrossel de imagens\" dir=\"ltr\">\n\t\t\t<div class=\"elementor-image-carousel swiper-wrapper\" aria-live=\"off\">\n\t\t\t\t\t\t\t\t<div class=\"swiper-slide\" role=\"group\" aria-roledescription=\"slide\" aria-label=\"1 de 25\"><figure class=\"swiper-slide-inner\"><img decoding=\"async\" class=\"swiper-slide-image\" src=\"https:\/\/abreme.com.br\/wp-content\/uploads\/2026\/01\/alpha-marktec.png\" alt=\"alpha marktec\" \/><\/figure><\/div><div class=\"swiper-slide\" role=\"group\" aria-roledescription=\"slide\" aria-label=\"2 de 25\"><figure class=\"swiper-slide-inner\"><img decoding=\"async\" class=\"swiper-slide-image\" src=\"https:\/\/abreme.com.br\/wp-content\/uploads\/2026\/02\/andra.png\" alt=\"andra\" \/><\/figure><\/div><div class=\"swiper-slide\" role=\"group\" aria-roledescription=\"slide\" aria-label=\"3 de 25\"><figure class=\"swiper-slide-inner\"><img decoding=\"async\" class=\"swiper-slide-image\" src=\"https:\/\/abreme.com.br\/wp-content\/uploads\/2024\/08\/eletrica-copeli.png\" alt=\"eletrica-copeli\" \/><\/figure><\/div><div class=\"swiper-slide\" role=\"group\" aria-roledescription=\"slide\" aria-label=\"4 de 25\"><figure class=\"swiper-slide-inner\"><img decoding=\"async\" class=\"swiper-slide-image\" src=\"https:\/\/abreme.com.br\/wp-content\/uploads\/2026\/01\/balt.png\" alt=\"balt\" \/><\/figure><\/div><div class=\"swiper-slide\" role=\"group\" aria-roledescription=\"slide\" aria-label=\"5 de 25\"><figure class=\"swiper-slide-inner\"><img decoding=\"async\" class=\"swiper-slide-image\" src=\"https:\/\/abreme.com.br\/wp-content\/uploads\/2026\/02\/LOGO-BETA.png\" alt=\"LOGO BETA\" \/><\/figure><\/div><div class=\"swiper-slide\" role=\"group\" aria-roledescription=\"slide\" aria-label=\"6 de 25\"><figure class=\"swiper-slide-inner\"><img decoding=\"async\" class=\"swiper-slide-image\" src=\"https:\/\/abreme.com.br\/wp-content\/uploads\/2024\/09\/cross.jpg\" alt=\"cross\" \/><\/figure><\/div><div class=\"swiper-slide\" role=\"group\" aria-roledescription=\"slide\" aria-label=\"7 de 25\"><figure class=\"swiper-slide-inner\"><img decoding=\"async\" class=\"swiper-slide-image\" src=\"https:\/\/abreme.com.br\/wp-content\/uploads\/2026\/01\/dimensional.png\" alt=\"dimensional\" \/><\/figure><\/div><div class=\"swiper-slide\" role=\"group\" aria-roledescription=\"slide\" aria-label=\"8 de 25\"><figure class=\"swiper-slide-inner\"><img decoding=\"async\" class=\"swiper-slide-image\" src=\"https:\/\/abreme.com.br\/wp-content\/uploads\/2026\/01\/eletrica-bahiana.png\" alt=\"eletrica bahiana\" \/><\/figure><\/div><div class=\"swiper-slide\" role=\"group\" aria-roledescription=\"slide\" aria-label=\"9 de 25\"><figure class=\"swiper-slide-inner\"><img decoding=\"async\" class=\"swiper-slide-image\" src=\"https:\/\/abreme.com.br\/wp-content\/uploads\/2026\/01\/eletrica-cidade.png\" alt=\"eletrica cidade\" \/><\/figure><\/div><div class=\"swiper-slide\" role=\"group\" aria-roledescription=\"slide\" aria-label=\"10 de 25\"><figure class=\"swiper-slide-inner\"><img decoding=\"async\" class=\"swiper-slide-image\" src=\"https:\/\/abreme.com.br\/wp-content\/uploads\/2019\/06\/logo_paulista.jpg\" alt=\"logo_paulista\" \/><\/figure><\/div><div class=\"swiper-slide\" role=\"group\" aria-roledescription=\"slide\" aria-label=\"11 de 25\"><figure class=\"swiper-slide-inner\"><img decoding=\"async\" class=\"swiper-slide-image\" src=\"https:\/\/abreme.com.br\/wp-content\/uploads\/2026\/01\/eletrpainel.png\" alt=\"eletrpainel\" \/><\/figure><\/div><div class=\"swiper-slide\" role=\"group\" aria-roledescription=\"slide\" aria-label=\"12 de 25\"><figure class=\"swiper-slide-inner\"><img decoding=\"async\" class=\"swiper-slide-image\" src=\"https:\/\/abreme.com.br\/wp-content\/uploads\/2026\/01\/fecva.png\" alt=\"fecva\" \/><\/figure><\/div><div class=\"swiper-slide\" role=\"group\" aria-roledescription=\"slide\" aria-label=\"13 de 25\"><figure class=\"swiper-slide-inner\"><img decoding=\"async\" class=\"swiper-slide-image\" src=\"https:\/\/abreme.com.br\/wp-content\/uploads\/2026\/01\/fujicabos.png\" alt=\"fujicabos\" \/><\/figure><\/div><div class=\"swiper-slide\" role=\"group\" aria-roledescription=\"slide\" aria-label=\"14 de 25\"><figure class=\"swiper-slide-inner\"><img decoding=\"async\" class=\"swiper-slide-image\" src=\"https:\/\/abreme.com.br\/wp-content\/uploads\/2026\/01\/jabu.png\" alt=\"jabu\" \/><\/figure><\/div><div class=\"swiper-slide\" role=\"group\" aria-roledescription=\"slide\" aria-label=\"15 de 25\"><figure class=\"swiper-slide-inner\"><img decoding=\"async\" class=\"swiper-slide-image\" src=\"https:\/\/abreme.com.br\/wp-content\/uploads\/2024\/10\/cropped-logotipo-klint.jpg\" alt=\"cropped-logotipo-klint\" \/><\/figure><\/div><div class=\"swiper-slide\" role=\"group\" aria-roledescription=\"slide\" aria-label=\"16 de 25\"><figure class=\"swiper-slide-inner\"><img decoding=\"async\" class=\"swiper-slide-image\" src=\"https:\/\/abreme.com.br\/wp-content\/uploads\/2026\/02\/mater.png\" alt=\"mater\" \/><\/figure><\/div><div class=\"swiper-slide\" role=\"group\" aria-roledescription=\"slide\" aria-label=\"17 de 25\"><figure class=\"swiper-slide-inner\"><img decoding=\"async\" class=\"swiper-slide-image\" src=\"https:\/\/abreme.com.br\/wp-content\/uploads\/2026\/02\/maxel.png\" alt=\"maxel\" \/><\/figure><\/div><div class=\"swiper-slide\" role=\"group\" aria-roledescription=\"slide\" aria-label=\"18 de 25\"><figure class=\"swiper-slide-inner\"><img decoding=\"async\" class=\"swiper-slide-image\" src=\"https:\/\/abreme.com.br\/wp-content\/uploads\/2024\/08\/Logo-Meta-1.jpg\" alt=\"Logo-Meta-1\" \/><\/figure><\/div><div class=\"swiper-slide\" role=\"group\" aria-roledescription=\"slide\" aria-label=\"19 de 25\"><figure class=\"swiper-slide-inner\"><img decoding=\"async\" class=\"swiper-slide-image\" src=\"https:\/\/abreme.com.br\/wp-content\/uploads\/2026\/01\/nortel.png\" alt=\"nortel\" \/><\/figure><\/div><div class=\"swiper-slide\" role=\"group\" aria-roledescription=\"slide\" aria-label=\"20 de 25\"><figure class=\"swiper-slide-inner\"><img decoding=\"async\" class=\"swiper-slide-image\" src=\"https:\/\/abreme.com.br\/wp-content\/uploads\/2026\/01\/PANDA.png\" alt=\"PANDA\" \/><\/figure><\/div><div class=\"swiper-slide\" role=\"group\" aria-roledescription=\"slide\" aria-label=\"21 de 25\"><figure class=\"swiper-slide-inner\"><img decoding=\"async\" class=\"swiper-slide-image\" src=\"https:\/\/abreme.com.br\/wp-content\/uploads\/2026\/01\/plenobras.png\" alt=\"plenobras\" \/><\/figure><\/div><div class=\"swiper-slide\" role=\"group\" aria-roledescription=\"slide\" aria-label=\"22 de 25\"><figure class=\"swiper-slide-inner\"><img decoding=\"async\" class=\"swiper-slide-image\" src=\"https:\/\/abreme.com.br\/wp-content\/uploads\/2024\/08\/portal.png\" alt=\"portal\" \/><\/figure><\/div><div class=\"swiper-slide\" role=\"group\" aria-roledescription=\"slide\" aria-label=\"23 de 25\"><figure class=\"swiper-slide-inner\"><img decoding=\"async\" class=\"swiper-slide-image\" src=\"https:\/\/abreme.com.br\/wp-content\/uploads\/2026\/01\/Reymaster.png\" alt=\"Reymaster\" \/><\/figure><\/div><div class=\"swiper-slide\" role=\"group\" aria-roledescription=\"slide\" aria-label=\"24 de 25\"><figure class=\"swiper-slide-inner\"><img decoding=\"async\" class=\"swiper-slide-image\" src=\"https:\/\/abreme.com.br\/wp-content\/uploads\/2026\/01\/LOGO-SANTIL_ATUALIZADO.png\" alt=\"LOGO SANTIL_ATUALIZADO\" \/><\/figure><\/div><div class=\"swiper-slide\" role=\"group\" aria-roledescription=\"slide\" aria-label=\"25 de 25\"><figure class=\"swiper-slide-inner\"><img decoding=\"async\" class=\"swiper-slide-image\" src=\"https:\/\/abreme.com.br\/wp-content\/uploads\/2026\/01\/sonepar.png\" alt=\"sonepar\" \/><\/figure><\/div>\t\t\t<\/div>\n\t\t\t\t\t\t\t\t\t\t\t\t<div class=\"elementor-swiper-button elementor-swiper-button-prev\" role=\"button\" tabindex=\"0\">\n\t\t\t\t\t\t<svg aria-hidden=\"true\" class=\"e-font-icon-svg e-eicon-chevron-left\" viewBox=\"0 0 1000 1000\" xmlns=\"http:\/\/www.w3.org\/2000\/svg\"><path d=\"M646 125C629 125 613 133 604 142L308 442C296 454 292 471 292 487 292 504 296 521 308 533L604 854C617 867 629 875 646 875 663 875 679 871 692 858 704 846 713 829 713 812 713 796 708 779 692 767L438 487 692 225C700 217 708 204 708 187 708 171 704 154 692 142 675 129 663 125 646 125Z\"><\/path><\/svg>\t\t\t\t\t<\/div>\n\t\t\t\t\t<div class=\"elementor-swiper-button elementor-swiper-button-next\" role=\"button\" tabindex=\"0\">\n\t\t\t\t\t\t<svg aria-hidden=\"true\" class=\"e-font-icon-svg e-eicon-chevron-right\" viewBox=\"0 0 1000 1000\" xmlns=\"http:\/\/www.w3.org\/2000\/svg\"><path d=\"M696 533C708 521 713 504 713 487 713 471 708 454 696 446L400 146C388 133 375 125 354 125 338 125 325 129 313 142 300 154 292 171 292 187 292 204 296 221 308 233L563 492 304 771C292 783 288 800 288 817 288 833 296 850 308 863 321 871 338 875 354 875 371 875 388 867 400 854L696 533Z\"><\/path><\/svg>\t\t\t\t\t<\/div>\n\t\t\t\t\n\t\t\t\t\t\t\t\t\t<\/div>\n\t\t\t\t\t\t<\/div>\n\t\t\t\t<\/div>\n\t\t\t\t<\/div>\n\t\t<div class=\"elementor-element elementor-element-6bca69b e-flex e-con-boxed wpr-particle-no wpr-jarallax-no wpr-parallax-no wpr-sticky-section-no wpr-equal-height-no e-con e-parent\" data-id=\"6bca69b\" data-element_type=\"container\" data-settings=\"{&quot;background_background&quot;:&quot;classic&quot;}\">\n\t\t\t\t\t<div class=\"e-con-inner\">\n\t\t\t\t<div class=\"elementor-element elementor-element-edc0007 elementor-widget elementor-widget-heading\" data-id=\"edc0007\" data-element_type=\"widget\" data-widget_type=\"heading.default\">\n\t\t\t\t<div class=\"elementor-widget-container\">\n\t\t\t\t\t<h2 class=\"elementor-heading-title elementor-size-default\">PR\u00caMIO ABREME 2025<\/h2>\t\t\t\t<\/div>\n\t\t\t\t<\/div>\n\t\t\t\t<div class=\"elementor-element elementor-element-319d122 elementor-align-right elementor-mobile-align-center elementor-widget elementor-widget-button\" data-id=\"319d122\" data-element_type=\"widget\" data-widget_type=\"button.default\">\n\t\t\t\t<div class=\"elementor-widget-container\">\n\t\t\t\t\t\t\t\t\t<div class=\"elementor-button-wrapper\">\n\t\t\t\t\t<a class=\"elementor-button elementor-button-link elementor-size-sm\" href=\"?page_id=6086\">\n\t\t\t\t\t\t<span class=\"elementor-button-content-wrapper\">\n\t\t\t\t\t\t\t\t\t<span class=\"elementor-button-text\">Veja Mais<\/span>\n\t\t\t\t\t<\/span>\n\t\t\t\t\t<\/a>\n\t\t\t\t<\/div>\n\t\t\t\t\t\t\t\t<\/div>\n\t\t\t\t<\/div>\n\t\t\t\t<div class=\"elementor-element elementor-element-9ba8275 elementor-widget elementor-widget-heading\" data-id=\"9ba8275\" data-element_type=\"widget\" data-widget_type=\"heading.default\">\n\t\t\t\t<div class=\"elementor-widget-container\">\n\t\t\t\t\t<h2 class=\"elementor-heading-title elementor-size-default\">OS DESTAQUES NO SEGMENTO DE MATERIAIS EL\u00c9TRICOS EST\u00c3O AQUI<\/h2>\t\t\t\t<\/div>\n\t\t\t\t<\/div>\n\t\t\t\t<div class=\"elementor-element elementor-element-337857f elementor-widget elementor-widget-text-editor\" data-id=\"337857f\" data-element_type=\"widget\" data-widget_type=\"text-editor.default\">\n\t\t\t\t<div class=\"elementor-widget-container\">\n\t\t\t\t\t\t\t\t\t<p><strong>O Pr\u00eamio ABREME \u00e9 o mais importante pr\u00eamio no setor de revenda e distribui\u00e7\u00e3o de materiais el\u00e9tricos no Brasil. Anualmente, um j\u00fari formado por renomados profissionais elege as empresas que se destacam no segmento de materiais el\u00e9tricos.<\/strong>Anualmente, um j\u00fari formado por renomados profissionais elege as empresas e profissionais que se destacaram no mercado.<\/p>\t\t\t\t\t\t\t\t<\/div>\n\t\t\t\t<\/div>\n\t\t\t\t\t<\/div>\n\t\t\t\t<\/div>\n\t\t<div class=\"elementor-element elementor-element-948826c e-flex e-con-boxed wpr-particle-no wpr-jarallax-no wpr-parallax-no wpr-sticky-section-no wpr-equal-height-no e-con e-parent\" data-id=\"948826c\" data-element_type=\"container\" data-settings=\"{&quot;background_background&quot;:&quot;classic&quot;}\">\n\t\t\t\t\t<div class=\"e-con-inner\">\n\t\t<div class=\"elementor-element elementor-element-9c1ee3b e-con-full e-flex wpr-particle-no wpr-jarallax-no wpr-parallax-no wpr-sticky-section-no wpr-equal-height-no e-con e-child\" data-id=\"9c1ee3b\" data-element_type=\"container\">\n\t\t\t\t<div class=\"elementor-element elementor-element-3faa86b elementor-widget elementor-widget-heading\" data-id=\"3faa86b\" data-element_type=\"widget\" data-widget_type=\"heading.default\">\n\t\t\t\t<div class=\"elementor-widget-container\">\n\t\t\t\t\t<h2 class=\"elementor-heading-title elementor-size-default\">Pr\u00eamio \"Fornecedores do Ano 2025\"\n<\/h2>\t\t\t\t<\/div>\n\t\t\t\t<\/div>\n\t\t\t\t<div class=\"elementor-element elementor-element-239dc04 elementor-widget__width-inherit elementor-arrows-position-inside elementor-widget elementor-widget-image-carousel\" data-id=\"239dc04\" data-element_type=\"widget\" data-settings=\"{&quot;slides_to_show&quot;:&quot;1&quot;,&quot;navigation&quot;:&quot;arrows&quot;,&quot;autoplay&quot;:&quot;yes&quot;,&quot;pause_on_hover&quot;:&quot;yes&quot;,&quot;pause_on_interaction&quot;:&quot;yes&quot;,&quot;autoplay_speed&quot;:5000,&quot;infinite&quot;:&quot;yes&quot;,&quot;effect&quot;:&quot;slide&quot;,&quot;speed&quot;:500}\" data-widget_type=\"image-carousel.default\">\n\t\t\t\t<div class=\"elementor-widget-container\">\n\t\t\t\t\t\t\t<div class=\"elementor-image-carousel-wrapper swiper\" role=\"region\" aria-roledescription=\"carousel\" aria-label=\"Carrossel de imagens\" dir=\"ltr\">\n\t\t\t<div class=\"elementor-image-carousel swiper-wrapper\" aria-live=\"off\">\n\t\t\t\t\t\t\t\t<div class=\"swiper-slide\" role=\"group\" aria-roledescription=\"slide\" aria-label=\"1 de 35\"><figure class=\"swiper-slide-inner\"><img decoding=\"async\" class=\"swiper-slide-image\" src=\"https:\/\/abreme.com.br\/wp-content\/uploads\/2025\/12\/Foto-303-Medio.jpg\" alt=\"Diretor Abreme Gerson Salles entrega a Marcel Serafim e Rodolfo Naves da empresa ELGIN, Trof\u00e9u categoria Bronze Segmento Ilumina\u00e7\u00e3o.\" \/><figcaption class=\"elementor-image-carousel-caption\">Diretor Abreme Gerson Salles entrega a Marcel Serafim e Rodolfo Naves da empresa ELGIN, Trof\u00e9u categoria Bronze Segmento Ilumina\u00e7\u00e3o.<\/figcaption><\/figure><\/div><div class=\"swiper-slide\" role=\"group\" aria-roledescription=\"slide\" aria-label=\"2 de 35\"><figure class=\"swiper-slide-inner\"><img decoding=\"async\" class=\"swiper-slide-image\" src=\"https:\/\/abreme.com.br\/wp-content\/uploads\/2025\/12\/Foto-305-Medio.jpg\" alt=\"Diretor Abreme Thiago Espinheira entrega a Jean Carlos Baseto diretor da empresa LEDVANCE, Trof\u00e9u categoria Prata Segmento Ilumina\u00e7\u00e3o.\" \/><figcaption class=\"elementor-image-carousel-caption\">Diretor Abreme Thiago Espinheira entrega a Jean Carlos Baseto diretor da empresa LEDVANCE, Trof\u00e9u categoria Prata Segmento Ilumina\u00e7\u00e3o.<\/figcaption><\/figure><\/div><div class=\"swiper-slide\" role=\"group\" aria-roledescription=\"slide\" aria-label=\"3 de 35\"><figure class=\"swiper-slide-inner\"><img decoding=\"async\" class=\"swiper-slide-image\" src=\"https:\/\/abreme.com.br\/wp-content\/uploads\/2025\/12\/Foto-307-Medio.jpg\" alt=\"Diretor Abreme Reinaldo Gavioli entrega a Patr\u00edcia Lima e Cristiane Alves representantes da empresa AVANT, Trof\u00e9u categoria Ouro Segmento Ilumina\u00e7\u00e3o.\" \/><figcaption class=\"elementor-image-carousel-caption\">Diretor Abreme Reinaldo Gavioli entrega a Patr\u00edcia Lima e Cristiane Alves representantes da empresa AVANT, Trof\u00e9u categoria Ouro Segmento Ilumina\u00e7\u00e3o.\n<\/figcaption><\/figure><\/div><div class=\"swiper-slide\" role=\"group\" aria-roledescription=\"slide\" aria-label=\"4 de 35\"><figure class=\"swiper-slide-inner\"><img decoding=\"async\" class=\"swiper-slide-image\" src=\"https:\/\/abreme.com.br\/wp-content\/uploads\/2025\/12\/Foto-309-Medio.jpg\" alt=\"Pr\u00eamio Destaque do Ano 2025 \u2013 Segmento Ilumina\u00e7\u00e3o\" \/><figcaption class=\"elementor-image-carousel-caption\">Pr\u00eamio Destaque do Ano 2025 \u2013 Segmento Ilumina\u00e7\u00e3o<\/figcaption><\/figure><\/div><div class=\"swiper-slide\" role=\"group\" aria-roledescription=\"slide\" aria-label=\"5 de 35\"><figure class=\"swiper-slide-inner\"><img decoding=\"async\" class=\"swiper-slide-image\" src=\"https:\/\/abreme.com.br\/wp-content\/uploads\/2025\/12\/Foto-310-Medio.jpg\" alt=\"Diretora Abreme Veridiana Gannam entrega a Valdinei Chaves Gerente Comercial da empresa BRILIA, Placa destaque no ranking 2025 segmento Ilumina\u00e7\u00e3o.\" \/><figcaption class=\"elementor-image-carousel-caption\">Diretora Abreme Veridiana Gannam entrega a Valdinei Chaves Gerente Comercial da empresa BRILIA, Placa destaque no ranking 2025 segmento Ilumina\u00e7\u00e3o.<\/figcaption><\/figure><\/div><div class=\"swiper-slide\" role=\"group\" aria-roledescription=\"slide\" aria-label=\"6 de 35\"><figure class=\"swiper-slide-inner\"><img decoding=\"async\" class=\"swiper-slide-image\" src=\"https:\/\/abreme.com.br\/wp-content\/uploads\/2025\/12\/Foto-311-Medio.jpg\" alt=\"Pr\u00eamio Abreme Fornecedores 2025\nSegmento FIOS E CABOS.\" \/><figcaption class=\"elementor-image-carousel-caption\">Pr\u00eamio Abreme Fornecedores 2025\nSegmento FIOS E CABOS.\n<\/figcaption><\/figure><\/div><div class=\"swiper-slide\" role=\"group\" aria-roledescription=\"slide\" aria-label=\"7 de 35\"><figure class=\"swiper-slide-inner\"><img decoding=\"async\" class=\"swiper-slide-image\" src=\"https:\/\/abreme.com.br\/wp-content\/uploads\/2025\/12\/Foto-313-Medio-1.jpg\" alt=\"Diretor Abreme Carlos Henrique Castanho entrega a M\u00e1rio Casemiro Anderlini diretor da empresa NAMBEI, Trof\u00e9u categoria Bronze Segmento Fios e Cabos.\" \/><figcaption class=\"elementor-image-carousel-caption\">Diretor Abreme Carlos Henrique Castanho entrega a M\u00e1rio Casemiro Anderlini diretor da empresa NAMBEI, Trof\u00e9u categoria Bronze Segmento Fios e Cabos.\n<\/figcaption><\/figure><\/div><div class=\"swiper-slide\" role=\"group\" aria-roledescription=\"slide\" aria-label=\"8 de 35\"><figure class=\"swiper-slide-inner\"><img decoding=\"async\" class=\"swiper-slide-image\" src=\"https:\/\/abreme.com.br\/wp-content\/uploads\/2025\/12\/Foto-315-Medio.jpg\" alt=\"Diretor Abreme Francisco Simon entrega a Luciana Barone e Silvio Barone Jr diretores da empresa SIL FIOS E CABOS EL\u00c9TRICOS, Trof\u00e9u categoria Prata Segmento Fios e Cabos.\" \/><figcaption class=\"elementor-image-carousel-caption\">Diretor Abreme Francisco Simon entrega a Luciana Barone e Silvio Barone Jr diretores da empresa SIL FIOS E CABOS EL\u00c9TRICOS, Trof\u00e9u categoria Prata Segmento Fios e Cabos.\n<\/figcaption><\/figure><\/div><div class=\"swiper-slide\" role=\"group\" aria-roledescription=\"slide\" aria-label=\"9 de 35\"><figure class=\"swiper-slide-inner\"><img decoding=\"async\" class=\"swiper-slide-image\" src=\"https:\/\/abreme.com.br\/wp-content\/uploads\/2025\/12\/Foto-317-Medio.jpg\" alt=\"Diretor Abreme Ricardo Daizem entrega a Rafael e Gustavo Verrone Ruas diretores da empresa COBRECOM, Trof\u00e9u categoria Ouro Segmento Fios e Cabos.\" \/><figcaption class=\"elementor-image-carousel-caption\">Diretor Abreme Ricardo Daizem entrega a Rafael e Gustavo Verrone Ruas diretores da empresa COBRECOM, Trof\u00e9u categoria Ouro Segmento Fios e Cabos.<\/figcaption><\/figure><\/div><div class=\"swiper-slide\" role=\"group\" aria-roledescription=\"slide\" aria-label=\"10 de 35\"><figure class=\"swiper-slide-inner\"><img decoding=\"async\" class=\"swiper-slide-image\" src=\"https:\/\/abreme.com.br\/wp-content\/uploads\/2025\/12\/Foto-319-Medio.jpg\" alt=\"Pr\u00eamio Destaque do Ano 2025 \u2013 Segmento Fios e Cabos\" \/><figcaption class=\"elementor-image-carousel-caption\">Pr\u00eamio Destaque do Ano 2025 \u2013 Segmento Fios e Cabos\n\n<\/figcaption><\/figure><\/div><div class=\"swiper-slide\" role=\"group\" aria-roledescription=\"slide\" aria-label=\"11 de 35\"><figure class=\"swiper-slide-inner\"><img decoding=\"async\" class=\"swiper-slide-image\" src=\"https:\/\/abreme.com.br\/wp-content\/uploads\/2025\/12\/Foto-320-Medio.jpg\" alt=\"Diretor Abreme Paulo Roberto Campos entrega a Jenner Iaconno e Paulo C\u00e9sar Iaconno diretores da empresa Induscabos, Placa destaque no ranking 2025 segmento Fios e Cabos.\" \/><figcaption class=\"elementor-image-carousel-caption\">Diretor Abreme Paulo Roberto Campos entrega a Jenner Iaconno e Paulo C\u00e9sar Iaconno diretores da empresa Induscabos, Placa destaque no ranking 2025 segmento Fios e Cabos.\n<\/figcaption><\/figure><\/div><div class=\"swiper-slide\" role=\"group\" aria-roledescription=\"slide\" aria-label=\"12 de 35\"><figure class=\"swiper-slide-inner\"><img decoding=\"async\" class=\"swiper-slide-image\" src=\"https:\/\/abreme.com.br\/wp-content\/uploads\/2025\/12\/Foto-321-Medio.jpg\" alt=\"Pr\u00eamio Abreme Fornecedores 2025\nSegmento DISPOSITIVOS EL\u00c9TRICOS RESIDENCIAIS\" \/><figcaption class=\"elementor-image-carousel-caption\">Pr\u00eamio Abreme Fornecedores 2025\nSegmento DISPOSITIVOS EL\u00c9TRICOS RESIDENCIAIS\n<\/figcaption><\/figure><\/div><div class=\"swiper-slide\" role=\"group\" aria-roledescription=\"slide\" aria-label=\"13 de 35\"><figure class=\"swiper-slide-inner\"><img decoding=\"async\" class=\"swiper-slide-image\" src=\"https:\/\/abreme.com.br\/wp-content\/uploads\/2025\/12\/Foto-323-Medio.jpg\" alt=\"Diretor Abreme Gerson Salles entrega a Edjane Bezerra, Carlos Bezerra e M\u00e1rcio Martins diretores da empresa Ilumi Materiais El\u00e9tricos, Trof\u00e9u categoria Bronze Segmento Dispositivos El\u00e9tricos Residenciais.\" \/><figcaption class=\"elementor-image-carousel-caption\">Diretor Abreme Gerson Salles entrega a Edjane Bezerra, Carlos Bezerra e M\u00e1rcio Martins diretores da empresa Ilumi Materiais El\u00e9tricos, Trof\u00e9u categoria Bronze Segmento Dispositivos El\u00e9tricos Residenciais.<\/figcaption><\/figure><\/div><div class=\"swiper-slide\" role=\"group\" aria-roledescription=\"slide\" aria-label=\"14 de 35\"><figure class=\"swiper-slide-inner\"><img decoding=\"async\" class=\"swiper-slide-image\" src=\"https:\/\/abreme.com.br\/wp-content\/uploads\/2025\/12\/Foto-325-Medio.jpg\" alt=\"O diretor da Abreme, Jo\u00e3o Carlos Faria Jr., em men\u00e7\u00e3o \u00e0 entrega do Trof\u00e9u \u00e0 empresa vencedora FAME, na categoria Prata \u2013 segmento Dispositivos El\u00e9tricos Residenciais.\" \/><figcaption class=\"elementor-image-carousel-caption\">O diretor da Abreme, Jo\u00e3o Carlos Faria Jr., em men\u00e7\u00e3o \u00e0 entrega do Trof\u00e9u \u00e0 empresa vencedora FAME, na categoria Prata \u2013 segmento Dispositivos El\u00e9tricos Residenciais. <\/figcaption><\/figure><\/div><div class=\"swiper-slide\" role=\"group\" aria-roledescription=\"slide\" aria-label=\"15 de 35\"><figure class=\"swiper-slide-inner\"><img decoding=\"async\" class=\"swiper-slide-image\" src=\"https:\/\/abreme.com.br\/wp-content\/uploads\/2025\/12\/Foto-327-Medio.jpg\" alt=\"Diretor Abreme Marcos Sutiro entrega a Rog\u00e9rio Martello e Thomas Belaisch diretores da empresa STECK, Trof\u00e9u categoria Ouro Segmento Dispositivos El\u00e9tricos Residenciais.\" \/><figcaption class=\"elementor-image-carousel-caption\">Diretor Abreme Marcos Sutiro entrega a Rog\u00e9rio Martello e Thomas Belaisch diretores da empresa STECK, Trof\u00e9u categoria Ouro Segmento Dispositivos El\u00e9tricos Residenciais.\n<\/figcaption><\/figure><\/div><div class=\"swiper-slide\" role=\"group\" aria-roledescription=\"slide\" aria-label=\"16 de 35\"><figure class=\"swiper-slide-inner\"><img decoding=\"async\" class=\"swiper-slide-image\" src=\"https:\/\/abreme.com.br\/wp-content\/uploads\/2025\/12\/Foto-329-Medio.jpg\" alt=\"Pr\u00eamio Destaque do Ano 2025 \u2013 Segmento Ilumina\u00e7\u00e3o\" \/><figcaption class=\"elementor-image-carousel-caption\">Pr\u00eamio Destaque do Ano 2025 \u2013 Segmento Ilumina\u00e7\u00e3o<\/figcaption><\/figure><\/div><div class=\"swiper-slide\" role=\"group\" aria-roledescription=\"slide\" aria-label=\"17 de 35\"><figure class=\"swiper-slide-inner\"><img decoding=\"async\" class=\"swiper-slide-image\" src=\"https:\/\/abreme.com.br\/wp-content\/uploads\/2025\/12\/Foto-330-Medio.jpg\" alt=\"Diretor Abreme Carlos Henrique Castanho entrega a Matheus Guerra e Jonathan Santos representantes da empresa Tramontina, Placa destaque no ranking 2025 segmento Dispositivos El\u00e9tricos Residenciais.\" \/><figcaption class=\"elementor-image-carousel-caption\">Diretor Abreme Carlos Henrique Castanho entrega a Matheus Guerra e Jonathan Santos representantes da empresa Tramontina, Placa destaque no ranking 2025 segmento Dispositivos El\u00e9tricos Residenciais.<\/figcaption><\/figure><\/div><div class=\"swiper-slide\" role=\"group\" aria-roledescription=\"slide\" aria-label=\"18 de 35\"><figure class=\"swiper-slide-inner\"><img decoding=\"async\" class=\"swiper-slide-image\" src=\"https:\/\/abreme.com.br\/wp-content\/uploads\/2025\/12\/Foto-331-Medio.jpg\" alt=\"Pr\u00eamio Abreme Fornecedores 2025\nSegmento DISPOSITIVOS EL\u00c9TRICOS INDUSTRIAIS\" \/><figcaption class=\"elementor-image-carousel-caption\">Pr\u00eamio Abreme Fornecedores 2025\nSegmento DISPOSITIVOS EL\u00c9TRICOS INDUSTRIAIS\n<\/figcaption><\/figure><\/div><div class=\"swiper-slide\" role=\"group\" aria-roledescription=\"slide\" aria-label=\"19 de 35\"><figure class=\"swiper-slide-inner\"><img decoding=\"async\" class=\"swiper-slide-image\" src=\"https:\/\/abreme.com.br\/wp-content\/uploads\/2025\/12\/Foto-333-Medio.jpg\" alt=\"Diretor Abreme Marcos Sutiro entrega a Bianca Cerveira Gerente de vendas da empresa Siemens, Trof\u00e9u categoria Bronze segmento Dispositivos El\u00e9tricos Industriais.\" \/><figcaption class=\"elementor-image-carousel-caption\">Diretor Abreme Marcos Sutiro entrega a Bianca Cerveira Gerente de vendas da empresa Siemens, Trof\u00e9u categoria Bronze segmento Dispositivos El\u00e9tricos Industriais.<\/figcaption><\/figure><\/div><div class=\"swiper-slide\" role=\"group\" aria-roledescription=\"slide\" aria-label=\"20 de 35\"><figure class=\"swiper-slide-inner\"><img decoding=\"async\" class=\"swiper-slide-image\" src=\"https:\/\/abreme.com.br\/wp-content\/uploads\/2025\/12\/Foto-335-Medio.jpg\" alt=\"Diretor Abreme Jo\u00e3o Carlos Faria Jr entrega a Thomas Belaisch e Daniel Gatti diretores da empresa Schneider Electric, Trof\u00e9u categoria Prata segmento Dispositivos El\u00e9tricos Industriais.\" \/><figcaption class=\"elementor-image-carousel-caption\">Diretor Abreme Jo\u00e3o Carlos Faria Jr entrega a Thomas Belaisch e Daniel Gatti diretores da empresa Schneider Electric, Trof\u00e9u categoria Prata segmento Dispositivos El\u00e9tricos Industriais.<\/figcaption><\/figure><\/div><div class=\"swiper-slide\" role=\"group\" aria-roledescription=\"slide\" aria-label=\"21 de 35\"><figure class=\"swiper-slide-inner\"><img decoding=\"async\" class=\"swiper-slide-image\" src=\"https:\/\/abreme.com.br\/wp-content\/uploads\/2025\/12\/Foto-337-Medio.jpg\" alt=\"Diretor Abreme Paulo Roberto Campos entrega a Paulo Roberto Kr\u00fcger diretor de vendas WEG automa\u00e7\u00e3o, Trof\u00e9u categoria Ouro segmento Dispositivos El\u00e9tricos Industriais.\" \/><figcaption class=\"elementor-image-carousel-caption\">Diretor Abreme Paulo Roberto Campos entrega a Paulo Roberto Kr\u00fcger diretor de vendas WEG automa\u00e7\u00e3o, Trof\u00e9u categoria Ouro segmento Dispositivos El\u00e9tricos Industriais.<\/figcaption><\/figure><\/div><div class=\"swiper-slide\" role=\"group\" aria-roledescription=\"slide\" aria-label=\"22 de 35\"><figure class=\"swiper-slide-inner\"><img decoding=\"async\" class=\"swiper-slide-image\" src=\"https:\/\/abreme.com.br\/wp-content\/uploads\/2025\/12\/Foto-339-Medio.jpg\" alt=\"Pr\u00eamio Destaque do Ano 2025 \u2013 Segmento Dispositivos El\u00e9tricos Industriais.\" \/><figcaption class=\"elementor-image-carousel-caption\">Pr\u00eamio Destaque do Ano 2025 \u2013 Segmento Dispositivos El\u00e9tricos Industriais.\n<\/figcaption><\/figure><\/div><div class=\"swiper-slide\" role=\"group\" aria-roledescription=\"slide\" aria-label=\"23 de 35\"><figure class=\"swiper-slide-inner\"><img decoding=\"async\" class=\"swiper-slide-image\" src=\"https:\/\/abreme.com.br\/wp-content\/uploads\/2025\/12\/Foto-340-Medio.jpg\" alt=\"Diretora Abreme Veridiana Gannam entrega a Fernado Leonardis e Marcelo Vilela diretores da empresa ABB GE, Placa destaque no ranking 2025 segmento Dispositivos El\u00e9tricos Industriais.\" \/><figcaption class=\"elementor-image-carousel-caption\">Diretora Abreme Veridiana Gannam entrega a Fernado Leonardis e Marcelo Vilela diretores da empresa ABB GE, Placa destaque no ranking 2025 segmento Dispositivos El\u00e9tricos Industriais.\n<\/figcaption><\/figure><\/div><div class=\"swiper-slide\" role=\"group\" aria-roledescription=\"slide\" aria-label=\"24 de 35\"><figure class=\"swiper-slide-inner\"><img decoding=\"async\" class=\"swiper-slide-image\" src=\"https:\/\/abreme.com.br\/wp-content\/uploads\/2025\/12\/Foto-341-Medio.jpg\" alt=\"Pr\u00eamio Abreme Fornecedores 2025\nSegmento INFRAESTRUTURA\" \/><figcaption class=\"elementor-image-carousel-caption\">Pr\u00eamio Abreme Fornecedores 2025\nSegmento INFRAESTRUTURA\n\n<\/figcaption><\/figure><\/div><div class=\"swiper-slide\" role=\"group\" aria-roledescription=\"slide\" aria-label=\"25 de 35\"><figure class=\"swiper-slide-inner\"><img decoding=\"async\" class=\"swiper-slide-image\" src=\"https:\/\/abreme.com.br\/wp-content\/uploads\/2025\/12\/Foto-343-Medio.jpg\" alt=\"Diretor Abreme Francisco Simon entrega a Andr\u00e9 Luiz Wetzel, Nicole Wetzel e Moacir Tassinari da empresa Wetzel, Trof\u00e9u categoria Bronze Segmento Infraestrutura.\" \/><figcaption class=\"elementor-image-carousel-caption\">Diretor Abreme Francisco Simon entrega a Andr\u00e9 Luiz Wetzel, Nicole Wetzel e Moacir Tassinari da empresa Wetzel, Trof\u00e9u categoria Bronze Segmento Infraestrutura.<\/figcaption><\/figure><\/div><div class=\"swiper-slide\" role=\"group\" aria-roledescription=\"slide\" aria-label=\"26 de 35\"><figure class=\"swiper-slide-inner\"><img decoding=\"async\" class=\"swiper-slide-image\" src=\"https:\/\/abreme.com.br\/wp-content\/uploads\/2025\/12\/Foto-345-Medio.jpg\" alt=\"Diretor Abreme Reinaldo Gavioli entrega a Jos\u00e9 de Ara\u00fajo Junior diretor da empresa Perfil L\u00edder, Trof\u00e9u categoria Prata Segmento Infraestrutura.\" \/><figcaption class=\"elementor-image-carousel-caption\">Diretor Abreme Reinaldo Gavioli entrega a Jos\u00e9 de Ara\u00fajo Junior diretor da empresa Perfil L\u00edder, Trof\u00e9u categoria Prata Segmento Infraestrutura.\n<\/figcaption><\/figure><\/div><div class=\"swiper-slide\" role=\"group\" aria-roledescription=\"slide\" aria-label=\"27 de 35\"><figure class=\"swiper-slide-inner\"><img decoding=\"async\" class=\"swiper-slide-image\" src=\"https:\/\/abreme.com.br\/wp-content\/uploads\/2025\/12\/Foto-347-Medio.jpg\" alt=\"Diretor Abreme Thiago Espinheira entrega a Matheus Guerra e Jonathan dos Santos representantes da empresa Tramontina, Trof\u00e9u categoria Ouro Segmento Infraestrutura.\" \/><figcaption class=\"elementor-image-carousel-caption\">Diretor Abreme Thiago Espinheira entrega a Matheus Guerra e Jonathan dos Santos representantes da empresa Tramontina, Trof\u00e9u categoria Ouro Segmento Infraestrutura.\n<\/figcaption><\/figure><\/div><div class=\"swiper-slide\" role=\"group\" aria-roledescription=\"slide\" aria-label=\"28 de 35\"><figure class=\"swiper-slide-inner\"><img decoding=\"async\" class=\"swiper-slide-image\" src=\"https:\/\/abreme.com.br\/wp-content\/uploads\/2025\/12\/Foto-349-Medio.jpg\" alt=\"Pr\u00eamio Abreme Fornecedores 2025\nSegmento INFRAESTRUTURA\" \/><figcaption class=\"elementor-image-carousel-caption\">Pr\u00eamio Abreme Fornecedores 2025\nSegmento INFRAESTRUTURA\n<\/figcaption><\/figure><\/div><div class=\"swiper-slide\" role=\"group\" aria-roledescription=\"slide\" aria-label=\"29 de 35\"><figure class=\"swiper-slide-inner\"><img decoding=\"async\" class=\"swiper-slide-image\" src=\"https:\/\/abreme.com.br\/wp-content\/uploads\/2025\/12\/Foto-350-Medio.jpg\" alt=\"Diretor Abreme Ricardo Daizem entrega a Itamar Garbin e Gilberto Pimenta representantes da empresa Grupo Intelli, Placa destaque no ranking 2025 segmento Infraestrutura.\" \/><figcaption class=\"elementor-image-carousel-caption\">Diretor Abreme Ricardo Daizem entrega a Itamar Garbin e Gilberto Pimenta representantes da empresa Grupo Intelli, Placa destaque no ranking 2025 segmento Infraestrutura.<\/figcaption><\/figure><\/div><div class=\"swiper-slide\" role=\"group\" aria-roledescription=\"slide\" aria-label=\"30 de 35\"><figure class=\"swiper-slide-inner\"><img decoding=\"async\" class=\"swiper-slide-image\" src=\"https:\/\/abreme.com.br\/wp-content\/uploads\/2025\/12\/Foto-352-Medio.jpg\" alt=\"Diretor Abreme Ricardo Daizem entrega a Robson dos Santos \u2013 Luciana Barone e Silvio Barone Junior da empresa Sil Fios e Cabos El\u00e9tricos, Trof\u00e9u 1\u00aa Edi\u00e7\u00e3o Sustentabilidade, a premia\u00e7\u00e3o reconhece a Sil Fios e Cabos El\u00e9tricos por suas pr\u00e1ticas sustent\u00e1veis e compromisso com a efici\u00eancia energ\u00e9tica no setor de materiais el\u00e9tricos.\" \/><figcaption class=\"elementor-image-carousel-caption\">Diretor Abreme Ricardo Daizem entrega a Robson dos Santos \u2013 Luciana Barone e Silvio Barone Junior da empresa Sil Fios e Cabos El\u00e9tricos, Trof\u00e9u 1\u00aa Edi\u00e7\u00e3o Sustentabilidade, a premia\u00e7\u00e3o reconhece a Sil Fios e Cabos El\u00e9tricos por suas pr\u00e1ticas sustent\u00e1veis e compromisso com a efici\u00eancia energ\u00e9tica no setor de materiais el\u00e9tricos. <\/figcaption><\/figure><\/div><div class=\"swiper-slide\" role=\"group\" aria-roledescription=\"slide\" aria-label=\"31 de 35\"><figure class=\"swiper-slide-inner\"><img decoding=\"async\" class=\"swiper-slide-image\" src=\"https:\/\/abreme.com.br\/wp-content\/uploads\/2025\/12\/Foto-353-Medio.jpg\" alt=\"Premio Fornecedores do Ano 2025\" \/><figcaption class=\"elementor-image-carousel-caption\">Premio Fornecedores do Ano 2025<\/figcaption><\/figure><\/div><div class=\"swiper-slide\" role=\"group\" aria-roledescription=\"slide\" aria-label=\"32 de 35\"><figure class=\"swiper-slide-inner\"><img decoding=\"async\" class=\"swiper-slide-image\" src=\"https:\/\/abreme.com.br\/wp-content\/uploads\/2025\/12\/Foto-354-Medio.jpg\" alt=\"Diretor Abreme Ricardo Daizem entrega a Robson dos Santos \u2013 Luciana Barone e Silvio Barone Junior da empresa Sil Fios e Cabos El\u00e9tricos, Trof\u00e9u 1\u00aa Edi\u00e7\u00e3o Sustentabilidade, a premia\u00e7\u00e3o reconhece a Sil Fios e Cabos El\u00e9tricos por suas pr\u00e1ticas sustent\u00e1veis e compromisso com a efici\u00eancia energ\u00e9tica no setor de materiais el\u00e9tricos.\" \/><figcaption class=\"elementor-image-carousel-caption\">Diretor Abreme Ricardo Daizem entrega a Robson dos Santos \u2013 Luciana Barone e Silvio Barone Junior da empresa Sil Fios e Cabos El\u00e9tricos, Trof\u00e9u 1\u00aa Edi\u00e7\u00e3o Sustentabilidade, a premia\u00e7\u00e3o reconhece a Sil Fios e Cabos El\u00e9tricos por suas pr\u00e1ticas sustent\u00e1veis e compromisso com a efici\u00eancia energ\u00e9tica no setor de materiais el\u00e9tricos. <\/figcaption><\/figure><\/div><div class=\"swiper-slide\" role=\"group\" aria-roledescription=\"slide\" aria-label=\"33 de 35\"><figure class=\"swiper-slide-inner\"><img decoding=\"async\" class=\"swiper-slide-image\" src=\"https:\/\/abreme.com.br\/wp-content\/uploads\/2025\/12\/Foto-356-Medio.jpg\" alt=\"Premio Fornecedores do Ano 2025\" \/><figcaption class=\"elementor-image-carousel-caption\">Premio Fornecedores do Ano 2025<\/figcaption><\/figure><\/div><div class=\"swiper-slide\" role=\"group\" aria-roledescription=\"slide\" aria-label=\"34 de 35\"><figure class=\"swiper-slide-inner\"><img decoding=\"async\" class=\"swiper-slide-image\" src=\"https:\/\/abreme.com.br\/wp-content\/uploads\/2025\/12\/Foto-357-Medio.jpg\" alt=\"Premio Fornecedores do Ano 2025\" \/><figcaption class=\"elementor-image-carousel-caption\">Premio Fornecedores do Ano 2025<\/figcaption><\/figure><\/div><div class=\"swiper-slide\" role=\"group\" aria-roledescription=\"slide\" aria-label=\"35 de 35\"><figure class=\"swiper-slide-inner\"><img decoding=\"async\" class=\"swiper-slide-image\" src=\"https:\/\/abreme.com.br\/wp-content\/uploads\/2025\/12\/Foto-358-Medio.jpg\" alt=\"Diretor Abreme Marcos Sutiro entrega a Rafael Verrone Ruas e Gustavo Verrone Ruas diretores da empresa Cobrecom, Trof\u00e9u Melhor Fornecedor do Ano 2025, ao lados dos diretores da empresa, Srta. Mariana Longato prestigiando o momento.\" \/><figcaption class=\"elementor-image-carousel-caption\">Diretor Abreme Marcos Sutiro entrega a Rafael Verrone Ruas e Gustavo Verrone Ruas diretores da empresa Cobrecom, Trof\u00e9u Melhor Fornecedor do Ano 2025, ao lados dos diretores da empresa, Srta. Mariana Longato prestigiando o momento.<\/figcaption><\/figure><\/div>\t\t\t<\/div>\n\t\t\t\t\t\t\t\t\t\t\t\t<div class=\"elementor-swiper-button elementor-swiper-button-prev\" role=\"button\" tabindex=\"0\">\n\t\t\t\t\t\t<svg aria-hidden=\"true\" class=\"e-font-icon-svg e-eicon-chevron-left\" viewBox=\"0 0 1000 1000\" xmlns=\"http:\/\/www.w3.org\/2000\/svg\"><path d=\"M646 125C629 125 613 133 604 142L308 442C296 454 292 471 292 487 292 504 296 521 308 533L604 854C617 867 629 875 646 875 663 875 679 871 692 858 704 846 713 829 713 812 713 796 708 779 692 767L438 487 692 225C700 217 708 204 708 187 708 171 704 154 692 142 675 129 663 125 646 125Z\"><\/path><\/svg>\t\t\t\t\t<\/div>\n\t\t\t\t\t<div class=\"elementor-swiper-button elementor-swiper-button-next\" role=\"button\" tabindex=\"0\">\n\t\t\t\t\t\t<svg aria-hidden=\"true\" class=\"e-font-icon-svg e-eicon-chevron-right\" viewBox=\"0 0 1000 1000\" xmlns=\"http:\/\/www.w3.org\/2000\/svg\"><path d=\"M696 533C708 521 713 504 713 487 713 471 708 454 696 446L400 146C388 133 375 125 354 125 338 125 325 129 313 142 300 154 292 171 292 187 292 204 296 221 308 233L563 492 304 771C292 783 288 800 288 817 288 833 296 850 308 863 321 871 338 875 354 875 371 875 388 867 400 854L696 533Z\"><\/path><\/svg>\t\t\t\t\t<\/div>\n\t\t\t\t\n\t\t\t\t\t\t\t\t\t<\/div>\n\t\t\t\t\t\t<\/div>\n\t\t\t\t<\/div>\n\t\t\t\t<\/div>\n\t\t<div class=\"elementor-element elementor-element-f03b5df e-con-full e-flex wpr-particle-no wpr-jarallax-no wpr-parallax-no wpr-sticky-section-no wpr-equal-height-no e-con e-child\" data-id=\"f03b5df\" data-element_type=\"container\">\n\t\t\t\t<div class=\"elementor-element elementor-element-f2fcffd elementor-widget elementor-widget-heading\" data-id=\"f2fcffd\" data-element_type=\"widget\" data-widget_type=\"heading.default\">\n\t\t\t\t<div class=\"elementor-widget-container\">\n\t\t\t\t\t<h2 class=\"elementor-heading-title elementor-size-default\">PREMIA\u00c7\u00c3O \u201cFORNECEDORES DO ANO \u2013 PERSONA 2025 ABREME\u201d<\/h2>\t\t\t\t<\/div>\n\t\t\t\t<\/div>\n\t\t\t\t<div class=\"elementor-element elementor-element-a43557d elementor-widget__width-initial elementor-arrows-position-inside elementor-widget elementor-widget-image-carousel\" data-id=\"a43557d\" data-element_type=\"widget\" data-settings=\"{&quot;slides_to_show&quot;:&quot;1&quot;,&quot;effect&quot;:&quot;fade&quot;,&quot;navigation&quot;:&quot;arrows&quot;,&quot;autoplay&quot;:&quot;yes&quot;,&quot;pause_on_hover&quot;:&quot;yes&quot;,&quot;pause_on_interaction&quot;:&quot;yes&quot;,&quot;autoplay_speed&quot;:5000,&quot;infinite&quot;:&quot;yes&quot;,&quot;speed&quot;:500}\" data-widget_type=\"image-carousel.default\">\n\t\t\t\t<div class=\"elementor-widget-container\">\n\t\t\t\t\t\t\t<div class=\"elementor-image-carousel-wrapper swiper\" role=\"region\" aria-roledescription=\"carousel\" aria-label=\"Carrossel de imagens\" dir=\"ltr\">\n\t\t\t<div class=\"elementor-image-carousel swiper-wrapper\" aria-live=\"off\">\n\t\t\t\t\t\t\t\t<div class=\"swiper-slide\" role=\"group\" aria-roledescription=\"slide\" aria-label=\"1 de 9\"><figure class=\"swiper-slide-inner\"><img decoding=\"async\" class=\"swiper-slide-image\" src=\"https:\/\/abreme.com.br\/wp-content\/uploads\/2025\/12\/Foto-364-Medio.jpg\" alt=\"O Pr\u00eamio Persona ABREME  caracteriza-se pela concess\u00e3o de um \u00fanico trof\u00e9u ao profissional empreendedor que mais se destacou por sua atua\u00e7\u00e3o, trajet\u00f3ria e relevante contribui\u00e7\u00e3o para o desenvolvimento do setor de material el\u00e9trico no Brasil.\nPara a edi\u00e7\u00e3o de 2025, a ABREME por seu diretor Reinaldo Gavioli homenageia C\u00edcero Andr\u00e9 de Souza, presidente da empresa Real Perfil, com o Pr\u00eamio Persona ABREME 2025, em reconhecimento ao seu hist\u00f3rico profissional, lideran\u00e7a empresarial e impacto positivo no fortalecimento e crescimento do setor.\nNesta modalidade, o premiado \u00e9 indicado exclusivamente pela Diretoria da ABREME, refor\u00e7ando o car\u00e1ter institucional e o elevado prest\u00edgio do homenageado.\" \/><figcaption class=\"elementor-image-carousel-caption\">O Pr\u00eamio Persona ABREME  caracteriza-se pela concess\u00e3o de um \u00fanico trof\u00e9u ao profissional empreendedor que mais se destacou por sua atua\u00e7\u00e3o, trajet\u00f3ria e relevante contribui\u00e7\u00e3o para o desenvolvimento do setor de material el\u00e9trico no Brasil.\nPara a edi\u00e7\u00e3o de 2025, a ABREME por seu diretor Reinaldo Gavioli homenageia C\u00edcero Andr\u00e9 de Souza, presidente da empresa Real Perfil, com o Pr\u00eamio Persona ABREME 2025, em reconhecimento ao seu hist\u00f3rico profissional, lideran\u00e7a empresarial e impacto positivo no fortalecimento e crescimento do setor.\nNesta modalidade, o premiado \u00e9 indicado exclusivamente pela Diretoria da ABREME, refor\u00e7ando o car\u00e1ter institucional e o elevado prest\u00edgio do homenageado.<\/figcaption><\/figure><\/div><div class=\"swiper-slide\" role=\"group\" aria-roledescription=\"slide\" aria-label=\"2 de 9\"><figure class=\"swiper-slide-inner\"><img decoding=\"async\" class=\"swiper-slide-image\" src=\"https:\/\/abreme.com.br\/wp-content\/uploads\/2025\/12\/Foto-369-Medio.jpg\" alt=\"Pr\u00eamio Persona ABREME\" \/><\/figure><\/div><div class=\"swiper-slide\" role=\"group\" aria-roledescription=\"slide\" aria-label=\"3 de 9\"><figure class=\"swiper-slide-inner\"><img decoding=\"async\" class=\"swiper-slide-image\" src=\"https:\/\/abreme.com.br\/wp-content\/uploads\/2025\/12\/Foto-362-Medio.jpg\" alt=\"Diretor Abreme Reinaldo Gavioli em momento que antecede a entrega do Trof\u00e9u Persona Abreme 2025.\" \/><figcaption class=\"elementor-image-carousel-caption\">Diretor Abreme Reinaldo Gavioli em momento que antecede a entrega do Trof\u00e9u Persona Abreme 2025.<\/figcaption><\/figure><\/div><div class=\"swiper-slide\" role=\"group\" aria-roledescription=\"slide\" aria-label=\"4 de 9\"><figure class=\"swiper-slide-inner\"><img decoding=\"async\" class=\"swiper-slide-image\" src=\"https:\/\/abreme.com.br\/wp-content\/uploads\/2025\/12\/Foto-360-Medio.jpg\" alt=\"Pr\u00eamio Persona ABREME\" \/><\/figure><\/div><div class=\"swiper-slide\" role=\"group\" aria-roledescription=\"slide\" aria-label=\"5 de 9\"><figure class=\"swiper-slide-inner\"><img decoding=\"async\" class=\"swiper-slide-image\" src=\"https:\/\/abreme.com.br\/wp-content\/uploads\/2025\/12\/Foto-365-Medio.jpg\" alt=\"Cicero Andr\u00e9 de Souza em discurso de agradecimento pela homenagem prestada.\" \/><figcaption class=\"elementor-image-carousel-caption\">Cicero Andr\u00e9 de Souza em discurso de agradecimento pela homenagem prestada.<\/figcaption><\/figure><\/div><div class=\"swiper-slide\" role=\"group\" aria-roledescription=\"slide\" aria-label=\"6 de 9\"><figure class=\"swiper-slide-inner\"><img decoding=\"async\" class=\"swiper-slide-image\" src=\"https:\/\/abreme.com.br\/wp-content\/uploads\/2025\/12\/Foto-367-Medio.jpg\" alt=\"Pr\u00eamio Persona ABREME\" \/><\/figure><\/div><div class=\"swiper-slide\" role=\"group\" aria-roledescription=\"slide\" aria-label=\"7 de 9\"><figure class=\"swiper-slide-inner\"><img decoding=\"async\" class=\"swiper-slide-image\" src=\"https:\/\/abreme.com.br\/wp-content\/uploads\/2025\/12\/Foto-368-Medio.jpg\" alt=\"Pr\u00eamio Persona ABREME\" \/><\/figure><\/div><div class=\"swiper-slide\" role=\"group\" aria-roledescription=\"slide\" aria-label=\"8 de 9\"><figure class=\"swiper-slide-inner\"><img decoding=\"async\" class=\"swiper-slide-image\" src=\"https:\/\/abreme.com.br\/wp-content\/uploads\/2025\/12\/Foto-370-Medio.jpg\" alt=\"Pr\u00eamio Persona ABREME\" \/><\/figure><\/div><div class=\"swiper-slide\" role=\"group\" aria-roledescription=\"slide\" aria-label=\"9 de 9\"><figure class=\"swiper-slide-inner\"><img decoding=\"async\" class=\"swiper-slide-image\" src=\"https:\/\/abreme.com.br\/wp-content\/uploads\/2025\/12\/Foto-361-Medio.jpg\" alt=\"Pr\u00eamio Persona ABREME\" \/><\/figure><\/div>\t\t\t<\/div>\n\t\t\t\t\t\t\t\t\t\t\t\t<div class=\"elementor-swiper-button elementor-swiper-button-prev\" role=\"button\" tabindex=\"0\">\n\t\t\t\t\t\t<svg aria-hidden=\"true\" class=\"e-font-icon-svg e-eicon-chevron-left\" viewBox=\"0 0 1000 1000\" xmlns=\"http:\/\/www.w3.org\/2000\/svg\"><path d=\"M646 125C629 125 613 133 604 142L308 442C296 454 292 471 292 487 292 504 296 521 308 533L604 854C617 867 629 875 646 875 663 875 679 871 692 858 704 846 713 829 713 812 713 796 708 779 692 767L438 487 692 225C700 217 708 204 708 187 708 171 704 154 692 142 675 129 663 125 646 125Z\"><\/path><\/svg>\t\t\t\t\t<\/div>\n\t\t\t\t\t<div class=\"elementor-swiper-button elementor-swiper-button-next\" role=\"button\" tabindex=\"0\">\n\t\t\t\t\t\t<svg aria-hidden=\"true\" class=\"e-font-icon-svg e-eicon-chevron-right\" viewBox=\"0 0 1000 1000\" xmlns=\"http:\/\/www.w3.org\/2000\/svg\"><path d=\"M696 533C708 521 713 504 713 487 713 471 708 454 696 446L400 146C388 133 375 125 354 125 338 125 325 129 313 142 300 154 292 171 292 187 292 204 296 221 308 233L563 492 304 771C292 783 288 800 288 817 288 833 296 850 308 863 321 871 338 875 354 875 371 875 388 867 400 854L696 533Z\"><\/path><\/svg>\t\t\t\t\t<\/div>\n\t\t\t\t\n\t\t\t\t\t\t\t\t\t<\/div>\n\t\t\t\t\t\t<\/div>\n\t\t\t\t<\/div>\n\t\t\t\t<\/div>\n\t\t\t\t\t<\/div>\n\t\t\t\t<\/div>\n\t\t<div class=\"elementor-element elementor-element-60434f9 elementor-hidden-desktop elementor-hidden-tablet elementor-hidden-mobile e-flex e-con-boxed wpr-particle-no wpr-jarallax-no wpr-parallax-no wpr-sticky-section-no wpr-equal-height-no e-con e-parent\" data-id=\"60434f9\" data-element_type=\"container\" data-settings=\"{&quot;background_background&quot;:&quot;classic&quot;}\">\n\t\t\t\t\t<div class=\"e-con-inner\">\n\t\t<div class=\"elementor-element elementor-element-e167962 e-con-full e-flex wpr-particle-no wpr-jarallax-no wpr-parallax-no wpr-sticky-section-no wpr-equal-height-no e-con e-child\" data-id=\"e167962\" data-element_type=\"container\">\n\t\t\t\t<div class=\"elementor-element elementor-element-ee5f542 elementor-widget elementor-widget-heading\" data-id=\"ee5f542\" data-element_type=\"widget\" data-widget_type=\"heading.default\">\n\t\t\t\t<div class=\"elementor-widget-container\">\n\t\t\t\t\t<h2 class=\"elementor-heading-title elementor-size-default\">Realiza\u00e7\u00e3o\n<\/h2>\t\t\t\t<\/div>\n\t\t\t\t<\/div>\n\t\t\t\t<div class=\"elementor-element elementor-element-8b1a484 elementor-widget elementor-widget-image\" data-id=\"8b1a484\" data-element_type=\"widget\" data-widget_type=\"image.default\">\n\t\t\t\t<div class=\"elementor-widget-container\">\n\t\t\t\t\t\t\t\t\t\t\t\t\t\t\t<img decoding=\"async\" width=\"300\" height=\"58\" src=\"https:\/\/abreme.com.br\/wp-content\/uploads\/2019\/05\/cropped-Abreme_azul-300x58.png\" class=\"attachment-medium size-medium wp-image-4094\" alt=\"\" srcset=\"https:\/\/abreme.com.br\/wp-content\/uploads\/2019\/05\/cropped-Abreme_azul-300x58.png 300w, https:\/\/abreme.com.br\/wp-content\/uploads\/2019\/05\/cropped-Abreme_azul.png 737w\" sizes=\"(max-width: 300px) 100vw, 300px\" \/>\t\t\t\t\t\t\t\t\t\t\t\t\t\t\t<\/div>\n\t\t\t\t<\/div>\n\t\t\t\t<\/div>\n\t\t<div class=\"elementor-element elementor-element-18ef14c e-con-full e-flex wpr-particle-no wpr-jarallax-no wpr-parallax-no wpr-sticky-section-no wpr-equal-height-no e-con e-child\" data-id=\"18ef14c\" data-element_type=\"container\">\n\t\t\t\t<div class=\"elementor-element elementor-element-233784c elementor-widget elementor-widget-heading\" data-id=\"233784c\" data-element_type=\"widget\" data-widget_type=\"heading.default\">\n\t\t\t\t<div class=\"elementor-widget-container\">\n\t\t\t\t\t<h2 class=\"elementor-heading-title elementor-size-default\">Pesquisa\n<\/h2>\t\t\t\t<\/div>\n\t\t\t\t<\/div>\n\t\t\t\t<div class=\"elementor-element elementor-element-62dcc8b elementor-widget elementor-widget-image\" data-id=\"62dcc8b\" data-element_type=\"widget\" data-widget_type=\"image.default\">\n\t\t\t\t<div class=\"elementor-widget-container\">\n\t\t\t\t\t\t\t\t\t\t\t\t\t\t\t<img decoding=\"async\" width=\"120\" height=\"63\" src=\"https:\/\/abreme.com.br\/wp-content\/uploads\/2024\/08\/Newsense.jpg\" class=\"attachment-medium size-medium wp-image-4380\" alt=\"\" \/>\t\t\t\t\t\t\t\t\t\t\t\t\t\t\t<\/div>\n\t\t\t\t<\/div>\n\t\t\t\t<\/div>\n\t\t<div class=\"elementor-element elementor-element-e76ce3d e-con-full e-flex wpr-particle-no wpr-jarallax-no wpr-parallax-no wpr-sticky-section-no wpr-equal-height-no e-con e-child\" data-id=\"e76ce3d\" data-element_type=\"container\">\n\t\t\t\t<div class=\"elementor-element elementor-element-eb389cc elementor-widget elementor-widget-heading\" data-id=\"eb389cc\" data-element_type=\"widget\" data-widget_type=\"heading.default\">\n\t\t\t\t<div class=\"elementor-widget-container\">\n\t\t\t\t\t<h2 class=\"elementor-heading-title elementor-size-default\">Divulga\u00e7\u00e3o<\/h2>\t\t\t\t<\/div>\n\t\t\t\t<\/div>\n\t\t\t\t<div class=\"elementor-element elementor-element-665abcd elementor-widget elementor-widget-image\" data-id=\"665abcd\" data-element_type=\"widget\" data-widget_type=\"image.default\">\n\t\t\t\t<div class=\"elementor-widget-container\">\n\t\t\t\t\t\t\t\t\t\t\t\t\t\t\t<img loading=\"lazy\" decoding=\"async\" width=\"300\" height=\"64\" src=\"https:\/\/abreme.com.br\/wp-content\/uploads\/2024\/05\/222-300x64.jpg\" class=\"attachment-medium size-medium wp-image-4013\" alt=\"\" srcset=\"https:\/\/abreme.com.br\/wp-content\/uploads\/2024\/05\/222-300x64.jpg 300w, https:\/\/abreme.com.br\/wp-content\/uploads\/2024\/05\/222.jpg 575w\" sizes=\"(max-width: 300px) 100vw, 300px\" \/>\t\t\t\t\t\t\t\t\t\t\t\t\t\t\t<\/div>\n\t\t\t\t<\/div>\n\t\t\t\t<\/div>\n\t\t\t\t\t<\/div>\n\t\t\t\t<\/div>\n\t\t<div class=\"elementor-element elementor-element-071d870 e-con-full e-flex wpr-particle-no wpr-jarallax-no wpr-parallax-no wpr-sticky-section-no wpr-equal-height-no e-con e-parent\" data-id=\"071d870\" data-element_type=\"container\" data-settings=\"{&quot;background_background&quot;:&quot;classic&quot;}\">\n\t\t<div class=\"elementor-element elementor-element-fef3e0c e-con-full e-flex wpr-particle-no wpr-jarallax-no wpr-parallax-no wpr-sticky-section-no wpr-equal-height-no e-con e-child\" data-id=\"fef3e0c\" data-element_type=\"container\">\n\t\t\t\t<div class=\"elementor-element elementor-element-7ee5ca5 elementor-widget__width-inherit elementor-widget elementor-widget-hero_slider\" data-id=\"7ee5ca5\" data-element_type=\"widget\" data-widget_type=\"hero_slider.default\">\n\t\t\t\t<div class=\"elementor-widget-container\">\n\t\t\t\t\t\t\t<section class=\"main-slider-area\">\r\n\t\t\t<div class=\"active-main-slider owl-carousel\" id=\"active-mainslider-86964\" data-items=\"2\" data-mobile-items=\"1\" data-tablet-items=\"1\" data-medium-items=\"1\" data-dots=\"true\" data-nav=\"true\" data-loop=\"true\" data-autoplay=\"true\" data-autoplay-timeout=\"5000\" data-mouse-drag=\"true\" data-touch-drag=\"true\" data-margin=\"1\" data-mobile-margin=\"30\" data-tablet-margin=\"30\" data-medium-margin=\"30\" data-smart-speed=\"250\" data-autoplay-speed=\"250\" data-fluid-speed=\"250\" data-nav-speed=\"250\" data-dot-speed=\"250\" data-auto-hover=\"true\" data-center-mode=\"true\">\r\n\t\t\t\t\t\t<div class=\"main-hero-slider\">\r\n\t\t\t\t\t    <div class=\"main-hero-slider__post-thumbnail\">\r\n\t    \t\t    \t<div class=\"slider_overlay\"><\/div>\r\n\t    \t\t        \t    <\/div>\r\n\t   \t\t\t    <div class=\"main-hero-slider__content\">\r\n\t\t\t         <div class=\"container\">\r\n\t\t\t\t         \t\t<h1 class=\"main-title\"><a href=\"https:\/\/abreme.com.br\/?p=6669\">Texto-base do Regulamento do IBS \u00e9 aprovado por unanimidade em dia hist\u00f3rico para o federalismo brasileiro<\/a><\/h1>\r\n\t\t\t    \t<p class=\"excerpt\"> Quarta Reuni\u00e3o Extraordin\u00e1ria do Conselho Superior do CGIBS promove avan\u00e7o em novo cap\u00edtulo da reforma tribut\u00e1ria. O Conselho Superior <\/p>\r\n\t\t        <div class=\"welcome-button\">\r\n            <a href=\"https:\/\/abreme.com.br\/?p=6669\" class=\"btn btn-default button-primary\">Veja Mais<\/a>\r\n        <\/div>\r\n    \t\t\t\t        <\/div>\r\n\t\t\t    <\/div>\r\n\t\t\t<\/div>\r\n\t\t\t\t\t\t<div class=\"main-hero-slider\">\r\n\t\t\t\t\t    <div class=\"main-hero-slider__post-thumbnail\">\r\n\t    \t\t    \t<div class=\"slider_overlay\"><\/div>\r\n\t    \t\t        \t    <\/div>\r\n\t   \t\t\t    <div class=\"main-hero-slider__content\">\r\n\t\t\t         <div class=\"container\">\r\n\t\t\t\t         \t\t<h1 class=\"main-title\"><a href=\"https:\/\/abreme.com.br\/?p=6661\">DESPACHO N\u00ba 18, DE 8 DE ABRIL DE 2026 &#8211; Publicado no DOU de 09.04.2026<\/a><\/h1>\r\n\t\t\t    \t<p class=\"excerpt\"> Publica Ajustes SINIEF aprovados na 422\u00aa Reuni\u00e3o Extraordin\u00e1ria do CONFAZ, realizada no dia 6.04.2026. O Secret\u00e1rio-Executivo da <\/p>\r\n\t\t        <div class=\"welcome-button\">\r\n            <a href=\"https:\/\/abreme.com.br\/?p=6661\" class=\"btn btn-default button-primary\">Veja Mais<\/a>\r\n        <\/div>\r\n    \t\t\t\t        <\/div>\r\n\t\t\t    <\/div>\r\n\t\t\t<\/div>\r\n\t\t\t\t\t\t<div class=\"main-hero-slider\">\r\n\t\t\t\t\t    <div class=\"main-hero-slider__post-thumbnail\">\r\n\t    \t\t    \t<div class=\"slider_overlay\"><\/div>\r\n\t    \t\t        \t    <\/div>\r\n\t   \t\t\t    <div class=\"main-hero-slider__content\">\r\n\t\t\t         <div class=\"container\">\r\n\t\t\t\t         \t\t<h1 class=\"main-title\"><a href=\"https:\/\/abreme.com.br\/?p=6656\">Carga tribut\u00e1ria bruta do Governo Geral atinge 32,40% do PIB em 2025, mostra boletim do Tesouro Nacional<\/a><\/h1>\r\n\t\t\t    \t<p class=\"excerpt\"> A estimativa corresponde \u00e0 raz\u00e3o entre o total dos tributos arrecadados pelas tr\u00eas esferas de governo e o Produto Interno Bruto <\/p>\r\n\t\t        <div class=\"welcome-button\">\r\n            <a href=\"https:\/\/abreme.com.br\/?p=6656\" class=\"btn btn-default button-primary\">Veja Mais<\/a>\r\n        <\/div>\r\n    \t\t\t\t        <\/div>\r\n\t\t\t    <\/div>\r\n\t\t\t<\/div>\r\n\t\t\t\t\t\t<div class=\"main-hero-slider\">\r\n\t\t\t\t\t    <div class=\"main-hero-slider__post-thumbnail\">\r\n\t    \t\t    \t<div class=\"slider_overlay\"><\/div>\r\n\t    \t\t        \t    <\/div>\r\n\t   \t\t\t    <div class=\"main-hero-slider__content\">\r\n\t\t\t         <div class=\"container\">\r\n\t\t\t\t         \t\t<h1 class=\"main-title\"><a href=\"https:\/\/abreme.com.br\/?p=6645\">Conselho Superior do CGIBS aprova Regimento Interno e avan\u00e7a na discuss\u00e3o da regulamenta\u00e7\u00e3o do novo imposto<\/a><\/h1>\r\n\t\t\t    \t<p class=\"excerpt\"> Membros do Conselho Superior do Comit\u00ea Gestor do Imposto sobre Bens e Servi\u00e7os (CS-CGIBS) reuniram-se na \u00faltima quarta-feira (8), na <\/p>\r\n\t\t        <div class=\"welcome-button\">\r\n            <a href=\"https:\/\/abreme.com.br\/?p=6645\" class=\"btn btn-default button-primary\">Veja Mais<\/a>\r\n        <\/div>\r\n    \t\t\t\t        <\/div>\r\n\t\t\t    <\/div>\r\n\t\t\t<\/div>\r\n\t\t\t\t\t\t<div class=\"main-hero-slider\">\r\n\t\t\t\t\t    <div class=\"main-hero-slider__post-thumbnail\">\r\n\t    \t\t    \t<div class=\"slider_overlay\"><\/div>\r\n\t    \t\t        \t    <\/div>\r\n\t   \t\t\t    <div class=\"main-hero-slider__content\">\r\n\t\t\t         <div class=\"container\">\r\n\t\t\t\t         \t\t<h1 class=\"main-title\"><a href=\"https:\/\/abreme.com.br\/?p=6642\">Receita Federal amplia o programa Receita Sintonia e passa a classificar 11,4 milh\u00f5es de empresas<\/a><\/h1>\r\n\t\t\t    \t<p class=\"excerpt\"> Nova vers\u00e3o inclui microempresas e empresas de pequeno porte do Simples Nacional, e foram classificadas seguindo o C\u00f3digo de Defesa do <\/p>\r\n\t\t        <div class=\"welcome-button\">\r\n            <a href=\"https:\/\/abreme.com.br\/?p=6642\" class=\"btn btn-default button-primary\">Veja Mais<\/a>\r\n        <\/div>\r\n    \t\t\t\t        <\/div>\r\n\t\t\t    <\/div>\r\n\t\t\t<\/div>\r\n\t\t\t\t\t\t<div class=\"main-hero-slider\">\r\n\t\t\t\t\t    <div class=\"main-hero-slider__post-thumbnail\">\r\n\t    \t\t    \t<div class=\"slider_overlay\"><\/div>\r\n\t    \t\t        \t    <\/div>\r\n\t   \t\t\t    <div class=\"main-hero-slider__content\">\r\n\t\t\t         <div class=\"container\">\r\n\t\t\t\t         \t\t<h1 class=\"main-title\"><a href=\"https:\/\/abreme.com.br\/?p=6635\">Reforma Tribut\u00e1ria: Receita Federal esclarece que n\u00e3o h\u00e1 aplica\u00e7\u00e3o de multas antes de 90 dias ap\u00f3s a publica\u00e7\u00e3o do regulamento<\/a><\/h1>\r\n\t\t\t    \t<p class=\"excerpt\"> Receita esclarece que s\u00e3o falsas as informa\u00e7\u00f5es que circulam sobre a aplica\u00e7\u00e3o de penalidades a partir de 1\u00ba de abril por <\/p>\r\n\t\t        <div class=\"welcome-button\">\r\n            <a href=\"https:\/\/abreme.com.br\/?p=6635\" class=\"btn btn-default button-primary\">Veja Mais<\/a>\r\n        <\/div>\r\n    \t\t\t\t        <\/div>\r\n\t\t\t    <\/div>\r\n\t\t\t<\/div>\r\n\t\t\t\t\t\t<div class=\"main-hero-slider\">\r\n\t\t\t\t\t    <div class=\"main-hero-slider__post-thumbnail\">\r\n\t    \t\t    \t<div class=\"slider_overlay\"><\/div>\r\n\t    \t\t        \t    <\/div>\r\n\t   \t\t\t    <div class=\"main-hero-slider__content\">\r\n\t\t\t         <div class=\"container\">\r\n\t\t\t\t         \t\t<h1 class=\"main-title\"><a href=\"https:\/\/abreme.com.br\/?p=6631\">Feicon 2026 movimenta o setor da constru\u00e7\u00e3o e refor\u00e7a tend\u00eancias do mercado<\/a><\/h1>\r\n\t\t\t    \t<p class=\"excerpt\"> A Feicon 2026, realizada de 7 a 10 de abril no S\u00e3o Paulo Expo, reafirma seu papel como um dos principais pontos de encontro da cadeia da <\/p>\r\n\t\t        <div class=\"welcome-button\">\r\n            <a href=\"https:\/\/abreme.com.br\/?p=6631\" class=\"btn btn-default button-primary\">Veja Mais<\/a>\r\n        <\/div>\r\n    \t\t\t\t        <\/div>\r\n\t\t\t    <\/div>\r\n\t\t\t<\/div>\r\n\t\t\t\t\t\t<div class=\"main-hero-slider\">\r\n\t\t\t\t\t    <div class=\"main-hero-slider__post-thumbnail\">\r\n\t    \t\t    \t<div class=\"slider_overlay\"><\/div>\r\n\t    \t\t        \t    <\/div>\r\n\t   \t\t\t    <div class=\"main-hero-slider__content\">\r\n\t\t\t         <div class=\"container\">\r\n\t\t\t\t         \t\t<h1 class=\"main-title\"><a href=\"https:\/\/abreme.com.br\/?p=6626\">EFD-CONTRIBUI\u00c7\u00d5ES &#8211; PUBLICA\u00c7\u00c3O NOTA T\u00c9CNICA N\u00ba 12 &#8211; ORIENTA\u00c7\u00c3O AOS CONTRIBUINTES<\/a><\/h1>\r\n\t\t\t    \t<p class=\"excerpt\"> Publica\u00e7\u00e3o dos Procedimentos de Escritura\u00e7\u00e3o da EFD\u2011Contribui\u00e7\u00f5es em Atendimento \u00e0 Lei Complementar n\u00ba 224\/2025 A Receita Federal <\/p>\r\n\t\t        <div class=\"welcome-button\">\r\n            <a href=\"https:\/\/abreme.com.br\/?p=6626\" class=\"btn btn-default button-primary\">Veja Mais<\/a>\r\n        <\/div>\r\n    \t\t\t\t        <\/div>\r\n\t\t\t    <\/div>\r\n\t\t\t<\/div>\r\n\t\t\t\t\t\t<\/div>\r\n\t    <\/section>\r\n\t\t\t\t\t\t<\/div>\n\t\t\t\t<\/div>\n\t\t<div class=\"elementor-element elementor-element-02680bc e-con-full e-flex wpr-particle-no wpr-jarallax-no wpr-parallax-no wpr-sticky-section-no wpr-equal-height-no e-con e-child\" data-id=\"02680bc\" data-element_type=\"container\" data-settings=\"{&quot;background_background&quot;:&quot;classic&quot;}\">\n\t\t\t\t<div class=\"elementor-element elementor-element-00b4370 elementor-widget elementor-widget-heading\" data-id=\"00b4370\" data-element_type=\"widget\" data-widget_type=\"heading.default\">\n\t\t\t\t<div class=\"elementor-widget-container\">\n\t\t\t\t\t<h2 class=\"elementor-heading-title elementor-size-default\">NOT\u00cdCIAS<\/h2>\t\t\t\t<\/div>\n\t\t\t\t<\/div>\n\t\t\t\t<\/div>\n\t\t\t\t<\/div>\n\t\t\t\t<\/div>\n\t\t<div class=\"elementor-element elementor-element-d9cb1b0 e-flex e-con-boxed wpr-particle-no wpr-jarallax-no wpr-parallax-no wpr-sticky-section-no wpr-equal-height-no e-con e-parent\" data-id=\"d9cb1b0\" data-element_type=\"container\">\n\t\t\t\t\t<div class=\"e-con-inner\">\n\t\t\t\t<div class=\"elementor-element elementor-element-1a6fa9d elementor-widget elementor-widget-post_layouts\" data-id=\"1a6fa9d\" data-element_type=\"widget\" data-widget_type=\"post_layouts.default\">\n\t\t\t\t<div class=\"elementor-widget-container\">\n\t\t\t\t\t<div class=\"row masonaryactive \"><div class=\"blog-grid-layout col-md-6 col-lg-4\"><div class=\"theimran-post-layout-one\"><div class=\"theimran-post-layout-one__thumbnail\">\t\t\t<a href=\"https:\/\/abreme.com.br\/?p=6669\"><\/a>\r\n\t\t\t<\/div><div class=\"theimran-post-layout-one__content-wrapper\">\t\t\t<div class=\"theimran-post-layout-one__title\">\r\n\t\t\t\t<h3><a href=\"https:\/\/abreme.com.br\/?p=6669\">Texto-base do Regulamento do IBS \u00e9 aprovado por unanimidade em dia hist\u00f3rico para o federalismo brasileiro<\/a><\/h3>\r\n\t\t\t<\/div>\r\n\t\t\t\t\t<div class=\"theimran-post-layout-one__excerpt\">\r\n\t\t\t\t<p>\r\n\t\t\t\t\tQuarta Reuni\u00e3o Extraordin\u00e1ria do Conselho Superior do CGIBS promove avan\u00e7o em novo cap\u00edtulo da reforma tribut\u00e1ria. O Conselho Superior do Comit\u00ea Gestor do IBS aprovou, nesta segunda-feira (27), por unanimidade, o texto-base do Regulamento do Imposto sobre Bens e Servi\u00e7os (IBS).&nbsp;A\t\t\t\t<\/p>\r\n\t\t\t<\/div>\r\n\t\t\t\t<div class=\"theimran-post-layout-one__read-more\">\r\n\t\t\t<a href=\"https:\/\/abreme.com.br\/?p=6669\">Veja Mais<\/a>\r\n\t\t<\/div>\r\n\t\t<\/div><\/div><\/div><div class=\"blog-grid-layout col-md-6 col-lg-4\"><div class=\"theimran-post-layout-one\"><div class=\"theimran-post-layout-one__thumbnail\">\t\t\t<a href=\"https:\/\/abreme.com.br\/?p=6661\"><\/a>\r\n\t\t\t<\/div><div class=\"theimran-post-layout-one__content-wrapper\">\t\t\t<div class=\"theimran-post-layout-one__title\">\r\n\t\t\t\t<h3><a href=\"https:\/\/abreme.com.br\/?p=6661\">DESPACHO N\u00ba 18, DE 8 DE ABRIL DE 2026 &#8211; Publicado no DOU de 09.04.2026<\/a><\/h3>\r\n\t\t\t<\/div>\r\n\t\t\t\t\t<div class=\"theimran-post-layout-one__excerpt\">\r\n\t\t\t\t<p>\r\n\t\t\t\t\tPublica Ajustes SINIEF aprovados na 422\u00aa Reuni\u00e3o Extraordin\u00e1ria do CONFAZ, realizada no dia 6.04.2026. O Secret\u00e1rio-Executivo da Secretaria-Executiva do Conselho Nacional de Pol\u00edtica Fazend\u00e1ria &#8211; CONFAZ, no uso das atribui\u00e7\u00f5es que lhe s\u00e3o conferidas pelo inciso IX, do art. 5\u00ba do\t\t\t\t<\/p>\r\n\t\t\t<\/div>\r\n\t\t\t\t<div class=\"theimran-post-layout-one__read-more\">\r\n\t\t\t<a href=\"https:\/\/abreme.com.br\/?p=6661\">Veja Mais<\/a>\r\n\t\t<\/div>\r\n\t\t<\/div><\/div><\/div><div class=\"blog-grid-layout col-md-6 col-lg-4\"><div class=\"theimran-post-layout-one\"><div class=\"theimran-post-layout-one__thumbnail\">\t\t\t<a href=\"https:\/\/abreme.com.br\/?p=6656\"><\/a>\r\n\t\t\t<\/div><div class=\"theimran-post-layout-one__content-wrapper\">\t\t\t<div class=\"theimran-post-layout-one__title\">\r\n\t\t\t\t<h3><a href=\"https:\/\/abreme.com.br\/?p=6656\">Carga tribut\u00e1ria bruta do Governo Geral atinge 32,40% do PIB em 2025, mostra boletim do Tesouro Nacional<\/a><\/h3>\r\n\t\t\t<\/div>\r\n\t\t\t\t\t<div class=\"theimran-post-layout-one__excerpt\">\r\n\t\t\t\t<p>\r\n\t\t\t\t\tA estimativa corresponde \u00e0 raz\u00e3o entre o total dos tributos arrecadados pelas tr\u00eas esferas de governo e o Produto Interno Bruto Compartilhe:&nbsp;&nbsp;Compartilhe por Facebook&nbsp;Compartilhe por Twitter&nbsp;Compartilhe por LinkedIn&nbsp;Compartilhe por WhatsApplink para Copiar para \u00e1rea de\t\t\t\t<\/p>\r\n\t\t\t<\/div>\r\n\t\t\t\t<div class=\"theimran-post-layout-one__read-more\">\r\n\t\t\t<a href=\"https:\/\/abreme.com.br\/?p=6656\">Veja Mais<\/a>\r\n\t\t<\/div>\r\n\t\t<\/div><\/div><\/div><div class=\"blog-grid-layout col-md-6 col-lg-4\"><div class=\"theimran-post-layout-one\"><div class=\"theimran-post-layout-one__thumbnail\">\t\t\t<a href=\"https:\/\/abreme.com.br\/?p=6645\"><\/a>\r\n\t\t\t<\/div><div class=\"theimran-post-layout-one__content-wrapper\">\t\t\t<div class=\"theimran-post-layout-one__title\">\r\n\t\t\t\t<h3><a href=\"https:\/\/abreme.com.br\/?p=6645\">Conselho Superior do CGIBS aprova Regimento Interno e avan\u00e7a na discuss\u00e3o da regulamenta\u00e7\u00e3o do novo imposto<\/a><\/h3>\r\n\t\t\t<\/div>\r\n\t\t\t\t\t<div class=\"theimran-post-layout-one__excerpt\">\r\n\t\t\t\t<p>\r\n\t\t\t\t\tMembros do Conselho Superior do Comit\u00ea Gestor do Imposto sobre Bens e Servi\u00e7os (CS-CGIBS) reuniram-se na \u00faltima quarta-feira (8), na sede do Banco do Brasil, em Bras\u00edlia, para a 3\u00aa Reuni\u00e3o Extraordin\u00e1ria do \u00f3rg\u00e3o. O encontro deu continuidade aos trabalhos de estrutura\u00e7\u00e3o e\t\t\t\t<\/p>\r\n\t\t\t<\/div>\r\n\t\t\t\t<div class=\"theimran-post-layout-one__read-more\">\r\n\t\t\t<a href=\"https:\/\/abreme.com.br\/?p=6645\">Veja Mais<\/a>\r\n\t\t<\/div>\r\n\t\t<\/div><\/div><\/div><div class=\"blog-grid-layout col-md-6 col-lg-4\"><div class=\"theimran-post-layout-one\"><div class=\"theimran-post-layout-one__thumbnail\">\t\t\t<a href=\"https:\/\/abreme.com.br\/?p=6642\"><\/a>\r\n\t\t\t<\/div><div class=\"theimran-post-layout-one__content-wrapper\">\t\t\t<div class=\"theimran-post-layout-one__title\">\r\n\t\t\t\t<h3><a href=\"https:\/\/abreme.com.br\/?p=6642\">Receita Federal amplia o programa Receita Sintonia e passa a classificar 11,4 milh\u00f5es de empresas<\/a><\/h3>\r\n\t\t\t<\/div>\r\n\t\t\t\t\t<div class=\"theimran-post-layout-one__excerpt\">\r\n\t\t\t\t<p>\r\n\t\t\t\t\tNova vers\u00e3o inclui microempresas e empresas de pequeno porte do Simples Nacional, e foram classificadas seguindo o C\u00f3digo de Defesa do Contribuinte Compartilhe:&nbsp;&nbsp;Compartilhe por Facebook&nbsp;Compartilhe por Twitter&nbsp;Compartilhe por LinkedIn&nbsp;Compartilhe por WhatsApplink para\t\t\t\t<\/p>\r\n\t\t\t<\/div>\r\n\t\t\t\t<div class=\"theimran-post-layout-one__read-more\">\r\n\t\t\t<a href=\"https:\/\/abreme.com.br\/?p=6642\">Veja Mais<\/a>\r\n\t\t<\/div>\r\n\t\t<\/div><\/div><\/div><div class=\"blog-grid-layout col-md-6 col-lg-4\"><div class=\"theimran-post-layout-one\"><div class=\"theimran-post-layout-one__thumbnail\">\t\t\t<a href=\"https:\/\/abreme.com.br\/?p=6635\"><\/a>\r\n\t\t\t<\/div><div class=\"theimran-post-layout-one__content-wrapper\">\t\t\t<div class=\"theimran-post-layout-one__title\">\r\n\t\t\t\t<h3><a href=\"https:\/\/abreme.com.br\/?p=6635\">Reforma Tribut\u00e1ria: Receita Federal esclarece que n\u00e3o h\u00e1 aplica\u00e7\u00e3o de multas antes de 90 dias ap\u00f3s a publica\u00e7\u00e3o do regulamento<\/a><\/h3>\r\n\t\t\t<\/div>\r\n\t\t\t\t\t<div class=\"theimran-post-layout-one__excerpt\">\r\n\t\t\t\t<p>\r\n\t\t\t\t\tReceita esclarece que s\u00e3o falsas as informa\u00e7\u00f5es que circulam sobre a aplica\u00e7\u00e3o de penalidades a partir de 1\u00ba de abril por descumprimento de obriga\u00e7\u00f5es acess\u00f3rias da CBS e do IBS A Receita Federal do Brasil e o Comit\u00ea Gestor do Imposto sobre Bens e Servi\u00e7os (CGIBS), nos termos do Ato\t\t\t\t<\/p>\r\n\t\t\t<\/div>\r\n\t\t\t\t<div class=\"theimran-post-layout-one__read-more\">\r\n\t\t\t<a href=\"https:\/\/abreme.com.br\/?p=6635\">Veja Mais<\/a>\r\n\t\t<\/div>\r\n\t\t<\/div><\/div><\/div><div class=\"blog-grid-layout col-md-6 col-lg-4\"><div class=\"theimran-post-layout-one\"><div class=\"theimran-post-layout-one__thumbnail\">\t\t\t<a href=\"https:\/\/abreme.com.br\/?p=6631\"><\/a>\r\n\t\t\t<\/div><div class=\"theimran-post-layout-one__content-wrapper\">\t\t\t<div class=\"theimran-post-layout-one__title\">\r\n\t\t\t\t<h3><a href=\"https:\/\/abreme.com.br\/?p=6631\">Feicon 2026 movimenta o setor da constru\u00e7\u00e3o e refor\u00e7a tend\u00eancias do mercado<\/a><\/h3>\r\n\t\t\t<\/div>\r\n\t\t\t\t\t<div class=\"theimran-post-layout-one__excerpt\">\r\n\t\t\t\t<p>\r\n\t\t\t\t\tA Feicon 2026, realizada de 7 a 10 de abril no S\u00e3o Paulo Expo, reafirma seu papel como um dos principais pontos de encontro da cadeia da constru\u00e7\u00e3o civil e arquitetura no Brasil. Abrindo o calend\u00e1rio do setor, o evento re\u00fane ind\u00fastria, varejo, distribuidores, engenheiros, construtores e\t\t\t\t<\/p>\r\n\t\t\t<\/div>\r\n\t\t\t\t<div class=\"theimran-post-layout-one__read-more\">\r\n\t\t\t<a href=\"https:\/\/abreme.com.br\/?p=6631\">Veja Mais<\/a>\r\n\t\t<\/div>\r\n\t\t<\/div><\/div><\/div><div class=\"blog-grid-layout col-md-6 col-lg-4\"><div class=\"theimran-post-layout-one\"><div class=\"theimran-post-layout-one__thumbnail\">\t\t\t<a href=\"https:\/\/abreme.com.br\/?p=6626\"><\/a>\r\n\t\t\t<\/div><div class=\"theimran-post-layout-one__content-wrapper\">\t\t\t<div class=\"theimran-post-layout-one__title\">\r\n\t\t\t\t<h3><a href=\"https:\/\/abreme.com.br\/?p=6626\">EFD-CONTRIBUI\u00c7\u00d5ES &#8211; PUBLICA\u00c7\u00c3O NOTA T\u00c9CNICA N\u00ba 12 &#8211; ORIENTA\u00c7\u00c3O AOS CONTRIBUINTES<\/a><\/h3>\r\n\t\t\t<\/div>\r\n\t\t\t\t\t<div class=\"theimran-post-layout-one__excerpt\">\r\n\t\t\t\t<p>\r\n\t\t\t\t\tPublica\u00e7\u00e3o dos Procedimentos de Escritura\u00e7\u00e3o da EFD\u2011Contribui\u00e7\u00f5es em Atendimento \u00e0 Lei Complementar n\u00ba 224\/2025 A Receita Federal do Brasil informa que foram publicados os procedimentos atualizados de escritura\u00e7\u00e3o da EFD\u2011Contribui\u00e7\u00f5es, em cumprimento \u00e0s determina\u00e7\u00f5es da Lei\t\t\t\t<\/p>\r\n\t\t\t<\/div>\r\n\t\t\t\t<div class=\"theimran-post-layout-one__read-more\">\r\n\t\t\t<a href=\"https:\/\/abreme.com.br\/?p=6626\">Veja Mais<\/a>\r\n\t\t<\/div>\r\n\t\t<\/div><\/div><\/div><div class=\"blog-grid-layout col-md-6 col-lg-4\"><div class=\"theimran-post-layout-one\"><div class=\"theimran-post-layout-one__thumbnail\">\t\t\t<a href=\"https:\/\/abreme.com.br\/?p=6611\"><\/a>\r\n\t\t\t<\/div><div class=\"theimran-post-layout-one__content-wrapper\">\t\t\t<div class=\"theimran-post-layout-one__title\">\r\n\t\t\t\t<h3><a href=\"https:\/\/abreme.com.br\/?p=6611\">Aumento da carga tribut\u00e1ria para empresas do lucro presumido: possibilidade de judicializa\u00e7\u00e3o.<\/a><\/h3>\r\n\t\t\t<\/div>\r\n\t\t\t\t\t<div class=\"theimran-post-layout-one__excerpt\">\r\n\t\t\t\t<p>\r\n\t\t\t\t\tComo amplamente noticiado, em meio \u00e0s festividades de Natal e R\u00e9veillon, foi publicada a Lei Complementa (LC) n.\u00ba 224\/2025, que, al\u00e9m de estabelecer a redu\u00e7\u00e3o linear de incentivos e benef\u00edcios tribut\u00e1rios federais, majorou a al\u00edquota do Imposto de Renda Retido na Fonte (IRRF) incidente\t\t\t\t<\/p>\r\n\t\t\t<\/div>\r\n\t\t\t\t<div class=\"theimran-post-layout-one__read-more\">\r\n\t\t\t<a href=\"https:\/\/abreme.com.br\/?p=6611\">Veja Mais<\/a>\r\n\t\t<\/div>\r\n\t\t<\/div><\/div><\/div><div class=\"blog-grid-layout col-md-6 col-lg-4\"><div class=\"theimran-post-layout-one\"><div class=\"theimran-post-layout-one__thumbnail\">\t\t\t<a href=\"https:\/\/abreme.com.br\/?p=6608\"><\/a>\r\n\t\t\t<\/div><div class=\"theimran-post-layout-one__content-wrapper\">\t\t\t<div class=\"theimran-post-layout-one__title\">\r\n\t\t\t\t<h3><a href=\"https:\/\/abreme.com.br\/?p=6608\">Gecex concede ex-tarif\u00e1rios e mant\u00e9m tarifa de importa\u00e7\u00e3o para 120 produtos de bens de capital e de inform\u00e1tica e telecomunica\u00e7\u00f5es<\/a><\/h3>\r\n\t\t\t<\/div>\r\n\t\t\t\t\t<div class=\"theimran-post-layout-one__excerpt\">\r\n\t\t\t\t<p>\r\n\t\t\t\t\tEm cumprimento ao cronograma de delibera\u00e7\u00f5es estabelecido pelas Resolu\u00e7\u00f5es Gecex n\u00b0 852\/2026 e n\u00ba 853\/2026, o Comit\u00ea-Executivo de Gest\u00e3o &#8211; Gecex, n\u00facleo executivo colegiado da C\u00e2mara de Com\u00e9rcio Exterior (Camex), reuniu-se, nesta sexta-feira, dia 27 de fevereiro, para reduzir a\t\t\t\t<\/p>\r\n\t\t\t<\/div>\r\n\t\t\t\t<div class=\"theimran-post-layout-one__read-more\">\r\n\t\t\t<a href=\"https:\/\/abreme.com.br\/?p=6608\">Veja Mais<\/a>\r\n\t\t<\/div>\r\n\t\t<\/div><\/div><\/div><div class=\"blog-grid-layout col-md-6 col-lg-4\"><div class=\"theimran-post-layout-one\"><div class=\"theimran-post-layout-one__thumbnail\">\t\t\t<a href=\"https:\/\/abreme.com.br\/?p=6593\"><\/a>\r\n\t\t\t<\/div><div class=\"theimran-post-layout-one__content-wrapper\">\t\t\t<div class=\"theimran-post-layout-one__title\">\r\n\t\t\t\t<h3><a href=\"https:\/\/abreme.com.br\/?p=6593\">Resolu\u00e7\u00e3o GECEX n\u00ba 854\/2026 (DOU 13\/02\/2026) &#8211; Aplica direito antidumping definitivo, por um prazo de at\u00e9 cinco anos, \u00e0s importa\u00e7\u00f5es brasileiras de laminados planos a frio, origin\u00e1rias da China.<\/a><\/h3>\r\n\t\t\t<\/div>\r\n\t\t\t\t\t<div class=\"theimran-post-layout-one__excerpt\">\r\n\t\t\t\t<p>\r\n\t\t\t\t\tDi\u00e1rio Oficial da Uni\u00e3o Publicado em:&nbsp;13\/02\/2026&nbsp;|&nbsp;Edi\u00e7\u00e3o:&nbsp;31&nbsp;|&nbsp;Se\u00e7\u00e3o: 1&nbsp;|&nbsp;P\u00e1gina:&nbsp;5 \u00d3rg\u00e3o:&nbsp;Presid\u00eancia da Rep\u00fablica\/C\u00e2mara de Com\u00e9rcio Exterior\/Comit\u00ea-Executivo de Gest\u00e3o RESOLU\u00c7\u00c3O GECEX N\u00ba 854, DE 12 DE FEVEREIRO DE 2026 Aplica\t\t\t\t<\/p>\r\n\t\t\t<\/div>\r\n\t\t\t\t<div class=\"theimran-post-layout-one__read-more\">\r\n\t\t\t<a href=\"https:\/\/abreme.com.br\/?p=6593\">Veja Mais<\/a>\r\n\t\t<\/div>\r\n\t\t<\/div><\/div><\/div><div class=\"blog-grid-layout col-md-6 col-lg-4\"><div class=\"theimran-post-layout-one\"><div class=\"theimran-post-layout-one__thumbnail\">\t\t\t<a href=\"https:\/\/abreme.com.br\/?p=6587\"><\/a>\r\n\t\t\t<\/div><div class=\"theimran-post-layout-one__content-wrapper\">\t\t\t<div class=\"theimran-post-layout-one__title\">\r\n\t\t\t\t<h3><a href=\"https:\/\/abreme.com.br\/?p=6587\">Receita Federal publica Perguntas e Respostas sobre a redu\u00e7\u00e3o de benef\u00edcios fiscais da LC 224\/2025<\/a><\/h3>\r\n\t\t\t<\/div>\r\n\t\t\t\t\t<div class=\"theimran-post-layout-one__excerpt\">\r\n\t\t\t\t<p>\r\n\t\t\t\t\tO documento orienta contribuintes sobre o novo regime de revis\u00e3o estrutural de incentivos federais, detalhando crit\u00e9rios t\u00e9cnicos e exce\u00e7\u00f5es. A Receita Federal do Brasil disponibilizou, nesta segunda-feira (26\/01), o guia \u201cPerguntas e Respostas \u2013 Redu\u00e7\u00e3o dos Incentivos e Benef\u00edcios\t\t\t\t<\/p>\r\n\t\t\t<\/div>\r\n\t\t\t\t<div class=\"theimran-post-layout-one__read-more\">\r\n\t\t\t<a href=\"https:\/\/abreme.com.br\/?p=6587\">Veja Mais<\/a>\r\n\t\t<\/div>\r\n\t\t<\/div><\/div><\/div><\/div>\t\t\t\t<\/div>\n\t\t\t\t<\/div>\n\t\t\t\t\t<\/div>\n\t\t\t\t<\/div>\n\t\t\t\t<\/div>\n\t\t","protected":false},"excerpt":{"rendered":"<p>Junte-se a n\u00f3s Associado ABREME tem informa\u00e7\u00f5es, servi\u00e7os exclusivos, assessoria jur\u00eddica e muito mais. SAIBA MAIS Promovendo o desenvolvimento e a profissionaliza\u00e7\u00e3o do mercado de revenda e distribui\u00e7\u00e3o de materiais el\u00e9tricos A ABREME Associa\u00e7\u00e3o Brasileira dos Revendedores e Distribuidores de Materiais El\u00e9tricos, \u00e9 uma entidade civil, sem fins lucrativos que congrega empresas individuais ou coletivas que se dedicam \u00e0 comercializa\u00e7\u00e3o de materiais el\u00e9tricos, seja na base de revenda\u00a0 ou distribui\u00e7\u00e3o. STF restabelece parcialmente decreto que eleva al\u00edquotas do IOF Ministro Alexandre de Moraes manteve suspens\u00e3o apenas quanto \u00e0 incid\u00eancia do imposto sobre opera\u00e7\u00f5es de \u201crisco sacado\u201d Foto: Wallace Martins\/STF \u00a0 O ministro Alexandre de Moraes, do Supremo Tribunal Federal (STF), restabeleceu parcialmente a validade do decreto do presidente da Rep\u00fablica Mais Informa\u00e7\u00f5es PR\u00caMIO ABREME 2025 Veja Mais OS DESTAQUES NO SEGMENTO DE MATERIAIS EL\u00c9TRICOS EST\u00c3O AQUI O Pr\u00eamio ABREME \u00e9 o mais importante pr\u00eamio no setor de revenda e distribui\u00e7\u00e3o de materiais el\u00e9tricos no Brasil. Anualmente, um j\u00fari formado por renomados profissionais elege as empresas que se destacam no segmento de materiais el\u00e9tricos.Anualmente, um j\u00fari formado por renomados profissionais elege as empresas e profissionais que se destacaram no mercado. Pr\u00eamio &#8220;Fornecedores do Ano 2025&#8221; Diretor Abreme Gerson Salles entrega a Marcel Serafim e Rodolfo Naves da empresa ELGIN, Trof\u00e9u categoria Bronze Segmento Ilumina\u00e7\u00e3o. Diretor Abreme Thiago Espinheira entrega a Jean Carlos Baseto diretor da empresa LEDVANCE, Trof\u00e9u categoria Prata Segmento Ilumina\u00e7\u00e3o. Diretor Abreme Reinaldo Gavioli entrega a Patr\u00edcia Lima e Cristiane Alves representantes da empresa AVANT, Trof\u00e9u categoria Ouro Segmento Ilumina\u00e7\u00e3o. Pr\u00eamio Destaque do Ano 2025 \u2013 Segmento Ilumina\u00e7\u00e3o Diretora Abreme Veridiana Gannam entrega a Valdinei Chaves Gerente Comercial da empresa BRILIA, Placa destaque no ranking 2025 segmento Ilumina\u00e7\u00e3o. Pr\u00eamio Abreme Fornecedores 2025 Segmento FIOS E CABOS. Diretor Abreme Carlos Henrique Castanho entrega a M\u00e1rio Casemiro Anderlini diretor da empresa NAMBEI, Trof\u00e9u categoria Bronze Segmento Fios e Cabos. Diretor Abreme Francisco Simon entrega a Luciana Barone e Silvio Barone Jr diretores da empresa SIL FIOS E CABOS EL\u00c9TRICOS, Trof\u00e9u categoria Prata Segmento Fios e Cabos. Diretor Abreme Ricardo Daizem entrega a Rafael e Gustavo Verrone Ruas diretores da empresa COBRECOM, Trof\u00e9u categoria Ouro Segmento Fios e Cabos. Pr\u00eamio Destaque do Ano 2025 \u2013 Segmento Fios e Cabos Diretor Abreme Paulo Roberto Campos entrega a Jenner Iaconno e Paulo C\u00e9sar Iaconno diretores da empresa Induscabos, Placa destaque no ranking 2025 segmento Fios e Cabos. Pr\u00eamio Abreme Fornecedores 2025 Segmento DISPOSITIVOS EL\u00c9TRICOS RESIDENCIAIS Diretor Abreme Gerson Salles entrega a Edjane Bezerra, Carlos Bezerra e M\u00e1rcio Martins diretores da empresa Ilumi Materiais El\u00e9tricos, Trof\u00e9u categoria Bronze Segmento Dispositivos El\u00e9tricos Residenciais. O diretor da Abreme, Jo\u00e3o Carlos Faria Jr., em men\u00e7\u00e3o \u00e0 entrega do Trof\u00e9u \u00e0 empresa vencedora FAME, na categoria Prata \u2013 segmento Dispositivos El\u00e9tricos Residenciais. Diretor Abreme Marcos Sutiro entrega a Rog\u00e9rio Martello e Thomas Belaisch diretores da empresa STECK, Trof\u00e9u categoria Ouro Segmento Dispositivos El\u00e9tricos Residenciais. Pr\u00eamio Destaque do Ano 2025 \u2013 Segmento Ilumina\u00e7\u00e3o Diretor Abreme Carlos Henrique Castanho entrega a Matheus Guerra e Jonathan Santos representantes da empresa Tramontina, Placa destaque no ranking 2025 segmento Dispositivos El\u00e9tricos Residenciais. Pr\u00eamio Abreme Fornecedores 2025 Segmento DISPOSITIVOS EL\u00c9TRICOS INDUSTRIAIS Diretor Abreme Marcos Sutiro entrega a Bianca Cerveira Gerente de vendas da empresa Siemens, Trof\u00e9u categoria Bronze segmento Dispositivos El\u00e9tricos Industriais. Diretor Abreme Jo\u00e3o Carlos Faria Jr entrega a Thomas Belaisch e Daniel Gatti diretores da empresa Schneider Electric, Trof\u00e9u categoria Prata segmento Dispositivos El\u00e9tricos Industriais. Diretor Abreme Paulo Roberto Campos entrega a Paulo Roberto Kr\u00fcger diretor de vendas WEG automa\u00e7\u00e3o, Trof\u00e9u categoria Ouro segmento Dispositivos El\u00e9tricos Industriais. Pr\u00eamio Destaque do Ano 2025 \u2013 Segmento Dispositivos El\u00e9tricos Industriais. Diretora Abreme Veridiana Gannam entrega a Fernado Leonardis e Marcelo Vilela diretores da empresa ABB GE, Placa destaque no ranking 2025 segmento Dispositivos El\u00e9tricos Industriais. Pr\u00eamio Abreme Fornecedores 2025 Segmento INFRAESTRUTURA Diretor Abreme Francisco Simon entrega a Andr\u00e9 Luiz Wetzel, Nicole Wetzel e Moacir Tassinari da empresa Wetzel, Trof\u00e9u categoria Bronze Segmento Infraestrutura. Diretor Abreme Reinaldo Gavioli entrega a Jos\u00e9 de Ara\u00fajo Junior diretor da empresa Perfil L\u00edder, Trof\u00e9u categoria Prata Segmento Infraestrutura. Diretor Abreme Thiago Espinheira entrega a Matheus Guerra e Jonathan dos Santos representantes da empresa Tramontina, Trof\u00e9u categoria Ouro Segmento Infraestrutura. Pr\u00eamio Abreme Fornecedores 2025 Segmento INFRAESTRUTURA Diretor Abreme Ricardo Daizem entrega a Itamar Garbin e Gilberto Pimenta representantes da empresa Grupo Intelli, Placa destaque no ranking 2025 segmento Infraestrutura. Diretor Abreme Ricardo Daizem entrega a Robson dos Santos \u2013 Luciana Barone e Silvio Barone Junior da empresa Sil Fios e Cabos El\u00e9tricos, Trof\u00e9u 1\u00aa Edi\u00e7\u00e3o Sustentabilidade, a premia\u00e7\u00e3o reconhece a Sil Fios e Cabos El\u00e9tricos por suas pr\u00e1ticas sustent\u00e1veis e compromisso com a efici\u00eancia energ\u00e9tica no setor de materiais el\u00e9tricos. Premio Fornecedores do Ano 2025 Diretor Abreme Ricardo Daizem entrega a Robson dos Santos \u2013 Luciana Barone e Silvio Barone Junior da empresa Sil Fios e Cabos El\u00e9tricos, Trof\u00e9u 1\u00aa Edi\u00e7\u00e3o Sustentabilidade, a premia\u00e7\u00e3o reconhece a Sil Fios e Cabos El\u00e9tricos por suas pr\u00e1ticas sustent\u00e1veis e compromisso com a efici\u00eancia energ\u00e9tica no setor de materiais el\u00e9tricos. Premio Fornecedores do Ano 2025 Premio Fornecedores do Ano 2025 Diretor Abreme Marcos Sutiro entrega a Rafael Verrone Ruas e Gustavo Verrone Ruas diretores da empresa Cobrecom, Trof\u00e9u Melhor Fornecedor do Ano 2025, ao lados dos diretores da empresa, Srta. Mariana Longato prestigiando o momento. PREMIA\u00c7\u00c3O \u201cFORNECEDORES DO ANO \u2013 PERSONA 2025 ABREME\u201d O Pr\u00eamio Persona ABREME caracteriza-se pela concess\u00e3o de um \u00fanico trof\u00e9u ao profissional empreendedor que mais se destacou por sua atua\u00e7\u00e3o, trajet\u00f3ria e relevante contribui\u00e7\u00e3o para o desenvolvimento do setor de material el\u00e9trico no Brasil. Para a edi\u00e7\u00e3o de 2025, a ABREME por seu diretor Reinaldo Gavioli homenageia C\u00edcero Andr\u00e9 de Souza, presidente da empresa Real Perfil, com o Pr\u00eamio Persona ABREME 2025, em reconhecimento ao seu hist\u00f3rico profissional, lideran\u00e7a empresarial e impacto positivo no fortalecimento e crescimento do setor. Nesta modalidade, o premiado \u00e9 indicado exclusivamente pela Diretoria da ABREME, refor\u00e7ando o car\u00e1ter institucional e o elevado prest\u00edgio do homenageado. Diretor Abreme Reinaldo Gavioli em momento que antecede a entrega do Trof\u00e9u Persona Abreme 2025. Cicero Andr\u00e9 de Souza em discurso<\/p>\n","protected":false},"author":1,"featured_media":0,"parent":0,"menu_order":0,"comment_status":"closed","ping_status":"closed","template":"","meta":{"site-sidebar-layout":"no-sidebar","site-content-layout":"","ast-site-content-layout":"full-width-container","site-content-style":"default","site-sidebar-style":"default","ast-global-header-display":"","ast-banner-title-visibility":"","ast-main-header-display":"","ast-hfb-above-header-display":"","ast-hfb-below-header-display":"","ast-hfb-mobile-header-display":"","site-post-title":"disabled","ast-breadcrumbs-content":"","ast-featured-img":"disabled","footer-sml-layout":"","ast-disable-related-posts":"","theme-transparent-header-meta":"","adv-header-id-meta":"","stick-header-meta":"","header-above-stick-meta":"","header-main-stick-meta":"","header-below-stick-meta":"","astra-migrate-meta-layouts":"default","ast-page-background-enabled":"default","ast-page-background-meta":{"desktop":{"background-color":"var(--ast-global-color-4)","background-image":"","background-repeat":"repeat","background-position":"center center","background-size":"auto","background-attachment":"scroll","background-type":"","background-media":"","overlay-type":"","overlay-color":"","overlay-opacity":"","overlay-gradient":""},"tablet":{"background-color":"","background-image":"","background-repeat":"repeat","background-position":"center center","background-size":"auto","background-attachment":"scroll","background-type":"","background-media":"","overlay-type":"","overlay-color":"","overlay-opacity":"","overlay-gradient":""},"mobile":{"background-color":"","background-image":"","background-repeat":"repeat","background-position":"center center","background-size":"auto","background-attachment":"scroll","background-type":"","background-media":"","overlay-type":"","overlay-color":"","overlay-opacity":"","overlay-gradient":""}},"ast-content-background-meta":{"desktop":{"background-color":"var(--ast-global-color-5)","background-image":"","background-repeat":"repeat","background-position":"center center","background-size":"auto","background-attachment":"scroll","background-type":"","background-media":"","overlay-type":"","overlay-color":"","overlay-opacity":"","overlay-gradient":""},"tablet":{"background-color":"var(--ast-global-color-5)","background-image":"","background-repeat":"repeat","background-position":"center center","background-size":"auto","background-attachment":"scroll","background-type":"","background-media":"","overlay-type":"","overlay-color":"","overlay-opacity":"","overlay-gradient":""},"mobile":{"background-color":"var(--ast-global-color-5)","background-image":"","background-repeat":"repeat","background-position":"center center","background-size":"auto","background-attachment":"scroll","background-type":"","background-media":"","overlay-type":"","overlay-color":"","overlay-opacity":"","overlay-gradient":""}},"footnotes":""},"class_list":["post-4027","page","type-page","status-publish","hentry"],"_links":{"self":[{"href":"https:\/\/abreme.com.br\/index.php?rest_route=\/wp\/v2\/pages\/4027","targetHints":{"allow":["GET"]}}],"collection":[{"href":"https:\/\/abreme.com.br\/index.php?rest_route=\/wp\/v2\/pages"}],"about":[{"href":"https:\/\/abreme.com.br\/index.php?rest_route=\/wp\/v2\/types\/page"}],"author":[{"embeddable":true,"href":"https:\/\/abreme.com.br\/index.php?rest_route=\/wp\/v2\/users\/1"}],"replies":[{"embeddable":true,"href":"https:\/\/abreme.com.br\/index.php?rest_route=%2Fwp%2Fv2%2Fcomments&post=4027"}],"version-history":[{"count":150,"href":"https:\/\/abreme.com.br\/index.php?rest_route=\/wp\/v2\/pages\/4027\/revisions"}],"predecessor-version":[{"id":6623,"href":"https:\/\/abreme.com.br\/index.php?rest_route=\/wp\/v2\/pages\/4027\/revisions\/6623"}],"wp:attachment":[{"href":"https:\/\/abreme.com.br\/index.php?rest_route=%2Fwp%2Fv2%2Fmedia&parent=4027"}],"curies":[{"name":"wp","href":"https:\/\/api.w.org\/{rel}","templated":true}]}}