
{"id":4239,"date":"2024-08-22T20:43:08","date_gmt":"2024-08-22T20:43:08","guid":{"rendered":"https:\/\/slategrey-clam-517275.hostingersite.com\/?page_id=4239"},"modified":"2026-01-23T16:25:10","modified_gmt":"2026-01-23T16:25:10","slug":"blog","status":"publish","type":"page","link":"https:\/\/abreme.com.br\/?page_id=4239","title":{"rendered":"Blog"},"content":{"rendered":"\t\t<div data-elementor-type=\"wp-page\" data-elementor-id=\"4239\" class=\"elementor elementor-4239\">\n\t\t\t\t<div class=\"elementor-element elementor-element-3abd3de e-flex e-con-boxed wpr-particle-no wpr-jarallax-no wpr-parallax-no wpr-sticky-section-no wpr-equal-height-no e-con e-parent\" data-id=\"3abd3de\" data-element_type=\"container\">\n\t\t\t\t\t<div class=\"e-con-inner\">\n\t\t\t\t<div class=\"elementor-element elementor-element-6e3a86e elementor-widget elementor-widget-post_layouts\" data-id=\"6e3a86e\" data-element_type=\"widget\" data-widget_type=\"post_layouts.default\">\n\t\t\t\t<div class=\"elementor-widget-container\">\n\t\t\t\t\t<div class=\"row masonaryactive \"><div class=\"blog-grid-layout col-md-6 col-lg-4\"><div class=\"theimran-post-layout-one\"><div class=\"theimran-post-layout-one__thumbnail\">\t\t\t<a href=\"https:\/\/abreme.com.br\/?p=6661\"><\/a>\r\n\t\t\t<\/div><div class=\"theimran-post-layout-one__content-wrapper\">\t\t\t<div class=\"theimran-post-layout-one__title\">\r\n\t\t\t\t<h3><a href=\"https:\/\/abreme.com.br\/?p=6661\">DESPACHO N\u00ba 18, DE 8 DE ABRIL DE 2026 &#8211; Publicado no DOU de 09.04.2026<\/a><\/h3>\r\n\t\t\t<\/div>\r\n\t\t\t\t\t<div class=\"theimran-post-layout-one__excerpt\">\r\n\t\t\t\t<p>\r\n\t\t\t\t\tPublica Ajustes SINIEF aprovados na 422\u00aa Reuni\u00e3o Extraordin\u00e1ria do CONFAZ, realizada no dia 6.04.2026. O Secret\u00e1rio-Executivo da Secretaria-Executiva do Conselho Nacional de Pol\u00edtica Fazend\u00e1ria &#8211; CONFAZ, no uso das atribui\u00e7\u00f5es que lhe s\u00e3o conferidas pelo inciso IX, do art. 5\u00ba do\t\t\t\t<\/p>\r\n\t\t\t<\/div>\r\n\t\t\t\t<div class=\"theimran-post-layout-one__read-more\">\r\n\t\t\t<a href=\"https:\/\/abreme.com.br\/?p=6661\">Veja Mais<\/a>\r\n\t\t<\/div>\r\n\t\t<\/div><\/div><\/div><div class=\"blog-grid-layout col-md-6 col-lg-4\"><div class=\"theimran-post-layout-one\"><div class=\"theimran-post-layout-one__thumbnail\">\t\t\t<a href=\"https:\/\/abreme.com.br\/?p=6656\"><\/a>\r\n\t\t\t<\/div><div class=\"theimran-post-layout-one__content-wrapper\">\t\t\t<div class=\"theimran-post-layout-one__title\">\r\n\t\t\t\t<h3><a href=\"https:\/\/abreme.com.br\/?p=6656\">Carga tribut\u00e1ria bruta do Governo Geral atinge 32,40% do PIB em 2025, mostra boletim do Tesouro Nacional<\/a><\/h3>\r\n\t\t\t<\/div>\r\n\t\t\t\t\t<div class=\"theimran-post-layout-one__excerpt\">\r\n\t\t\t\t<p>\r\n\t\t\t\t\tA estimativa corresponde \u00e0 raz\u00e3o entre o total dos tributos arrecadados pelas tr\u00eas esferas de governo e o Produto Interno Bruto Compartilhe:&nbsp;&nbsp;Compartilhe por Facebook&nbsp;Compartilhe por Twitter&nbsp;Compartilhe por LinkedIn&nbsp;Compartilhe por WhatsApplink para Copiar para \u00e1rea de\t\t\t\t<\/p>\r\n\t\t\t<\/div>\r\n\t\t\t\t<div class=\"theimran-post-layout-one__read-more\">\r\n\t\t\t<a href=\"https:\/\/abreme.com.br\/?p=6656\">Veja Mais<\/a>\r\n\t\t<\/div>\r\n\t\t<\/div><\/div><\/div><div class=\"blog-grid-layout col-md-6 col-lg-4\"><div class=\"theimran-post-layout-one\"><div class=\"theimran-post-layout-one__thumbnail\">\t\t\t<a href=\"https:\/\/abreme.com.br\/?p=6645\"><\/a>\r\n\t\t\t<\/div><div class=\"theimran-post-layout-one__content-wrapper\">\t\t\t<div class=\"theimran-post-layout-one__title\">\r\n\t\t\t\t<h3><a href=\"https:\/\/abreme.com.br\/?p=6645\">Conselho Superior do CGIBS aprova Regimento Interno e avan\u00e7a na discuss\u00e3o da regulamenta\u00e7\u00e3o do novo imposto<\/a><\/h3>\r\n\t\t\t<\/div>\r\n\t\t\t\t\t<div class=\"theimran-post-layout-one__excerpt\">\r\n\t\t\t\t<p>\r\n\t\t\t\t\tMembros do Conselho Superior do Comit\u00ea Gestor do Imposto sobre Bens e Servi\u00e7os (CS-CGIBS) reuniram-se na \u00faltima quarta-feira (8), na sede do Banco do Brasil, em Bras\u00edlia, para a 3\u00aa Reuni\u00e3o Extraordin\u00e1ria do \u00f3rg\u00e3o. O encontro deu continuidade aos trabalhos de estrutura\u00e7\u00e3o e\t\t\t\t<\/p>\r\n\t\t\t<\/div>\r\n\t\t\t\t<div class=\"theimran-post-layout-one__read-more\">\r\n\t\t\t<a href=\"https:\/\/abreme.com.br\/?p=6645\">Veja Mais<\/a>\r\n\t\t<\/div>\r\n\t\t<\/div><\/div><\/div><div class=\"blog-grid-layout col-md-6 col-lg-4\"><div class=\"theimran-post-layout-one\"><div class=\"theimran-post-layout-one__thumbnail\">\t\t\t<a href=\"https:\/\/abreme.com.br\/?p=6642\"><\/a>\r\n\t\t\t<\/div><div class=\"theimran-post-layout-one__content-wrapper\">\t\t\t<div class=\"theimran-post-layout-one__title\">\r\n\t\t\t\t<h3><a href=\"https:\/\/abreme.com.br\/?p=6642\">Receita Federal amplia o programa Receita Sintonia e passa a classificar 11,4 milh\u00f5es de empresas<\/a><\/h3>\r\n\t\t\t<\/div>\r\n\t\t\t\t\t<div class=\"theimran-post-layout-one__excerpt\">\r\n\t\t\t\t<p>\r\n\t\t\t\t\tNova vers\u00e3o inclui microempresas e empresas de pequeno porte do Simples Nacional, e foram classificadas seguindo o C\u00f3digo de Defesa do Contribuinte Compartilhe:&nbsp;&nbsp;Compartilhe por Facebook&nbsp;Compartilhe por Twitter&nbsp;Compartilhe por LinkedIn&nbsp;Compartilhe por WhatsApplink para\t\t\t\t<\/p>\r\n\t\t\t<\/div>\r\n\t\t\t\t<div class=\"theimran-post-layout-one__read-more\">\r\n\t\t\t<a href=\"https:\/\/abreme.com.br\/?p=6642\">Veja Mais<\/a>\r\n\t\t<\/div>\r\n\t\t<\/div><\/div><\/div><div class=\"blog-grid-layout col-md-6 col-lg-4\"><div class=\"theimran-post-layout-one\"><div class=\"theimran-post-layout-one__thumbnail\">\t\t\t<a href=\"https:\/\/abreme.com.br\/?p=6635\"><\/a>\r\n\t\t\t<\/div><div class=\"theimran-post-layout-one__content-wrapper\">\t\t\t<div class=\"theimran-post-layout-one__title\">\r\n\t\t\t\t<h3><a href=\"https:\/\/abreme.com.br\/?p=6635\">Reforma Tribut\u00e1ria: Receita Federal esclarece que n\u00e3o h\u00e1 aplica\u00e7\u00e3o de multas antes de 90 dias ap\u00f3s a publica\u00e7\u00e3o do regulamento<\/a><\/h3>\r\n\t\t\t<\/div>\r\n\t\t\t\t\t<div class=\"theimran-post-layout-one__excerpt\">\r\n\t\t\t\t<p>\r\n\t\t\t\t\tReceita esclarece que s\u00e3o falsas as informa\u00e7\u00f5es que circulam sobre a aplica\u00e7\u00e3o de penalidades a partir de 1\u00ba de abril por descumprimento de obriga\u00e7\u00f5es acess\u00f3rias da CBS e do IBS A Receita Federal do Brasil e o Comit\u00ea Gestor do Imposto sobre Bens e Servi\u00e7os (CGIBS), nos termos do Ato\t\t\t\t<\/p>\r\n\t\t\t<\/div>\r\n\t\t\t\t<div class=\"theimran-post-layout-one__read-more\">\r\n\t\t\t<a href=\"https:\/\/abreme.com.br\/?p=6635\">Veja Mais<\/a>\r\n\t\t<\/div>\r\n\t\t<\/div><\/div><\/div><div class=\"blog-grid-layout col-md-6 col-lg-4\"><div class=\"theimran-post-layout-one\"><div class=\"theimran-post-layout-one__thumbnail\">\t\t\t<a href=\"https:\/\/abreme.com.br\/?p=6631\"><\/a>\r\n\t\t\t<\/div><div class=\"theimran-post-layout-one__content-wrapper\">\t\t\t<div class=\"theimran-post-layout-one__title\">\r\n\t\t\t\t<h3><a href=\"https:\/\/abreme.com.br\/?p=6631\">Feicon 2026 movimenta o setor da constru\u00e7\u00e3o e refor\u00e7a tend\u00eancias do mercado<\/a><\/h3>\r\n\t\t\t<\/div>\r\n\t\t\t\t\t<div class=\"theimran-post-layout-one__excerpt\">\r\n\t\t\t\t<p>\r\n\t\t\t\t\tA Feicon 2026, realizada de 7 a 10 de abril no S\u00e3o Paulo Expo, reafirma seu papel como um dos principais pontos de encontro da cadeia da constru\u00e7\u00e3o civil e arquitetura no Brasil. Abrindo o calend\u00e1rio do setor, o evento re\u00fane ind\u00fastria, varejo, distribuidores, engenheiros, construtores e\t\t\t\t<\/p>\r\n\t\t\t<\/div>\r\n\t\t\t\t<div class=\"theimran-post-layout-one__read-more\">\r\n\t\t\t<a href=\"https:\/\/abreme.com.br\/?p=6631\">Veja Mais<\/a>\r\n\t\t<\/div>\r\n\t\t<\/div><\/div><\/div><div class=\"blog-grid-layout col-md-6 col-lg-4\"><div class=\"theimran-post-layout-one\"><div class=\"theimran-post-layout-one__thumbnail\">\t\t\t<a href=\"https:\/\/abreme.com.br\/?p=6626\"><\/a>\r\n\t\t\t<\/div><div class=\"theimran-post-layout-one__content-wrapper\">\t\t\t<div class=\"theimran-post-layout-one__title\">\r\n\t\t\t\t<h3><a href=\"https:\/\/abreme.com.br\/?p=6626\">EFD-CONTRIBUI\u00c7\u00d5ES &#8211; PUBLICA\u00c7\u00c3O NOTA T\u00c9CNICA N\u00ba 12 &#8211; ORIENTA\u00c7\u00c3O AOS CONTRIBUINTES<\/a><\/h3>\r\n\t\t\t<\/div>\r\n\t\t\t\t\t<div class=\"theimran-post-layout-one__excerpt\">\r\n\t\t\t\t<p>\r\n\t\t\t\t\tPublica\u00e7\u00e3o dos Procedimentos de Escritura\u00e7\u00e3o da EFD\u2011Contribui\u00e7\u00f5es em Atendimento \u00e0 Lei Complementar n\u00ba 224\/2025 A Receita Federal do Brasil informa que foram publicados os procedimentos atualizados de escritura\u00e7\u00e3o da EFD\u2011Contribui\u00e7\u00f5es, em cumprimento \u00e0s determina\u00e7\u00f5es da Lei\t\t\t\t<\/p>\r\n\t\t\t<\/div>\r\n\t\t\t\t<div class=\"theimran-post-layout-one__read-more\">\r\n\t\t\t<a href=\"https:\/\/abreme.com.br\/?p=6626\">Veja Mais<\/a>\r\n\t\t<\/div>\r\n\t\t<\/div><\/div><\/div><div class=\"blog-grid-layout col-md-6 col-lg-4\"><div class=\"theimran-post-layout-one\"><div class=\"theimran-post-layout-one__thumbnail\">\t\t\t<a href=\"https:\/\/abreme.com.br\/?p=6611\"><\/a>\r\n\t\t\t<\/div><div class=\"theimran-post-layout-one__content-wrapper\">\t\t\t<div class=\"theimran-post-layout-one__title\">\r\n\t\t\t\t<h3><a href=\"https:\/\/abreme.com.br\/?p=6611\">Aumento da carga tribut\u00e1ria para empresas do lucro presumido: possibilidade de judicializa\u00e7\u00e3o.<\/a><\/h3>\r\n\t\t\t<\/div>\r\n\t\t\t\t\t<div class=\"theimran-post-layout-one__excerpt\">\r\n\t\t\t\t<p>\r\n\t\t\t\t\tComo amplamente noticiado, em meio \u00e0s festividades de Natal e R\u00e9veillon, foi publicada a Lei Complementa (LC) n.\u00ba 224\/2025, que, al\u00e9m de estabelecer a redu\u00e7\u00e3o linear de incentivos e benef\u00edcios tribut\u00e1rios federais, majorou a al\u00edquota do Imposto de Renda Retido na Fonte (IRRF) incidente\t\t\t\t<\/p>\r\n\t\t\t<\/div>\r\n\t\t\t\t<div class=\"theimran-post-layout-one__read-more\">\r\n\t\t\t<a href=\"https:\/\/abreme.com.br\/?p=6611\">Veja Mais<\/a>\r\n\t\t<\/div>\r\n\t\t<\/div><\/div><\/div><div class=\"blog-grid-layout col-md-6 col-lg-4\"><div class=\"theimran-post-layout-one\"><div class=\"theimran-post-layout-one__thumbnail\">\t\t\t<a href=\"https:\/\/abreme.com.br\/?p=6608\"><\/a>\r\n\t\t\t<\/div><div class=\"theimran-post-layout-one__content-wrapper\">\t\t\t<div class=\"theimran-post-layout-one__title\">\r\n\t\t\t\t<h3><a href=\"https:\/\/abreme.com.br\/?p=6608\">Gecex concede ex-tarif\u00e1rios e mant\u00e9m tarifa de importa\u00e7\u00e3o para 120 produtos de bens de capital e de inform\u00e1tica e telecomunica\u00e7\u00f5es<\/a><\/h3>\r\n\t\t\t<\/div>\r\n\t\t\t\t\t<div class=\"theimran-post-layout-one__excerpt\">\r\n\t\t\t\t<p>\r\n\t\t\t\t\tEm cumprimento ao cronograma de delibera\u00e7\u00f5es estabelecido pelas Resolu\u00e7\u00f5es Gecex n\u00b0 852\/2026 e n\u00ba 853\/2026, o Comit\u00ea-Executivo de Gest\u00e3o &#8211; Gecex, n\u00facleo executivo colegiado da C\u00e2mara de Com\u00e9rcio Exterior (Camex), reuniu-se, nesta sexta-feira, dia 27 de fevereiro, para reduzir a\t\t\t\t<\/p>\r\n\t\t\t<\/div>\r\n\t\t\t\t<div class=\"theimran-post-layout-one__read-more\">\r\n\t\t\t<a href=\"https:\/\/abreme.com.br\/?p=6608\">Veja Mais<\/a>\r\n\t\t<\/div>\r\n\t\t<\/div><\/div><\/div><div class=\"blog-grid-layout col-md-6 col-lg-4\"><div class=\"theimran-post-layout-one\"><div class=\"theimran-post-layout-one__thumbnail\">\t\t\t<a href=\"https:\/\/abreme.com.br\/?p=6593\"><\/a>\r\n\t\t\t<\/div><div class=\"theimran-post-layout-one__content-wrapper\">\t\t\t<div class=\"theimran-post-layout-one__title\">\r\n\t\t\t\t<h3><a href=\"https:\/\/abreme.com.br\/?p=6593\">Resolu\u00e7\u00e3o GECEX n\u00ba 854\/2026 (DOU 13\/02\/2026) &#8211; Aplica direito antidumping definitivo, por um prazo de at\u00e9 cinco anos, \u00e0s importa\u00e7\u00f5es brasileiras de laminados planos a frio, origin\u00e1rias da China.<\/a><\/h3>\r\n\t\t\t<\/div>\r\n\t\t\t\t\t<div class=\"theimran-post-layout-one__excerpt\">\r\n\t\t\t\t<p>\r\n\t\t\t\t\tDi\u00e1rio Oficial da Uni\u00e3o Publicado em:&nbsp;13\/02\/2026&nbsp;|&nbsp;Edi\u00e7\u00e3o:&nbsp;31&nbsp;|&nbsp;Se\u00e7\u00e3o: 1&nbsp;|&nbsp;P\u00e1gina:&nbsp;5 \u00d3rg\u00e3o:&nbsp;Presid\u00eancia da Rep\u00fablica\/C\u00e2mara de Com\u00e9rcio Exterior\/Comit\u00ea-Executivo de Gest\u00e3o RESOLU\u00c7\u00c3O GECEX N\u00ba 854, DE 12 DE FEVEREIRO DE 2026 Aplica\t\t\t\t<\/p>\r\n\t\t\t<\/div>\r\n\t\t\t\t<div class=\"theimran-post-layout-one__read-more\">\r\n\t\t\t<a href=\"https:\/\/abreme.com.br\/?p=6593\">Veja Mais<\/a>\r\n\t\t<\/div>\r\n\t\t<\/div><\/div><\/div><div class=\"blog-grid-layout col-md-6 col-lg-4\"><div class=\"theimran-post-layout-one\"><div class=\"theimran-post-layout-one__thumbnail\">\t\t\t<a href=\"https:\/\/abreme.com.br\/?p=6587\"><\/a>\r\n\t\t\t<\/div><div class=\"theimran-post-layout-one__content-wrapper\">\t\t\t<div class=\"theimran-post-layout-one__title\">\r\n\t\t\t\t<h3><a href=\"https:\/\/abreme.com.br\/?p=6587\">Receita Federal publica Perguntas e Respostas sobre a redu\u00e7\u00e3o de benef\u00edcios fiscais da LC 224\/2025<\/a><\/h3>\r\n\t\t\t<\/div>\r\n\t\t\t\t\t<div class=\"theimran-post-layout-one__excerpt\">\r\n\t\t\t\t<p>\r\n\t\t\t\t\tO documento orienta contribuintes sobre o novo regime de revis\u00e3o estrutural de incentivos federais, detalhando crit\u00e9rios t\u00e9cnicos e exce\u00e7\u00f5es. A Receita Federal do Brasil disponibilizou, nesta segunda-feira (26\/01), o guia \u201cPerguntas e Respostas \u2013 Redu\u00e7\u00e3o dos Incentivos e Benef\u00edcios\t\t\t\t<\/p>\r\n\t\t\t<\/div>\r\n\t\t\t\t<div class=\"theimran-post-layout-one__read-more\">\r\n\t\t\t<a href=\"https:\/\/abreme.com.br\/?p=6587\">Veja Mais<\/a>\r\n\t\t<\/div>\r\n\t\t<\/div><\/div><\/div><div class=\"blog-grid-layout col-md-6 col-lg-4\"><div class=\"theimran-post-layout-one\"><div class=\"theimran-post-layout-one__thumbnail\">\t\t\t<a href=\"https:\/\/abreme.com.br\/?p=6583\"><\/a>\r\n\t\t\t<\/div><div class=\"theimran-post-layout-one__content-wrapper\">\t\t\t<div class=\"theimran-post-layout-one__title\">\r\n\t\t\t\t<h3><a href=\"https:\/\/abreme.com.br\/?p=6583\">Projeto de Apoio \u00e0 Rede Cultural Beija-Flor | Apoio WAGO e\u00a0Abreme<\/a><\/h3>\r\n\t\t\t<\/div>\r\n\t\t\t\t\t<div class=\"theimran-post-layout-one__excerpt\">\r\n\t\t\t\t<p>\r\n\t\t\t\t\tA ABREME&nbsp;tem a satisfa\u00e7\u00e3o de destacar o&nbsp;Projeto de Apoio \u00e0 Rede Cultural Beija-Flor, uma iniciativa de relevante impacto social e cultural, que conta com a realiza\u00e7\u00e3o da&nbsp;Maratona do Bem pela WAGO&nbsp;e com o apoio institucional da&nbsp;ABREME. A Rede Cultural\t\t\t\t<\/p>\r\n\t\t\t<\/div>\r\n\t\t\t\t<div class=\"theimran-post-layout-one__read-more\">\r\n\t\t\t<a href=\"https:\/\/abreme.com.br\/?p=6583\">Veja Mais<\/a>\r\n\t\t<\/div>\r\n\t\t<\/div><\/div><\/div><\/div>\t\t\t\t<\/div>\n\t\t\t\t<\/div>\n\t\t\t\t\t<\/div>\n\t\t\t\t<\/div>\n\t\t\t\t<\/div>\n\t\t","protected":false},"excerpt":{"rendered":"<p>Parab\u00e9ns ABREME pelos 36 anos de hist\u00f3ria !!! Celebramos no \u00faltimo dia 07 de junho mais um ano de realiza\u00e7\u00f5es, conquistas, trabalho em equipe e muito sucesso !!! A ABREME ao longo de 36 anos, vem contribuindo com a\u00e7\u00f5es positivas, enriquecedoras, realizando um trabalho em conjunto com seus associados e colaboradores para o crescimento do Veja Mais A ABREME em apoio a iniciativa da Revista Eletricidade Moderna em prol da reconstru\u00e7\u00e3o segura no Rio Grande do Sul divulga: Riscos el\u00e9tricos nas instala\u00e7\u00f5es e nos sistemas fotovoltaicos: O que voc\u00ea deve saber! Riscos el\u00e9tricos nas instala\u00e7\u00f5es e nos sistemas fotovoltaicos: O que voc\u00ea deve saber! Quando as \u00e1guas baixarem, as pessoas atingidas pelas cheias no Rio Grande do Sul estar\u00e3o expostas a riscos, ao voltarem a ocupar edifica\u00e7\u00f5es que ficaram submersas, ainda mais se estas tiverem sistemas Veja Mais Legrand Brasil manifesta solidariedade e compromisso com comunidade de Caxias do Sul Trag\u00e9dia Rio Grande do Sul Desde 02 de maio, a empresa dispensou seus colaboradores das atividades presenciais visando a seguran\u00e7a e bem-estar de todos\u00a0 Caxias do Sul, 04 de maio de 2024 &#8211; A Legrand Brasil expressa profunda solidariedade e refor\u00e7a seu compromisso com a comunidade de Veja Mais Signify \u00e9 reconhecida pelo LABELO em qualidade de pain\u00e9is Led Signify \u00e9 reconhecida em testes de qualidade pelo Labelo, Laborat\u00f3rios Especializados em Eletroeletr\u00f4nica, como empresa l\u00edder em qualidade de pain\u00e9is Led \u2022 Pesquisa feita com 23 produtos avaliou a seguran\u00e7a dos pain\u00e9is de LED. Apenas quatro foram aprovados, dentre eles os da marca Philips Veja Mais anote nosso novo endere\u00e7o Veja Mais EXPOEL\u00c9TRICA 2023 A ABREME foi um dos apoiadores do evento EXPOEL\u00c9TRICA 2023.\u00a0 Evento idealizado para promover o relacionamento dos expositores e patrocinadores com um p\u00fablico totalmente focado na \u00e1rea de Instala\u00e7\u00f5es El\u00e9tricas. Reuniu os principais players do mercado de Instala\u00e7\u00f5es El\u00e9tricas para promover Veja Mais Como fidelizar seus clientes. Em um mundo em que seus concorrentes est\u00e3o a apenas um clique de dist\u00e2ncia, a lealdade do cliente \u00e9 realmente o novo marketing. Ent\u00e3o, antes de come\u00e7ar este artigo, vamos falar sobre a lealdade. O que \u00e9 a lealdade do cliente e por que \u00e9 importante? A lealdade do cliente \u00e9 a medida da Veja Mais Pesquisa ABREME Fornecedores reconhece o trabalho das empresas do setor Promovida pela Associa\u00e7\u00e3o Brasileira dos Revendedores e Distribuidores de Materiais El\u00e9tricos, a pesquisa Abreme Fornecedores, um das mais importantes do setor eletroeletr\u00f4nico, que avalia a parceria entre os agentes do mercado envolvendo fabricantes, revendedores e distribuidores. Esta Veja Mais A ABREME INFORMA A PORTARIA CAT SRE 26\/2022 (DOE 31\/03\/2022) COM AS NOVAS MVA\u2019s PARA O SETOR DE MATERIAL EL\u00c9TRICO NO ESTADO DE S\u00c3O PAULO EM VIGOR DE 01\/04\/2022 A 31\/12\/2024. PORTARIA SRE n\u00ba 26, de 31-03-2022 Estabelece a base de c\u00e1lculo do imposto na sa\u00edda dos materiais el\u00e9tricos, a que se refere o artigo 313-Z18 do Regulamento do ICMS. O SUBSECRET\u00c1RIO DA RECEITA ESTADUAL, tendo em vista o disposto nos artigos 28-A, 28-B e 28-C da Lei 6.374, de 1\u00b0 de mar\u00e7o de Veja Mais A ABREME INFORMA \u00cdNTEGRA DA PORTARIA CAT 83\/2021 (DOE 30\/10\/2021) QUE PRORROGA OS MVA\u2019s de ME AT\u00c9 31\/03\/2022. PORTARIA CAT 83, DE 29-10-2021 Altera a Portaria CAT 04\/18, de 29 de janeiro de 2018, que estabelece a base de c\u00e1lculo do imposto na sa\u00edda dos materiais el\u00e9tricos, a que se refere o artigo 313-Z18 do Regulamento do ICMS. O COORDENADOR DA ADMINISTRA\u00c7\u00c3O TRIBUT\u00c1RIA, tendo em vista o disposto nos Veja Mais Descubra como Vendedores Qualificados Podem Auxiliar na Escolha do Produto Correto Todos n\u00f3s j\u00e1 precisamos de uma loja de materiais el\u00e9tricos em algum momento de nossas vidas. Seja para comprar uma l\u00e2mpada de casa ou da empresa que queimou, uma resist\u00eancia de chuveiro que pifou no inverno, tomadas antigas que precisam ser trocadas ou itens para uma reforma ou constru\u00e7\u00e3o. Veja Mais Descubra a Import\u00e2ncia de um Projeto El\u00e9trico em uma Reforma ou Constru\u00e7\u00e3o Antes de Iniciar uma Obra \u00e9 Necess\u00e1rio Planejamento Qualquer execu\u00e7\u00e3o de obra se inicia com um projeto executado por um profissional capacitado e habilitado, a fim de garantir a seguran\u00e7a do empreendimento. Isso se aplica tamb\u00e9m para projetos el\u00e9tricos. Por\u00e9m, para muitas pessoas, os Veja Mais<\/p>\n","protected":false},"author":1,"featured_media":0,"parent":0,"menu_order":0,"comment_status":"closed","ping_status":"closed","template":"","meta":{"site-sidebar-layout":"no-sidebar","site-content-layout":"","ast-site-content-layout":"full-width-container","site-content-style":"default","site-sidebar-style":"default","ast-global-header-display":"","ast-banner-title-visibility":"","ast-main-header-display":"","ast-hfb-above-header-display":"","ast-hfb-below-header-display":"","ast-hfb-mobile-header-display":"","site-post-title":"disabled","ast-breadcrumbs-content":"","ast-featured-img":"disabled","footer-sml-layout":"","ast-disable-related-posts":"","theme-transparent-header-meta":"","adv-header-id-meta":"","stick-header-meta":"","header-above-stick-meta":"","header-main-stick-meta":"","header-below-stick-meta":"","astra-migrate-meta-layouts":"default","ast-page-background-enabled":"default","ast-page-background-meta":{"desktop":{"background-color":"var(--ast-global-color-4)","background-image":"","background-repeat":"repeat","background-position":"center center","background-size":"auto","background-attachment":"scroll","background-type":"","background-media":"","overlay-type":"","overlay-color":"","overlay-opacity":"","overlay-gradient":""},"tablet":{"background-color":"","background-image":"","background-repeat":"repeat","background-position":"center center","background-size":"auto","background-attachment":"scroll","background-type":"","background-media":"","overlay-type":"","overlay-color":"","overlay-opacity":"","overlay-gradient":""},"mobile":{"background-color":"","background-image":"","background-repeat":"repeat","background-position":"center center","background-size":"auto","background-attachment":"scroll","background-type":"","background-media":"","overlay-type":"","overlay-color":"","overlay-opacity":"","overlay-gradient":""}},"ast-content-background-meta":{"desktop":{"background-color":"var(--ast-global-color-5)","background-image":"","background-repeat":"repeat","background-position":"center center","background-size":"auto","background-attachment":"scroll","background-type":"","background-media":"","overlay-type":"","overlay-color":"","overlay-opacity":"","overlay-gradient":""},"tablet":{"background-color":"var(--ast-global-color-5)","background-image":"","background-repeat":"repeat","background-position":"center center","background-size":"auto","background-attachment":"scroll","background-type":"","background-media":"","overlay-type":"","overlay-color":"","overlay-opacity":"","overlay-gradient":""},"mobile":{"background-color":"var(--ast-global-color-5)","background-image":"","background-repeat":"repeat","background-position":"center center","background-size":"auto","background-attachment":"scroll","background-type":"","background-media":"","overlay-type":"","overlay-color":"","overlay-opacity":"","overlay-gradient":""}},"footnotes":""},"class_list":["post-4239","page","type-page","status-publish","hentry"],"_links":{"self":[{"href":"https:\/\/abreme.com.br\/index.php?rest_route=\/wp\/v2\/pages\/4239","targetHints":{"allow":["GET"]}}],"collection":[{"href":"https:\/\/abreme.com.br\/index.php?rest_route=\/wp\/v2\/pages"}],"about":[{"href":"https:\/\/abreme.com.br\/index.php?rest_route=\/wp\/v2\/types\/page"}],"author":[{"embeddable":true,"href":"https:\/\/abreme.com.br\/index.php?rest_route=\/wp\/v2\/users\/1"}],"replies":[{"embeddable":true,"href":"https:\/\/abreme.com.br\/index.php?rest_route=%2Fwp%2Fv2%2Fcomments&post=4239"}],"version-history":[{"count":1,"href":"https:\/\/abreme.com.br\/index.php?rest_route=\/wp\/v2\/pages\/4239\/revisions"}],"predecessor-version":[{"id":6482,"href":"https:\/\/abreme.com.br\/index.php?rest_route=\/wp\/v2\/pages\/4239\/revisions\/6482"}],"wp:attachment":[{"href":"https:\/\/abreme.com.br\/index.php?rest_route=%2Fwp%2Fv2%2Fmedia&parent=4239"}],"curies":[{"name":"wp","href":"https:\/\/api.w.org\/{rel}","templated":true}]}}