
{"id":4344,"date":"2024-08-23T03:52:27","date_gmt":"2024-08-23T03:52:27","guid":{"rendered":"https:\/\/slategrey-clam-517275.hostingersite.com\/?page_id=4344"},"modified":"2026-01-21T21:37:23","modified_gmt":"2026-01-21T21:37:23","slug":"quem-somos","status":"publish","type":"page","link":"https:\/\/abreme.com.br\/?page_id=4344","title":{"rendered":"Quem Somos"},"content":{"rendered":"\t\t<div data-elementor-type=\"wp-page\" data-elementor-id=\"4344\" class=\"elementor elementor-4344\">\n\t\t\t\t<div class=\"elementor-element elementor-element-a8fd967 e-con-full e-flex wpr-particle-no wpr-jarallax-no wpr-parallax-no wpr-sticky-section-no wpr-equal-height-no e-con e-parent\" data-id=\"a8fd967\" data-element_type=\"container\" data-settings=\"{&quot;background_background&quot;:&quot;slideshow&quot;,&quot;background_slideshow_gallery&quot;:[{&quot;id&quot;:4083,&quot;url&quot;:&quot;https:\\\/\\\/abreme.com.br\\\/wp-content\\\/uploads\\\/2024\\\/08\\\/rowing-8135184_1280.webp&quot;}],&quot;background_slideshow_slide_duration&quot;:5000,&quot;background_slideshow_slide_transition&quot;:&quot;fade&quot;,&quot;background_slideshow_transition_duration&quot;:500}\">\n\t\t<div class=\"elementor-element elementor-element-427c0cf e-flex e-con-boxed wpr-particle-no wpr-jarallax-no wpr-parallax-no wpr-sticky-section-no wpr-equal-height-no e-con e-child\" data-id=\"427c0cf\" data-element_type=\"container\" data-settings=\"{&quot;background_background&quot;:&quot;classic&quot;}\">\n\t\t\t\t\t<div class=\"e-con-inner\">\n\t\t\t\t<div class=\"elementor-element elementor-element-fa08331 elementor-widget elementor-widget-image\" data-id=\"fa08331\" data-element_type=\"widget\" data-widget_type=\"image.default\">\n\t\t\t\t<div class=\"elementor-widget-container\">\n\t\t\t\t\t\t\t\t\t\t\t\t\t\t\t<img fetchpriority=\"high\" decoding=\"async\" width=\"737\" height=\"142\" src=\"https:\/\/abreme.com.br\/wp-content\/uploads\/2019\/05\/abreme-branco.png\" class=\"attachment-large size-large wp-image-439\" alt=\"\" srcset=\"https:\/\/abreme.com.br\/wp-content\/uploads\/2019\/05\/abreme-branco.png 737w, https:\/\/abreme.com.br\/wp-content\/uploads\/2019\/05\/abreme-branco-300x58.png 300w\" sizes=\"(max-width: 737px) 100vw, 737px\" \/>\t\t\t\t\t\t\t\t\t\t\t\t\t\t\t<\/div>\n\t\t\t\t<\/div>\n\t\t\t\t<div class=\"elementor-element elementor-element-f0a0ed7 elementor-widget elementor-widget-heading\" data-id=\"f0a0ed7\" data-element_type=\"widget\" data-widget_type=\"heading.default\">\n\t\t\t\t<div class=\"elementor-widget-container\">\n\t\t\t\t\t<h2 class=\"elementor-heading-title elementor-size-default\">Promovendo o desenvolvimento e a profissionaliza\u00e7\u00e3o do mercado de revenda e distribui\u00e7\u00e3o de materiais el\u00e9tricos\n<\/h2>\t\t\t\t<\/div>\n\t\t\t\t<\/div>\n\t\t\t\t\t<\/div>\n\t\t\t\t<\/div>\n\t\t\t\t<\/div>\n\t\t<div class=\"elementor-element elementor-element-e55f3ad e-flex e-con-boxed wpr-particle-no wpr-jarallax-no wpr-parallax-no wpr-sticky-section-no wpr-equal-height-no e-con e-parent\" data-id=\"e55f3ad\" data-element_type=\"container\">\n\t\t\t\t\t<div class=\"e-con-inner\">\n\t\t\t\t<div class=\"elementor-element elementor-element-5039b88 elementor-widget elementor-widget-heading\" data-id=\"5039b88\" data-element_type=\"widget\" data-widget_type=\"heading.default\">\n\t\t\t\t<div class=\"elementor-widget-container\">\n\t\t\t\t\t<h2 class=\"elementor-heading-title elementor-size-default\">QUEM SOMOS<\/h2>\t\t\t\t<\/div>\n\t\t\t\t<\/div>\n\t\t\t\t<div class=\"elementor-element elementor-element-6cbec3a elementor-widget elementor-widget-text-editor\" data-id=\"6cbec3a\" data-element_type=\"widget\" data-widget_type=\"text-editor.default\">\n\t\t\t\t<div class=\"elementor-widget-container\">\n\t\t\t\t\t\t\t\t\t<p>A ABREME Associa\u00e7\u00e3o Brasileira dos Revendedores e Distribuidores de Materiais El\u00e9tricos, \u00e9 uma entidade civil, sem fins lucrativos que congrega empresas individuais ou coletivas que se dedicam \u00e0 comercializa\u00e7\u00e3o de materiais el\u00e9tricos, seja na base de revenda\u00a0 ou distribui\u00e7\u00e3o.<\/p>\t\t\t\t\t\t\t\t<\/div>\n\t\t\t\t<\/div>\n\t\t\t\t\t<\/div>\n\t\t\t\t<\/div>\n\t\t<div class=\"elementor-element elementor-element-0c0bf68 e-flex e-con-boxed wpr-particle-no wpr-jarallax-no wpr-parallax-no wpr-sticky-section-no wpr-equal-height-no e-con e-parent\" data-id=\"0c0bf68\" data-element_type=\"container\">\n\t\t\t\t\t<div class=\"e-con-inner\">\n\t\t\t\t<div class=\"elementor-element elementor-element-8f4e103 elementor-widget elementor-widget-heading\" data-id=\"8f4e103\" data-element_type=\"widget\" data-widget_type=\"heading.default\">\n\t\t\t\t<div class=\"elementor-widget-container\">\n\t\t\t\t\t<h2 class=\"elementor-heading-title elementor-size-default\">NOSSA HIST\u00d3RIA<\/h2>\t\t\t\t<\/div>\n\t\t\t\t<\/div>\n\t\t\t\t<div class=\"elementor-element elementor-element-d6ba08a elementor-widget elementor-widget-text-editor\" data-id=\"d6ba08a\" data-element_type=\"widget\" data-widget_type=\"text-editor.default\">\n\t\t\t\t<div class=\"elementor-widget-container\">\n\t\t\t\t\t\t\t\t\t<p>Em 07 de junho de 1988 nascia a ABREME, h\u00e1 37 anos, vem atuando no segmento de materiais el\u00e9tricos, a associa\u00e7\u00e3o tornou-se o principal vetor no processo de desenvolvimento e profissionaliza\u00e7\u00e3o do mercado de revenda e distribui\u00e7\u00e3o\u00a0no\u00a0Brasil.<\/p>\t\t\t\t\t\t\t\t<\/div>\n\t\t\t\t<\/div>\n\t\t\t\t\t<\/div>\n\t\t\t\t<\/div>\n\t\t<div class=\"elementor-element elementor-element-1c2caa0 e-flex e-con-boxed wpr-particle-no wpr-jarallax-no wpr-parallax-no wpr-sticky-section-no wpr-equal-height-no e-con e-parent\" data-id=\"1c2caa0\" data-element_type=\"container\">\n\t\t\t\t\t<div class=\"e-con-inner\">\n\t\t\t\t<div class=\"elementor-element elementor-element-2832a63 elementor-widget elementor-widget-heading\" data-id=\"2832a63\" data-element_type=\"widget\" data-widget_type=\"heading.default\">\n\t\t\t\t<div class=\"elementor-widget-container\">\n\t\t\t\t\t<h2 class=\"elementor-heading-title elementor-size-default\">LOCALIZA\u00c7\u00c3O<\/h2>\t\t\t\t<\/div>\n\t\t\t\t<\/div>\n\t\t\t\t<div class=\"elementor-element elementor-element-549d5ec elementor-widget elementor-widget-text-editor\" data-id=\"549d5ec\" data-element_type=\"widget\" data-widget_type=\"text-editor.default\">\n\t\t\t\t<div class=\"elementor-widget-container\">\n\t\t\t\t\t\t\t\t\t<p>Sediada em S\u00e3o Paulo, a ABREME oferece suporte aos seus associados em todo o pa\u00eds, alavancando suas a\u00e7\u00f5es por meio de parcerias, conv\u00eanios, palestras, cursos, participa\u00e7\u00e3o em feiras e congressos, objetivando promover e estimular a amplia\u00e7\u00e3o do mercado consumidor, bem como preservar e expandir a capacidade empreendedora nacional.<\/p>\t\t\t\t\t\t\t\t<\/div>\n\t\t\t\t<\/div>\n\t\t\t\t\t<\/div>\n\t\t\t\t<\/div>\n\t\t<div class=\"elementor-element elementor-element-4e1a679 e-flex e-con-boxed wpr-particle-no wpr-jarallax-no wpr-parallax-no wpr-sticky-section-no wpr-equal-height-no e-con e-parent\" data-id=\"4e1a679\" data-element_type=\"container\">\n\t\t\t\t\t<div class=\"e-con-inner\">\n\t\t\t\t<div class=\"elementor-element elementor-element-7118b07 elementor-widget elementor-widget-heading\" data-id=\"7118b07\" data-element_type=\"widget\" data-widget_type=\"heading.default\">\n\t\t\t\t<div class=\"elementor-widget-container\">\n\t\t\t\t\t<h2 class=\"elementor-heading-title elementor-size-default\">NOSSA MISS\u00c3O<\/h2>\t\t\t\t<\/div>\n\t\t\t\t<\/div>\n\t\t\t\t<div class=\"elementor-element elementor-element-2e138c2 elementor-widget elementor-widget-text-editor\" data-id=\"2e138c2\" data-element_type=\"widget\" data-widget_type=\"text-editor.default\">\n\t\t\t\t<div class=\"elementor-widget-container\">\n\t\t\t\t\t\t\t\t\t<p>Engajar-se pelo fortalecimento do setor e incentivar a participa\u00e7\u00e3o dos seus representantes, constitui-se na raz\u00e3o de existir da Associa\u00e7\u00e3o ABREME, entretanto, o resultado dos seus prop\u00f3sitos ter\u00e1 a exata dimens\u00e3o do empenho de cada um na solu\u00e7\u00e3o de problemas comuns<\/p>\t\t\t\t\t\t\t\t<\/div>\n\t\t\t\t<\/div>\n\t\t\t\t\t<\/div>\n\t\t\t\t<\/div>\n\t\t<div class=\"elementor-element elementor-element-a28b58e e-flex e-con-boxed wpr-particle-no wpr-jarallax-no wpr-parallax-no wpr-sticky-section-no wpr-equal-height-no e-con e-parent\" data-id=\"a28b58e\" data-element_type=\"container\">\n\t\t\t\t\t<div class=\"e-con-inner\">\n\t\t\t\t<div class=\"elementor-element elementor-element-cf2ce1b elementor-widget elementor-widget-heading\" data-id=\"cf2ce1b\" data-element_type=\"widget\" data-widget_type=\"heading.default\">\n\t\t\t\t<div class=\"elementor-widget-container\">\n\t\t\t\t\t<h2 class=\"elementor-heading-title elementor-size-default\">DIRETORIA COLEGIADA\n<\/h2>\t\t\t\t<\/div>\n\t\t\t\t<\/div>\n\t\t\t\t\t<\/div>\n\t\t\t\t<\/div>\n\t\t<div class=\"elementor-element elementor-element-38ac88a e-grid e-con-boxed wpr-particle-no wpr-jarallax-no wpr-parallax-no wpr-sticky-section-no wpr-equal-height-no e-con e-parent\" data-id=\"38ac88a\" data-element_type=\"container\">\n\t\t\t\t\t<div class=\"e-con-inner\">\n\t\t\t\t<div class=\"elementor-element elementor-element-334a1ee elementor-position-top elementor-widget elementor-widget-image-box\" data-id=\"334a1ee\" data-element_type=\"widget\" data-widget_type=\"image-box.default\">\n\t\t\t\t<div class=\"elementor-widget-container\">\n\t\t\t\t\t<div class=\"elementor-image-box-wrapper\"><figure class=\"elementor-image-box-img\"><img decoding=\"async\" width=\"117\" height=\"117\" src=\"https:\/\/abreme.com.br\/wp-content\/uploads\/2026\/01\/franciscosimon.jpg\" class=\"attachment-2048x2048 size-2048x2048 wp-image-6397\" alt=\"\" \/><\/figure><div class=\"elementor-image-box-content\"><h3 class=\"elementor-image-box-title\">Francisco Simon<\/h3><p class=\"elementor-image-box-description\">Portal Comercial El\u00e9trica Ltda.\n\n<\/p><\/div><\/div>\t\t\t\t<\/div>\n\t\t\t\t<\/div>\n\t\t\t\t<div class=\"elementor-element elementor-element-243a267 elementor-position-top elementor-widget elementor-widget-image-box\" data-id=\"243a267\" data-element_type=\"widget\" data-widget_type=\"image-box.default\">\n\t\t\t\t<div class=\"elementor-widget-container\">\n\t\t\t\t\t<div class=\"elementor-image-box-wrapper\"><figure class=\"elementor-image-box-img\"><img decoding=\"async\" width=\"117\" height=\"117\" src=\"https:\/\/abreme.com.br\/wp-content\/uploads\/2024\/08\/Sutiro.jpg\" class=\"attachment-2048x2048 size-2048x2048 wp-image-4613\" alt=\"\" \/><\/figure><div class=\"elementor-image-box-content\"><h3 class=\"elementor-image-box-title\">Marcos Augusto de A. Sutiro<\/h3><p class=\"elementor-image-box-description\">Grupo Mater\n\n\n\n<\/p><\/div><\/div>\t\t\t\t<\/div>\n\t\t\t\t<\/div>\n\t\t\t\t<div class=\"elementor-element elementor-element-a74485c elementor-position-top elementor-widget elementor-widget-image-box\" data-id=\"a74485c\" data-element_type=\"widget\" data-widget_type=\"image-box.default\">\n\t\t\t\t<div class=\"elementor-widget-container\">\n\t\t\t\t\t<div class=\"elementor-image-box-wrapper\"><figure class=\"elementor-image-box-img\"><img loading=\"lazy\" decoding=\"async\" width=\"117\" height=\"117\" src=\"https:\/\/abreme.com.br\/wp-content\/uploads\/2026\/01\/gavioli.jpg\" class=\"attachment-2048x2048 size-2048x2048 wp-image-6399\" alt=\"\" \/><\/figure><div class=\"elementor-image-box-content\"><h3 class=\"elementor-image-box-title\">Reinaldo Gavioli<\/h3><p class=\"elementor-image-box-description\">Klint Distribuidora de Fios e Cabos.\n\n\n\n<\/p><\/div><\/div>\t\t\t\t<\/div>\n\t\t\t\t<\/div>\n\t\t\t\t<div class=\"elementor-element elementor-element-eb6f4fe elementor-position-top elementor-widget elementor-widget-image-box\" data-id=\"eb6f4fe\" data-element_type=\"widget\" data-widget_type=\"image-box.default\">\n\t\t\t\t<div class=\"elementor-widget-container\">\n\t\t\t\t\t<div class=\"elementor-image-box-wrapper\"><figure class=\"elementor-image-box-img\"><img loading=\"lazy\" decoding=\"async\" width=\"117\" height=\"117\" src=\"https:\/\/abreme.com.br\/wp-content\/uploads\/2026\/01\/farias.png\" class=\"attachment-2048x2048 size-2048x2048 wp-image-6400\" alt=\"\" \/><\/figure><div class=\"elementor-image-box-content\"><h3 class=\"elementor-image-box-title\">Jo\u00e3o Carlos Faria J\u00fanior<\/h3><p class=\"elementor-image-box-description\">El\u00e9trica Com. Andra Ltda.\n\n\n<\/p><\/div><\/div>\t\t\t\t<\/div>\n\t\t\t\t<\/div>\n\t\t\t\t<div class=\"elementor-element elementor-element-9d849cd elementor-position-top elementor-widget elementor-widget-image-box\" data-id=\"9d849cd\" data-element_type=\"widget\" data-widget_type=\"image-box.default\">\n\t\t\t\t<div class=\"elementor-widget-container\">\n\t\t\t\t\t<div class=\"elementor-image-box-wrapper\"><figure class=\"elementor-image-box-img\"><img loading=\"lazy\" decoding=\"async\" width=\"117\" height=\"117\" src=\"https:\/\/abreme.com.br\/wp-content\/uploads\/2026\/01\/ryoiti.jpg\" class=\"attachment-2048x2048 size-2048x2048 wp-image-6401\" alt=\"\" \/><\/figure><div class=\"elementor-image-box-content\"><h3 class=\"elementor-image-box-title\">Ricardo Ryoiti Daizem<\/h3><p class=\"elementor-image-box-description\">Sonepar South America Participa\u00e7\u00f5es\n\n\n\n<\/p><\/div><\/div>\t\t\t\t<\/div>\n\t\t\t\t<\/div>\n\t\t\t\t<div class=\"elementor-element elementor-element-7123787 elementor-position-top elementor-widget elementor-widget-image-box\" data-id=\"7123787\" data-element_type=\"widget\" data-widget_type=\"image-box.default\">\n\t\t\t\t<div class=\"elementor-widget-container\">\n\t\t\t\t\t<div class=\"elementor-image-box-wrapper\"><figure class=\"elementor-image-box-img\"><img loading=\"lazy\" decoding=\"async\" width=\"117\" height=\"117\" src=\"https:\/\/abreme.com.br\/wp-content\/uploads\/2026\/01\/salles.jpg\" class=\"attachment-2048x2048 size-2048x2048 wp-image-6402\" alt=\"\" \/><\/figure><div class=\"elementor-image-box-content\"><h3 class=\"elementor-image-box-title\">Gerson Ricardo Salles da Silva<\/h3><p class=\"elementor-image-box-description\">Plenobr\u00e1s\n\n\n\n<\/p><\/div><\/div>\t\t\t\t<\/div>\n\t\t\t\t<\/div>\n\t\t\t\t<div class=\"elementor-element elementor-element-b7ccc6c elementor-position-top elementor-widget elementor-widget-image-box\" data-id=\"b7ccc6c\" data-element_type=\"widget\" data-widget_type=\"image-box.default\">\n\t\t\t\t<div class=\"elementor-widget-container\">\n\t\t\t\t\t<div class=\"elementor-image-box-wrapper\"><figure class=\"elementor-image-box-img\"><img loading=\"lazy\" decoding=\"async\" width=\"117\" height=\"117\" src=\"https:\/\/abreme.com.br\/wp-content\/uploads\/2026\/01\/thiago.jpg\" class=\"attachment-2048x2048 size-2048x2048 wp-image-6403\" alt=\"\" \/><\/figure><div class=\"elementor-image-box-content\"><h3 class=\"elementor-image-box-title\">Thiago Espinheira Ferreira<\/h3><p class=\"elementor-image-box-description\">El\u00e9trica Bahiana\n\n\n\n<\/p><\/div><\/div>\t\t\t\t<\/div>\n\t\t\t\t<\/div>\n\t\t\t\t\t<\/div>\n\t\t\t\t<\/div>\n\t\t<div class=\"elementor-element elementor-element-e580d83 e-flex e-con-boxed wpr-particle-no wpr-jarallax-no wpr-parallax-no wpr-sticky-section-no wpr-equal-height-no e-con e-parent\" data-id=\"e580d83\" data-element_type=\"container\">\n\t\t\t\t\t<div class=\"e-con-inner\">\n\t\t\t\t<div class=\"elementor-element elementor-element-c305b51 elementor-widget elementor-widget-heading\" data-id=\"c305b51\" data-element_type=\"widget\" data-widget_type=\"heading.default\">\n\t\t\t\t<div class=\"elementor-widget-container\">\n\t\t\t\t\t<h2 class=\"elementor-heading-title elementor-size-default\">DIRETORIA CONSELHO COLEGIADO<\/h2>\t\t\t\t<\/div>\n\t\t\t\t<\/div>\n\t\t\t\t\t<\/div>\n\t\t\t\t<\/div>\n\t\t<div class=\"elementor-element elementor-element-658fd97 e-grid e-con-boxed wpr-particle-no wpr-jarallax-no wpr-parallax-no wpr-sticky-section-no wpr-equal-height-no e-con e-parent\" data-id=\"658fd97\" data-element_type=\"container\">\n\t\t\t\t\t<div class=\"e-con-inner\">\n\t\t\t\t<div class=\"elementor-element elementor-element-57b28a1 elementor-position-top elementor-widget elementor-widget-image-box\" data-id=\"57b28a1\" data-element_type=\"widget\" data-widget_type=\"image-box.default\">\n\t\t\t\t<div class=\"elementor-widget-container\">\n\t\t\t\t\t<div class=\"elementor-image-box-wrapper\"><figure class=\"elementor-image-box-img\"><img loading=\"lazy\" decoding=\"async\" width=\"2048\" height=\"2048\" src=\"https:\/\/abreme.com.br\/wp-content\/uploads\/2026\/01\/Veridiana-2.png\" class=\"attachment-2048x2048 size-2048x2048 wp-image-6477\" alt=\"\" srcset=\"https:\/\/abreme.com.br\/wp-content\/uploads\/2026\/01\/Veridiana-2.png 2048w, https:\/\/abreme.com.br\/wp-content\/uploads\/2026\/01\/Veridiana-2-300x300.png 300w, https:\/\/abreme.com.br\/wp-content\/uploads\/2026\/01\/Veridiana-2-1024x1024.png 1024w, https:\/\/abreme.com.br\/wp-content\/uploads\/2026\/01\/Veridiana-2-150x150.png 150w, https:\/\/abreme.com.br\/wp-content\/uploads\/2026\/01\/Veridiana-2-768x768.png 768w, https:\/\/abreme.com.br\/wp-content\/uploads\/2026\/01\/Veridiana-2-1536x1536.png 1536w, https:\/\/abreme.com.br\/wp-content\/uploads\/2026\/01\/Veridiana-2-600x600.png 600w, https:\/\/abreme.com.br\/wp-content\/uploads\/2026\/01\/Veridiana-2-649x649.png 649w\" sizes=\"(max-width: 2048px) 100vw, 2048px\" \/><\/figure><div class=\"elementor-image-box-content\"><h3 class=\"elementor-image-box-title\">Veridiana Gannam Bernaba Jorge<\/h3><p class=\"elementor-image-box-description\">Santil Comercial El\u00e9trica<\/p><\/div><\/div>\t\t\t\t<\/div>\n\t\t\t\t<\/div>\n\t\t\t\t<div class=\"elementor-element elementor-element-0d010ad elementor-position-top elementor-widget elementor-widget-image-box\" data-id=\"0d010ad\" data-element_type=\"widget\" data-widget_type=\"image-box.default\">\n\t\t\t\t<div class=\"elementor-widget-container\">\n\t\t\t\t\t<div class=\"elementor-image-box-wrapper\"><figure class=\"elementor-image-box-img\"><img loading=\"lazy\" decoding=\"async\" width=\"117\" height=\"117\" src=\"https:\/\/abreme.com.br\/wp-content\/uploads\/2026\/01\/carlos.jpg\" class=\"attachment-2048x2048 size-2048x2048 wp-image-6405\" alt=\"\" \/><\/figure><div class=\"elementor-image-box-content\"><h3 class=\"elementor-image-box-title\">Carlos Henrique Damiati Castanho<\/h3><p class=\"elementor-image-box-description\">Eletro Painel Com. Materiais El\u00e9tricos Ltda<\/p><\/div><\/div>\t\t\t\t<\/div>\n\t\t\t\t<\/div>\n\t\t\t\t<div class=\"elementor-element elementor-element-7e51e68 elementor-position-top elementor-widget elementor-widget-image-box\" data-id=\"7e51e68\" data-element_type=\"widget\" data-widget_type=\"image-box.default\">\n\t\t\t\t<div class=\"elementor-widget-container\">\n\t\t\t\t\t<div class=\"elementor-image-box-wrapper\"><figure class=\"elementor-image-box-img\"><img loading=\"lazy\" decoding=\"async\" width=\"117\" height=\"117\" src=\"https:\/\/abreme.com.br\/wp-content\/uploads\/2026\/01\/thiagoo.jpg\" class=\"attachment-2048x2048 size-2048x2048 wp-image-6406\" alt=\"\" \/><\/figure><div class=\"elementor-image-box-content\"><h3 class=\"elementor-image-box-title\">Thiago Martins de Oliveira<\/h3><p class=\"elementor-image-box-description\">Jabu El\u00e9trica e Hidr\u00e1ulica<\/p><\/div><\/div>\t\t\t\t<\/div>\n\t\t\t\t<\/div>\n\t\t\t\t\t<\/div>\n\t\t\t\t<\/div>\n\t\t\t\t<\/div>\n\t\t","protected":false},"excerpt":{"rendered":"<p>Promovendo o desenvolvimento e a profissionaliza\u00e7\u00e3o do mercado de revenda e distribui\u00e7\u00e3o de materiais el\u00e9tricos QUEM SOMOS A ABREME Associa\u00e7\u00e3o Brasileira dos Revendedores e Distribuidores de Materiais El\u00e9tricos, \u00e9 uma entidade civil, sem fins lucrativos que congrega empresas individuais ou coletivas que se dedicam \u00e0 comercializa\u00e7\u00e3o de materiais el\u00e9tricos, seja na base de revenda\u00a0 ou distribui\u00e7\u00e3o. NOSSA HIST\u00d3RIA Em 07 de junho de 1988 nascia a ABREME, h\u00e1 37 anos, vem atuando no segmento de materiais el\u00e9tricos, a associa\u00e7\u00e3o tornou-se o principal vetor no processo de desenvolvimento e profissionaliza\u00e7\u00e3o do mercado de revenda e distribui\u00e7\u00e3o\u00a0no\u00a0Brasil. LOCALIZA\u00c7\u00c3O Sediada em S\u00e3o Paulo, a ABREME oferece suporte aos seus associados em todo o pa\u00eds, alavancando suas a\u00e7\u00f5es por meio de parcerias, conv\u00eanios, palestras, cursos, participa\u00e7\u00e3o em feiras e congressos, objetivando promover e estimular a amplia\u00e7\u00e3o do mercado consumidor, bem como preservar e expandir a capacidade empreendedora nacional. NOSSA MISS\u00c3O Engajar-se pelo fortalecimento do setor e incentivar a participa\u00e7\u00e3o dos seus representantes, constitui-se na raz\u00e3o de existir da Associa\u00e7\u00e3o ABREME, entretanto, o resultado dos seus prop\u00f3sitos ter\u00e1 a exata dimens\u00e3o do empenho de cada um na solu\u00e7\u00e3o de problemas comuns DIRETORIA COLEGIADA Francisco Simon Portal Comercial El\u00e9trica Ltda. Marcos Augusto de A. Sutiro Grupo Mater Reinaldo Gavioli Klint Distribuidora de Fios e Cabos. Jo\u00e3o Carlos Faria J\u00fanior El\u00e9trica Com. Andra Ltda. Ricardo Ryoiti Daizem Sonepar South America Participa\u00e7\u00f5es Gerson Ricardo Salles da Silva Plenobr\u00e1s Thiago Espinheira Ferreira El\u00e9trica Bahiana DIRETORIA CONSELHO COLEGIADO Veridiana Gannam Bernaba Jorge Santil Comercial El\u00e9trica Carlos Henrique Damiati Castanho Eletro Painel Com. Materiais El\u00e9tricos Ltda Thiago Martins de Oliveira Jabu El\u00e9trica e Hidr\u00e1ulica<\/p>\n","protected":false},"author":1,"featured_media":0,"parent":0,"menu_order":0,"comment_status":"closed","ping_status":"closed","template":"","meta":{"site-sidebar-layout":"no-sidebar","site-content-layout":"","ast-site-content-layout":"full-width-container","site-content-style":"default","site-sidebar-style":"default","ast-global-header-display":"","ast-banner-title-visibility":"","ast-main-header-display":"","ast-hfb-above-header-display":"","ast-hfb-below-header-display":"","ast-hfb-mobile-header-display":"","site-post-title":"disabled","ast-breadcrumbs-content":"","ast-featured-img":"disabled","footer-sml-layout":"","ast-disable-related-posts":"","theme-transparent-header-meta":"","adv-header-id-meta":"","stick-header-meta":"","header-above-stick-meta":"","header-main-stick-meta":"","header-below-stick-meta":"","astra-migrate-meta-layouts":"default","ast-page-background-enabled":"default","ast-page-background-meta":{"desktop":{"background-color":"var(--ast-global-color-4)","background-image":"","background-repeat":"repeat","background-position":"center center","background-size":"auto","background-attachment":"scroll","background-type":"","background-media":"","overlay-type":"","overlay-color":"","overlay-opacity":"","overlay-gradient":""},"tablet":{"background-color":"","background-image":"","background-repeat":"repeat","background-position":"center center","background-size":"auto","background-attachment":"scroll","background-type":"","background-media":"","overlay-type":"","overlay-color":"","overlay-opacity":"","overlay-gradient":""},"mobile":{"background-color":"","background-image":"","background-repeat":"repeat","background-position":"center center","background-size":"auto","background-attachment":"scroll","background-type":"","background-media":"","overlay-type":"","overlay-color":"","overlay-opacity":"","overlay-gradient":""}},"ast-content-background-meta":{"desktop":{"background-color":"var(--ast-global-color-5)","background-image":"","background-repeat":"repeat","background-position":"center center","background-size":"auto","background-attachment":"scroll","background-type":"","background-media":"","overlay-type":"","overlay-color":"","overlay-opacity":"","overlay-gradient":""},"tablet":{"background-color":"var(--ast-global-color-5)","background-image":"","background-repeat":"repeat","background-position":"center center","background-size":"auto","background-attachment":"scroll","background-type":"","background-media":"","overlay-type":"","overlay-color":"","overlay-opacity":"","overlay-gradient":""},"mobile":{"background-color":"var(--ast-global-color-5)","background-image":"","background-repeat":"repeat","background-position":"center center","background-size":"auto","background-attachment":"scroll","background-type":"","background-media":"","overlay-type":"","overlay-color":"","overlay-opacity":"","overlay-gradient":""}},"footnotes":""},"class_list":["post-4344","page","type-page","status-publish","hentry"],"_links":{"self":[{"href":"https:\/\/abreme.com.br\/index.php?rest_route=\/wp\/v2\/pages\/4344","targetHints":{"allow":["GET"]}}],"collection":[{"href":"https:\/\/abreme.com.br\/index.php?rest_route=\/wp\/v2\/pages"}],"about":[{"href":"https:\/\/abreme.com.br\/index.php?rest_route=\/wp\/v2\/types\/page"}],"author":[{"embeddable":true,"href":"https:\/\/abreme.com.br\/index.php?rest_route=\/wp\/v2\/users\/1"}],"replies":[{"embeddable":true,"href":"https:\/\/abreme.com.br\/index.php?rest_route=%2Fwp%2Fv2%2Fcomments&post=4344"}],"version-history":[{"count":103,"href":"https:\/\/abreme.com.br\/index.php?rest_route=\/wp\/v2\/pages\/4344\/revisions"}],"predecessor-version":[{"id":6480,"href":"https:\/\/abreme.com.br\/index.php?rest_route=\/wp\/v2\/pages\/4344\/revisions\/6480"}],"wp:attachment":[{"href":"https:\/\/abreme.com.br\/index.php?rest_route=%2Fwp%2Fv2%2Fmedia&parent=4344"}],"curies":[{"name":"wp","href":"https:\/\/api.w.org\/{rel}","templated":true}]}}