
{"id":5257,"date":"2025-01-06T17:41:49","date_gmt":"2025-01-06T17:41:49","guid":{"rendered":"https:\/\/abreme.com.br\/?page_id=5257"},"modified":"2025-02-14T19:19:30","modified_gmt":"2025-02-14T19:19:30","slug":"premio-abreme-2024","status":"publish","type":"page","link":"https:\/\/abreme.com.br\/?page_id=5257","title":{"rendered":"Pr\u00eamio ABREME 2024"},"content":{"rendered":"\t\t<div data-elementor-type=\"wp-page\" data-elementor-id=\"5257\" class=\"elementor elementor-5257\">\n\t\t\t\t<div class=\"elementor-element elementor-element-b800483 e-flex e-con-boxed wpr-particle-no wpr-jarallax-no wpr-parallax-no wpr-sticky-section-no wpr-equal-height-no e-con e-parent\" data-id=\"b800483\" data-element_type=\"container\">\n\t\t\t\t\t<div class=\"e-con-inner\">\n\t\t<div class=\"elementor-element elementor-element-117fa0e e-con-full e-flex wpr-particle-no wpr-jarallax-no wpr-parallax-no wpr-sticky-section-no wpr-equal-height-no e-con e-child\" data-id=\"117fa0e\" data-element_type=\"container\">\n\t\t\t\t<div class=\"elementor-element elementor-element-a85610b elementor-widget elementor-widget-heading\" data-id=\"a85610b\" data-element_type=\"widget\" data-widget_type=\"heading.default\">\n\t\t\t\t<div class=\"elementor-widget-container\">\n\t\t\t\t\t<h2 class=\"elementor-heading-title elementor-size-default\">PR\u00caMIO ABREME 2024<\/h2>\t\t\t\t<\/div>\n\t\t\t\t<\/div>\n\t\t\t\t<div class=\"elementor-element elementor-element-0424197 elementor-widget elementor-widget-heading\" data-id=\"0424197\" data-element_type=\"widget\" data-widget_type=\"heading.default\">\n\t\t\t\t<div class=\"elementor-widget-container\">\n\t\t\t\t\t<h3 class=\"elementor-heading-title elementor-size-default\">OS DESTAQUES NO SEGMENTO DE MATERIAIS EL\u00c9TRICOS EST\u00c3O AQUI<\/h3>\t\t\t\t<\/div>\n\t\t\t\t<\/div>\n\t\t<div class=\"elementor-element elementor-element-7849668 e-con-full e-flex wpr-particle-no wpr-jarallax-no wpr-parallax-no wpr-sticky-section-no wpr-equal-height-no e-con e-child\" data-id=\"7849668\" data-element_type=\"container\">\n\t\t\t\t<div class=\"elementor-element elementor-element-eb1d975 elementor-widget elementor-widget-text-editor\" data-id=\"eb1d975\" data-element_type=\"widget\" data-widget_type=\"text-editor.default\">\n\t\t\t\t<div class=\"elementor-widget-container\">\n\t\t\t\t\t\t\t\t\t<p><strong>O Pr\u00eamio ABREME \u00e9 o mais importante pr\u00eamio no setor de revenda e distribui\u00e7\u00e3o de materiais el\u00e9tricos no Brasil. Anualmente, um j\u00fari formado por renomados profissionais elege as empresas que se destacam no segmento de materiais el\u00e9tricos.<\/strong><\/p><p><strong>Patrocinadores do \u201cPr\u00eamio Fornecedores do Ano 2024 ABREME\u201d<\/strong><\/p>\t\t\t\t\t\t\t\t<\/div>\n\t\t\t\t<\/div>\n\t\t\t\t<\/div>\n\t\t\t\t<\/div>\n\t\t\t\t\t<\/div>\n\t\t\t\t<\/div>\n\t\t<div class=\"elementor-element elementor-element-a0c25f6 e-flex e-con-boxed wpr-particle-no wpr-jarallax-no wpr-parallax-no wpr-sticky-section-no wpr-equal-height-no e-con e-parent\" data-id=\"a0c25f6\" data-element_type=\"container\">\n\t\t\t\t\t<div class=\"e-con-inner\">\n\t\t\t\t<div class=\"elementor-element elementor-element-44953be elementor-widget elementor-widget-heading\" data-id=\"44953be\" data-element_type=\"widget\" data-widget_type=\"heading.default\">\n\t\t\t\t<div class=\"elementor-widget-container\">\n\t\t\t\t\t<h2 class=\"elementor-heading-title elementor-size-default\">Pr\u00eamio \"Fornecedores do Ano 2024\"<\/h2>\t\t\t\t<\/div>\n\t\t\t\t<\/div>\n\t\t\t\t\t<\/div>\n\t\t\t\t<\/div>\n\t\t<div class=\"elementor-element elementor-element-62f46ef e-flex e-con-boxed wpr-particle-no wpr-jarallax-no wpr-parallax-no wpr-sticky-section-no wpr-equal-height-no e-con e-child\" data-id=\"62f46ef\" data-element_type=\"container\">\n\t\t\t\t\t<div class=\"e-con-inner\">\n\t\t\t\t<div class=\"elementor-element elementor-element-dafed5d elementor-widget elementor-widget-video\" data-id=\"dafed5d\" data-element_type=\"widget\" data-settings=\"{&quot;youtube_url&quot;:&quot;https:\\\/\\\/youtu.be\\\/JcxohehPF5c&quot;,&quot;video_type&quot;:&quot;youtube&quot;,&quot;controls&quot;:&quot;yes&quot;}\" data-widget_type=\"video.default\">\n\t\t\t\t<div class=\"elementor-widget-container\">\n\t\t\t\t\t\t\t<div class=\"elementor-wrapper elementor-open-inline\">\n\t\t\t<div class=\"elementor-video\"><\/div>\t\t<\/div>\n\t\t\t\t\t\t<\/div>\n\t\t\t\t<\/div>\n\t\t\t\t\t<\/div>\n\t\t\t\t<\/div>\n\t\t<div class=\"elementor-element elementor-element-6e4f1d9 e-con-full e-flex wpr-particle-no wpr-jarallax-no wpr-parallax-no wpr-sticky-section-no wpr-equal-height-no e-con e-parent\" data-id=\"6e4f1d9\" data-element_type=\"container\">\n\t\t\t\t<div class=\"elementor-element elementor-element-42fafc7 elementor-widget elementor-widget-heading\" data-id=\"42fafc7\" data-element_type=\"widget\" data-widget_type=\"heading.default\">\n\t\t\t\t<div class=\"elementor-widget-container\">\n\t\t\t\t\t<h2 class=\"elementor-heading-title elementor-size-default\">Pr\u00eamio \"Fornecedores do Ano 2024\"<\/h2>\t\t\t\t<\/div>\n\t\t\t\t<\/div>\n\t\t\t\t<\/div>\n\t\t<div class=\"elementor-element elementor-element-808818b e-flex e-con-boxed wpr-particle-no wpr-jarallax-no wpr-parallax-no wpr-sticky-section-no wpr-equal-height-no e-con e-parent\" data-id=\"808818b\" data-element_type=\"container\">\n\t\t\t\t\t<div class=\"e-con-inner\">\n\t\t\t\t<div class=\"elementor-element elementor-element-ce4b9c7 elementor-arrows-position-outside elementor-widget elementor-widget-image-carousel\" data-id=\"ce4b9c7\" data-element_type=\"widget\" data-settings=\"{&quot;slides_to_show&quot;:&quot;1&quot;,&quot;effect&quot;:&quot;fade&quot;,&quot;navigation&quot;:&quot;arrows&quot;,&quot;autoplay&quot;:&quot;yes&quot;,&quot;pause_on_hover&quot;:&quot;yes&quot;,&quot;pause_on_interaction&quot;:&quot;yes&quot;,&quot;autoplay_speed&quot;:5000,&quot;infinite&quot;:&quot;yes&quot;,&quot;speed&quot;:500}\" data-widget_type=\"image-carousel.default\">\n\t\t\t\t<div class=\"elementor-widget-container\">\n\t\t\t\t\t\t\t<div class=\"elementor-image-carousel-wrapper swiper\" role=\"region\" aria-roledescription=\"carousel\" aria-label=\"Carrossel de imagens\" dir=\"ltr\">\n\t\t\t<div class=\"elementor-image-carousel swiper-wrapper\" aria-live=\"off\">\n\t\t\t\t\t\t\t\t<div class=\"swiper-slide\" role=\"group\" aria-roledescription=\"slide\" aria-label=\"1 de 30\"><figure class=\"swiper-slide-inner\"><img decoding=\"async\" class=\"swiper-slide-image\" src=\"https:\/\/abreme.com.br\/wp-content\/uploads\/2025\/01\/Foto-416-scaled.jpg\" alt=\"PATROCINADORA WEG \u2013 RICARDO DA ROCHA BRANDO \u2013 MAUR\u00cdCIO ROBERTO MATOSSO \u2013 PAULO ROG\u00c9RIO BRAZ \u2013 HARRY SCHMELZER NETO \u2013 PAULO ROBERTO KR\u00dcGER \u2013 ANT\u00d4NIO LUIS FARIA GON\u00c7ALVES \u2013 JOS\u00c9 FRANCISCO RIBERIRO SOARES \u2013 ROG\u00c9RIO BIASSI \u2013 MAUR\u00cdCIO CL\u00c9BER VALLIN \u2013 GERSON SALLES (DIRETOR ABREME) \u2013  (WEG) ADEILTON LUIS DE SOUZA SILVA \u2013 MARCOS ROBERTO C\u00c9ZAR LOSSO \u2013 MARCELO SCATINI (REPRES. DE VENDAS DA EMPRESA SCATINI REPRESENTA\u00c7\u00d5ES), E MARCOS ANT\u00d4NIO DE FARIAS (WEG).\" \/><figcaption class=\"elementor-image-carousel-caption\">PATROCINADORA WEG \u2013 RICARDO DA ROCHA BRANDO \u2013 MAUR\u00cdCIO ROBERTO MATOSSO \u2013 PAULO ROG\u00c9RIO BRAZ \u2013 HARRY SCHMELZER NETO \u2013 PAULO ROBERTO KR\u00dcGER \u2013 ANT\u00d4NIO LUIS FARIA GON\u00c7ALVES \u2013 JOS\u00c9 FRANCISCO RIBERIRO SOARES \u2013 ROG\u00c9RIO BIASSI \u2013 MAUR\u00cdCIO CL\u00c9BER VALLIN \u2013 GERSON SALLES (DIRETOR ABREME) \u2013  (WEG) ADEILTON LUIS DE SOUZA SILVA \u2013 MARCOS ROBERTO C\u00c9ZAR LOSSO \u2013 MARCELO SCATINI (REPRES. DE VENDAS DA EMPRESA SCATINI REPRESENTA\u00c7\u00d5ES), E MARCOS ANT\u00d4NIO DE FARIAS (WEG).<\/figcaption><\/figure><\/div><div class=\"swiper-slide\" role=\"group\" aria-roledescription=\"slide\" aria-label=\"2 de 30\"><figure class=\"swiper-slide-inner\"><img decoding=\"async\" class=\"swiper-slide-image\" src=\"https:\/\/abreme.com.br\/wp-content\/uploads\/2025\/01\/Foto-499-scaled.jpg\" alt=\"PATROCINADORA GFC \u2013 GUSTAVO COSTA \u2013 FELIPE SIQUEIRA \u2013 RENATA MELLO E JOEL NAVARRO JR.\" \/><figcaption class=\"elementor-image-carousel-caption\">PATROCINADORA GFC \u2013 GUSTAVO COSTA \u2013 FELIPE SIQUEIRA \u2013 RENATA MELLO E JOEL NAVARRO JR.<\/figcaption><\/figure><\/div><div class=\"swiper-slide\" role=\"group\" aria-roledescription=\"slide\" aria-label=\"3 de 30\"><figure class=\"swiper-slide-inner\"><img decoding=\"async\" class=\"swiper-slide-image\" src=\"https:\/\/abreme.com.br\/wp-content\/uploads\/2025\/01\/Foto-498-scaled.jpg\" alt=\"PATROCINADORA TRON \u2013 MARCOS COELHO \u2013 S\u00c9RGIO VIEIRA \u2013 GUSTAVO REZENDE \u2013 OL\u00cdMPIO CORR\u00caA \u2013 FELIPE CHAVES \u2013 DOLORES MODRONO \u2013 CAROLINA FONSECA \u2013 DILAMAR PINTO \u2013 HUDDSON PESSOA \u2013 PAULO C\u00c9SAR P.S. SOUZA E MATHEUS OLIVEIRA.\" \/><figcaption class=\"elementor-image-carousel-caption\">PATROCINADORA TRON \u2013 MARCOS COELHO \u2013 S\u00c9RGIO VIEIRA \u2013 GUSTAVO REZENDE \u2013 OL\u00cdMPIO CORR\u00caA \u2013 FELIPE CHAVES \u2013 DOLORES MODRONO \u2013 CAROLINA FONSECA \u2013 DILAMAR PINTO \u2013 HUDDSON PESSOA \u2013 PAULO C\u00c9SAR P.S. SOUZA E MATHEUS OLIVEIRA.<\/figcaption><\/figure><\/div><div class=\"swiper-slide\" role=\"group\" aria-roledescription=\"slide\" aria-label=\"4 de 30\"><figure class=\"swiper-slide-inner\"><img decoding=\"async\" class=\"swiper-slide-image\" src=\"https:\/\/abreme.com.br\/wp-content\/uploads\/2025\/01\/IMG_3700-scaled.jpg\" alt=\"PATROCINADORA STECK \u2013ALEXIS RUBIO \u2013 RAPHAEL VITORETTI \u2013 FERNANDO MOREIRA \u2013 FRANCISCO SIMON (DIRETOR ABREME) \u2013 KLECIOS SOUZA \u2013 THOMAS BELAISCH \u2013 LUCIANO ANDREOLLI \u2013 ERICA IHA \u2013 DANIEL SANTOS \u2013 S\u00c9RGIO PASCON E M\u00d4NICA SILVA E ACIMA A PEQUENA CLARINHA FILHA DE KLECIO SOUZA CEO DA\u00a0EMPRESA\u00a0STECK.\" \/><figcaption class=\"elementor-image-carousel-caption\">PATROCINADORA STECK \u2013ALEXIS RUBIO \u2013 RAPHAEL VITORETTI \u2013 FERNANDO MOREIRA \u2013 FRANCISCO SIMON (DIRETOR ABREME) \u2013 KLECIOS SOUZA \u2013 THOMAS BELAISCH \u2013 LUCIANO ANDREOLLI \u2013 ERICA IHA \u2013 DANIEL SANTOS \u2013 S\u00c9RGIO PASCON E M\u00d4NICA SILVA E ACIMA A PEQUENA CLARINHA FILHA DE KLECIO SOUZA CEO DA\u00a0EMPRESA\u00a0STECK.<\/figcaption><\/figure><\/div><div class=\"swiper-slide\" role=\"group\" aria-roledescription=\"slide\" aria-label=\"5 de 30\"><figure class=\"swiper-slide-inner\"><img decoding=\"async\" class=\"swiper-slide-image\" src=\"https:\/\/abreme.com.br\/wp-content\/uploads\/2025\/01\/Foto-496-scaled.jpg\" alt=\"PATROCINADORA GRUPO INTELLI \u2013 \u00caNIO CAL\u00c7AVARA \u2013 GILBERTO PIMENTA \u2013 JOS\u00c9 AUGUSTO PIASSA \u2013 MARCELO LUGLI \u2013 ADOLPHO BENINI \u2013 LUCAS GALLEGO \u2013 LAURA DENIPOTTI \u2013 RAPHAEL PIMENTEL E EDMAR CAMATIO.\" \/><figcaption class=\"elementor-image-carousel-caption\">PATROCINADORA GRUPO INTELLI \u2013 \u00caNIO CAL\u00c7AVARA \u2013 GILBERTO PIMENTA \u2013 JOS\u00c9 AUGUSTO PIASSA \u2013 MARCELO LUGLI \u2013 ADOLPHO BENINI \u2013 LUCAS GALLEGO \u2013 LAURA DENIPOTTI \u2013 RAPHAEL PIMENTEL E EDMAR CAMATIO.<\/figcaption><\/figure><\/div><div class=\"swiper-slide\" role=\"group\" aria-roledescription=\"slide\" aria-label=\"6 de 30\"><figure class=\"swiper-slide-inner\"><img decoding=\"async\" class=\"swiper-slide-image\" src=\"https:\/\/abreme.com.br\/wp-content\/uploads\/2025\/01\/Foto-495-scaled.jpg\" alt=\"PATROCINADORA ELITEK \u2013 C\u00c9ZAR BR\u00c1Z \u2013 HERIG NASCIMENTO \u2013 MARCELO MONTEIRO \u2013 F\u00c1BIO SOUSA \u2013 WESLEY VINICIUS \u2013 MARCELO GIORGI \u2013 PAULO PALMA E JOS\u00c9 ALVES.\" \/><figcaption class=\"elementor-image-carousel-caption\">PATROCINADORA ELITEK \u2013 C\u00c9ZAR BR\u00c1Z \u2013 HERIG NASCIMENTO \u2013 MARCELO MONTEIRO \u2013 F\u00c1BIO SOUSA \u2013 WESLEY VINICIUS \u2013 MARCELO GIORGI \u2013 PAULO PALMA E JOS\u00c9 ALVES.<\/figcaption><\/figure><\/div><div class=\"swiper-slide\" role=\"group\" aria-roledescription=\"slide\" aria-label=\"7 de 30\"><figure class=\"swiper-slide-inner\"><img decoding=\"async\" class=\"swiper-slide-image\" src=\"https:\/\/abreme.com.br\/wp-content\/uploads\/2025\/01\/Foto-494-scaled.jpg\" alt=\"PATROCINADORA WEDM\u00dcLLER CONEXEL \u2013 ROG\u00c9RIO CANTELLI \u2013 INCO DE ABREU \u2013 HENRIQUE SANCHES \u2013 RODRIGO H\u00dcSKEN \u2013 RAQUEL BOAVENTURA \u2013 ANDR\u00c9 PISANESCHI \u2013 VANESSA ALENCAR \u2013 DEODATO VICENTE \u2013 THIFANY COSTA E FELIPE ZANOL.\" \/><figcaption class=\"elementor-image-carousel-caption\">PATROCINADORA WEDM\u00dcLLER CONEXEL \u2013 ROG\u00c9RIO CANTELLI \u2013 INCO DE ABREU \u2013 HENRIQUE SANCHES \u2013 RODRIGO H\u00dcSKEN \u2013 RAQUEL BOAVENTURA \u2013 ANDR\u00c9 PISANESCHI \u2013 VANESSA ALENCAR \u2013 DEODATO VICENTE \u2013 THIFANY COSTA E FELIPE ZANOL.<\/figcaption><\/figure><\/div><div class=\"swiper-slide\" role=\"group\" aria-roledescription=\"slide\" aria-label=\"8 de 30\"><figure class=\"swiper-slide-inner\"><img decoding=\"async\" class=\"swiper-slide-image\" src=\"https:\/\/abreme.com.br\/wp-content\/uploads\/2025\/01\/Foto-492-scaled.jpg\" alt=\"PATROCINADORA WETZEL \u2013 JOS\u00c9 MARCIO DIS CORR\u00caA \u2013 WHASHINGTON KATO \u2013 ANDR\u00c9 LUIZ WETZEL \u2013 NICOLE WETZEL \u2013 WALTER MARTINELLI \u2013 MOACIR TASSINARI \u2013 S\u00c9RGIO MORETI E CL\u00c9BER GON\u00c7ALVES.\" \/><figcaption class=\"elementor-image-carousel-caption\">PATROCINADORA WETZEL \u2013 JOS\u00c9 MARCIO DIS CORR\u00caA \u2013 WHASHINGTON KATO \u2013 ANDR\u00c9 LUIZ WETZEL \u2013 NICOLE WETZEL \u2013 WALTER MARTINELLI \u2013 MOACIR TASSINARI \u2013 S\u00c9RGIO MORETI E CL\u00c9BER GON\u00c7ALVES.<\/figcaption><\/figure><\/div><div class=\"swiper-slide\" role=\"group\" aria-roledescription=\"slide\" aria-label=\"9 de 30\"><figure class=\"swiper-slide-inner\"><img decoding=\"async\" class=\"swiper-slide-image\" src=\"https:\/\/abreme.com.br\/wp-content\/uploads\/2025\/01\/Foto-491-scaled.jpg\" alt=\"PATROCINADORA NEXANS \u2013 ALAIN GIRARD \u2013 CRISTIAN BARRIOS \u2013 J\u00daLIO BERTOLIN \u2013 AUR\u00c9LIO MONTEIRO \u2013 RODRIGO OLIVEIRA \u2013 OSMAR ARA\u00daJO \u2013 GUSTAVO CAMARGO E NELSON ALBANO.\" \/><figcaption class=\"elementor-image-carousel-caption\">PATROCINADORA NEXANS \u2013 ALAIN GIRARD \u2013 CRISTIAN BARRIOS \u2013 J\u00daLIO BERTOLIN \u2013 AUR\u00c9LIO MONTEIRO \u2013 RODRIGO OLIVEIRA \u2013 OSMAR ARA\u00daJO \u2013 GUSTAVO CAMARGO E NELSON ALBANO.<\/figcaption><\/figure><\/div><div class=\"swiper-slide\" role=\"group\" aria-roledescription=\"slide\" aria-label=\"10 de 30\"><figure class=\"swiper-slide-inner\"><img decoding=\"async\" class=\"swiper-slide-image\" src=\"https:\/\/abreme.com.br\/wp-content\/uploads\/2025\/01\/Foto-490-scaled.jpg\" alt=\"PATROCINADORA ELGIN \u2013 F\u00c1BIO AKIRA MUNACATA \u2013 THIAGO REDUCINO \u2013 GIAN DOURADO \u2013 FERNANDA PAES \u2013 RODOLFO BEZERRA \u2013 RODOLFO NAVES \u2013 DANIEL ARA\u00daJO \u2013 VANESSA ROCHA E ALFREDO SILVA.\" \/><figcaption class=\"elementor-image-carousel-caption\">PATROCINADORA ELGIN \u2013 F\u00c1BIO AKIRA MUNACATA \u2013 THIAGO REDUCINO \u2013 GIAN DOURADO \u2013 FERNANDA PAES \u2013 RODOLFO BEZERRA \u2013 RODOLFO NAVES \u2013 DANIEL ARA\u00daJO \u2013 VANESSA ROCHA E ALFREDO SILVA.<\/figcaption><\/figure><\/div><div class=\"swiper-slide\" role=\"group\" aria-roledescription=\"slide\" aria-label=\"11 de 30\"><figure class=\"swiper-slide-inner\"><img decoding=\"async\" class=\"swiper-slide-image\" src=\"https:\/\/abreme.com.br\/wp-content\/uploads\/2025\/01\/Foto-487-scaled.jpg\" alt=\"PATROCINADORA TELBRA \u2013 PEDRO JACINTO \u2013 CRISTIANO MORAES \u2013 DENILSON VINHAS \u2013 JO\u00c3O RODRIGUES \u2013 PEDRO DI PROSPERO \u2013 LAURA DUARTE \u2013 RICARDO MARINHO \u2013 PHELIPE SOUZA \u2013 JANDERSON BARBOSA E CAIO DI PROSPERO.\" \/><figcaption class=\"elementor-image-carousel-caption\">PATROCINADORA TELBRA \u2013 PEDRO JACINTO \u2013 CRISTIANO MORAES \u2013 DENILSON VINHAS \u2013 JO\u00c3O RODRIGUES \u2013 PEDRO DI PROSPERO \u2013 LAURA DUARTE \u2013 RICARDO MARINHO \u2013 PHELIPE SOUZA \u2013 JANDERSON BARBOSA E CAIO DI PROSPERO.<\/figcaption><\/figure><\/div><div class=\"swiper-slide\" role=\"group\" aria-roledescription=\"slide\" aria-label=\"12 de 30\"><figure class=\"swiper-slide-inner\"><img decoding=\"async\" class=\"swiper-slide-image\" src=\"https:\/\/abreme.com.br\/wp-content\/uploads\/2025\/01\/Foto-486-scaled.jpg\" alt=\"PATROCINADORA COPPERCABOS \u2013 LEANDRO MIRANDA E JENNIFER (ESPOSA) \u2013 RAFAEL FERREIRA E TA\u00cdNA (ESPOSA) \u2013 BRUNO LAURINO DE ARA\u00daJO \u2013 JOYCE PERPETUO \u2013 ANA CAROLINA (ESPOSA) E RODRIGO SOUSA \u2013 CL\u00c1UDIA (ESPOSA) E CARLOS AUGUSTO RAFAINI.\" \/><figcaption class=\"elementor-image-carousel-caption\">PATROCINADORA COPPERCABOS \u2013 LEANDRO MIRANDA E JENNIFER (ESPOSA) \u2013 RAFAEL FERREIRA E TA\u00cdNA (ESPOSA) \u2013 BRUNO LAURINO DE ARA\u00daJO \u2013 JOYCE PERPETUO \u2013 ANA CAROLINA (ESPOSA) E RODRIGO SOUSA \u2013 CL\u00c1UDIA (ESPOSA) E CARLOS AUGUSTO RAFAINI.<\/figcaption><\/figure><\/div><div class=\"swiper-slide\" role=\"group\" aria-roledescription=\"slide\" aria-label=\"13 de 30\"><figure class=\"swiper-slide-inner\"><img decoding=\"async\" class=\"swiper-slide-image\" src=\"https:\/\/abreme.com.br\/wp-content\/uploads\/2025\/01\/Foto-485-scaled.jpg\" alt=\"PATROCINADORA SIL FIOS \u2013 F\u00c1BIO ADDIAS \u2013 MARIA LUIZA BARONE \u2013 SILVIO BARONE \u2013 PEDRO MORELLI \u2013 JOS\u00c9 RUBENS E WALTER SEDANO.\" \/><figcaption class=\"elementor-image-carousel-caption\">PATROCINADORA SIL FIOS \u2013 F\u00c1BIO ADDIAS \u2013 MARIA LUIZA BARONE \u2013 SILVIO BARONE \u2013 PEDRO MORELLI \u2013 JOS\u00c9 RUBENS E WALTER SEDANO.<\/figcaption><\/figure><\/div><div class=\"swiper-slide\" role=\"group\" aria-roledescription=\"slide\" aria-label=\"14 de 30\"><figure class=\"swiper-slide-inner\"><img decoding=\"async\" class=\"swiper-slide-image\" src=\"https:\/\/abreme.com.br\/wp-content\/uploads\/2025\/01\/Foto-484-scaled.jpg\" alt=\"PATROCINADORA INDUSCABOS \u2013 SANDRO REZENDE \u2013 RICARDO MORETTI (REPRESENTANTE COMERCIAL) \u2013 S\u00c9RGIO MELLACCI \u2013 EDSON PARISI E EDUARDO AUGUSTO.\" \/><figcaption class=\"elementor-image-carousel-caption\">PATROCINADORA INDUSCABOS \u2013 SANDRO REZENDE \u2013 RICARDO MORETTI (REPRESENTANTE COMERCIAL) \u2013 S\u00c9RGIO MELLACCI \u2013 EDSON PARISI E EDUARDO AUGUSTO.<\/figcaption><\/figure><\/div><div class=\"swiper-slide\" role=\"group\" aria-roledescription=\"slide\" aria-label=\"15 de 30\"><figure class=\"swiper-slide-inner\"><img decoding=\"async\" class=\"swiper-slide-image\" src=\"https:\/\/abreme.com.br\/wp-content\/uploads\/2025\/01\/Foto-483-scaled.jpg\" alt=\"PATROCINADORA OUROLUX \u2013 RODRIGO PAIVA \u2013 DOUGLAS MORAES \u2013 F\u00c1BIO MANCINI \u2013 DANIEL PERTILLI \u2013 PAULO GODOY E PAULO RENATO RIBEIRO.\" \/><figcaption class=\"elementor-image-carousel-caption\">PATROCINADORA OUROLUX \u2013 RODRIGO PAIVA \u2013 DOUGLAS MORAES \u2013 F\u00c1BIO MANCINI \u2013 DANIEL PERTILLI \u2013 PAULO GODOY E PAULO RENATO RIBEIRO.<\/figcaption><\/figure><\/div><div class=\"swiper-slide\" role=\"group\" aria-roledescription=\"slide\" aria-label=\"16 de 30\"><figure class=\"swiper-slide-inner\"><img decoding=\"async\" class=\"swiper-slide-image\" src=\"https:\/\/abreme.com.br\/wp-content\/uploads\/2025\/01\/Foto-482-scaled.jpg\" alt=\"PATROCINADORA REAL PERFIL \u2013 ROSANGELA NASCIMENTO \u2013 RODINEI ESCOCARD \u2013 ANA CRISTINA PIMENTA \u2013 SIMONE SILV\u00c9RIO \u2013 CL\u00c1UDIO C\u00c9SAR FANTIN \u2013 VILMA RODRIGUES \u2013 FRANCISCO MARCON \u2013 RICARDO REIS \u2013 JOS\u00c9 LUIZ REINA E GUILHERME SANTOS.\" \/><figcaption class=\"elementor-image-carousel-caption\">PATROCINADORA REAL PERFIL \u2013 ROSANGELA NASCIMENTO \u2013 RODINEI ESCOCARD \u2013 ANA CRISTINA PIMENTA \u2013 SIMONE SILV\u00c9RIO \u2013 CL\u00c1UDIO C\u00c9SAR FANTIN \u2013 VILMA RODRIGUES \u2013 FRANCISCO MARCON \u2013 RICARDO REIS \u2013 JOS\u00c9 LUIZ REINA E GUILHERME SANTOS.<\/figcaption><\/figure><\/div><div class=\"swiper-slide\" role=\"group\" aria-roledescription=\"slide\" aria-label=\"17 de 30\"><figure class=\"swiper-slide-inner\"><img decoding=\"async\" class=\"swiper-slide-image\" src=\"https:\/\/abreme.com.br\/wp-content\/uploads\/2025\/01\/Foto-481-scaled.jpg\" alt=\"PATROCINADORA SIEMENS \u2013 DANILO ALONSO \u2013 THIAGO FRANCO \u2013 BIANCA CERVEIRA \u2013 DENISE VIDOTTI \u2013 ELAINE PORTO \u2013 RONNIE EUS\u00c9BIO \u2013 F\u00c1BIO OLIVA \u2013 BEATRIZ DOBELIN \u2013 RICARDO SOUZA E JO\u00c3O LIMA.\" \/><figcaption class=\"elementor-image-carousel-caption\">PATROCINADORA SIEMENS \u2013 DANILO ALONSO \u2013 THIAGO FRANCO \u2013 BIANCA CERVEIRA \u2013 DENISE VIDOTTI \u2013 ELAINE PORTO \u2013 RONNIE EUS\u00c9BIO \u2013 F\u00c1BIO OLIVA \u2013 BEATRIZ DOBELIN \u2013 RICARDO SOUZA E JO\u00c3O LIMA.<\/figcaption><\/figure><\/div><div class=\"swiper-slide\" role=\"group\" aria-roledescription=\"slide\" aria-label=\"18 de 30\"><figure class=\"swiper-slide-inner\"><img decoding=\"async\" class=\"swiper-slide-image\" src=\"https:\/\/abreme.com.br\/wp-content\/uploads\/2025\/01\/Foto-480-scaled.jpg\" alt=\"PATROCINADORA NAVILLE \u2013 BRUNO FERNANDES \u2013 GUSTAVO PEREIRA - D\u00c9BORA SCHMIDT \u2013 RODRIGO REBOLO \u2013 MARCOS MENDES \u2013 REINALDO GAVIOLI (DIRETOR ABREME) \u2013 THIAGO AIRES \u2013 LUCAS VIEIRA \u2013 PAULO FERREIRA E ALEXANDRE ROCHA.\" \/><figcaption class=\"elementor-image-carousel-caption\">PATROCINADORA NAVILLE \u2013 BRUNO FERNANDES \u2013 GUSTAVO PEREIRA - D\u00c9BORA SCHMIDT \u2013 RODRIGO REBOLO \u2013 MARCOS MENDES \u2013 REINALDO GAVIOLI (DIRETOR ABREME) \u2013 THIAGO AIRES \u2013 LUCAS VIEIRA \u2013 PAULO FERREIRA E ALEXANDRE ROCHA.<\/figcaption><\/figure><\/div><div class=\"swiper-slide\" role=\"group\" aria-roledescription=\"slide\" aria-label=\"19 de 30\"><figure class=\"swiper-slide-inner\"><img decoding=\"async\" class=\"swiper-slide-image\" src=\"https:\/\/abreme.com.br\/wp-content\/uploads\/2025\/01\/Foto-479-scaled.jpg\" alt=\"PATROCINADORA TELEFIO \u2013 ANDR\u00c9 RICCI \u2013 IVALDO COSTA \u2013 DANILO GALV\u00c3O \u2013 ANDR\u00c9 AMARAL \u2013 PAULO HENRIQUE DURCI (CEO DA EMPRESA TELEFIO E DIRETOR ABREME) \u2013 HALISON GRIS PERES \u2013 ADILSON BASTOS \u2013 LUIZ FERNANDO ARANTES \u2013 ERIK HERNADEZ E EDUARDO VICENTE.\" \/><figcaption class=\"elementor-image-carousel-caption\">PATROCINADORA TELEFIO \u2013 ANDR\u00c9 RICCI \u2013 IVALDO COSTA \u2013 DANILO GALV\u00c3O \u2013 ANDR\u00c9 AMARAL \u2013 PAULO HENRIQUE DURCI (CEO DA EMPRESA TELEFIO E DIRETOR ABREME) \u2013 HALISON GRIS PERES \u2013 ADILSON BASTOS \u2013 LUIZ FERNANDO ARANTES \u2013 ERIK HERNADEZ E EDUARDO VICENTE.<\/figcaption><\/figure><\/div><div class=\"swiper-slide\" role=\"group\" aria-roledescription=\"slide\" aria-label=\"20 de 30\"><figure class=\"swiper-slide-inner\"><img decoding=\"async\" class=\"swiper-slide-image\" src=\"https:\/\/abreme.com.br\/wp-content\/uploads\/2025\/01\/Foto-478-scaled.jpg\" alt=\"PATROCINADORA B.LUX \u2013 ROG\u00c9RIO AUGUSTO SANTO \u2013 GUILHERME ANDRADE \u2013 ALEXANDRE ANDRADE \u2013 ALEXANDRE ANDRADE JR. \u2013 FL\u00c1VIO BUSICO \u2013 RODRIGO CAMPOS (EMPRESA JMC) \u2013 PERICLES BARBOSA \u2013 PEDRO VALVERDE E JONATHAS OLIVEIRA.\" \/><figcaption class=\"elementor-image-carousel-caption\">PATROCINADORA B.LUX \u2013 ROG\u00c9RIO AUGUSTO SANTO \u2013 GUILHERME ANDRADE \u2013 ALEXANDRE ANDRADE \u2013 ALEXANDRE ANDRADE JR. \u2013 FL\u00c1VIO BUSICO \u2013 RODRIGO CAMPOS (EMPRESA JMC) \u2013 PERICLES BARBOSA \u2013 PEDRO VALVERDE E JONATHAS OLIVEIRA.<\/figcaption><\/figure><\/div><div class=\"swiper-slide\" role=\"group\" aria-roledescription=\"slide\" aria-label=\"21 de 30\"><figure class=\"swiper-slide-inner\"><img decoding=\"async\" class=\"swiper-slide-image\" src=\"https:\/\/abreme.com.br\/wp-content\/uploads\/2025\/01\/Foto-477-scaled.jpg\" alt=\"PATROCINADORA LEGRAND \u2013 DOUGLAS SANTOS \u2013 ALEXANDRE FREITAS \u2013 MARIANA NAKAMOTO \u2013 CARLOS NONATTO \u2013 ANDREA BONFIM \u2013 FL\u00c1VIA CARLI \u2013 MARCELO CARVALHO \u2013 THIAGO FRECCIA \u2013 FABR\u00cdCIO SAKUMA E NELSON REBELATO.\" \/><figcaption class=\"elementor-image-carousel-caption\">PATROCINADORA LEGRAND \u2013 DOUGLAS SANTOS \u2013 ALEXANDRE FREITAS \u2013 MARIANA NAKAMOTO \u2013 CARLOS NONATTO \u2013 ANDREA BONFIM \u2013 FL\u00c1VIA CARLI \u2013 MARCELO CARVALHO \u2013 THIAGO FRECCIA \u2013 FABR\u00cdCIO SAKUMA E NELSON REBELATO.<\/figcaption><\/figure><\/div><div class=\"swiper-slide\" role=\"group\" aria-roledescription=\"slide\" aria-label=\"22 de 30\"><figure class=\"swiper-slide-inner\"><img decoding=\"async\" class=\"swiper-slide-image\" src=\"https:\/\/abreme.com.br\/wp-content\/uploads\/2025\/01\/Foto-476-scaled.jpg\" alt=\"PATROCINADORA COBRECOM \u2013 SOLANGE SANTOS \u2013 JACKSON PEREIRA DOS SANTOS \u2013 MAURO MORENO \u2013 PAULO ALESSANDRO DELGADO \u2013 GILBERTO ALVARENGA \u2013 PEDRO PAULO ASSUMP\u00c7\u00c3O \u2013 BRUNO BITTAR \u2013 GUSTAVO VERRONE RUAS \u2013 IR\u00cdS RUAS \u2013 RAFAEL VERRONE RUAS \u2013 FL\u00c1VIA RUAS \u2013 CINT\u00cdA ASS\u00cdS \u2013 ROBERTA MARQUES E NAT\u00c1LIA CASTRO \u2013 (AGACHADOS EM FRENTE A FOTO) \u2013 VINICIUS CASTILHO \u2013 LUCAS GUSTAVO FERREIRA \u2013 F\u00c1BIO FERRARA \u2013 GABRIEL PRADO \u2013 FL\u00c1VIO BRAGAGNOLO E FELIPE LONGATO.\" \/><figcaption class=\"elementor-image-carousel-caption\">PATROCINADORA COBRECOM \u2013 SOLANGE SANTOS \u2013 JACKSON PEREIRA DOS SANTOS \u2013 MAURO MORENO \u2013 PAULO ALESSANDRO DELGADO \u2013 GILBERTO ALVARENGA \u2013 PEDRO PAULO ASSUMP\u00c7\u00c3O \u2013 BRUNO BITTAR \u2013 GUSTAVO VERRONE RUAS \u2013 IR\u00cdS RUAS \u2013 RAFAEL VERRONE RUAS \u2013 FL\u00c1VIA RUAS \u2013 CINT\u00cdA ASS\u00cdS \u2013 ROBERTA MARQUES E NAT\u00c1LIA CASTRO \u2013 (AGACHADOS EM FRENTE A FOTO) \u2013 VINICIUS CASTILHO \u2013 LUCAS GUSTAVO FERREIRA \u2013 F\u00c1BIO FERRARA \u2013 GABRIEL PRADO \u2013 FL\u00c1VIO BRAGAGNOLO E FELIPE LONGATO.<\/figcaption><\/figure><\/div><div class=\"swiper-slide\" role=\"group\" aria-roledescription=\"slide\" aria-label=\"23 de 30\"><figure class=\"swiper-slide-inner\"><img decoding=\"async\" class=\"swiper-slide-image\" src=\"https:\/\/abreme.com.br\/wp-content\/uploads\/2025\/01\/Foto-473-scaled.jpg\" alt=\"PATROCINADORA LEDVANCE \u2013 MAURO MOTTA \u2013 RAFAELA FURQUIM \u2013 EVERTON MELLO \u2013 JEAN CARLOS BAZETO \u2013 ALEXANDRE LUCATO \u2013 MARCOS ELLERT \u2013 PAULA MELLO \u2013 CHARLYS MESQUINI E MARCELO CHADALAKIAN.\" \/><figcaption class=\"elementor-image-carousel-caption\">PATROCINADORA LEDVANCE \u2013 MAURO MOTTA \u2013 RAFAELA FURQUIM \u2013 EVERTON MELLO \u2013 JEAN CARLOS BAZETO \u2013 ALEXANDRE LUCATO \u2013 MARCOS ELLERT \u2013 PAULA MELLO \u2013 CHARLYS MESQUINI E MARCELO CHADALAKIAN.<\/figcaption><\/figure><\/div><div class=\"swiper-slide\" role=\"group\" aria-roledescription=\"slide\" aria-label=\"24 de 30\"><figure class=\"swiper-slide-inner\"><img decoding=\"async\" class=\"swiper-slide-image\" src=\"https:\/\/abreme.com.br\/wp-content\/uploads\/2025\/01\/Foto-471-scaled.jpg\" alt=\"PATROCINADORA PRYSMIAN \u2013 RICARDO AVENA \u2013 HARIADNE ABDALLA \u2013 RENAN OZILIO \u2013 LA\u00c9RCIO MORAES \u2013 CONSTANZO DI CICCO \u2013 RODRIGO SILVA \u2013 FELIPE AUGUSTO \u2013 THIAGO SLESACZEK \u2013 MARCELO BRIDES \u2013 THAIS OLIVEIRA \u2013 SABRINA ESCABORA \u2013 ARTHUR BLEY \u2013 THAIS FERREIRA E GABRIEL MATAVELLI.\" \/><figcaption class=\"elementor-image-carousel-caption\">PATROCINADORA PRYSMIAN \u2013 RICARDO AVENA \u2013 HARIADNE ABDALLA \u2013 RENAN OZILIO \u2013 LA\u00c9RCIO MORAES \u2013 CONSTANZO DI CICCO \u2013 RODRIGO SILVA \u2013 FELIPE AUGUSTO \u2013 THIAGO SLESACZEK \u2013 MARCELO BRIDES \u2013 THAIS OLIVEIRA \u2013 SABRINA ESCABORA \u2013 ARTHUR BLEY \u2013 THAIS FERREIRA E GABRIEL MATAVELLI.<\/figcaption><\/figure><\/div><div class=\"swiper-slide\" role=\"group\" aria-roledescription=\"slide\" aria-label=\"25 de 30\"><figure class=\"swiper-slide-inner\"><img decoding=\"async\" class=\"swiper-slide-image\" src=\"https:\/\/abreme.com.br\/wp-content\/uploads\/2025\/01\/Foto-470-scaled.jpg\" alt=\"PATROCINADORA ABB GE \u2013 GUSTAVO VAZOLLER \u2013 ALEX CASSEMIRO \u2013 FERNANDO LEONARDIS \u2013 SAMANTHA SATO \u2013 VINICIUS ROCHA \u2013 THIAGO MENDON\u00c7A E PAULO BOCCARDO.\" \/><figcaption class=\"elementor-image-carousel-caption\">PATROCINADORA ABB GE \u2013 GUSTAVO VAZOLLER \u2013 ALEX CASSEMIRO \u2013 FERNANDO LEONARDIS \u2013 SAMANTHA SATO \u2013 VINICIUS ROCHA \u2013 THIAGO MENDON\u00c7A E PAULO BOCCARDO.<\/figcaption><\/figure><\/div><div class=\"swiper-slide\" role=\"group\" aria-roledescription=\"slide\" aria-label=\"26 de 30\"><figure class=\"swiper-slide-inner\"><img decoding=\"async\" class=\"swiper-slide-image\" src=\"https:\/\/abreme.com.br\/wp-content\/uploads\/2025\/01\/Foto-469-scaled.jpg\" alt=\"PATROCINADORAS: STECK DISTRIBUIDORA E SCHNEIDER ELECTRIC.\n\n** STECK - FERNANDO MOREIRA \u2013 LUCIANO ANDREOLLI \u2013 ERICA IHA \u2013 RAPHAEL VITTORETE \u2013 KLECIOS SOUZA \u2013 THOMAS BELAISCH \u2013 DANIEL SANTOS \u2013 M\u00d4NICA SILVA E S\u00c9RGIO PASCON.\n\n** SCHNEIDER - FELIPE BRAND\u00c3O \u2013 WAGNER DO CARMO \u2013 RICARDO MENCK \u2013 DANIEL HENRIQUE GATTI \u2013 MAGALI MACIEL KAISER \u2013 PATR\u00cdCIA CRUZ \u2013 LAUNA DIAS SANTOS \u2013 TAMIR J\u00daNIOR \u2013 DAVI LOPES E ADRIANO GRAT\u00c3O\" \/><figcaption class=\"elementor-image-carousel-caption\">PATROCINADORAS: STECK DISTRIBUIDORA E SCHNEIDER ELECTRIC.\n\n** STECK - FERNANDO MOREIRA \u2013 LUCIANO ANDREOLLI \u2013 ERICA IHA \u2013 RAPHAEL VITTORETE \u2013 KLECIOS SOUZA \u2013 THOMAS BELAISCH \u2013 DANIEL SANTOS \u2013 M\u00d4NICA SILVA E S\u00c9RGIO PASCON.\n\n** SCHNEIDER - FELIPE BRAND\u00c3O \u2013 WAGNER DO CARMO \u2013 RICARDO MENCK \u2013 DANIEL HENRIQUE GATTI \u2013 MAGALI MACIEL KAISER \u2013 PATR\u00cdCIA CRUZ \u2013 LAUNA DIAS SANTOS \u2013 TAMIR J\u00daNIOR \u2013 DAVI LOPES E ADRIANO GRAT\u00c3O<\/figcaption><\/figure><\/div><div class=\"swiper-slide\" role=\"group\" aria-roledescription=\"slide\" aria-label=\"27 de 30\"><figure class=\"swiper-slide-inner\"><img decoding=\"async\" class=\"swiper-slide-image\" src=\"https:\/\/abreme.com.br\/wp-content\/uploads\/2025\/01\/Foto-474-scaled.jpg\" alt=\"PATROCINADORA AVANT \u2013 GERIVAL PEREIRA \u2013 CRISTIANE ALVES \u2013 VINICIUS BARRETO \u2013 ADRIANA CRUZ \u2013 RAPHAEL RODRIGUES \u2013 GUSTAVO BEZERRA \u2013 S\u00d3FIA AGUIAR \u2013 AMANDA SOARES E DANIEL GALV\u00c3O.\" \/><figcaption class=\"elementor-image-carousel-caption\">PATROCINADORA AVANT \u2013 GERIVAL PEREIRA \u2013 CRISTIANE ALVES \u2013 VINICIUS BARRETO \u2013 ADRIANA CRUZ \u2013 RAPHAEL RODRIGUES \u2013 GUSTAVO BEZERRA \u2013 S\u00d3FIA AGUIAR \u2013 AMANDA SOARES E DANIEL GALV\u00c3O.<\/figcaption><\/figure><\/div><div class=\"swiper-slide\" role=\"group\" aria-roledescription=\"slide\" aria-label=\"28 de 30\"><figure class=\"swiper-slide-inner\"><img decoding=\"async\" class=\"swiper-slide-image\" src=\"https:\/\/abreme.com.br\/wp-content\/uploads\/2025\/01\/Foto-488-scaled.jpg\" alt=\"PATROCINADORA PERFIL LIDER \u2013 RENATO OLIVERIA, ANDR\u00c9 SILVA, \u00c9DSON LEIVA, JOS\u00c9 SIM\u00d5ES, VINICIUS JOS\u00c9, J\u00daNIOR ARA\u00daJO, TABATA JONSON, LU\u00cdS FELIPE GUARNIERI E \u00c9DISON MATTE.\" \/><figcaption class=\"elementor-image-carousel-caption\">PATROCINADORA PERFIL LIDER \u2013 RENATO OLIVERIA, ANDR\u00c9 SILVA, \u00c9DSON LEIVA, JOS\u00c9 SIM\u00d5ES, VINICIUS JOS\u00c9, J\u00daNIOR ARA\u00daJO, TABATA JONSON, LU\u00cdS FELIPE GUARNIERI E \u00c9DISON MATTE.<\/figcaption><\/figure><\/div><div class=\"swiper-slide\" role=\"group\" aria-roledescription=\"slide\" aria-label=\"29 de 30\"><figure class=\"swiper-slide-inner\"><img decoding=\"async\" class=\"swiper-slide-image\" src=\"https:\/\/abreme.com.br\/wp-content\/uploads\/2025\/01\/Foto-489-scaled.jpg\" alt=\"PATROCINADORA HELLERMANN TYTON \u2013 TATIANE DE PAULA SOUZA \u2013 ANDERSON SATO \u2013 RICARDO MARTUCHI \u2013 M\u00c1RCIO FAVILLA \u2013 ROSE IZOPPE \u2013 RICARDO FRAGATA \u2013 ROSE MATOS \u2013 ALEXANDRE ZAVARIZI \u2013 FABR\u00cdCIO ARA\u00daJO E MARCELLO RUEGGER\" \/><figcaption class=\"elementor-image-carousel-caption\">PATROCINADORA HELLERMANN TYTON \u2013 TATIANE DE PAULA SOUZA \u2013 ANDERSON SATO \u2013 RICARDO MARTUCHI \u2013 M\u00c1RCIO FAVILLA \u2013 ROSE IZOPPE \u2013 RICARDO FRAGATA \u2013 ROSE MATOS \u2013 ALEXANDRE ZAVARIZI \u2013 FABR\u00cdCIO ARA\u00daJO E MARCELLO RUEGGER<\/figcaption><\/figure><\/div><div class=\"swiper-slide\" role=\"group\" aria-roledescription=\"slide\" aria-label=\"30 de 30\"><figure class=\"swiper-slide-inner\"><img decoding=\"async\" class=\"swiper-slide-image\" src=\"https:\/\/abreme.com.br\/wp-content\/uploads\/2025\/01\/Foto-493-scaled.jpg\" alt=\"PATROCINADORA SCHNEIDER ELECTRIC \u2013 FELIPE BRAND\u00c3O \u2013 WAGNER DO CARMO \u2013 RICARDO MENCK \u2013 DANIEL HENRIQUE GATTI \u2013 MAGALI MACIEL KAISER \u2013 PATR\u00cdCIA CRUZ \u2013 LAUNA DIAS SANTOS \u2013 TAMIR J\u00daNIOR \u2013 DAVI LOPES E ADRIANO GRAT\u00c3O.\" \/><figcaption class=\"elementor-image-carousel-caption\">PATROCINADORA SCHNEIDER ELECTRIC \u2013 FELIPE BRAND\u00c3O \u2013 WAGNER DO CARMO \u2013 RICARDO MENCK \u2013 DANIEL HENRIQUE GATTI \u2013 MAGALI MACIEL KAISER \u2013 PATR\u00cdCIA CRUZ \u2013 LAUNA DIAS SANTOS \u2013 TAMIR J\u00daNIOR \u2013 DAVI LOPES E ADRIANO GRAT\u00c3O.<\/figcaption><\/figure><\/div>\t\t\t<\/div>\n\t\t\t\t\t\t\t\t\t\t\t\t<div class=\"elementor-swiper-button elementor-swiper-button-prev\" role=\"button\" tabindex=\"0\">\n\t\t\t\t\t\t<svg aria-hidden=\"true\" class=\"e-font-icon-svg e-eicon-chevron-left\" viewBox=\"0 0 1000 1000\" xmlns=\"http:\/\/www.w3.org\/2000\/svg\"><path d=\"M646 125C629 125 613 133 604 142L308 442C296 454 292 471 292 487 292 504 296 521 308 533L604 854C617 867 629 875 646 875 663 875 679 871 692 858 704 846 713 829 713 812 713 796 708 779 692 767L438 487 692 225C700 217 708 204 708 187 708 171 704 154 692 142 675 129 663 125 646 125Z\"><\/path><\/svg>\t\t\t\t\t<\/div>\n\t\t\t\t\t<div class=\"elementor-swiper-button elementor-swiper-button-next\" role=\"button\" tabindex=\"0\">\n\t\t\t\t\t\t<svg aria-hidden=\"true\" class=\"e-font-icon-svg e-eicon-chevron-right\" viewBox=\"0 0 1000 1000\" xmlns=\"http:\/\/www.w3.org\/2000\/svg\"><path d=\"M696 533C708 521 713 504 713 487 713 471 708 454 696 446L400 146C388 133 375 125 354 125 338 125 325 129 313 142 300 154 292 171 292 187 292 204 296 221 308 233L563 492 304 771C292 783 288 800 288 817 288 833 296 850 308 863 321 871 338 875 354 875 371 875 388 867 400 854L696 533Z\"><\/path><\/svg>\t\t\t\t\t<\/div>\n\t\t\t\t\n\t\t\t\t\t\t\t\t\t<\/div>\n\t\t\t\t\t\t<\/div>\n\t\t\t\t<\/div>\n\t\t\t\t\t<\/div>\n\t\t\t\t<\/div>\n\t\t<div class=\"elementor-element elementor-element-4a65303 e-flex e-con-boxed wpr-particle-no wpr-jarallax-no wpr-parallax-no wpr-sticky-section-no wpr-equal-height-no e-con e-parent\" data-id=\"4a65303\" data-element_type=\"container\">\n\t\t\t\t\t<div class=\"e-con-inner\">\n\t\t\t\t<div class=\"elementor-element elementor-element-766eaaa elementor-widget elementor-widget-heading\" data-id=\"766eaaa\" data-element_type=\"widget\" data-widget_type=\"heading.default\">\n\t\t\t\t<div class=\"elementor-widget-container\">\n\t\t\t\t\t<h2 class=\"elementor-heading-title elementor-size-default\">PREMIA\u00c7\u00c3O \u201cFORNECEDORES DO ANO \u2013 PERSONA 2024 ABREME\u201d<\/h2>\t\t\t\t<\/div>\n\t\t\t\t<\/div>\n\t\t\t\t\t<\/div>\n\t\t\t\t<\/div>\n\t\t<div class=\"elementor-element elementor-element-6498374 e-flex e-con-boxed wpr-particle-no wpr-jarallax-no wpr-parallax-no wpr-sticky-section-no wpr-equal-height-no e-con e-parent\" data-id=\"6498374\" data-element_type=\"container\">\n\t\t\t\t\t<div class=\"e-con-inner\">\n\t\t\t\t<div class=\"elementor-element elementor-element-915baf0 elementor-arrows-position-outside elementor-widget elementor-widget-image-carousel\" data-id=\"915baf0\" data-element_type=\"widget\" data-settings=\"{&quot;slides_to_show&quot;:&quot;1&quot;,&quot;effect&quot;:&quot;fade&quot;,&quot;navigation&quot;:&quot;arrows&quot;,&quot;autoplay&quot;:&quot;yes&quot;,&quot;pause_on_hover&quot;:&quot;yes&quot;,&quot;pause_on_interaction&quot;:&quot;yes&quot;,&quot;autoplay_speed&quot;:5000,&quot;infinite&quot;:&quot;yes&quot;,&quot;speed&quot;:500}\" data-widget_type=\"image-carousel.default\">\n\t\t\t\t<div class=\"elementor-widget-container\">\n\t\t\t\t\t\t\t<div class=\"elementor-image-carousel-wrapper swiper\" role=\"region\" aria-roledescription=\"carousel\" aria-label=\"Carrossel de imagens\" dir=\"ltr\">\n\t\t\t<div class=\"elementor-image-carousel swiper-wrapper\" aria-live=\"off\">\n\t\t\t\t\t\t\t\t<div class=\"swiper-slide\" role=\"group\" aria-roledescription=\"slide\" aria-label=\"1 de 23\"><figure class=\"swiper-slide-inner\"><img decoding=\"async\" class=\"swiper-slide-image\" src=\"https:\/\/abreme.com.br\/wp-content\/uploads\/2025\/01\/IMG_3525-scaled.jpg\" alt=\"Diretor ABREME Sr. Paulo Henrique Durci entrega a Sra. Sumaia Saheli \u2013 CEO da empresa OUROLUX e Sr. Douglas Moraes Diretor Comercial trof\u00e9u Bronze 2024 segmento Ilumina\u00e7\u00e3o.\" \/><figcaption class=\"elementor-image-carousel-caption\">Diretor ABREME Sr. Paulo Henrique Durci entrega a Sra. Sumaia Saheli \u2013 CEO da empresa OUROLUX e Sr. Douglas Moraes Diretor Comercial trof\u00e9u Bronze 2024 segmento Ilumina\u00e7\u00e3o.<\/figcaption><\/figure><\/div><div class=\"swiper-slide\" role=\"group\" aria-roledescription=\"slide\" aria-label=\"2 de 23\"><figure class=\"swiper-slide-inner\"><img decoding=\"async\" class=\"swiper-slide-image\" src=\"https:\/\/abreme.com.br\/wp-content\/uploads\/2025\/01\/IMG_3537-scaled.jpg\" alt=\"Diretor ABREME Sr. Francisco Simon entrega aos Srs. Wesley Pazini Diretor Comercial e Marketing e Vinicius Barretos Gerente de Marketing da empresa AVANT LUX trof\u00e9u Prata 2024 segmento Ilumina\u00e7\u00e3o.\" \/><figcaption class=\"elementor-image-carousel-caption\">Diretor ABREME Sr. Francisco Simon entrega aos Srs. Wesley Pazini Diretor Comercial e Marketing e Vinicius Barretos Gerente de Marketing da empresa AVANT LUX trof\u00e9u Prata 2024 segmento Ilumina\u00e7\u00e3o.<\/figcaption><\/figure><\/div><div class=\"swiper-slide\" role=\"group\" aria-roledescription=\"slide\" aria-label=\"3 de 23\"><figure class=\"swiper-slide-inner\"><img decoding=\"async\" class=\"swiper-slide-image\" src=\"https:\/\/abreme.com.br\/wp-content\/uploads\/2025\/01\/IMG_3549-scaled.jpg\" alt=\"Diretor ABREME Sr. Marcos Sutiro entrega ao Sr. Jean Carlos Bazeto Diretor comercial da empresa LEDVANCE trof\u00e9u Ouro 2024 segmento Ilumina\u00e7\u00e3o.\" \/><figcaption class=\"elementor-image-carousel-caption\">Diretor ABREME Sr. Marcos Sutiro entrega ao Sr. Jean Carlos Bazeto Diretor comercial da empresa LEDVANCE trof\u00e9u Ouro 2024 segmento Ilumina\u00e7\u00e3o.<\/figcaption><\/figure><\/div><div class=\"swiper-slide\" role=\"group\" aria-roledescription=\"slide\" aria-label=\"4 de 23\"><figure class=\"swiper-slide-inner\"><img decoding=\"async\" class=\"swiper-slide-image\" src=\"https:\/\/abreme.com.br\/wp-content\/uploads\/2025\/01\/IMG_3572-scaled.jpg\" alt=\"Diretor ABREME Sr. Paulo Henrique Durci entrega a placa destaque ranking 2024 no segmento Ilumina\u00e7\u00e3o para empresa vencedora EMPALUX aos Srs. Bruno Rossi Diretor Comex e Supply Chain e Sr. Arno Grahl Diretor comercial.\" \/><figcaption class=\"elementor-image-carousel-caption\">Diretor ABREME Sr. Paulo Henrique Durci entrega a placa destaque ranking 2024 no segmento Ilumina\u00e7\u00e3o para empresa vencedora EMPALUX aos Srs. Bruno Rossi Diretor Comex e Supply Chain e Sr. Arno Grahl Diretor comercial.<\/figcaption><\/figure><\/div><div class=\"swiper-slide\" role=\"group\" aria-roledescription=\"slide\" aria-label=\"5 de 23\"><figure class=\"swiper-slide-inner\"><img decoding=\"async\" class=\"swiper-slide-image\" src=\"https:\/\/abreme.com.br\/wp-content\/uploads\/2025\/01\/IMG_3586-scaled.jpg\" alt=\"Diretora ABREME Sra. Veridiana Gannam entrega ao Sr. Felipe Augusto Diretor Comercial da empresa PRYSMIAN  trof\u00e9u Bronze 2024 segmento Fios e Cabos.\" \/><figcaption class=\"elementor-image-carousel-caption\">Diretora ABREME Sra. Veridiana Gannam entrega ao Sr. Felipe Augusto Diretor Comercial da empresa PRYSMIAN  trof\u00e9u Bronze 2024 segmento Fios e Cabos.<\/figcaption><\/figure><\/div><div class=\"swiper-slide\" role=\"group\" aria-roledescription=\"slide\" aria-label=\"6 de 23\"><figure class=\"swiper-slide-inner\"><img decoding=\"async\" class=\"swiper-slide-image\" src=\"https:\/\/abreme.com.br\/wp-content\/uploads\/2025\/01\/IMG_3604-scaled.jpg\" alt=\"Diretor ABREME Sr. Ricardo Daizem entrega aos Srs. Silvio Barone J\u00fanior e Marcelo Barone Diretores Comerciais da empresa SIL FIOS trof\u00e9u Prata 2024 segmento Fios e Cabos.\" \/><figcaption class=\"elementor-image-carousel-caption\">Diretor ABREME Sr. Ricardo Daizem entrega aos Srs. Silvio Barone J\u00fanior e Marcelo Barone Diretores Comerciais da empresa SIL FIOS trof\u00e9u Prata 2024 segmento Fios e Cabos.<\/figcaption><\/figure><\/div><div class=\"swiper-slide\" role=\"group\" aria-roledescription=\"slide\" aria-label=\"7 de 23\"><figure class=\"swiper-slide-inner\"><img decoding=\"async\" class=\"swiper-slide-image\" src=\"https:\/\/abreme.com.br\/wp-content\/uploads\/2025\/01\/IMG_3616-scaled.jpg\" alt=\"Diretor ABREME Sr. Gerson Salles entrega ao Sr. Gustavo Ruas Diretor da empresa COBRECOM trof\u00e9u Ouro 2024 segmento Fios e Cabos.\" \/><figcaption class=\"elementor-image-carousel-caption\">Diretor ABREME Sr. Gerson Salles entrega ao Sr. Gustavo Ruas Diretor da empresa COBRECOM trof\u00e9u Ouro 2024 segmento Fios e Cabos.<\/figcaption><\/figure><\/div><div class=\"swiper-slide\" role=\"group\" aria-roledescription=\"slide\" aria-label=\"8 de 23\"><figure class=\"swiper-slide-inner\"><img decoding=\"async\" class=\"swiper-slide-image\" src=\"https:\/\/abreme.com.br\/wp-content\/uploads\/2025\/01\/IMG_3633-scaled.jpg\" alt=\"Diretor ABREME Sr. Marcos Augusto Sutiro  entrega a placa destaque ranking 2024 no segmento Fios e Cabos a empresa vencedora INDUSCABOS ao Sr. Robinson Fontalva .\" \/><figcaption class=\"elementor-image-carousel-caption\">Diretor ABREME Sr. Marcos Augusto Sutiro  entrega a placa destaque ranking 2024 no segmento Fios e Cabos a empresa vencedora INDUSCABOS ao Sr. Robinson Fontalva .<\/figcaption><\/figure><\/div><div class=\"swiper-slide\" role=\"group\" aria-roledescription=\"slide\" aria-label=\"9 de 23\"><figure class=\"swiper-slide-inner\"><img decoding=\"async\" class=\"swiper-slide-image\" src=\"https:\/\/abreme.com.br\/wp-content\/uploads\/2025\/01\/IMG_3650-scaled.jpg\" alt=\"Diretor ABREME Sr. Thiago Espinheira Ferreira entrega aos Srs. Daniel Tatini Presidente, Thiago Freccia Gerente Nacional de vendas e Nelson Rebelato Diretor da empresa LEGRAND trof\u00e9u Bronze 2024 segmento Dispositivos El\u00e9tricos Residenciais.\" \/><figcaption class=\"elementor-image-carousel-caption\">Diretor ABREME Sr. Thiago Espinheira Ferreira entrega aos Srs. Daniel Tatini Presidente, Thiago Freccia Gerente Nacional de vendas e Nelson Rebelato Diretor da empresa LEGRAND trof\u00e9u Bronze 2024 segmento Dispositivos El\u00e9tricos Residenciais.<\/figcaption><\/figure><\/div><div class=\"swiper-slide\" role=\"group\" aria-roledescription=\"slide\" aria-label=\"10 de 23\"><figure class=\"swiper-slide-inner\"><img decoding=\"async\" class=\"swiper-slide-image\" src=\"https:\/\/abreme.com.br\/wp-content\/uploads\/2025\/01\/IMG_3658-scaled.jpg\" alt=\"Diretor ABREME Sr. Paulo Campos entrega aos Srs. Ricardo da Rocha Brando Gerente de vendas e Harry Schmelzer Neto Diretor Comercial trof\u00e9u Prata 2024 segmento Dispositivos El\u00e9tricos Residenciais.\" \/><figcaption class=\"elementor-image-carousel-caption\">Diretor ABREME Sr. Paulo Campos entrega aos Srs. Ricardo da Rocha Brando Gerente de vendas e Harry Schmelzer Neto Diretor Comercial trof\u00e9u Prata 2024 segmento Dispositivos El\u00e9tricos Residenciais.<\/figcaption><\/figure><\/div><div class=\"swiper-slide\" role=\"group\" aria-roledescription=\"slide\" aria-label=\"11 de 23\"><figure class=\"swiper-slide-inner\"><img decoding=\"async\" class=\"swiper-slide-image\" src=\"https:\/\/abreme.com.br\/wp-content\/uploads\/2025\/01\/IMG_3683-scaled.jpg\" alt=\"Diretor ABREME Sr. Francisco Simon entrega ao Sr. Klecios Souza CEO da empresa STECK trof\u00e9u Ouro 2024 segmento Dispositivos El\u00e9tricos Residenciais.\" \/><figcaption class=\"elementor-image-carousel-caption\">Diretor ABREME Sr. Francisco Simon entrega ao Sr. Klecios Souza CEO da empresa STECK trof\u00e9u Ouro 2024 segmento Dispositivos El\u00e9tricos Residenciais.<\/figcaption><\/figure><\/div><div class=\"swiper-slide\" role=\"group\" aria-roledescription=\"slide\" aria-label=\"12 de 23\"><figure class=\"swiper-slide-inner\"><img decoding=\"async\" class=\"swiper-slide-image\" src=\"https:\/\/abreme.com.br\/wp-content\/uploads\/2025\/01\/IMG_3715-scaled.jpg\" alt=\"Diretor ABREME Sr. Ricardo Daizem entrega a placa destaque ranking 2024 no segmento Dispositivos El\u00e9tricos Residenciais a empresa vencedora ABB GE ao Sr. Fernando Leonardis Diretor Comercial.\" \/><figcaption class=\"elementor-image-carousel-caption\">Diretor ABREME Sr. Ricardo Daizem entrega a placa destaque ranking 2024 no segmento Dispositivos El\u00e9tricos Residenciais a empresa vencedora ABB GE ao Sr. Fernando Leonardis Diretor Comercial.<\/figcaption><\/figure><\/div><div class=\"swiper-slide\" role=\"group\" aria-roledescription=\"slide\" aria-label=\"13 de 23\"><figure class=\"swiper-slide-inner\"><img decoding=\"async\" class=\"swiper-slide-image\" src=\"https:\/\/abreme.com.br\/wp-content\/uploads\/2025\/01\/IMG_3734-scaled.jpg\" alt=\"Diretor ABREME Sr. Reinaldo Gavioli entrega a Sr. Davi Lopes Diretor da empresa SCHNEIDER ELECTRIC trof\u00e9u Bronze 2024 segmento Dispositivos El\u00e9tricos Industriais.\" \/><figcaption class=\"elementor-image-carousel-caption\">Diretor ABREME Sr. Reinaldo Gavioli entrega a Sr. Davi Lopes Diretor da empresa SCHNEIDER ELECTRIC trof\u00e9u Bronze 2024 segmento Dispositivos El\u00e9tricos Industriais.<\/figcaption><\/figure><\/div><div class=\"swiper-slide\" role=\"group\" aria-roledescription=\"slide\" aria-label=\"14 de 23\"><figure class=\"swiper-slide-inner\"><img decoding=\"async\" class=\"swiper-slide-image\" src=\"https:\/\/abreme.com.br\/wp-content\/uploads\/2025\/01\/IMG_3742-scaled.jpg\" alt=\"Diretor ABREME Sr. Gerson Salles entrega aos Srs. Ronnie Sanches e William Pereira Diretores da empresa SIEMENS trof\u00e9u Prata 2024 segmento Dispositivos El\u00e9tricos Industriais.\" \/><figcaption class=\"elementor-image-carousel-caption\">Diretor ABREME Sr. Gerson Salles entrega aos Srs. Ronnie Sanches e William Pereira Diretores da empresa SIEMENS trof\u00e9u Prata 2024 segmento Dispositivos El\u00e9tricos Industriais.<\/figcaption><\/figure><\/div><div class=\"swiper-slide\" role=\"group\" aria-roledescription=\"slide\" aria-label=\"15 de 23\"><figure class=\"swiper-slide-inner\"><img decoding=\"async\" class=\"swiper-slide-image\" src=\"https:\/\/abreme.com.br\/wp-content\/uploads\/2025\/01\/IMG_3762-scaled.jpg\" alt=\"Diretor Sr. Thiago Espinheira entrega a Sr. Paulo Roberto Kr\u00fcger Diretor Comercial da empresa WEG trof\u00e9u Ouro 2024 segmento Dispositivos El\u00e9tricos Industriais .\" \/><figcaption class=\"elementor-image-carousel-caption\">Diretor Sr. Thiago Espinheira entrega a Sr. Paulo Roberto Kr\u00fcger Diretor Comercial da empresa WEG trof\u00e9u Ouro 2024 segmento Dispositivos El\u00e9tricos Industriais .<\/figcaption><\/figure><\/div><div class=\"swiper-slide\" role=\"group\" aria-roledescription=\"slide\" aria-label=\"16 de 23\"><figure class=\"swiper-slide-inner\"><img decoding=\"async\" class=\"swiper-slide-image\" src=\"https:\/\/abreme.com.br\/wp-content\/uploads\/2025\/01\/IMG_3775-scaled.jpg\" alt=\"Diretor ABREME Sr. Paulo Campos entrega a placa destaque ranking 2024 no segmento Dispositivos El\u00e9tricos Industriais para empresa vencedora SOPRANO ao Sr. Marcelo Gerhardt Diretor Comercial.\" \/><figcaption class=\"elementor-image-carousel-caption\">Diretor ABREME Sr. Paulo Campos entrega a placa destaque ranking 2024 no segmento Dispositivos El\u00e9tricos Industriais para empresa vencedora SOPRANO ao Sr. Marcelo Gerhardt Diretor Comercial.<\/figcaption><\/figure><\/div><div class=\"swiper-slide\" role=\"group\" aria-roledescription=\"slide\" aria-label=\"17 de 23\"><figure class=\"swiper-slide-inner\"><img decoding=\"async\" class=\"swiper-slide-image\" src=\"https:\/\/abreme.com.br\/wp-content\/uploads\/2025\/01\/IMG_3790-scaled.jpg\" alt=\"Diretora ABREME Sra. Veridiana Gannam entrega a Sra. Claudiani Nascimento e Edson Brito Coordenadores de vendas da empresa TIGRE trof\u00e9u Bronze 2024 segmento Infraestrutura.\" \/><figcaption class=\"elementor-image-carousel-caption\">Diretora ABREME Sra. Veridiana Gannam entrega a Sra. Claudiani Nascimento e Edson Brito Coordenadores de vendas da empresa TIGRE trof\u00e9u Bronze 2024 segmento Infraestrutura.<\/figcaption><\/figure><\/div><div class=\"swiper-slide\" role=\"group\" aria-roledescription=\"slide\" aria-label=\"18 de 23\"><figure class=\"swiper-slide-inner\"><img decoding=\"async\" class=\"swiper-slide-image\" src=\"https:\/\/abreme.com.br\/wp-content\/uploads\/2025\/01\/IMG_3805-scaled.jpg\" alt=\"Diretor ABREME Sr. Jo\u00e3o Carlos Faria J\u00fanior entrega aos Srs. Daniel Tatini Presidente, Thiago Freccia Diretor Comercial, Alexandre Freitas Diretor de Marketing e Nelson Rebelato Diretor Comercial da empresa LEGRAND trof\u00e9u Prata 2024 segmento Infraestrutura.\" \/><figcaption class=\"elementor-image-carousel-caption\">Diretor ABREME Sr. Jo\u00e3o Carlos Faria J\u00fanior entrega aos Srs. Daniel Tatini Presidente, Thiago Freccia Diretor Comercial, Alexandre Freitas Diretor de Marketing e Nelson Rebelato Diretor Comercial da empresa LEGRAND trof\u00e9u Prata 2024 segmento Infraestrutura.<\/figcaption><\/figure><\/div><div class=\"swiper-slide\" role=\"group\" aria-roledescription=\"slide\" aria-label=\"19 de 23\"><figure class=\"swiper-slide-inner\"><img decoding=\"async\" class=\"swiper-slide-image\" src=\"https:\/\/abreme.com.br\/wp-content\/uploads\/2025\/01\/IMG_3816-scaled.jpg\" alt=\"Diretor ABREME Sr. Reinaldo Gavioli entrega aos Srs. Lucas Zarpelon e Matheus Guerra Coordenadores de vendas da empresa Tramontina Elektric trof\u00e9u Ouro 2024 segmento Infraestrutura.\" \/><figcaption class=\"elementor-image-carousel-caption\">Diretor ABREME Sr. Reinaldo Gavioli entrega aos Srs. Lucas Zarpelon e Matheus Guerra Coordenadores de vendas da empresa Tramontina Elektric trof\u00e9u Ouro 2024 segmento Infraestrutura.<\/figcaption><\/figure><\/div><div class=\"swiper-slide\" role=\"group\" aria-roledescription=\"slide\" aria-label=\"20 de 23\"><figure class=\"swiper-slide-inner\"><img decoding=\"async\" class=\"swiper-slide-image\" src=\"https:\/\/abreme.com.br\/wp-content\/uploads\/2025\/01\/IMG_3826-scaled.jpg\" alt=\"Diretor ABREME Sr. Jo\u00e3o Carlos Faria J\u00fanior entrega a placa destaque ranking 2024 no segmento Infraestrutura empresa vencedora REAL PERF\u00cdL ao Sra. Simone Silverio Diretora e Cl\u00e1udio C\u00e9sar Fantin CEO.\" \/><figcaption class=\"elementor-image-carousel-caption\">Diretor ABREME Sr. Jo\u00e3o Carlos Faria J\u00fanior entrega a placa destaque ranking 2024 no segmento Infraestrutura empresa vencedora REAL PERF\u00cdL ao Sra. Simone Silverio Diretora e Cl\u00e1udio C\u00e9sar Fantin CEO.<\/figcaption><\/figure><\/div><div class=\"swiper-slide\" role=\"group\" aria-roledescription=\"slide\" aria-label=\"21 de 23\"><figure class=\"swiper-slide-inner\"><img decoding=\"async\" class=\"swiper-slide-image\" src=\"https:\/\/abreme.com.br\/wp-content\/uploads\/2025\/01\/IMG_3852-scaled.jpg\" alt=\"Diretor ABREME Sr. Gerson Salles entrega ao Sr. Paulo Roberto Kr\u00fcger Diretor Comercial da empresa WEG trof\u00e9u Fornecedor do Ano 2024.\" \/><figcaption class=\"elementor-image-carousel-caption\">Diretor ABREME Sr. Gerson Salles entrega ao Sr. Paulo Roberto Kr\u00fcger Diretor Comercial da empresa WEG trof\u00e9u Fornecedor do Ano 2024.<\/figcaption><\/figure><\/div><div class=\"swiper-slide\" role=\"group\" aria-roledescription=\"slide\" aria-label=\"22 de 23\"><figure class=\"swiper-slide-inner\"><img decoding=\"async\" class=\"swiper-slide-image\" src=\"https:\/\/abreme.com.br\/wp-content\/uploads\/2025\/01\/IMG_3897-scaled.jpg\" alt=\"Diretor ABREME Sr. Marcos Sutiro entrega ao Sr. Pedro Iacono 1\u00ba Presidente ABREME e um dos fundadores da associa\u00e7\u00e3o Placa em Homenagem.\" \/><figcaption class=\"elementor-image-carousel-caption\">Diretor ABREME Sr. Marcos Sutiro entrega ao Sr. Pedro Iacono 1\u00ba Presidente ABREME e um dos fundadores da associa\u00e7\u00e3o Placa em Homenagem.<\/figcaption><\/figure><\/div><div class=\"swiper-slide\" role=\"group\" aria-roledescription=\"slide\" aria-label=\"23 de 23\"><figure class=\"swiper-slide-inner\"><img decoding=\"async\" class=\"swiper-slide-image\" src=\"https:\/\/abreme.com.br\/wp-content\/uploads\/2025\/01\/Foto-441-scaled.jpg\" alt=\"Diretores ABREME Sr. Francisco Simon e Sr. Paulo Campos  entregam aos Srs. Gustavo Ruas \u2013 Rafael Ruas Diretores e Jackson Santos Diretor Comercial da empresa COBRECOM, trof\u00e9u Persona 2024, Sr. Gustavo Ruas recebe trof\u00e9u em Homenagem P\u00f3stuma ao pai o Sr. Reinaldo Ruas.\" \/><figcaption class=\"elementor-image-carousel-caption\">Diretores ABREME Sr. Francisco Simon e Sr. Paulo Campos  entregam aos Srs. Gustavo Ruas \u2013 Rafael Ruas Diretores e Jackson Santos Diretor Comercial da empresa COBRECOM, trof\u00e9u Persona 2024, Sr. Gustavo Ruas recebe trof\u00e9u em Homenagem P\u00f3stuma ao pai o Sr. Reinaldo Ruas.<\/figcaption><\/figure><\/div>\t\t\t<\/div>\n\t\t\t\t\t\t\t\t\t\t\t\t<div class=\"elementor-swiper-button elementor-swiper-button-prev\" role=\"button\" tabindex=\"0\">\n\t\t\t\t\t\t<svg aria-hidden=\"true\" class=\"e-font-icon-svg e-eicon-chevron-left\" viewBox=\"0 0 1000 1000\" xmlns=\"http:\/\/www.w3.org\/2000\/svg\"><path d=\"M646 125C629 125 613 133 604 142L308 442C296 454 292 471 292 487 292 504 296 521 308 533L604 854C617 867 629 875 646 875 663 875 679 871 692 858 704 846 713 829 713 812 713 796 708 779 692 767L438 487 692 225C700 217 708 204 708 187 708 171 704 154 692 142 675 129 663 125 646 125Z\"><\/path><\/svg>\t\t\t\t\t<\/div>\n\t\t\t\t\t<div class=\"elementor-swiper-button elementor-swiper-button-next\" role=\"button\" tabindex=\"0\">\n\t\t\t\t\t\t<svg aria-hidden=\"true\" class=\"e-font-icon-svg e-eicon-chevron-right\" viewBox=\"0 0 1000 1000\" xmlns=\"http:\/\/www.w3.org\/2000\/svg\"><path d=\"M696 533C708 521 713 504 713 487 713 471 708 454 696 446L400 146C388 133 375 125 354 125 338 125 325 129 313 142 300 154 292 171 292 187 292 204 296 221 308 233L563 492 304 771C292 783 288 800 288 817 288 833 296 850 308 863 321 871 338 875 354 875 371 875 388 867 400 854L696 533Z\"><\/path><\/svg>\t\t\t\t\t<\/div>\n\t\t\t\t\n\t\t\t\t\t\t\t\t\t<\/div>\n\t\t\t\t\t\t<\/div>\n\t\t\t\t<\/div>\n\t\t\t\t\t<\/div>\n\t\t\t\t<\/div>\n\t\t<div class=\"elementor-element elementor-element-b0060da e-flex e-con-boxed wpr-particle-no wpr-jarallax-no wpr-parallax-no wpr-sticky-section-no wpr-equal-height-no e-con e-parent\" data-id=\"b0060da\" data-element_type=\"container\">\n\t\t\t\t\t<div class=\"e-con-inner\">\n\t\t\t\t<div class=\"elementor-element elementor-element-2e44b13 elementor-widget elementor-widget-heading\" data-id=\"2e44b13\" data-element_type=\"widget\" data-widget_type=\"heading.default\">\n\t\t\t\t<div class=\"elementor-widget-container\">\n\t\t\t\t\t<h2 class=\"elementor-heading-title elementor-size-default\">Persona 2024<\/h2>\t\t\t\t<\/div>\n\t\t\t\t<\/div>\n\t\t\t\t\t<\/div>\n\t\t\t\t<\/div>\n\t\t<div class=\"elementor-element elementor-element-1db11c0 e-flex e-con-boxed wpr-particle-no wpr-jarallax-no wpr-parallax-no wpr-sticky-section-no wpr-equal-height-no e-con e-child\" data-id=\"1db11c0\" data-element_type=\"container\">\n\t\t\t\t\t<div class=\"e-con-inner\">\n\t\t\t\t<div class=\"elementor-element elementor-element-cdeb7bf elementor-widget elementor-widget-video\" data-id=\"cdeb7bf\" data-element_type=\"widget\" data-settings=\"{&quot;youtube_url&quot;:&quot;https:\\\/\\\/youtu.be\\\/xFFQxoR9Vbc&quot;,&quot;video_type&quot;:&quot;youtube&quot;,&quot;controls&quot;:&quot;yes&quot;}\" data-widget_type=\"video.default\">\n\t\t\t\t<div class=\"elementor-widget-container\">\n\t\t\t\t\t\t\t<div class=\"elementor-wrapper elementor-open-inline\">\n\t\t\t<div class=\"elementor-video\"><\/div>\t\t<\/div>\n\t\t\t\t\t\t<\/div>\n\t\t\t\t<\/div>\n\t\t\t\t\t<\/div>\n\t\t\t\t<\/div>\n\t\t<div class=\"elementor-element elementor-element-99b9ffe e-flex e-con-boxed wpr-particle-no wpr-jarallax-no wpr-parallax-no wpr-sticky-section-no wpr-equal-height-no e-con e-parent\" data-id=\"99b9ffe\" data-element_type=\"container\">\n\t\t\t\t\t<div class=\"e-con-inner\">\n\t\t\t\t<div class=\"elementor-element elementor-element-245e85c elementor-widget elementor-widget-heading\" data-id=\"245e85c\" data-element_type=\"widget\" data-widget_type=\"heading.default\">\n\t\t\t\t<div class=\"elementor-widget-container\">\n\t\t\t\t\t<h2 class=\"elementor-heading-title elementor-size-default\">COQUETEL E CONVIDADOS \u201cPR\u00caMIO ABREME FORNECEDORES \u2013 PR\u00caMIO PERSONA ABREME 2024<\/h2>\t\t\t\t<\/div>\n\t\t\t\t<\/div>\n\t\t\t\t\t<\/div>\n\t\t\t\t<\/div>\n\t\t<div class=\"elementor-element elementor-element-5cd948f e-flex e-con-boxed wpr-particle-no wpr-jarallax-no wpr-parallax-no wpr-sticky-section-no wpr-equal-height-no e-con e-parent\" data-id=\"5cd948f\" data-element_type=\"container\">\n\t\t\t\t\t<div class=\"e-con-inner\">\n\t\t\t\t<div class=\"elementor-element elementor-element-b69057f elementor-arrows-position-outside elementor-widget elementor-widget-image-carousel\" data-id=\"b69057f\" data-element_type=\"widget\" data-settings=\"{&quot;slides_to_show&quot;:&quot;1&quot;,&quot;effect&quot;:&quot;fade&quot;,&quot;navigation&quot;:&quot;arrows&quot;,&quot;autoplay&quot;:&quot;yes&quot;,&quot;pause_on_hover&quot;:&quot;yes&quot;,&quot;pause_on_interaction&quot;:&quot;yes&quot;,&quot;autoplay_speed&quot;:5000,&quot;infinite&quot;:&quot;yes&quot;,&quot;speed&quot;:500}\" data-widget_type=\"image-carousel.default\">\n\t\t\t\t<div class=\"elementor-widget-container\">\n\t\t\t\t\t\t\t<div class=\"elementor-image-carousel-wrapper swiper\" role=\"region\" aria-roledescription=\"carousel\" aria-label=\"Carrossel de imagens\" dir=\"ltr\">\n\t\t\t<div class=\"elementor-image-carousel swiper-wrapper\" aria-live=\"off\">\n\t\t\t\t\t\t\t\t<div class=\"swiper-slide\" role=\"group\" aria-roledescription=\"slide\" aria-label=\"1 de 73\"><figure class=\"swiper-slide-inner\"><img decoding=\"async\" class=\"swiper-slide-image\" src=\"https:\/\/abreme.com.br\/wp-content\/uploads\/2025\/01\/Foto-101-1-scaled.jpg\" alt=\"PR\u00caMIO ABREME FORNECEDORES \u2013 PR\u00caMIO PERSONA ABREME 2024\u201d\nPATROCINADORES DO EVENTO 2024.\nAPOIO E DIVULGA\u00c7\u00c3O REVISTA ELETRICIDADE MODERNA.\" \/><figcaption class=\"elementor-image-carousel-caption\">PR\u00caMIO ABREME FORNECEDORES \u2013 PR\u00caMIO PERSONA ABREME 2024\u201d\nPATROCINADORES DO EVENTO 2024.\nAPOIO E DIVULGA\u00c7\u00c3O REVISTA ELETRICIDADE MODERNA.<\/figcaption><\/figure><\/div><div class=\"swiper-slide\" role=\"group\" aria-roledescription=\"slide\" aria-label=\"2 de 73\"><figure class=\"swiper-slide-inner\"><img decoding=\"async\" class=\"swiper-slide-image\" src=\"https:\/\/abreme.com.br\/wp-content\/uploads\/2025\/01\/Foto-102-1.jpg\" alt=\"SECRET\u00c1RIA EXECUTIVA ABREME SRTA. SANDRA SACCHELLI TRIPOLONE ENTREGA DOA\u00c7\u00c3O AO GPACI A SRA. MARIA RITA FERREIRA \u2013 SUPERVISORA DE CAPTA\u00c7\u00c3O DE RECURSOS\" \/><figcaption class=\"elementor-image-carousel-caption\">SECRET\u00c1RIA EXECUTIVA ABREME SRTA. SANDRA SACCHELLI TRIPOLONE ENTREGA DOA\u00c7\u00c3O AO GPACI A SRA. MARIA RITA FERREIRA \u2013 SUPERVISORA DE CAPTA\u00c7\u00c3O DE RECURSOS <\/figcaption><\/figure><\/div><div class=\"swiper-slide\" role=\"group\" aria-roledescription=\"slide\" aria-label=\"3 de 73\"><figure class=\"swiper-slide-inner\"><img decoding=\"async\" class=\"swiper-slide-image\" src=\"https:\/\/abreme.com.br\/wp-content\/uploads\/2025\/01\/Foto-229-1-scaled.jpg\" alt=\"DIRETORIA ABREME \u2013 JO\u00c3O CARLOS FARIA J\u00daNIOR \u2013 PAULO HENRIQUE DURCI \u2013 GERSON SALLES \u2013 REINALDO GAVIOLI \u2013 FRANCISCO SIMON \u2013 VERIDIANA GANNAM BERNABA JORGE \u2013 MARCOS A. A. SUTIRO \u2013 THIAGO ESPINHEIRA FERREIRA \u2013 PAULO ROBERTO DE CAMPOS E RICARDO RYOITI DAIZEM.\" \/><figcaption class=\"elementor-image-carousel-caption\">DIRETORIA ABREME \u2013 JO\u00c3O CARLOS FARIA J\u00daNIOR \u2013 PAULO HENRIQUE DURCI \u2013 GERSON SALLES \u2013 REINALDO GAVIOLI \u2013 FRANCISCO SIMON \u2013 VERIDIANA GANNAM BERNABA JORGE \u2013 MARCOS A. A. SUTIRO \u2013 THIAGO ESPINHEIRA FERREIRA \u2013 PAULO ROBERTO DE CAMPOS E RICARDO RYOITI DAIZEM.<\/figcaption><\/figure><\/div><div class=\"swiper-slide\" role=\"group\" aria-roledescription=\"slide\" aria-label=\"4 de 73\"><figure class=\"swiper-slide-inner\"><img decoding=\"async\" class=\"swiper-slide-image\" src=\"https:\/\/abreme.com.br\/wp-content\/uploads\/2025\/01\/Foto-257-1-scaled.jpg\" alt=\"PR\u00caMIO ABREME FORNECEDORES ANO 2024\" \/><figcaption class=\"elementor-image-carousel-caption\">PR\u00caMIO ABREME FORNECEDORES ANO 2024<\/figcaption><\/figure><\/div><div class=\"swiper-slide\" role=\"group\" aria-roledescription=\"slide\" aria-label=\"5 de 73\"><figure class=\"swiper-slide-inner\"><img decoding=\"async\" class=\"swiper-slide-image\" src=\"https:\/\/abreme.com.br\/wp-content\/uploads\/2025\/01\/Foto-106-1-scaled.jpg\" alt=\"Foto (106)\" \/><\/figure><\/div><div class=\"swiper-slide\" role=\"group\" aria-roledescription=\"slide\" aria-label=\"6 de 73\"><figure class=\"swiper-slide-inner\"><img decoding=\"async\" class=\"swiper-slide-image\" src=\"https:\/\/abreme.com.br\/wp-content\/uploads\/2025\/01\/Foto-118-1-scaled.jpg\" alt=\"Foto (118)\" \/><\/figure><\/div><div class=\"swiper-slide\" role=\"group\" aria-roledescription=\"slide\" aria-label=\"7 de 73\"><figure class=\"swiper-slide-inner\"><img decoding=\"async\" class=\"swiper-slide-image\" src=\"https:\/\/abreme.com.br\/wp-content\/uploads\/2025\/01\/Foto-124-1-scaled.jpg\" alt=\"Foto (124)\" \/><\/figure><\/div><div class=\"swiper-slide\" role=\"group\" aria-roledescription=\"slide\" aria-label=\"8 de 73\"><figure class=\"swiper-slide-inner\"><img decoding=\"async\" class=\"swiper-slide-image\" src=\"https:\/\/abreme.com.br\/wp-content\/uploads\/2025\/01\/Foto-125-1-scaled.jpg\" alt=\"Foto (125)\" \/><\/figure><\/div><div class=\"swiper-slide\" role=\"group\" aria-roledescription=\"slide\" aria-label=\"9 de 73\"><figure class=\"swiper-slide-inner\"><img decoding=\"async\" class=\"swiper-slide-image\" src=\"https:\/\/abreme.com.br\/wp-content\/uploads\/2025\/01\/Foto-126-1-scaled.jpg\" alt=\"EL\u00c9TRICA COMERCIAL ANDRA LTDA \u2013 DIRETOR ABREME JO\u00c3O CARLOS FARIA J\u00daNIOR\" \/><figcaption class=\"elementor-image-carousel-caption\">EL\u00c9TRICA COMERCIAL ANDRA LTDA \u2013 DIRETOR ABREME JO\u00c3O CARLOS FARIA J\u00daNIOR <\/figcaption><\/figure><\/div><div class=\"swiper-slide\" role=\"group\" aria-roledescription=\"slide\" aria-label=\"10 de 73\"><figure class=\"swiper-slide-inner\"><img decoding=\"async\" class=\"swiper-slide-image\" src=\"https:\/\/abreme.com.br\/wp-content\/uploads\/2025\/01\/Foto-127-1-scaled.jpg\" alt=\"CROSSFOX COMERCIAL DE CONDUTORES EL\u00c9TRICOS LTDA \u2013 DIRETOR ABREME PAULO HENRIQUE DURCI\" \/><figcaption class=\"elementor-image-carousel-caption\">CROSSFOX COMERCIAL DE CONDUTORES EL\u00c9TRICOS LTDA \u2013 DIRETOR ABREME PAULO HENRIQUE DURCI<\/figcaption><\/figure><\/div><div class=\"swiper-slide\" role=\"group\" aria-roledescription=\"slide\" aria-label=\"11 de 73\"><figure class=\"swiper-slide-inner\"><img decoding=\"async\" class=\"swiper-slide-image\" src=\"https:\/\/abreme.com.br\/wp-content\/uploads\/2025\/01\/Foto-128-1-scaled.jpg\" alt=\"EL\u00c9TRICA BAHIANA \u2013 DIRETOR ABREME THIAGO ESPINHEIRA FERREIRA\" \/><figcaption class=\"elementor-image-carousel-caption\">EL\u00c9TRICA BAHIANA \u2013 DIRETOR ABREME THIAGO ESPINHEIRA FERREIRA<\/figcaption><\/figure><\/div><div class=\"swiper-slide\" role=\"group\" aria-roledescription=\"slide\" aria-label=\"12 de 73\"><figure class=\"swiper-slide-inner\"><img decoding=\"async\" class=\"swiper-slide-image\" src=\"https:\/\/abreme.com.br\/wp-content\/uploads\/2025\/01\/Foto-129-2-scaled.jpg\" alt=\"GRUPO KLINT \u2013 DIRETOR ABREME REINALDO GAVIOLI\" \/><figcaption class=\"elementor-image-carousel-caption\">GRUPO KLINT \u2013 DIRETOR ABREME REINALDO GAVIOLI<\/figcaption><\/figure><\/div><div class=\"swiper-slide\" role=\"group\" aria-roledescription=\"slide\" aria-label=\"13 de 73\"><figure class=\"swiper-slide-inner\"><img decoding=\"async\" class=\"swiper-slide-image\" src=\"https:\/\/abreme.com.br\/wp-content\/uploads\/2025\/01\/Foto-130-1-scaled.jpg\" alt=\"GRUPO MATER \u2013 DIRETOR ABREME MARCOS AUGUSTO ANGELIERI SUTIRO\" \/><figcaption class=\"elementor-image-carousel-caption\">GRUPO MATER \u2013 DIRETOR ABREME MARCOS AUGUSTO ANGELIERI SUTIRO<\/figcaption><\/figure><\/div><div class=\"swiper-slide\" role=\"group\" aria-roledescription=\"slide\" aria-label=\"14 de 73\"><figure class=\"swiper-slide-inner\"><img decoding=\"async\" class=\"swiper-slide-image\" src=\"https:\/\/abreme.com.br\/wp-content\/uploads\/2025\/01\/Foto-131-1-scaled.jpg\" alt=\"META MATERIAIS EL\u00c9TRICOS LTDA \u2013 DIRETOR ABREME PAULO ROBERTO DE CAMPOS\" \/><figcaption class=\"elementor-image-carousel-caption\">META MATERIAIS EL\u00c9TRICOS LTDA \u2013 DIRETOR ABREME PAULO ROBERTO DE CAMPOS<\/figcaption><\/figure><\/div><div class=\"swiper-slide\" role=\"group\" aria-roledescription=\"slide\" aria-label=\"15 de 73\"><figure class=\"swiper-slide-inner\"><img decoding=\"async\" class=\"swiper-slide-image\" src=\"https:\/\/abreme.com.br\/wp-content\/uploads\/2025\/01\/Foto-132-scaled.jpg\" alt=\"PLENOBR\u00c1S DISTR. EL\u00c9TRICA E HIDR\u00c1ULICA LTDA \u2013 DIRETOR ABREME GERSON RICARDO S. DA SILVA\" \/><figcaption class=\"elementor-image-carousel-caption\">PLENOBR\u00c1S DISTR. EL\u00c9TRICA E HIDR\u00c1ULICA LTDA \u2013 DIRETOR ABREME GERSON RICARDO S. DA SILVA<\/figcaption><\/figure><\/div><div class=\"swiper-slide\" role=\"group\" aria-roledescription=\"slide\" aria-label=\"16 de 73\"><figure class=\"swiper-slide-inner\"><img decoding=\"async\" class=\"swiper-slide-image\" src=\"https:\/\/abreme.com.br\/wp-content\/uploads\/2025\/01\/Foto-133-1-scaled.jpg\" alt=\"PORTAL COMERCIAL EL\u00c9TRICA \u2013 DIRETOR ABREME FRANCISCO SIMON\" \/><figcaption class=\"elementor-image-carousel-caption\">PORTAL COMERCIAL EL\u00c9TRICA \u2013 DIRETOR ABREME FRANCISCO SIMON<\/figcaption><\/figure><\/div><div class=\"swiper-slide\" role=\"group\" aria-roledescription=\"slide\" aria-label=\"17 de 73\"><figure class=\"swiper-slide-inner\"><img decoding=\"async\" class=\"swiper-slide-image\" src=\"https:\/\/abreme.com.br\/wp-content\/uploads\/2025\/01\/Foto-134-1-scaled.jpg\" alt=\"SONEPAR SOUTH AMERICA \u2013 DIRETOR ABREME RICARDO RYOITI DAIZEM\" \/><figcaption class=\"elementor-image-carousel-caption\">SONEPAR SOUTH AMERICA \u2013 DIRETOR ABREME RICARDO RYOITI DAIZEM<\/figcaption><\/figure><\/div><div class=\"swiper-slide\" role=\"group\" aria-roledescription=\"slide\" aria-label=\"18 de 73\"><figure class=\"swiper-slide-inner\"><img decoding=\"async\" class=\"swiper-slide-image\" src=\"https:\/\/abreme.com.br\/wp-content\/uploads\/2025\/01\/Foto-135-scaled.jpg\" alt=\"SANTIL COMERCIAL EL\u00c9TRICA \u2013 DIRETORA ABREME VERIDIANA GANNAM BERNABA JORGE\" \/><figcaption class=\"elementor-image-carousel-caption\">SANTIL COMERCIAL EL\u00c9TRICA \u2013 DIRETORA ABREME VERIDIANA GANNAM BERNABA JORGE<\/figcaption><\/figure><\/div><div class=\"swiper-slide\" role=\"group\" aria-roledescription=\"slide\" aria-label=\"19 de 73\"><figure class=\"swiper-slide-inner\"><img decoding=\"async\" class=\"swiper-slide-image\" src=\"https:\/\/abreme.com.br\/wp-content\/uploads\/2025\/01\/Foto-141-1-scaled.jpg\" alt=\"TROF\u00c9US \u201c PR\u00caMIO ABREME FORNECEDORES \u2013 PR\u00caMIO PERSONA ABREME 2024\u201d\" \/><figcaption class=\"elementor-image-carousel-caption\">TROF\u00c9US \u201c PR\u00caMIO ABREME FORNECEDORES \u2013 PR\u00caMIO PERSONA ABREME 2024\u201d<\/figcaption><\/figure><\/div><div class=\"swiper-slide\" role=\"group\" aria-roledescription=\"slide\" aria-label=\"20 de 73\"><figure class=\"swiper-slide-inner\"><img decoding=\"async\" class=\"swiper-slide-image\" src=\"https:\/\/abreme.com.br\/wp-content\/uploads\/2025\/01\/Foto-291-1-scaled.jpg\" alt=\"MOMENTO SOLENE  - HINO NACIONAL BRASILEIRO\" \/><figcaption class=\"elementor-image-carousel-caption\">MOMENTO SOLENE  - HINO NACIONAL BRASILEIRO<\/figcaption><\/figure><\/div><div class=\"swiper-slide\" role=\"group\" aria-roledescription=\"slide\" aria-label=\"21 de 73\"><figure class=\"swiper-slide-inner\"><img decoding=\"async\" class=\"swiper-slide-image\" src=\"https:\/\/abreme.com.br\/wp-content\/uploads\/2025\/01\/Foto-302-1.jpg\" alt=\"DISCURSO DE ABERTURA DO CERIMONIAL \u201cPR\u00caMIO ABREME FORNECEDORES \u2013 PR\u00caMIO PERSONA ABREME 2024\u201d REALIZADO PELO DIRETOR COLEGIADO ABREME GERSON SALLES\" \/><figcaption class=\"elementor-image-carousel-caption\">DISCURSO DE ABERTURA DO CERIMONIAL \u201cPR\u00caMIO ABREME FORNECEDORES \u2013 PR\u00caMIO PERSONA ABREME 2024\u201d REALIZADO PELO DIRETOR COLEGIADO ABREME GERSON SALLES<\/figcaption><\/figure><\/div><div class=\"swiper-slide\" role=\"group\" aria-roledescription=\"slide\" aria-label=\"22 de 73\"><figure class=\"swiper-slide-inner\"><img decoding=\"async\" class=\"swiper-slide-image\" src=\"https:\/\/abreme.com.br\/wp-content\/uploads\/2025\/01\/Foto-169-1-scaled.jpg\" alt=\"CM ASSESSORIA EM EVENTOS E SRTA. SANDRA SACCHELLI TRIPOLONE SECRET\u00c1RIA EXECUTIVA E ORGANIZADORA DO EVENTO \u201cPR\u00caMIO ABREME FORNECEDORES \u2013 PR\u00caMIO PERSONA ABREME 2024\u201d\" \/><figcaption class=\"elementor-image-carousel-caption\">CM ASSESSORIA EM EVENTOS E SRTA. SANDRA SACCHELLI TRIPOLONE SECRET\u00c1RIA EXECUTIVA E ORGANIZADORA DO EVENTO \u201cPR\u00caMIO ABREME FORNECEDORES \u2013 PR\u00caMIO PERSONA ABREME 2024\u201d<\/figcaption><\/figure><\/div><div class=\"swiper-slide\" role=\"group\" aria-roledescription=\"slide\" aria-label=\"23 de 73\"><figure class=\"swiper-slide-inner\"><img decoding=\"async\" class=\"swiper-slide-image\" src=\"https:\/\/abreme.com.br\/wp-content\/uploads\/2025\/01\/Foto-177-1-scaled.jpg\" alt=\"EQUIPE DE RECEP\u00c7\u00c3O DO EVENTO \u201cPR\u00caMIO ABREME FORNECEDORES \u2013 PR\u00caMIO PERSONA ABREME 2024\u201d\" \/><figcaption class=\"elementor-image-carousel-caption\">EQUIPE DE RECEP\u00c7\u00c3O DO EVENTO \u201cPR\u00caMIO ABREME FORNECEDORES \u2013 PR\u00caMIO PERSONA ABREME 2024\u201d<\/figcaption><\/figure><\/div><div class=\"swiper-slide\" role=\"group\" aria-roledescription=\"slide\" aria-label=\"24 de 73\"><figure class=\"swiper-slide-inner\"><img decoding=\"async\" class=\"swiper-slide-image\" src=\"https:\/\/abreme.com.br\/wp-content\/uploads\/2025\/01\/Foto-192-1-scaled.jpg\" alt=\"REDSTATION EVENTOS \u2013  NO VIOLINO ANA PAULA ELOI E NO TECLADO MARCELO FRENKIEL\" \/><figcaption class=\"elementor-image-carousel-caption\">REDSTATION EVENTOS \u2013  NO VIOLINO ANA PAULA ELOI E NO TECLADO MARCELO FRENKIEL<\/figcaption><\/figure><\/div><div class=\"swiper-slide\" role=\"group\" aria-roledescription=\"slide\" aria-label=\"25 de 73\"><figure class=\"swiper-slide-inner\"><img decoding=\"async\" class=\"swiper-slide-image\" src=\"https:\/\/abreme.com.br\/wp-content\/uploads\/2025\/01\/Foto-195-1-scaled.jpg\" alt=\"SILVIA - S\u00d3FIA E SANDRA ANTONELLI NALLI DA EMPRESA S.A.S NALLI\" \/><figcaption class=\"elementor-image-carousel-caption\">SILVIA - S\u00d3FIA E SANDRA ANTONELLI NALLI DA EMPRESA S.A.S NALLI<\/figcaption><\/figure><\/div><div class=\"swiper-slide\" role=\"group\" aria-roledescription=\"slide\" aria-label=\"26 de 73\"><figure class=\"swiper-slide-inner\"><img decoding=\"async\" class=\"swiper-slide-image\" src=\"https:\/\/abreme.com.br\/wp-content\/uploads\/2025\/01\/Foto-200-1-scaled.jpg\" alt=\"S\u00c9RGIO IACONO \u2013 PEDRO IACONO HOMENAGEADO PELA DIRETORIA ABREME \u2013 LORENZO IACONO.\" \/><figcaption class=\"elementor-image-carousel-caption\">S\u00c9RGIO IACONO \u2013 PEDRO IACONO HOMENAGEADO PELA DIRETORIA ABREME \u2013 LORENZO IACONO.<\/figcaption><\/figure><\/div><div class=\"swiper-slide\" role=\"group\" aria-roledescription=\"slide\" aria-label=\"27 de 73\"><figure class=\"swiper-slide-inner\"><img decoding=\"async\" class=\"swiper-slide-image\" src=\"https:\/\/abreme.com.br\/wp-content\/uploads\/2025\/01\/Foto-205-1-scaled.jpg\" alt=\"BEATRIZ DOBELIN (SIEMENS) \u2013 M\u00d4NICA SILVA (STECK)\" \/><figcaption class=\"elementor-image-carousel-caption\">BEATRIZ DOBELIN (SIEMENS) \u2013 M\u00d4NICA SILVA (STECK)<\/figcaption><\/figure><\/div><div class=\"swiper-slide\" role=\"group\" aria-roledescription=\"slide\" aria-label=\"28 de 73\"><figure class=\"swiper-slide-inner\"><img decoding=\"async\" class=\"swiper-slide-image\" src=\"https:\/\/abreme.com.br\/wp-content\/uploads\/2025\/01\/Foto-219-1-scaled.jpg\" alt=\"BEATRIZ DOBELIN \u2013 BIANCA CERVEIRA E DANILO ALONSO \u2013 SIEMENS\" \/><figcaption class=\"elementor-image-carousel-caption\">BEATRIZ DOBELIN \u2013 BIANCA CERVEIRA E DANILO ALONSO \u2013 SIEMENS <\/figcaption><\/figure><\/div><div class=\"swiper-slide\" role=\"group\" aria-roledescription=\"slide\" aria-label=\"29 de 73\"><figure class=\"swiper-slide-inner\"><img decoding=\"async\" class=\"swiper-slide-image\" src=\"https:\/\/abreme.com.br\/wp-content\/uploads\/2025\/01\/Foto-227-1-scaled.jpg\" alt=\"EDMAR CAMATTIO \u2013 LUCAS GALLEGO \u2013 LAURA DENIPOTTI E \u00caNIO CAL\u00c7AVARA \u2013 G. INTELLI\" \/><figcaption class=\"elementor-image-carousel-caption\">EDMAR CAMATTIO \u2013 LUCAS GALLEGO \u2013 LAURA DENIPOTTI E \u00caNIO CAL\u00c7AVARA \u2013 G. INTELLI<\/figcaption><\/figure><\/div><div class=\"swiper-slide\" role=\"group\" aria-roledescription=\"slide\" aria-label=\"30 de 73\"><figure class=\"swiper-slide-inner\"><img decoding=\"async\" class=\"swiper-slide-image\" src=\"https:\/\/abreme.com.br\/wp-content\/uploads\/2025\/01\/Foto-232-1-scaled.jpg\" alt=\"FRANCISCO SIMON (DIRETOR ABREME) \u2013 DAVI LOPES SCHNEIDER ELECTRIC \u2013 THIAGO ESPINEIRA (DIRETOR ABREME) \u2013 LORENZO SPEDICATO G. INTELLI E PAULO HENRIQUE DURCI (DIRETOR ABREME)\" \/><figcaption class=\"elementor-image-carousel-caption\">FRANCISCO SIMON (DIRETOR ABREME) \u2013 DAVI LOPES SCHNEIDER ELECTRIC \u2013 THIAGO ESPINEIRA (DIRETOR ABREME) \u2013 LORENZO SPEDICATO G. INTELLI E PAULO HENRIQUE DURCI (DIRETOR ABREME)<\/figcaption><\/figure><\/div><div class=\"swiper-slide\" role=\"group\" aria-roledescription=\"slide\" aria-label=\"31 de 73\"><figure class=\"swiper-slide-inner\"><img decoding=\"async\" class=\"swiper-slide-image\" src=\"https:\/\/abreme.com.br\/wp-content\/uploads\/2025\/01\/Foto-233-2-scaled.jpg\" alt=\"PEDRO PAULO ASSUMP\u00c7\u00c3O \u2013 RAFAEL RUAS COBRECOM \u2013 FRANCISCO SIMON (DIRETOR ABREME) \u2013 GUSTAVO RUAS \u2013 F\u00c1BIO FERRARA \u2013 PAULO ALESSANDRO DELGADO E BRUNO BITTAR COBRECOM\" \/><figcaption class=\"elementor-image-carousel-caption\">PEDRO PAULO ASSUMP\u00c7\u00c3O \u2013 RAFAEL RUAS COBRECOM \u2013 FRANCISCO SIMON (DIRETOR ABREME) \u2013 GUSTAVO RUAS \u2013 F\u00c1BIO FERRARA \u2013 PAULO ALESSANDRO DELGADO E BRUNO BITTAR COBRECOM<\/figcaption><\/figure><\/div><div class=\"swiper-slide\" role=\"group\" aria-roledescription=\"slide\" aria-label=\"32 de 73\"><figure class=\"swiper-slide-inner\"><img decoding=\"async\" class=\"swiper-slide-image\" src=\"https:\/\/abreme.com.br\/wp-content\/uploads\/2025\/01\/Foto-234-1-scaled.jpg\" alt=\"FL\u00c1VIA RUAS COBRECOM \u2013 FRANCISCO SIMON (DIRETOR ABREME) E IR\u00cdS RUAS COBRECOM\" \/><figcaption class=\"elementor-image-carousel-caption\">FL\u00c1VIA RUAS COBRECOM \u2013 FRANCISCO SIMON (DIRETOR ABREME) E IR\u00cdS RUAS COBRECOM <\/figcaption><\/figure><\/div><div class=\"swiper-slide\" role=\"group\" aria-roledescription=\"slide\" aria-label=\"33 de 73\"><figure class=\"swiper-slide-inner\"><img decoding=\"async\" class=\"swiper-slide-image\" src=\"https:\/\/abreme.com.br\/wp-content\/uploads\/2025\/01\/Foto-236-1-scaled.jpg\" alt=\"NICOLAS SARAIVA \u2013 LARA DOS SANTOS SIMON E FRANCISCO SIMON\" \/><figcaption class=\"elementor-image-carousel-caption\">NICOLAS SARAIVA \u2013 LARA DOS SANTOS SIMON E FRANCISCO SIMON <\/figcaption><\/figure><\/div><div class=\"swiper-slide\" role=\"group\" aria-roledescription=\"slide\" aria-label=\"34 de 73\"><figure class=\"swiper-slide-inner\"><img decoding=\"async\" class=\"swiper-slide-image\" src=\"https:\/\/abreme.com.br\/wp-content\/uploads\/2025\/01\/Foto-242-1-scaled.jpg\" alt=\"FOYER \u201cCASA GIARDINI\u201d \u2013 EVENTO \u201cPR\u00caMIO ABREME FORNECEDORES \u2013 PR\u00caMIO PERSONA ABREME 2024\u201d\" \/><figcaption class=\"elementor-image-carousel-caption\">FOYER \u201cCASA GIARDINI\u201d \u2013 EVENTO \u201cPR\u00caMIO ABREME FORNECEDORES \u2013 PR\u00caMIO PERSONA ABREME 2024\u201d<\/figcaption><\/figure><\/div><div class=\"swiper-slide\" role=\"group\" aria-roledescription=\"slide\" aria-label=\"35 de 73\"><figure class=\"swiper-slide-inner\"><img decoding=\"async\" class=\"swiper-slide-image\" src=\"https:\/\/abreme.com.br\/wp-content\/uploads\/2025\/01\/Foto-246-1-scaled.jpg\" alt=\"FOYER \u201cCASA GIARDINI\u201d \u2013 EVENTO \u201cPR\u00caMIO ABREME FORNECEDORES \u2013 PR\u00caMIO PERSONA ABREME 2024\u201d\" \/><figcaption class=\"elementor-image-carousel-caption\">FOYER \u201cCASA GIARDINI\u201d \u2013 EVENTO \u201cPR\u00caMIO ABREME FORNECEDORES \u2013 PR\u00caMIO PERSONA ABREME 2024\u201d<\/figcaption><\/figure><\/div><div class=\"swiper-slide\" role=\"group\" aria-roledescription=\"slide\" aria-label=\"36 de 73\"><figure class=\"swiper-slide-inner\"><img decoding=\"async\" class=\"swiper-slide-image\" src=\"https:\/\/abreme.com.br\/wp-content\/uploads\/2025\/01\/Foto-247-1-scaled.jpg\" alt=\"SAL\u00c3O DO CERIMONIAL \u201cPR\u00caMIO ABREME FORNECEDORES \u2013 PR\u00caMIO PERSONA ABREME 2024\u201d\" \/><figcaption class=\"elementor-image-carousel-caption\">SAL\u00c3O DO CERIMONIAL \u201cPR\u00caMIO ABREME FORNECEDORES \u2013 PR\u00caMIO PERSONA ABREME 2024\u201d<\/figcaption><\/figure><\/div><div class=\"swiper-slide\" role=\"group\" aria-roledescription=\"slide\" aria-label=\"37 de 73\"><figure class=\"swiper-slide-inner\"><img decoding=\"async\" class=\"swiper-slide-image\" src=\"https:\/\/abreme.com.br\/wp-content\/uploads\/2025\/01\/Foto-252-1-scaled.jpg\" alt=\"FOYER \u201cCASA GIARDINI\u201d \u2013 EVENTO \u201cPR\u00caMIO ABREME FORNECEDORES \u2013 PR\u00caMIO PERSONA ABREME 2024\u201d\" \/><figcaption class=\"elementor-image-carousel-caption\">FOYER \u201cCASA GIARDINI\u201d \u2013 EVENTO \u201cPR\u00caMIO ABREME FORNECEDORES \u2013 PR\u00caMIO PERSONA ABREME 2024\u201d<\/figcaption><\/figure><\/div><div class=\"swiper-slide\" role=\"group\" aria-roledescription=\"slide\" aria-label=\"38 de 73\"><figure class=\"swiper-slide-inner\"><img decoding=\"async\" class=\"swiper-slide-image\" src=\"https:\/\/abreme.com.br\/wp-content\/uploads\/2025\/01\/Foto-271-1-scaled.jpg\" alt=\"ADRIANA BITTAR \u2013 MESTRE DE CERIMONIAS \u201cPR\u00caMIO ABREME FORNECEDORES \u2013 PR\u00caMIO PERSONA ABREME 2024\u201d\" \/><figcaption class=\"elementor-image-carousel-caption\">ADRIANA BITTAR \u2013 MESTRE DE CERIMONIAS \u201cPR\u00caMIO ABREME FORNECEDORES \u2013 PR\u00caMIO PERSONA ABREME 2024\u201d<\/figcaption><\/figure><\/div><div class=\"swiper-slide\" role=\"group\" aria-roledescription=\"slide\" aria-label=\"39 de 73\"><figure class=\"swiper-slide-inner\"><img decoding=\"async\" class=\"swiper-slide-image\" src=\"https:\/\/abreme.com.br\/wp-content\/uploads\/2025\/01\/Foto-303-1-scaled.jpg\" alt=\"PATROCINADORA DO EVENTO \u201cPR\u00caMIO ABREME FORNECEDORES\u201d STECK DISTRIBUIDORA\" \/><figcaption class=\"elementor-image-carousel-caption\">PATROCINADORA DO EVENTO \u201cPR\u00caMIO ABREME FORNECEDORES\u201d STECK DISTRIBUIDORA<\/figcaption><\/figure><\/div><div class=\"swiper-slide\" role=\"group\" aria-roledescription=\"slide\" aria-label=\"40 de 73\"><figure class=\"swiper-slide-inner\"><img decoding=\"async\" class=\"swiper-slide-image\" src=\"https:\/\/abreme.com.br\/wp-content\/uploads\/2025\/01\/Foto-304-1-scaled.jpg\" alt=\"PATROCINADORA DO EVENTO \u201cPR\u00caMIO ABREME FORNECEDORES\u201d SIL FIOS\" \/><figcaption class=\"elementor-image-carousel-caption\">PATROCINADORA DO EVENTO \u201cPR\u00caMIO ABREME FORNECEDORES\u201d SIL FIOS<\/figcaption><\/figure><\/div><div class=\"swiper-slide\" role=\"group\" aria-roledescription=\"slide\" aria-label=\"41 de 73\"><figure class=\"swiper-slide-inner\"><img decoding=\"async\" class=\"swiper-slide-image\" src=\"https:\/\/abreme.com.br\/wp-content\/uploads\/2025\/01\/Foto-305-1-scaled.jpg\" alt=\"PATROCINADORA DO EVENTO \u201cPR\u00caMIO ABREME FORNECEDORES\u201d AVANT LUX\" \/><figcaption class=\"elementor-image-carousel-caption\">PATROCINADORA DO EVENTO \u201cPR\u00caMIO ABREME FORNECEDORES\u201d AVANT LUX <\/figcaption><\/figure><\/div><div class=\"swiper-slide\" role=\"group\" aria-roledescription=\"slide\" aria-label=\"42 de 73\"><figure class=\"swiper-slide-inner\"><img decoding=\"async\" class=\"swiper-slide-image\" src=\"https:\/\/abreme.com.br\/wp-content\/uploads\/2025\/01\/Foto-306-1-scaled.jpg\" alt=\"PATROCINADORA DO EVENTO \u201cPR\u00caMIO ABREME FORNECEDORES\u201d LEGRAND\" \/><figcaption class=\"elementor-image-carousel-caption\">PATROCINADORA DO EVENTO \u201cPR\u00caMIO ABREME FORNECEDORES\u201d LEGRAND<\/figcaption><\/figure><\/div><div class=\"swiper-slide\" role=\"group\" aria-roledescription=\"slide\" aria-label=\"43 de 73\"><figure class=\"swiper-slide-inner\"><img decoding=\"async\" class=\"swiper-slide-image\" src=\"https:\/\/abreme.com.br\/wp-content\/uploads\/2025\/01\/Foto-307-1-scaled.jpg\" alt=\"PATROCINADORA DO EVENTO \u201cPR\u00caMIO ABREME FORNECEDORES\u201d SCHNEIDER ELECTRIC\" \/><figcaption class=\"elementor-image-carousel-caption\">PATROCINADORA DO EVENTO \u201cPR\u00caMIO ABREME FORNECEDORES\u201d SCHNEIDER ELECTRIC<\/figcaption><\/figure><\/div><div class=\"swiper-slide\" role=\"group\" aria-roledescription=\"slide\" aria-label=\"44 de 73\"><figure class=\"swiper-slide-inner\"><img decoding=\"async\" class=\"swiper-slide-image\" src=\"https:\/\/abreme.com.br\/wp-content\/uploads\/2025\/01\/Foto-314-1-scaled.jpg\" alt=\"SAL\u00c3O DO CERIMONIAL \u201cPR\u00caMIO ABREME FORNECEDORES \u2013 PR\u00caMIO PERSONA ABREME 2024\u201d\" \/><figcaption class=\"elementor-image-carousel-caption\">SAL\u00c3O DO CERIMONIAL \u201cPR\u00caMIO ABREME FORNECEDORES \u2013 PR\u00caMIO PERSONA ABREME 2024\u201d<\/figcaption><\/figure><\/div><div class=\"swiper-slide\" role=\"group\" aria-roledescription=\"slide\" aria-label=\"45 de 73\"><figure class=\"swiper-slide-inner\"><img decoding=\"async\" class=\"swiper-slide-image\" src=\"https:\/\/abreme.com.br\/wp-content\/uploads\/2025\/01\/Foto-318-1-scaled.jpg\" alt=\"SAL\u00c3O DO CERIMONIAL \u201cPR\u00caMIO ABREME FORNECEDORES \u2013 PR\u00caMIO PERSONA ABREME 2024\u201d\" \/><figcaption class=\"elementor-image-carousel-caption\">SAL\u00c3O DO CERIMONIAL \u201cPR\u00caMIO ABREME FORNECEDORES \u2013 PR\u00caMIO PERSONA ABREME 2024\u201d<\/figcaption><\/figure><\/div><div class=\"swiper-slide\" role=\"group\" aria-roledescription=\"slide\" aria-label=\"46 de 73\"><figure class=\"swiper-slide-inner\"><img decoding=\"async\" class=\"swiper-slide-image\" src=\"https:\/\/abreme.com.br\/wp-content\/uploads\/2025\/01\/Foto-319-1-scaled.jpg\" alt=\"SAL\u00c3O DO CERIMONIAL \u201cPR\u00caMIO ABREME FORNECEDORES \u2013 PR\u00caMIO PERSONA ABREME 2024\u201d\" \/><figcaption class=\"elementor-image-carousel-caption\">SAL\u00c3O DO CERIMONIAL \u201cPR\u00caMIO ABREME FORNECEDORES \u2013 PR\u00caMIO PERSONA ABREME 2024\u201d<\/figcaption><\/figure><\/div><div class=\"swiper-slide\" role=\"group\" aria-roledescription=\"slide\" aria-label=\"47 de 73\"><figure class=\"swiper-slide-inner\"><img decoding=\"async\" class=\"swiper-slide-image\" src=\"https:\/\/abreme.com.br\/wp-content\/uploads\/2025\/01\/Foto-333-1-scaled.jpg\" alt=\"SEGMENTO ILUMINA\u00c7\u00c3O \u2013 AS SETE EMPRESAS INDICADAS AO \u201cPR\u00caMIO ABREME FORNECEDORES\u201d\" \/><figcaption class=\"elementor-image-carousel-caption\">SEGMENTO ILUMINA\u00c7\u00c3O \u2013 AS SETE EMPRESAS INDICADAS AO \u201cPR\u00caMIO ABREME FORNECEDORES\u201d<\/figcaption><\/figure><\/div><div class=\"swiper-slide\" role=\"group\" aria-roledescription=\"slide\" aria-label=\"48 de 73\"><figure class=\"swiper-slide-inner\"><img decoding=\"async\" class=\"swiper-slide-image\" src=\"https:\/\/abreme.com.br\/wp-content\/uploads\/2025\/01\/Foto-347-1-scaled.jpg\" alt=\"SEGMENTO FIOS E CABOS \u2013 AS SETE EMPRESAS INDICADAS AO \u201cPR\u00caMIO ABREME FORNECEDORES\u201d\" \/><figcaption class=\"elementor-image-carousel-caption\">SEGMENTO FIOS E CABOS \u2013 AS SETE EMPRESAS INDICADAS AO \u201cPR\u00caMIO ABREME FORNECEDORES\u201d<\/figcaption><\/figure><\/div><div class=\"swiper-slide\" role=\"group\" aria-roledescription=\"slide\" aria-label=\"49 de 73\"><figure class=\"swiper-slide-inner\"><img decoding=\"async\" class=\"swiper-slide-image\" src=\"https:\/\/abreme.com.br\/wp-content\/uploads\/2025\/01\/Foto-360-1-scaled.jpg\" alt=\"SEGMENTO DISPOSITIVOS EL\u00c9TRICOS RESIDENCIAIS \u2013 AS SETE EMPRESAS INDICADAS AO \u201cPR\u00caMIO ABREME FORNECEDORES\u201d\" \/><figcaption class=\"elementor-image-carousel-caption\">SEGMENTO DISPOSITIVOS EL\u00c9TRICOS RESIDENCIAIS \u2013 AS SETE EMPRESAS INDICADAS AO \u201cPR\u00caMIO ABREME FORNECEDORES\u201d<\/figcaption><\/figure><\/div><div class=\"swiper-slide\" role=\"group\" aria-roledescription=\"slide\" aria-label=\"50 de 73\"><figure class=\"swiper-slide-inner\"><img decoding=\"async\" class=\"swiper-slide-image\" src=\"https:\/\/abreme.com.br\/wp-content\/uploads\/2025\/01\/Foto-380-1-scaled.jpg\" alt=\"SEGMENTO DISPOSITIVOS EL\u00c9TRICOS INDUSTRIAIS \u2013 AS SETE EMPRESAS INDICADAS AO \u201cPR\u00caMIO ABREME FORNECEDORES\u201d\" \/><figcaption class=\"elementor-image-carousel-caption\">SEGMENTO DISPOSITIVOS EL\u00c9TRICOS INDUSTRIAIS \u2013 AS SETE EMPRESAS INDICADAS AO \u201cPR\u00caMIO ABREME FORNECEDORES\u201d<\/figcaption><\/figure><\/div><div class=\"swiper-slide\" role=\"group\" aria-roledescription=\"slide\" aria-label=\"51 de 73\"><figure class=\"swiper-slide-inner\"><img decoding=\"async\" class=\"swiper-slide-image\" src=\"https:\/\/abreme.com.br\/wp-content\/uploads\/2025\/01\/Imagem-do-WhatsApp-de-2025-01-17-as-08.35.33_ba63f5e3.jpg\" alt=\"SEGMENTO INFRAESTRUTURA \u2013 AS SETE EMPRESAS INDICADAS AO \u201cPR\u00caMIO ABREME FORNECEDORES\u201d\" \/><figcaption class=\"elementor-image-carousel-caption\">SEGMENTO INFRAESTRUTURA \u2013 AS SETE EMPRESAS INDICADAS AO \u201cPR\u00caMIO ABREME FORNECEDORES\u201d<\/figcaption><\/figure><\/div><div class=\"swiper-slide\" role=\"group\" aria-roledescription=\"slide\" aria-label=\"52 de 73\"><figure class=\"swiper-slide-inner\"><img decoding=\"async\" class=\"swiper-slide-image\" src=\"https:\/\/abreme.com.br\/wp-content\/uploads\/2025\/01\/Foto-422-1.jpg\" alt=\"SR. PEDRO IACONO FUNDADOR E 1\u00ba PRESIDENTE DA ASSOCIA\u00c7\u00c3O EM DISCURSO DE AGRADECIMENTO PELA HOMENAGEM PRESTADA PELA DIRETORIA ABREME\" \/><figcaption class=\"elementor-image-carousel-caption\">SR. PEDRO IACONO FUNDADOR E 1\u00ba PRESIDENTE DA ASSOCIA\u00c7\u00c3O EM DISCURSO DE AGRADECIMENTO PELA HOMENAGEM PRESTADA PELA DIRETORIA ABREME<\/figcaption><\/figure><\/div><div class=\"swiper-slide\" role=\"group\" aria-roledescription=\"slide\" aria-label=\"53 de 73\"><figure class=\"swiper-slide-inner\"><img decoding=\"async\" class=\"swiper-slide-image\" src=\"https:\/\/abreme.com.br\/wp-content\/uploads\/2025\/01\/Foto-421-1-scaled.jpg\" alt=\"SR. PEDRO IACONO FUNDADOR E 1\u00ba PRESIDENTE DA ABREME AO LADO DE MARCOS SUTIRO (DIRETOR ABREME) MOMENTO EM QUE RECEBE A PLACA DE HOMENAGEM\" \/><figcaption class=\"elementor-image-carousel-caption\">SR. PEDRO IACONO FUNDADOR E 1\u00ba PRESIDENTE DA ABREME AO LADO DE MARCOS SUTIRO (DIRETOR ABREME) MOMENTO EM QUE RECEBE A PLACA DE HOMENAGEM<\/figcaption><\/figure><\/div><div class=\"swiper-slide\" role=\"group\" aria-roledescription=\"slide\" aria-label=\"54 de 73\"><figure class=\"swiper-slide-inner\"><img decoding=\"async\" class=\"swiper-slide-image\" src=\"https:\/\/abreme.com.br\/wp-content\/uploads\/2025\/01\/Foto-432-1-scaled.jpg\" alt=\"FRANCISCO SIMON (DIRETOR ABREME) PARABENIZANDO SR. PEDRO IACONO PELA HOMENAGEM RECEBIDA\" \/><figcaption class=\"elementor-image-carousel-caption\">FRANCISCO SIMON (DIRETOR ABREME) PARABENIZANDO SR. PEDRO IACONO PELA HOMENAGEM RECEBIDA<\/figcaption><\/figure><\/div><div class=\"swiper-slide\" role=\"group\" aria-roledescription=\"slide\" aria-label=\"55 de 73\"><figure class=\"swiper-slide-inner\"><img decoding=\"async\" class=\"swiper-slide-image\" src=\"https:\/\/abreme.com.br\/wp-content\/uploads\/2025\/01\/Foto-450-2-scaled.jpg\" alt=\"PAULO ROBERTO DE CAMPOS (DIRETOR ABREME) \u2013 JACKSON SANTOS \u2013 GUSTAVO RUAS \u2013 RAFAEL RUAS DA EMPRESA COBRECOM \u2013 FRANCISCO SIMON (DIRETOR ABREME) NA ENTREGA DA HOMENAGEM P\u00d3STUMA TROFEU PERSONA A SR. REINALDO RUAS PAI E FUNDADOR DA COBRECOM\" \/><figcaption class=\"elementor-image-carousel-caption\">PAULO ROBERTO DE CAMPOS (DIRETOR ABREME) \u2013 JACKSON SANTOS \u2013 GUSTAVO RUAS \u2013 RAFAEL RUAS DA EMPRESA COBRECOM \u2013 FRANCISCO SIMON (DIRETOR ABREME) NA ENTREGA DA HOMENAGEM P\u00d3STUMA TROFEU PERSONA A SR. REINALDO RUAS PAI E FUNDADOR DA COBRECOM<\/figcaption><\/figure><\/div><div class=\"swiper-slide\" role=\"group\" aria-roledescription=\"slide\" aria-label=\"56 de 73\"><figure class=\"swiper-slide-inner\"><img decoding=\"async\" class=\"swiper-slide-image\" src=\"https:\/\/abreme.com.br\/wp-content\/uploads\/2025\/01\/Foto-448-1-scaled.jpg\" alt=\"JACKSON SANTOS \u2013 GUSTAVO RUAS E RAFAEL RUAS DIRETORES DA EMPRESA COBRECOM RECEBEM DAS M\u00c3OS DE FRANCISCO SIMON (DIRETOR ABREME) O TROF\u00c9U EM HOMENAGEM P\u00d3STUMA A REINALDO RUAS FUNDADOR DA EMPRESA E PAI DE GUSTAVO E RAFAEL\" \/><figcaption class=\"elementor-image-carousel-caption\">JACKSON SANTOS \u2013 GUSTAVO RUAS E RAFAEL RUAS DIRETORES DA EMPRESA COBRECOM RECEBEM DAS M\u00c3OS DE FRANCISCO SIMON (DIRETOR ABREME) O TROF\u00c9U EM HOMENAGEM P\u00d3STUMA A REINALDO RUAS FUNDADOR DA EMPRESA E PAI DE GUSTAVO E RAFAEL<\/figcaption><\/figure><\/div><div class=\"swiper-slide\" role=\"group\" aria-roledescription=\"slide\" aria-label=\"57 de 73\"><figure class=\"swiper-slide-inner\"><img decoding=\"async\" class=\"swiper-slide-image\" src=\"https:\/\/abreme.com.br\/wp-content\/uploads\/2025\/01\/Foto-446-1-scaled.jpg\" alt=\"JACKSON SANTOS \u2013 GUSTAVO RUAS E RAFAEL RUAS EM AGRADECIMENTO PELO RECEBIMENTO DOS TR\u00d3FEUS \u201cPERSONA ABREME 2024\u201d\" \/><figcaption class=\"elementor-image-carousel-caption\">JACKSON SANTOS \u2013 GUSTAVO RUAS E RAFAEL RUAS EM AGRADECIMENTO PELO RECEBIMENTO DOS TR\u00d3FEUS \u201cPERSONA ABREME 2024\u201d<\/figcaption><\/figure><\/div><div class=\"swiper-slide\" role=\"group\" aria-roledescription=\"slide\" aria-label=\"58 de 73\"><figure class=\"swiper-slide-inner\"><img decoding=\"async\" class=\"swiper-slide-image\" src=\"https:\/\/abreme.com.br\/wp-content\/uploads\/2025\/01\/Foto-472-1-scaled.jpg\" alt=\"LARA DOS SANTOS SIMON \u2013 FRANCISCO SIMON (DIRETOR ABREME) TABATA JONSON E J\u00daNIOR ARA\u00daJO DA EMPRESA PERFIL L\u00cdDER PATROCINADORA DO EVENTO  \u201cPR\u00caMIO ABREME FORNECEDORES\u201d\" \/><figcaption class=\"elementor-image-carousel-caption\">LARA DOS SANTOS SIMON \u2013 FRANCISCO SIMON (DIRETOR ABREME) TABATA JONSON E J\u00daNIOR ARA\u00daJO DA EMPRESA PERFIL L\u00cdDER PATROCINADORA DO EVENTO  \u201cPR\u00caMIO ABREME FORNECEDORES\u201d<\/figcaption><\/figure><\/div><div class=\"swiper-slide\" role=\"group\" aria-roledescription=\"slide\" aria-label=\"59 de 73\"><figure class=\"swiper-slide-inner\"><img decoding=\"async\" class=\"swiper-slide-image\" src=\"https:\/\/abreme.com.br\/wp-content\/uploads\/2025\/01\/Foto-224-1-scaled.jpg\" alt=\"AMANDA SOARES E S\u00d3FIA AGUIAR DA EMPRESA AVANT PATROCINADORA DO EVENTO \u201cPR\u00caMIO ABREME FORNECEDORES\u201d\" \/><figcaption class=\"elementor-image-carousel-caption\">AMANDA SOARES E S\u00d3FIA AGUIAR DA EMPRESA AVANT PATROCINADORA DO EVENTO \u201cPR\u00caMIO ABREME FORNECEDORES\u201d<\/figcaption><\/figure><\/div><div class=\"swiper-slide\" role=\"group\" aria-roledescription=\"slide\" aria-label=\"60 de 73\"><figure class=\"swiper-slide-inner\"><img decoding=\"async\" class=\"swiper-slide-image\" src=\"https:\/\/abreme.com.br\/wp-content\/uploads\/2025\/01\/Foto-501-1-scaled.jpg\" alt=\"CARINI SILVA ESPOSA DO DIRETOR ABREME GERSON SALLES E LEONARDO SALLES FILHO DO CASAL\" \/><figcaption class=\"elementor-image-carousel-caption\">CARINI SILVA ESPOSA DO DIRETOR ABREME GERSON SALLES E LEONARDO SALLES FILHO DO CASAL<\/figcaption><\/figure><\/div><div class=\"swiper-slide\" role=\"group\" aria-roledescription=\"slide\" aria-label=\"61 de 73\"><figure class=\"swiper-slide-inner\"><img decoding=\"async\" class=\"swiper-slide-image\" src=\"https:\/\/abreme.com.br\/wp-content\/uploads\/2025\/01\/Foto-265-1-scaled.jpg\" alt=\"F\u00c1BIO ADDIAS \u2013 PEDRO MORELLI \u2013 HARLEY DE FREITAS \u2013 JOS\u00c9 RUBENS E WALTER SEDANO DA EMPRESA SIL FIOS\" \/><figcaption class=\"elementor-image-carousel-caption\">F\u00c1BIO ADDIAS \u2013 PEDRO MORELLI \u2013 HARLEY DE FREITAS \u2013 JOS\u00c9 RUBENS E WALTER SEDANO DA EMPRESA SIL FIOS<\/figcaption><\/figure><\/div><div class=\"swiper-slide\" role=\"group\" aria-roledescription=\"slide\" aria-label=\"62 de 73\"><figure class=\"swiper-slide-inner\"><img decoding=\"async\" class=\"swiper-slide-image\" src=\"https:\/\/abreme.com.br\/wp-content\/uploads\/2025\/01\/Foto-235-1-scaled.jpg\" alt=\"JOS\u00c9 RUBENS \u2013 ANA LU\u00cdZA BARONE \u2013 MARCELO BARONE \u2013 HARLEY DE FREITAS \u2013 LUCIANA BARONE DE FREITAS \u2013 MARIA LU\u00cdZA BARONE \u2013 SILVIO BARONE DA EMPRESA SIL FIOS \u2013 THIAGO ESPINHEIRA (DIRETOR ABREME) \u2013 PEDRO MORELLI E F\u00c1BIO ADDIAS DA EMPRESA SIL FIOS\" \/><figcaption class=\"elementor-image-carousel-caption\">JOS\u00c9 RUBENS \u2013 ANA LU\u00cdZA BARONE \u2013 MARCELO BARONE \u2013 HARLEY DE FREITAS \u2013 LUCIANA BARONE DE FREITAS \u2013 MARIA LU\u00cdZA BARONE \u2013 SILVIO BARONE DA EMPRESA SIL FIOS \u2013 THIAGO ESPINHEIRA (DIRETOR ABREME) \u2013 PEDRO MORELLI E F\u00c1BIO ADDIAS DA EMPRESA SIL FIOS<\/figcaption><\/figure><\/div><div class=\"swiper-slide\" role=\"group\" aria-roledescription=\"slide\" aria-label=\"63 de 73\"><figure class=\"swiper-slide-inner\"><img decoding=\"async\" class=\"swiper-slide-image\" src=\"https:\/\/abreme.com.br\/wp-content\/uploads\/2025\/01\/Foto-261-1-scaled.jpg\" alt=\"MARCOS A.A. SUTIRO (DIRETOR ABREME) \u2013 ENG. JOS\u00c9 FRANCISCO R. SOARES DA EMPRESA WEG \u2013 RICARDO R. DAIZEM (DIRETOR ABREME) E PAULO ROG\u00c9RIO BRAZ DA EMPRESA WEG\" \/><figcaption class=\"elementor-image-carousel-caption\">MARCOS A.A. SUTIRO (DIRETOR ABREME) \u2013 ENG. JOS\u00c9 FRANCISCO R. SOARES DA EMPRESA WEG \u2013 RICARDO R. DAIZEM (DIRETOR ABREME) E PAULO ROG\u00c9RIO BRAZ DA EMPRESA WEG<\/figcaption><\/figure><\/div><div class=\"swiper-slide\" role=\"group\" aria-roledescription=\"slide\" aria-label=\"64 de 73\"><figure class=\"swiper-slide-inner\"><img decoding=\"async\" class=\"swiper-slide-image\" src=\"https:\/\/abreme.com.br\/wp-content\/uploads\/2025\/01\/Foto-202-1-scaled.jpg\" alt=\"PAULO PALMA \u2013 HERIG NASCIMENTO DA EMPRESA ELITEK \u2013 WANDERLEY SOUTO E LARISSA ARA\u00daJO DA EMPRESA CHINT GLOBAL\" \/><figcaption class=\"elementor-image-carousel-caption\">PAULO PALMA \u2013 HERIG NASCIMENTO DA EMPRESA ELITEK \u2013 WANDERLEY SOUTO E LARISSA ARA\u00daJO DA EMPRESA CHINT GLOBAL<\/figcaption><\/figure><\/div><div class=\"swiper-slide\" role=\"group\" aria-roledescription=\"slide\" aria-label=\"65 de 73\"><figure class=\"swiper-slide-inner\"><img decoding=\"async\" class=\"swiper-slide-image\" src=\"https:\/\/abreme.com.br\/wp-content\/uploads\/2025\/01\/Foto-220-1-scaled.jpg\" alt=\"WAGNER ALESSANDRO CAPITANI \u2013 WAGNER CAPITANI DA EMPRESA WALE CONDUTORES \u2013 ANDR\u00c9 LUIZ WETZEL \u2013 NICOLE WETZEL DA EMPRESA WETZEL\" \/><figcaption class=\"elementor-image-carousel-caption\">WAGNER ALESSANDRO CAPITANI \u2013 WAGNER CAPITANI DA EMPRESA WALE CONDUTORES \u2013 ANDR\u00c9 LUIZ WETZEL \u2013 NICOLE WETZEL DA EMPRESA WETZEL<\/figcaption><\/figure><\/div><div class=\"swiper-slide\" role=\"group\" aria-roledescription=\"slide\" aria-label=\"66 de 73\"><figure class=\"swiper-slide-inner\"><img decoding=\"async\" class=\"swiper-slide-image\" src=\"https:\/\/abreme.com.br\/wp-content\/uploads\/2025\/01\/Foto-238-1-scaled.jpg\" alt=\"WAGNER CAPITANI DA EMPRESA WALE CONDUTORES \u2013 FRANCISCO SIMON (DIRETOR ABREME) \u2013 NELSON REBELATO DA EMPRESA LEGRAND\" \/><figcaption class=\"elementor-image-carousel-caption\">WAGNER CAPITANI DA EMPRESA WALE CONDUTORES \u2013 FRANCISCO SIMON (DIRETOR ABREME) \u2013 NELSON REBELATO DA EMPRESA LEGRAND<\/figcaption><\/figure><\/div><div class=\"swiper-slide\" role=\"group\" aria-roledescription=\"slide\" aria-label=\"67 de 73\"><figure class=\"swiper-slide-inner\"><img decoding=\"async\" class=\"swiper-slide-image\" src=\"https:\/\/abreme.com.br\/wp-content\/uploads\/2025\/01\/Foto-437-1-scaled.jpg\" alt=\"SR. PEDRO IACONO DA EMPRESA CABLIE \u2013 CARLOS CORR\u00caA DA EMPRESA VIA CABOS \u2013 FRANCISCO SIMON (DIRETOR ABREME)\" \/><figcaption class=\"elementor-image-carousel-caption\">SR. PEDRO IACONO DA EMPRESA CABLIE \u2013 CARLOS CORR\u00caA DA EMPRESA VIA CABOS \u2013 FRANCISCO SIMON (DIRETOR ABREME)<\/figcaption><\/figure><\/div><div class=\"swiper-slide\" role=\"group\" aria-roledescription=\"slide\" aria-label=\"68 de 73\"><figure class=\"swiper-slide-inner\"><img decoding=\"async\" class=\"swiper-slide-image\" src=\"https:\/\/abreme.com.br\/wp-content\/uploads\/2025\/01\/Foto-226-1-scaled.jpg\" alt=\"MARCELO MOTTA \u2013 PAULA MELLO DA EMPRESA LEDVANCE \u2013 RICARDO AVENA DA EMPRESA PRYSMIAN \u2013 CHARLYS MESQUINI DA EMPRESA LEDVANCE\" \/><figcaption class=\"elementor-image-carousel-caption\">MARCELO MOTTA \u2013 PAULA MELLO DA EMPRESA LEDVANCE \u2013 RICARDO AVENA DA EMPRESA PRYSMIAN \u2013 CHARLYS MESQUINI DA EMPRESA LEDVANCE <\/figcaption><\/figure><\/div><div class=\"swiper-slide\" role=\"group\" aria-roledescription=\"slide\" aria-label=\"69 de 73\"><figure class=\"swiper-slide-inner\"><img decoding=\"async\" class=\"swiper-slide-image\" src=\"https:\/\/abreme.com.br\/wp-content\/uploads\/2025\/01\/Foto-223-1-scaled.jpg\" alt=\"PATRICIA CRUZ \u2013 MAGALI MACIEL KAISER \u2013 DAVI LOPES \u2013 ALEXIS RUBIO \u2013 THOMAS BELAISCH \u2013 M\u00d4NICA SILVA \u2013 LUANA DIAS SANTOS \u2013 EMPRESAS SCHNEIDER ELECTRIC E STECK DISTRIBUIDORA\" \/><figcaption class=\"elementor-image-carousel-caption\">PATRICIA CRUZ \u2013 MAGALI MACIEL KAISER \u2013 DAVI LOPES \u2013 ALEXIS RUBIO \u2013 THOMAS BELAISCH \u2013 M\u00d4NICA SILVA \u2013 LUANA DIAS SANTOS \u2013 EMPRESAS SCHNEIDER ELECTRIC E STECK DISTRIBUIDORA<\/figcaption><\/figure><\/div><div class=\"swiper-slide\" role=\"group\" aria-roledescription=\"slide\" aria-label=\"70 de 73\"><figure class=\"swiper-slide-inner\"><img decoding=\"async\" class=\"swiper-slide-image\" src=\"https:\/\/abreme.com.br\/wp-content\/uploads\/2025\/01\/Foto-270-1-scaled.jpg\" alt=\"LUCIANO ANDREOLI \u2013 DANIEL GATTI \u2013 THOMAS BELAISCH \u2013 M\u00d4NICA SILVA \u2013 KLECIOS SOUZA \u2013 WAGNER SOUZA \u2013 ERICA IHA \u2013 RAPHAEL VITTORETE \u2013 DANIEL SANTOS - S\u00c9RGIO PASCON E ALEXIS RUBIO EMPRESAS SCHNEIDER ELECTRIC E STECK DISTRIBUIDORA\" \/><figcaption class=\"elementor-image-carousel-caption\">LUCIANO ANDREOLI \u2013 DANIEL GATTI \u2013 THOMAS BELAISCH \u2013 M\u00d4NICA SILVA \u2013 KLECIOS SOUZA \u2013 WAGNER SOUZA \u2013 ERICA IHA \u2013 RAPHAEL VITTORETE \u2013 DANIEL SANTOS - S\u00c9RGIO PASCON E ALEXIS RUBIO EMPRESAS SCHNEIDER ELECTRIC E STECK DISTRIBUIDORA<\/figcaption><\/figure><\/div><div class=\"swiper-slide\" role=\"group\" aria-roledescription=\"slide\" aria-label=\"71 de 73\"><figure class=\"swiper-slide-inner\"><img decoding=\"async\" class=\"swiper-slide-image\" src=\"https:\/\/abreme.com.br\/wp-content\/uploads\/2025\/01\/Foto-239-1-scaled.jpg\" alt=\"MARCELO CARVALHO EMPRESA LEGRAN \u2013 DENISE VIDOTTI EMPRESA SIEMENS \u2013 RENATO MICHELETTI EMPRESA PJ NEBLINA \u2013 MIGUEL MARCUCCI EMPRESA NOVA GERA\u00c7\u00c3O \u2013 FRANCISCO SIMON (DIRETOR ABREME) \u2013 S\u00c9RGIO MORETO EMPRESA WETZEL E GERSON VIEIRA EMPRESA COML. ANDRA\" \/><figcaption class=\"elementor-image-carousel-caption\">MARCELO CARVALHO EMPRESA LEGRAN \u2013 DENISE VIDOTTI EMPRESA SIEMENS \u2013 RENATO MICHELETTI EMPRESA PJ NEBLINA \u2013 MIGUEL MARCUCCI EMPRESA NOVA GERA\u00c7\u00c3O \u2013 FRANCISCO SIMON (DIRETOR ABREME) \u2013 S\u00c9RGIO MORETO EMPRESA WETZEL E GERSON VIEIRA EMPRESA COML. ANDRA<\/figcaption><\/figure><\/div><div class=\"swiper-slide\" role=\"group\" aria-roledescription=\"slide\" aria-label=\"72 de 73\"><figure class=\"swiper-slide-inner\"><img decoding=\"async\" class=\"swiper-slide-image\" src=\"https:\/\/abreme.com.br\/wp-content\/uploads\/2025\/01\/Foto-206-1-scaled.jpg\" alt=\"JOS\u00c9 DONIZETE DE SOUZA EMPRESA AUTOMASUL \u2013 PAULO ALESSANDRO DELGADO \u2013 PEDRO PAULO ASSUMP\u00c7\u00c3O DA EMPRESA COBRECOM \u2013 DANIEL CARLOS SECCO DA EMPRESA AUTOMASUL \u2013 BRUNO BITTAR \u2013 GUSTAVO RUAS E IR\u00cdS RUAS DA EMPRESA COBRECOM\" \/><figcaption class=\"elementor-image-carousel-caption\">JOS\u00c9 DONIZETE DE SOUZA EMPRESA AUTOMASUL \u2013 PAULO ALESSANDRO DELGADO \u2013 PEDRO PAULO ASSUMP\u00c7\u00c3O DA EMPRESA COBRECOM \u2013 DANIEL CARLOS SECCO DA EMPRESA AUTOMASUL \u2013 BRUNO BITTAR \u2013 GUSTAVO RUAS E IR\u00cdS RUAS DA EMPRESA COBRECOM<\/figcaption><\/figure><\/div><div class=\"swiper-slide\" role=\"group\" aria-roledescription=\"slide\" aria-label=\"73 de 73\"><figure class=\"swiper-slide-inner\"><img decoding=\"async\" class=\"swiper-slide-image\" src=\"https:\/\/abreme.com.br\/wp-content\/uploads\/2025\/02\/Foto-500-scaled.jpg\" alt=\"SRA. CARINI S. SALLES ESPOSA DO DIRETOR COLEGIADO ABREME GERSON SALLES E SRTA. SANDRA SACCHELLI TRIPOLONE SECRET\u00c1RIA EXECUTIVA E ORGANIZADORA DO EVENTO PR\u00caMIO ABREME FORNECEDORES 2024.\" \/><figcaption class=\"elementor-image-carousel-caption\">SRA. CARINI S. SALLES ESPOSA DO DIRETOR COLEGIADO ABREME GERSON SALLES E SRTA. SANDRA SACCHELLI TRIPOLONE SECRET\u00c1RIA EXECUTIVA E ORGANIZADORA DO EVENTO PR\u00caMIO ABREME FORNECEDORES 2024.<\/figcaption><\/figure><\/div>\t\t\t<\/div>\n\t\t\t\t\t\t\t\t\t\t\t\t<div class=\"elementor-swiper-button elementor-swiper-button-prev\" role=\"button\" tabindex=\"0\">\n\t\t\t\t\t\t<svg aria-hidden=\"true\" class=\"e-font-icon-svg e-eicon-chevron-left\" viewBox=\"0 0 1000 1000\" xmlns=\"http:\/\/www.w3.org\/2000\/svg\"><path d=\"M646 125C629 125 613 133 604 142L308 442C296 454 292 471 292 487 292 504 296 521 308 533L604 854C617 867 629 875 646 875 663 875 679 871 692 858 704 846 713 829 713 812 713 796 708 779 692 767L438 487 692 225C700 217 708 204 708 187 708 171 704 154 692 142 675 129 663 125 646 125Z\"><\/path><\/svg>\t\t\t\t\t<\/div>\n\t\t\t\t\t<div class=\"elementor-swiper-button elementor-swiper-button-next\" role=\"button\" tabindex=\"0\">\n\t\t\t\t\t\t<svg aria-hidden=\"true\" class=\"e-font-icon-svg e-eicon-chevron-right\" viewBox=\"0 0 1000 1000\" xmlns=\"http:\/\/www.w3.org\/2000\/svg\"><path d=\"M696 533C708 521 713 504 713 487 713 471 708 454 696 446L400 146C388 133 375 125 354 125 338 125 325 129 313 142 300 154 292 171 292 187 292 204 296 221 308 233L563 492 304 771C292 783 288 800 288 817 288 833 296 850 308 863 321 871 338 875 354 875 371 875 388 867 400 854L696 533Z\"><\/path><\/svg>\t\t\t\t\t<\/div>\n\t\t\t\t\n\t\t\t\t\t\t\t\t\t<\/div>\n\t\t\t\t\t\t<\/div>\n\t\t\t\t<\/div>\n\t\t\t\t\t<\/div>\n\t\t\t\t<\/div>\n\t\t<div class=\"elementor-element elementor-element-84883d5 e-flex e-con-boxed wpr-particle-no wpr-jarallax-no wpr-parallax-no wpr-sticky-section-no wpr-equal-height-no e-con e-parent\" data-id=\"84883d5\" data-element_type=\"container\">\n\t\t\t\t\t<div class=\"e-con-inner\">\n\t\t\t\t<div class=\"elementor-element elementor-element-0180782 elementor-widget elementor-widget-heading\" data-id=\"0180782\" data-element_type=\"widget\" data-widget_type=\"heading.default\">\n\t\t\t\t<div class=\"elementor-widget-container\">\n\t\t\t\t\t<h2 class=\"elementor-heading-title elementor-size-default\">Trof\u00e9us 2024<\/h2>\t\t\t\t<\/div>\n\t\t\t\t<\/div>\n\t\t\t\t\t<\/div>\n\t\t\t\t<\/div>\n\t\t<div class=\"elementor-element elementor-element-518d5bf e-flex e-con-boxed wpr-particle-no wpr-jarallax-no wpr-parallax-no wpr-sticky-section-no wpr-equal-height-no e-con e-parent\" data-id=\"518d5bf\" data-element_type=\"container\">\n\t\t\t\t\t<div class=\"e-con-inner\">\n\t\t\t\t<div class=\"elementor-element elementor-element-bd55b89 elementor-arrows-position-outside elementor-widget elementor-widget-image-carousel\" data-id=\"bd55b89\" data-element_type=\"widget\" data-settings=\"{&quot;slides_to_show&quot;:&quot;1&quot;,&quot;effect&quot;:&quot;fade&quot;,&quot;navigation&quot;:&quot;arrows&quot;,&quot;autoplay&quot;:&quot;yes&quot;,&quot;pause_on_hover&quot;:&quot;yes&quot;,&quot;pause_on_interaction&quot;:&quot;yes&quot;,&quot;autoplay_speed&quot;:5000,&quot;infinite&quot;:&quot;yes&quot;,&quot;speed&quot;:500}\" data-widget_type=\"image-carousel.default\">\n\t\t\t\t<div class=\"elementor-widget-container\">\n\t\t\t\t\t\t\t<div class=\"elementor-image-carousel-wrapper swiper\" role=\"region\" aria-roledescription=\"carousel\" aria-label=\"Carrossel de imagens\" dir=\"ltr\">\n\t\t\t<div class=\"elementor-image-carousel swiper-wrapper\" aria-live=\"off\">\n\t\t\t\t\t\t\t\t<div class=\"swiper-slide\" role=\"group\" aria-roledescription=\"slide\" aria-label=\"1 de 26\"><figure class=\"swiper-slide-inner\"><img decoding=\"async\" class=\"swiper-slide-image\" src=\"https:\/\/abreme.com.br\/wp-content\/uploads\/2025\/01\/Foto-142-683x1024.jpg\" alt=\"Foto (142)\" \/><\/figure><\/div><div class=\"swiper-slide\" role=\"group\" aria-roledescription=\"slide\" aria-label=\"2 de 26\"><figure class=\"swiper-slide-inner\"><img decoding=\"async\" class=\"swiper-slide-image\" src=\"https:\/\/abreme.com.br\/wp-content\/uploads\/2025\/01\/Foto-143-683x1024.jpg\" alt=\"Foto (143)\" \/><\/figure><\/div><div class=\"swiper-slide\" role=\"group\" aria-roledescription=\"slide\" aria-label=\"3 de 26\"><figure class=\"swiper-slide-inner\"><img decoding=\"async\" class=\"swiper-slide-image\" src=\"https:\/\/abreme.com.br\/wp-content\/uploads\/2025\/01\/Foto-144-683x1024.jpg\" alt=\"Foto (144)\" \/><\/figure><\/div><div class=\"swiper-slide\" role=\"group\" aria-roledescription=\"slide\" aria-label=\"4 de 26\"><figure class=\"swiper-slide-inner\"><img decoding=\"async\" class=\"swiper-slide-image\" src=\"https:\/\/abreme.com.br\/wp-content\/uploads\/2025\/01\/Foto-145-1024x683.jpg\" alt=\"Foto (145)\" \/><\/figure><\/div><div class=\"swiper-slide\" role=\"group\" aria-roledescription=\"slide\" aria-label=\"5 de 26\"><figure class=\"swiper-slide-inner\"><img decoding=\"async\" class=\"swiper-slide-image\" src=\"https:\/\/abreme.com.br\/wp-content\/uploads\/2025\/01\/Foto-146-683x1024.jpg\" alt=\"Foto (146)\" \/><\/figure><\/div><div class=\"swiper-slide\" role=\"group\" aria-roledescription=\"slide\" aria-label=\"6 de 26\"><figure class=\"swiper-slide-inner\"><img decoding=\"async\" class=\"swiper-slide-image\" src=\"https:\/\/abreme.com.br\/wp-content\/uploads\/2025\/01\/Foto-147-683x1024.jpg\" alt=\"Foto (147)\" \/><\/figure><\/div><div class=\"swiper-slide\" role=\"group\" aria-roledescription=\"slide\" aria-label=\"7 de 26\"><figure class=\"swiper-slide-inner\"><img decoding=\"async\" class=\"swiper-slide-image\" src=\"https:\/\/abreme.com.br\/wp-content\/uploads\/2025\/01\/Foto-148-683x1024.jpg\" alt=\"Foto (148)\" \/><\/figure><\/div><div class=\"swiper-slide\" role=\"group\" aria-roledescription=\"slide\" aria-label=\"8 de 26\"><figure class=\"swiper-slide-inner\"><img decoding=\"async\" class=\"swiper-slide-image\" src=\"https:\/\/abreme.com.br\/wp-content\/uploads\/2025\/01\/Foto-149-1024x683.jpg\" alt=\"Foto (149)\" \/><\/figure><\/div><div class=\"swiper-slide\" role=\"group\" aria-roledescription=\"slide\" aria-label=\"9 de 26\"><figure class=\"swiper-slide-inner\"><img decoding=\"async\" class=\"swiper-slide-image\" src=\"https:\/\/abreme.com.br\/wp-content\/uploads\/2025\/01\/Foto-150-683x1024.jpg\" alt=\"Foto (150)\" \/><\/figure><\/div><div class=\"swiper-slide\" role=\"group\" aria-roledescription=\"slide\" aria-label=\"10 de 26\"><figure class=\"swiper-slide-inner\"><img decoding=\"async\" class=\"swiper-slide-image\" src=\"https:\/\/abreme.com.br\/wp-content\/uploads\/2025\/01\/Foto-151-683x1024.jpg\" alt=\"Foto (151)\" \/><\/figure><\/div><div class=\"swiper-slide\" role=\"group\" aria-roledescription=\"slide\" aria-label=\"11 de 26\"><figure class=\"swiper-slide-inner\"><img decoding=\"async\" class=\"swiper-slide-image\" src=\"https:\/\/abreme.com.br\/wp-content\/uploads\/2025\/01\/Foto-152-683x1024.jpg\" alt=\"Foto (152)\" \/><\/figure><\/div><div class=\"swiper-slide\" role=\"group\" aria-roledescription=\"slide\" aria-label=\"12 de 26\"><figure class=\"swiper-slide-inner\"><img decoding=\"async\" class=\"swiper-slide-image\" src=\"https:\/\/abreme.com.br\/wp-content\/uploads\/2025\/01\/Foto-153-1024x683.jpg\" alt=\"Foto (153)\" \/><\/figure><\/div><div class=\"swiper-slide\" role=\"group\" aria-roledescription=\"slide\" aria-label=\"13 de 26\"><figure class=\"swiper-slide-inner\"><img decoding=\"async\" class=\"swiper-slide-image\" src=\"https:\/\/abreme.com.br\/wp-content\/uploads\/2025\/01\/Foto-154-683x1024.jpg\" alt=\"Foto (154)\" \/><\/figure><\/div><div class=\"swiper-slide\" role=\"group\" aria-roledescription=\"slide\" aria-label=\"14 de 26\"><figure class=\"swiper-slide-inner\"><img decoding=\"async\" class=\"swiper-slide-image\" src=\"https:\/\/abreme.com.br\/wp-content\/uploads\/2025\/01\/Foto-155-683x1024.jpg\" alt=\"Foto (155)\" \/><\/figure><\/div><div class=\"swiper-slide\" role=\"group\" aria-roledescription=\"slide\" aria-label=\"15 de 26\"><figure class=\"swiper-slide-inner\"><img decoding=\"async\" class=\"swiper-slide-image\" src=\"https:\/\/abreme.com.br\/wp-content\/uploads\/2025\/01\/Foto-156-683x1024.jpg\" alt=\"Foto (156)\" \/><\/figure><\/div><div class=\"swiper-slide\" role=\"group\" aria-roledescription=\"slide\" aria-label=\"16 de 26\"><figure class=\"swiper-slide-inner\"><img decoding=\"async\" class=\"swiper-slide-image\" src=\"https:\/\/abreme.com.br\/wp-content\/uploads\/2025\/01\/Foto-157-1024x683.jpg\" alt=\"Foto (157)\" \/><\/figure><\/div><div class=\"swiper-slide\" role=\"group\" aria-roledescription=\"slide\" aria-label=\"17 de 26\"><figure class=\"swiper-slide-inner\"><img decoding=\"async\" class=\"swiper-slide-image\" src=\"https:\/\/abreme.com.br\/wp-content\/uploads\/2025\/01\/Foto-158-683x1024.jpg\" alt=\"Foto (158)\" \/><\/figure><\/div><div class=\"swiper-slide\" role=\"group\" aria-roledescription=\"slide\" aria-label=\"18 de 26\"><figure class=\"swiper-slide-inner\"><img decoding=\"async\" class=\"swiper-slide-image\" src=\"https:\/\/abreme.com.br\/wp-content\/uploads\/2025\/01\/Foto-159-683x1024.jpg\" alt=\"Foto (159)\" \/><\/figure><\/div><div class=\"swiper-slide\" role=\"group\" aria-roledescription=\"slide\" aria-label=\"19 de 26\"><figure class=\"swiper-slide-inner\"><img decoding=\"async\" class=\"swiper-slide-image\" src=\"https:\/\/abreme.com.br\/wp-content\/uploads\/2025\/01\/Foto-160-683x1024.jpg\" alt=\"Foto (160)\" \/><\/figure><\/div><div class=\"swiper-slide\" role=\"group\" aria-roledescription=\"slide\" aria-label=\"20 de 26\"><figure class=\"swiper-slide-inner\"><img decoding=\"async\" class=\"swiper-slide-image\" src=\"https:\/\/abreme.com.br\/wp-content\/uploads\/2025\/01\/Foto-161-1024x683.jpg\" alt=\"Foto (161)\" \/><\/figure><\/div><div class=\"swiper-slide\" role=\"group\" aria-roledescription=\"slide\" aria-label=\"21 de 26\"><figure class=\"swiper-slide-inner\"><img decoding=\"async\" class=\"swiper-slide-image\" src=\"https:\/\/abreme.com.br\/wp-content\/uploads\/2025\/01\/Foto-162-683x1024.jpg\" alt=\"Foto (162)\" \/><\/figure><\/div><div class=\"swiper-slide\" role=\"group\" aria-roledescription=\"slide\" aria-label=\"22 de 26\"><figure class=\"swiper-slide-inner\"><img decoding=\"async\" class=\"swiper-slide-image\" src=\"https:\/\/abreme.com.br\/wp-content\/uploads\/2025\/01\/Foto-163-683x1024.jpg\" alt=\"Foto (163)\" \/><\/figure><\/div><div class=\"swiper-slide\" role=\"group\" aria-roledescription=\"slide\" aria-label=\"23 de 26\"><figure class=\"swiper-slide-inner\"><img decoding=\"async\" class=\"swiper-slide-image\" src=\"https:\/\/abreme.com.br\/wp-content\/uploads\/2025\/01\/Foto-164-683x1024.jpg\" alt=\"Foto (164)\" \/><\/figure><\/div><div class=\"swiper-slide\" role=\"group\" aria-roledescription=\"slide\" aria-label=\"24 de 26\"><figure class=\"swiper-slide-inner\"><img decoding=\"async\" class=\"swiper-slide-image\" src=\"https:\/\/abreme.com.br\/wp-content\/uploads\/2025\/01\/Foto-165-683x1024.jpg\" alt=\"Foto (165)\" \/><\/figure><\/div><div class=\"swiper-slide\" role=\"group\" aria-roledescription=\"slide\" aria-label=\"25 de 26\"><figure class=\"swiper-slide-inner\"><img decoding=\"async\" class=\"swiper-slide-image\" src=\"https:\/\/abreme.com.br\/wp-content\/uploads\/2025\/01\/Foto-166-683x1024.jpg\" alt=\"Foto (166)\" \/><\/figure><\/div><div class=\"swiper-slide\" role=\"group\" aria-roledescription=\"slide\" aria-label=\"26 de 26\"><figure class=\"swiper-slide-inner\"><img decoding=\"async\" class=\"swiper-slide-image\" src=\"https:\/\/abreme.com.br\/wp-content\/uploads\/2025\/01\/Foto-167-1024x683.jpg\" alt=\"Foto (167)\" \/><\/figure><\/div>\t\t\t<\/div>\n\t\t\t\t\t\t\t\t\t\t\t\t<div class=\"elementor-swiper-button elementor-swiper-button-prev\" role=\"button\" tabindex=\"0\">\n\t\t\t\t\t\t<svg aria-hidden=\"true\" class=\"e-font-icon-svg e-eicon-chevron-left\" viewBox=\"0 0 1000 1000\" xmlns=\"http:\/\/www.w3.org\/2000\/svg\"><path d=\"M646 125C629 125 613 133 604 142L308 442C296 454 292 471 292 487 292 504 296 521 308 533L604 854C617 867 629 875 646 875 663 875 679 871 692 858 704 846 713 829 713 812 713 796 708 779 692 767L438 487 692 225C700 217 708 204 708 187 708 171 704 154 692 142 675 129 663 125 646 125Z\"><\/path><\/svg>\t\t\t\t\t<\/div>\n\t\t\t\t\t<div class=\"elementor-swiper-button elementor-swiper-button-next\" role=\"button\" tabindex=\"0\">\n\t\t\t\t\t\t<svg aria-hidden=\"true\" class=\"e-font-icon-svg e-eicon-chevron-right\" viewBox=\"0 0 1000 1000\" xmlns=\"http:\/\/www.w3.org\/2000\/svg\"><path d=\"M696 533C708 521 713 504 713 487 713 471 708 454 696 446L400 146C388 133 375 125 354 125 338 125 325 129 313 142 300 154 292 171 292 187 292 204 296 221 308 233L563 492 304 771C292 783 288 800 288 817 288 833 296 850 308 863 321 871 338 875 354 875 371 875 388 867 400 854L696 533Z\"><\/path><\/svg>\t\t\t\t\t<\/div>\n\t\t\t\t\n\t\t\t\t\t\t\t\t\t<\/div>\n\t\t\t\t\t\t<\/div>\n\t\t\t\t<\/div>\n\t\t\t\t\t<\/div>\n\t\t\t\t<\/div>\n\t\t\t\t<\/div>\n\t\t","protected":false},"excerpt":{"rendered":"<p>PR\u00caMIO ABREME 2024 OS DESTAQUES NO SEGMENTO DE MATERIAIS EL\u00c9TRICOS EST\u00c3O AQUI O Pr\u00eamio ABREME \u00e9 o mais importante pr\u00eamio no setor de revenda e distribui\u00e7\u00e3o de materiais el\u00e9tricos no Brasil. Anualmente, um j\u00fari formado por renomados profissionais elege as empresas que se destacam no segmento de materiais el\u00e9tricos. Patrocinadores do \u201cPr\u00eamio Fornecedores do Ano 2024 ABREME\u201d Pr\u00eamio &#8220;Fornecedores do Ano 2024&#8221; Pr\u00eamio &#8220;Fornecedores do Ano 2024&#8221; PATROCINADORA WEG \u2013 RICARDO DA ROCHA BRANDO \u2013 MAUR\u00cdCIO ROBERTO MATOSSO \u2013 PAULO ROG\u00c9RIO BRAZ \u2013 HARRY SCHMELZER NETO \u2013 PAULO ROBERTO KR\u00dcGER \u2013 ANT\u00d4NIO LUIS FARIA GON\u00c7ALVES \u2013 JOS\u00c9 FRANCISCO RIBERIRO SOARES \u2013 ROG\u00c9RIO BIASSI \u2013 MAUR\u00cdCIO CL\u00c9BER VALLIN \u2013 GERSON SALLES (DIRETOR ABREME) \u2013 (WEG) ADEILTON LUIS DE SOUZA SILVA \u2013 MARCOS ROBERTO C\u00c9ZAR LOSSO \u2013 MARCELO SCATINI (REPRES. DE VENDAS DA EMPRESA SCATINI REPRESENTA\u00c7\u00d5ES), E MARCOS ANT\u00d4NIO DE FARIAS (WEG). PATROCINADORA GFC \u2013 GUSTAVO COSTA \u2013 FELIPE SIQUEIRA \u2013 RENATA MELLO E JOEL NAVARRO JR. PATROCINADORA TRON \u2013 MARCOS COELHO \u2013 S\u00c9RGIO VIEIRA \u2013 GUSTAVO REZENDE \u2013 OL\u00cdMPIO CORR\u00caA \u2013 FELIPE CHAVES \u2013 DOLORES MODRONO \u2013 CAROLINA FONSECA \u2013 DILAMAR PINTO \u2013 HUDDSON PESSOA \u2013 PAULO C\u00c9SAR P.S. SOUZA E MATHEUS OLIVEIRA. PATROCINADORA STECK \u2013ALEXIS RUBIO \u2013 RAPHAEL VITORETTI \u2013 FERNANDO MOREIRA \u2013 FRANCISCO SIMON (DIRETOR ABREME) \u2013 KLECIOS SOUZA \u2013 THOMAS BELAISCH \u2013 LUCIANO ANDREOLLI \u2013 ERICA IHA \u2013 DANIEL SANTOS \u2013 S\u00c9RGIO PASCON E M\u00d4NICA SILVA E ACIMA A PEQUENA CLARINHA FILHA DE KLECIO SOUZA CEO DA\u00a0EMPRESA\u00a0STECK. PATROCINADORA GRUPO INTELLI \u2013 \u00caNIO CAL\u00c7AVARA \u2013 GILBERTO PIMENTA \u2013 JOS\u00c9 AUGUSTO PIASSA \u2013 MARCELO LUGLI \u2013 ADOLPHO BENINI \u2013 LUCAS GALLEGO \u2013 LAURA DENIPOTTI \u2013 RAPHAEL PIMENTEL E EDMAR CAMATIO. PATROCINADORA ELITEK \u2013 C\u00c9ZAR BR\u00c1Z \u2013 HERIG NASCIMENTO \u2013 MARCELO MONTEIRO \u2013 F\u00c1BIO SOUSA \u2013 WESLEY VINICIUS \u2013 MARCELO GIORGI \u2013 PAULO PALMA E JOS\u00c9 ALVES. PATROCINADORA WEDM\u00dcLLER CONEXEL \u2013 ROG\u00c9RIO CANTELLI \u2013 INCO DE ABREU \u2013 HENRIQUE SANCHES \u2013 RODRIGO H\u00dcSKEN \u2013 RAQUEL BOAVENTURA \u2013 ANDR\u00c9 PISANESCHI \u2013 VANESSA ALENCAR \u2013 DEODATO VICENTE \u2013 THIFANY COSTA E FELIPE ZANOL. PATROCINADORA WETZEL \u2013 JOS\u00c9 MARCIO DIS CORR\u00caA \u2013 WHASHINGTON KATO \u2013 ANDR\u00c9 LUIZ WETZEL \u2013 NICOLE WETZEL \u2013 WALTER MARTINELLI \u2013 MOACIR TASSINARI \u2013 S\u00c9RGIO MORETI E CL\u00c9BER GON\u00c7ALVES. PATROCINADORA NEXANS \u2013 ALAIN GIRARD \u2013 CRISTIAN BARRIOS \u2013 J\u00daLIO BERTOLIN \u2013 AUR\u00c9LIO MONTEIRO \u2013 RODRIGO OLIVEIRA \u2013 OSMAR ARA\u00daJO \u2013 GUSTAVO CAMARGO E NELSON ALBANO. PATROCINADORA ELGIN \u2013 F\u00c1BIO AKIRA MUNACATA \u2013 THIAGO REDUCINO \u2013 GIAN DOURADO \u2013 FERNANDA PAES \u2013 RODOLFO BEZERRA \u2013 RODOLFO NAVES \u2013 DANIEL ARA\u00daJO \u2013 VANESSA ROCHA E ALFREDO SILVA. PATROCINADORA TELBRA \u2013 PEDRO JACINTO \u2013 CRISTIANO MORAES \u2013 DENILSON VINHAS \u2013 JO\u00c3O RODRIGUES \u2013 PEDRO DI PROSPERO \u2013 LAURA DUARTE \u2013 RICARDO MARINHO \u2013 PHELIPE SOUZA \u2013 JANDERSON BARBOSA E CAIO DI PROSPERO. PATROCINADORA COPPERCABOS \u2013 LEANDRO MIRANDA E JENNIFER (ESPOSA) \u2013 RAFAEL FERREIRA E TA\u00cdNA (ESPOSA) \u2013 BRUNO LAURINO DE ARA\u00daJO \u2013 JOYCE PERPETUO \u2013 ANA CAROLINA (ESPOSA) E RODRIGO SOUSA \u2013 CL\u00c1UDIA (ESPOSA) E CARLOS AUGUSTO RAFAINI. PATROCINADORA SIL FIOS \u2013 F\u00c1BIO ADDIAS \u2013 MARIA LUIZA BARONE \u2013 SILVIO BARONE \u2013 PEDRO MORELLI \u2013 JOS\u00c9 RUBENS E WALTER SEDANO. PATROCINADORA INDUSCABOS \u2013 SANDRO REZENDE \u2013 RICARDO MORETTI (REPRESENTANTE COMERCIAL) \u2013 S\u00c9RGIO MELLACCI \u2013 EDSON PARISI E EDUARDO AUGUSTO. PATROCINADORA OUROLUX \u2013 RODRIGO PAIVA \u2013 DOUGLAS MORAES \u2013 F\u00c1BIO MANCINI \u2013 DANIEL PERTILLI \u2013 PAULO GODOY E PAULO RENATO RIBEIRO. PATROCINADORA REAL PERFIL \u2013 ROSANGELA NASCIMENTO \u2013 RODINEI ESCOCARD \u2013 ANA CRISTINA PIMENTA \u2013 SIMONE SILV\u00c9RIO \u2013 CL\u00c1UDIO C\u00c9SAR FANTIN \u2013 VILMA RODRIGUES \u2013 FRANCISCO MARCON \u2013 RICARDO REIS \u2013 JOS\u00c9 LUIZ REINA E GUILHERME SANTOS. PATROCINADORA SIEMENS \u2013 DANILO ALONSO \u2013 THIAGO FRANCO \u2013 BIANCA CERVEIRA \u2013 DENISE VIDOTTI \u2013 ELAINE PORTO \u2013 RONNIE EUS\u00c9BIO \u2013 F\u00c1BIO OLIVA \u2013 BEATRIZ DOBELIN \u2013 RICARDO SOUZA E JO\u00c3O LIMA. PATROCINADORA NAVILLE \u2013 BRUNO FERNANDES \u2013 GUSTAVO PEREIRA &#8211; D\u00c9BORA SCHMIDT \u2013 RODRIGO REBOLO \u2013 MARCOS MENDES \u2013 REINALDO GAVIOLI (DIRETOR ABREME) \u2013 THIAGO AIRES \u2013 LUCAS VIEIRA \u2013 PAULO FERREIRA E ALEXANDRE ROCHA. PATROCINADORA TELEFIO \u2013 ANDR\u00c9 RICCI \u2013 IVALDO COSTA \u2013 DANILO GALV\u00c3O \u2013 ANDR\u00c9 AMARAL \u2013 PAULO HENRIQUE DURCI (CEO DA EMPRESA TELEFIO E DIRETOR ABREME) \u2013 HALISON GRIS PERES \u2013 ADILSON BASTOS \u2013 LUIZ FERNANDO ARANTES \u2013 ERIK HERNADEZ E EDUARDO VICENTE. PATROCINADORA B.LUX \u2013 ROG\u00c9RIO AUGUSTO SANTO \u2013 GUILHERME ANDRADE \u2013 ALEXANDRE ANDRADE \u2013 ALEXANDRE ANDRADE JR. \u2013 FL\u00c1VIO BUSICO \u2013 RODRIGO CAMPOS (EMPRESA JMC) \u2013 PERICLES BARBOSA \u2013 PEDRO VALVERDE E JONATHAS OLIVEIRA. PATROCINADORA LEGRAND \u2013 DOUGLAS SANTOS \u2013 ALEXANDRE FREITAS \u2013 MARIANA NAKAMOTO \u2013 CARLOS NONATTO \u2013 ANDREA BONFIM \u2013 FL\u00c1VIA CARLI \u2013 MARCELO CARVALHO \u2013 THIAGO FRECCIA \u2013 FABR\u00cdCIO SAKUMA E NELSON REBELATO. PATROCINADORA COBRECOM \u2013 SOLANGE SANTOS \u2013 JACKSON PEREIRA DOS SANTOS \u2013 MAURO MORENO \u2013 PAULO ALESSANDRO DELGADO \u2013 GILBERTO ALVARENGA \u2013 PEDRO PAULO ASSUMP\u00c7\u00c3O \u2013 BRUNO BITTAR \u2013 GUSTAVO VERRONE RUAS \u2013 IR\u00cdS RUAS \u2013 RAFAEL VERRONE RUAS \u2013 FL\u00c1VIA RUAS \u2013 CINT\u00cdA ASS\u00cdS \u2013 ROBERTA MARQUES E NAT\u00c1LIA CASTRO \u2013 (AGACHADOS EM FRENTE A FOTO) \u2013 VINICIUS CASTILHO \u2013 LUCAS GUSTAVO FERREIRA \u2013 F\u00c1BIO FERRARA \u2013 GABRIEL PRADO \u2013 FL\u00c1VIO BRAGAGNOLO E FELIPE LONGATO. PATROCINADORA LEDVANCE \u2013 MAURO MOTTA \u2013 RAFAELA FURQUIM \u2013 EVERTON MELLO \u2013 JEAN CARLOS BAZETO \u2013 ALEXANDRE LUCATO \u2013 MARCOS ELLERT \u2013 PAULA MELLO \u2013 CHARLYS MESQUINI E MARCELO CHADALAKIAN. PATROCINADORA PRYSMIAN \u2013 RICARDO AVENA \u2013 HARIADNE ABDALLA \u2013 RENAN OZILIO \u2013 LA\u00c9RCIO MORAES \u2013 CONSTANZO DI CICCO \u2013 RODRIGO SILVA \u2013 FELIPE AUGUSTO \u2013 THIAGO SLESACZEK \u2013 MARCELO BRIDES \u2013 THAIS OLIVEIRA \u2013 SABRINA ESCABORA \u2013 ARTHUR BLEY \u2013 THAIS FERREIRA E GABRIEL MATAVELLI. PATROCINADORA ABB GE \u2013 GUSTAVO VAZOLLER \u2013 ALEX CASSEMIRO \u2013 FERNANDO LEONARDIS \u2013 SAMANTHA SATO \u2013 VINICIUS ROCHA \u2013 THIAGO MENDON\u00c7A E PAULO BOCCARDO. PATROCINADORAS: STECK DISTRIBUIDORA E SCHNEIDER ELECTRIC. ** STECK &#8211; FERNANDO MOREIRA \u2013 LUCIANO ANDREOLLI \u2013 ERICA IHA \u2013 RAPHAEL VITTORETE \u2013 KLECIOS SOUZA \u2013 THOMAS BELAISCH \u2013 DANIEL SANTOS \u2013 M\u00d4NICA SILVA E S\u00c9RGIO PASCON. ** SCHNEIDER &#8211; FELIPE BRAND\u00c3O \u2013 WAGNER DO CARMO \u2013 RICARDO MENCK \u2013 DANIEL HENRIQUE GATTI \u2013 MAGALI MACIEL KAISER \u2013 PATR\u00cdCIA CRUZ \u2013 LAUNA DIAS SANTOS \u2013 TAMIR J\u00daNIOR \u2013 DAVI LOPES E<\/p>\n","protected":false},"author":1,"featured_media":0,"parent":0,"menu_order":0,"comment_status":"closed","ping_status":"closed","template":"","meta":{"site-sidebar-layout":"no-sidebar","site-content-layout":"","ast-site-content-layout":"full-width-container","site-content-style":"default","site-sidebar-style":"default","ast-global-header-display":"","ast-banner-title-visibility":"","ast-main-header-display":"","ast-hfb-above-header-display":"","ast-hfb-below-header-display":"","ast-hfb-mobile-header-display":"","site-post-title":"disabled","ast-breadcrumbs-content":"","ast-featured-img":"disabled","footer-sml-layout":"","ast-disable-related-posts":"","theme-transparent-header-meta":"","adv-header-id-meta":"","stick-header-meta":"","header-above-stick-meta":"","header-main-stick-meta":"","header-below-stick-meta":"","astra-migrate-meta-layouts":"default","ast-page-background-enabled":"default","ast-page-background-meta":{"desktop":{"background-color":"var(--ast-global-color-4)","background-image":"","background-repeat":"repeat","background-position":"center center","background-size":"auto","background-attachment":"scroll","background-type":"","background-media":"","overlay-type":"","overlay-color":"","overlay-opacity":"","overlay-gradient":""},"tablet":{"background-color":"","background-image":"","background-repeat":"repeat","background-position":"center center","background-size":"auto","background-attachment":"scroll","background-type":"","background-media":"","overlay-type":"","overlay-color":"","overlay-opacity":"","overlay-gradient":""},"mobile":{"background-color":"","background-image":"","background-repeat":"repeat","background-position":"center center","background-size":"auto","background-attachment":"scroll","background-type":"","background-media":"","overlay-type":"","overlay-color":"","overlay-opacity":"","overlay-gradient":""}},"ast-content-background-meta":{"desktop":{"background-color":"var(--ast-global-color-5)","background-image":"","background-repeat":"repeat","background-position":"center center","background-size":"auto","background-attachment":"scroll","background-type":"","background-media":"","overlay-type":"","overlay-color":"","overlay-opacity":"","overlay-gradient":""},"tablet":{"background-color":"var(--ast-global-color-5)","background-image":"","background-repeat":"repeat","background-position":"center center","background-size":"auto","background-attachment":"scroll","background-type":"","background-media":"","overlay-type":"","overlay-color":"","overlay-opacity":"","overlay-gradient":""},"mobile":{"background-color":"var(--ast-global-color-5)","background-image":"","background-repeat":"repeat","background-position":"center center","background-size":"auto","background-attachment":"scroll","background-type":"","background-media":"","overlay-type":"","overlay-color":"","overlay-opacity":"","overlay-gradient":""}},"footnotes":""},"class_list":["post-5257","page","type-page","status-publish","hentry"],"_links":{"self":[{"href":"https:\/\/abreme.com.br\/index.php?rest_route=\/wp\/v2\/pages\/5257","targetHints":{"allow":["GET"]}}],"collection":[{"href":"https:\/\/abreme.com.br\/index.php?rest_route=\/wp\/v2\/pages"}],"about":[{"href":"https:\/\/abreme.com.br\/index.php?rest_route=\/wp\/v2\/types\/page"}],"author":[{"embeddable":true,"href":"https:\/\/abreme.com.br\/index.php?rest_route=\/wp\/v2\/users\/1"}],"replies":[{"embeddable":true,"href":"https:\/\/abreme.com.br\/index.php?rest_route=%2Fwp%2Fv2%2Fcomments&post=5257"}],"version-history":[{"count":213,"href":"https:\/\/abreme.com.br\/index.php?rest_route=\/wp\/v2\/pages\/5257\/revisions"}],"predecessor-version":[{"id":5852,"href":"https:\/\/abreme.com.br\/index.php?rest_route=\/wp\/v2\/pages\/5257\/revisions\/5852"}],"wp:attachment":[{"href":"https:\/\/abreme.com.br\/index.php?rest_route=%2Fwp%2Fv2%2Fmedia&parent=5257"}],"curies":[{"name":"wp","href":"https:\/\/api.w.org\/{rel}","templated":true}]}}