
{"id":5833,"date":"2025-02-14T18:16:53","date_gmt":"2025-02-14T18:16:53","guid":{"rendered":"https:\/\/abreme.com.br\/?page_id=5833"},"modified":"2025-02-14T18:45:21","modified_gmt":"2025-02-14T18:45:21","slug":"home2","status":"publish","type":"page","link":"https:\/\/abreme.com.br\/?page_id=5833","title":{"rendered":"Home2"},"content":{"rendered":"\t\t<div data-elementor-type=\"wp-page\" data-elementor-id=\"5833\" class=\"elementor elementor-5833\">\n\t\t\t\t<div class=\"elementor-element elementor-element-9098e9e e-con-full e-flex wpr-particle-no wpr-jarallax-no wpr-parallax-no wpr-sticky-section-no wpr-equal-height-no e-con e-parent\" data-id=\"9098e9e\" data-element_type=\"container\" data-settings=\"{&quot;background_background&quot;:&quot;slideshow&quot;,&quot;background_slideshow_gallery&quot;:[{&quot;id&quot;:4083,&quot;url&quot;:&quot;https:\\\/\\\/slategrey-clam-517275.hostingersite.com\\\/wp-content\\\/uploads\\\/2024\\\/08\\\/rowing-8135184_1280.webp&quot;}],&quot;background_slideshow_loop&quot;:&quot;yes&quot;,&quot;background_slideshow_slide_duration&quot;:5000,&quot;background_slideshow_slide_transition&quot;:&quot;fade&quot;,&quot;background_slideshow_transition_duration&quot;:500}\">\n\t\t\t\t<div class=\"elementor-element elementor-element-aa3abb5 elementor-widget elementor-widget-heading\" data-id=\"aa3abb5\" data-element_type=\"widget\" data-widget_type=\"heading.default\">\n\t\t\t\t<div class=\"elementor-widget-container\">\n\t\t\t\t\t<h2 class=\"elementor-heading-title elementor-size-default\">Junte-se a n\u00f3s<\/h2>\t\t\t\t<\/div>\n\t\t\t\t<\/div>\n\t\t\t\t<div class=\"elementor-element elementor-element-5e1a424 elementor-widget elementor-widget-heading\" data-id=\"5e1a424\" data-element_type=\"widget\" data-widget_type=\"heading.default\">\n\t\t\t\t<div class=\"elementor-widget-container\">\n\t\t\t\t\t<h2 class=\"elementor-heading-title elementor-size-default\">Associado ABREME tem informa\u00e7\u00f5es, servi\u00e7os exclusivos, assessoria jur\u00eddica e muito mais.\n\n<\/h2>\t\t\t\t<\/div>\n\t\t\t\t<\/div>\n\t\t\t\t<div class=\"elementor-element elementor-element-275bbe6 elementor-widget elementor-widget-button\" data-id=\"275bbe6\" data-element_type=\"widget\" data-widget_type=\"button.default\">\n\t\t\t\t<div class=\"elementor-widget-container\">\n\t\t\t\t\t\t\t\t\t<div class=\"elementor-button-wrapper\">\n\t\t\t\t\t<a class=\"elementor-button elementor-button-link elementor-size-sm\" href=\"https:\/\/abreme.com.br\/contato\/\">\n\t\t\t\t\t\t<span class=\"elementor-button-content-wrapper\">\n\t\t\t\t\t\t\t\t\t<span class=\"elementor-button-text\">SAIBA MAIS<\/span>\n\t\t\t\t\t<\/span>\n\t\t\t\t\t<\/a>\n\t\t\t\t<\/div>\n\t\t\t\t\t\t\t\t<\/div>\n\t\t\t\t<\/div>\n\t\t\t\t<\/div>\n\t\t\t\t<section class=\"elementor-section elementor-top-section elementor-element elementor-element-870c797 elementor-section-boxed elementor-section-height-default elementor-section-height-default wpr-particle-no wpr-jarallax-no wpr-parallax-no wpr-sticky-section-no wpr-equal-height-no\" data-id=\"870c797\" data-element_type=\"section\" data-settings=\"{&quot;background_background&quot;:&quot;classic&quot;}\">\n\t\t\t\t\t\t<div class=\"elementor-container elementor-column-gap-default\">\n\t\t\t\t\t<div class=\"elementor-column elementor-col-100 elementor-top-column elementor-element elementor-element-402ed04\" data-id=\"402ed04\" data-element_type=\"column\">\n\t\t\t<div class=\"elementor-widget-wrap elementor-element-populated\">\n\t\t\t\t\t\t<div class=\"elementor-element elementor-element-6cc5c35 wpr-grid-columns-3 wpr-grid-columns--tablet2 wpr-grid-columns--mobile1 wpr-grid-pagination-center wpr-item-styles-inner elementor-widget elementor-widget-wpr-grid\" data-id=\"6cc5c35\" data-element_type=\"widget\" data-widget_type=\"wpr-grid.default\">\n\t\t\t\t<div class=\"elementor-widget-container\">\n\t\t\t\t\t<ul class=\"wpr-grid-filters elementor-clearfix wpr-grid-filters-sep-right\"><li class=\" wpr-pointer-none wpr-pointer-line-fx wpr-pointer-fx-none\"><span   data-ajax-filter=[\"category\",\"blog\"]  data-filter=\".category-blog\">Blog<\/span><em class=\"wpr-grid-filters-sep\"><\/em><\/li><li class=\" wpr-pointer-none wpr-pointer-line-fx wpr-pointer-fx-none wpr-hidden-element\"><span   data-ajax-filter=[\"category\",\"comercio\"]  data-filter=\".category-comercio\">Com\u00e9rcio<\/span><em class=\"wpr-grid-filters-sep\"><\/em><\/li><li class=\" wpr-pointer-none wpr-pointer-line-fx wpr-pointer-fx-none wpr-hidden-element\"><span   data-ajax-filter=[\"category\",\"ead\"]  data-filter=\".category-ead\">EAD<\/span><em class=\"wpr-grid-filters-sep\"><\/em><\/li><li class=\" wpr-pointer-none wpr-pointer-line-fx wpr-pointer-fx-none wpr-hidden-element\"><span   data-ajax-filter=[\"category\",\"empresa\"]  data-filter=\".category-empresa\">Empresa<\/span><em class=\"wpr-grid-filters-sep\"><\/em><\/li><li class=\" wpr-pointer-none wpr-pointer-line-fx wpr-pointer-fx-none wpr-hidden-element\"><span   data-ajax-filter=[\"category\",\"financas\"]  data-filter=\".category-financas\">Finan\u00e7as<\/span><em class=\"wpr-grid-filters-sep\"><\/em><\/li><li class=\" wpr-pointer-none wpr-pointer-line-fx wpr-pointer-fx-none wpr-hidden-element\"><span   data-ajax-filter=[\"category\",\"gestao-publica\"]  data-filter=\".category-gestao-publica\">Gest\u00e3o P\u00fablica<\/span><em class=\"wpr-grid-filters-sep\"><\/em><\/li><li class=\" wpr-pointer-none wpr-pointer-line-fx wpr-pointer-fx-none wpr-hidden-element\"><span   data-ajax-filter=[\"category\",\"https-abreme-com-br-area-do-associado\"]  data-filter=\".category-https-abreme-com-br-area-do-associado\">https:\/\/abreme.com.br\/area-do-associado\/<\/span><em class=\"wpr-grid-filters-sep\"><\/em><\/li><li class=\" wpr-pointer-none wpr-pointer-line-fx wpr-pointer-fx-none wpr-hidden-element\"><span   data-ajax-filter=[\"category\",\"https-abreme-com-br-area-do-associado-informe-juridico-tributario\"]  data-filter=\".category-https-abreme-com-br-area-do-associado-informe-juridico-tributario\">https:\/\/abreme.com.br\/area-do-associado\/informe-juridico-tributario<\/span><em class=\"wpr-grid-filters-sep\"><\/em><\/li><li class=\" wpr-pointer-none wpr-pointer-line-fx wpr-pointer-fx-none wpr-hidden-element\"><span   data-ajax-filter=[\"category\",\"https-abreme-com-br-area-do-associado-informe-juridico-tributario-2\"]  data-filter=\".category-https-abreme-com-br-area-do-associado-informe-juridico-tributario-2\">https:\/\/abreme.com.br\/area-do-associado\/informe-juridico-tributario\/<\/span><em class=\"wpr-grid-filters-sep\"><\/em><\/li><li class=\" wpr-pointer-none wpr-pointer-line-fx wpr-pointer-fx-none wpr-hidden-element\"><span   data-ajax-filter=[\"category\",\"imposto\"]  data-filter=\".category-imposto\">Imposto<\/span><em class=\"wpr-grid-filters-sep\"><\/em><\/li><li class=\" wpr-pointer-none wpr-pointer-line-fx wpr-pointer-fx-none wpr-hidden-element\"><span   data-ajax-filter=[\"category\",\"impostos\"]  data-filter=\".category-impostos\">Impostos<\/span><em class=\"wpr-grid-filters-sep\"><\/em><\/li><li class=\" wpr-pointer-none wpr-pointer-line-fx wpr-pointer-fx-none wpr-hidden-element\"><span   data-ajax-filter=[\"category\",\"industria\"]  data-filter=\".category-industria\">Ind\u00fastria<\/span><em class=\"wpr-grid-filters-sep\"><\/em><\/li><li class=\" wpr-pointer-none wpr-pointer-line-fx wpr-pointer-fx-none wpr-hidden-element\"><span   data-ajax-filter=[\"category\",\"inovacao\"]  data-filter=\".category-inovacao\">Inova\u00e7\u00e3o<\/span><em class=\"wpr-grid-filters-sep\"><\/em><\/li><li class=\" wpr-pointer-none wpr-pointer-line-fx wpr-pointer-fx-none wpr-hidden-element\"><span   data-ajax-filter=[\"category\",\"juridico\"]  data-filter=\".category-juridico\">Jur\u00eddico<\/span><em class=\"wpr-grid-filters-sep\"><\/em><\/li><li class=\" wpr-pointer-none wpr-pointer-line-fx wpr-pointer-fx-none wpr-hidden-element\"><span   data-ajax-filter=[\"category\",\"news\"]  data-filter=\".category-news\">News<\/span><em class=\"wpr-grid-filters-sep\"><\/em><\/li><li class=\" wpr-pointer-none wpr-pointer-line-fx wpr-pointer-fx-none\"><span   data-ajax-filter=[\"category\",\"tranformacao-digital\"]  data-filter=\".category-tranformacao-digital\">Tranforma\u00e7\u00e3o Digital<\/span><em class=\"wpr-grid-filters-sep\"><\/em><\/li><li class=\" wpr-pointer-none wpr-pointer-line-fx wpr-pointer-fx-none\"><span   data-ajax-filter=[\"category\",\"visitas\"]  data-filter=\".category-visitas\">Visitas<\/span><em class=\"wpr-grid-filters-sep\"><\/em><\/li><\/ul><section class=\"wpr-grid elementor-clearfix\" data-settings=\"{&quot;layout&quot;:&quot;fitRows&quot;,&quot;stick_last_element_to_bottom&quot;:&quot;&quot;,&quot;columns_desktop&quot;:&quot;3&quot;,&quot;gutter_hr&quot;:15,&quot;gutter_hr_mobile&quot;:15,&quot;gutter_hr_mobile_extra&quot;:15,&quot;gutter_hr_tablet&quot;:15,&quot;gutter_hr_tablet_extra&quot;:15,&quot;gutter_hr_laptop&quot;:15,&quot;gutter_hr_widescreen&quot;:15,&quot;gutter_vr&quot;:15,&quot;gutter_vr_mobile&quot;:15,&quot;gutter_vr_mobile_extra&quot;:15,&quot;gutter_vr_tablet&quot;:15,&quot;gutter_vr_tablet_extra&quot;:15,&quot;gutter_vr_laptop&quot;:15,&quot;gutter_vr_widescreen&quot;:15,&quot;animation&quot;:&quot;fade&quot;,&quot;animation_duration&quot;:0.4,&quot;animation_delay&quot;:0.2,&quot;deeplinking&quot;:&quot;&quot;,&quot;filters_linkable&quot;:&quot;no&quot;,&quot;filters_default_filter&quot;:&quot;&quot;,&quot;filters_count&quot;:&quot;&quot;,&quot;filters_hide_empty&quot;:&quot;yes&quot;,&quot;filters_animation&quot;:&quot;default&quot;,&quot;filters_animation_duration&quot;:0.4,&quot;filters_animation_delay&quot;:0.2,&quot;pagination_type&quot;:&quot;load-more&quot;,&quot;pagination_max_pages&quot;:42,&quot;lightbox&quot;:{&quot;selector&quot;:&quot;.wpr-grid-image-wrap&quot;,&quot;iframeMaxWidth&quot;:&quot;60%&quot;,&quot;hash&quot;:false,&quot;autoplay&quot;:&quot;true&quot;,&quot;pause&quot;:5000,&quot;progressBar&quot;:&quot;true&quot;,&quot;counter&quot;:&quot;true&quot;,&quot;controls&quot;:&quot;true&quot;,&quot;getCaptionFromTitleOrAlt&quot;:&quot;true&quot;,&quot;thumbnail&quot;:&quot;&quot;,&quot;showThumbByDefault&quot;:&quot;&quot;,&quot;share&quot;:&quot;&quot;,&quot;zoom&quot;:&quot;true&quot;,&quot;fullScreen&quot;:&quot;true&quot;,&quot;download&quot;:&quot;true&quot;}}\" data-advanced-filters=\"no\"><article class=\"wpr-grid-item elementor-clearfix post-827 post type-post status-publish format-standard has-post-thumbnail hentry category-blog category-tranformacao-digital tag-digital-transformation tag-ead tag-transformacao-digital\"><div class=\"wpr-grid-item-inner\"><div class=\"wpr-grid-item-above-content elementor-clearfix\"><h2 class=\"wpr-grid-item-title elementor-repeater-item-04b0433 wpr-grid-item-display-block wpr-grid-item-align-left wpr-pointer-none wpr-pointer-line-fx wpr-pointer-fx-fade\"><div class=\"inner-block\"><a target=\"_self\"  href=\"https:\/\/abreme.com.br\/?p=827\">Semin\u00e1rio organizado pela Abreme discutiu o Processo de Transforma\u00e7\u00e3o Digital<\/a><\/div><\/h2><\/div><div class=\"wpr-grid-media-wrap wpr-effect-size-medium \" data-overlay-link=\"yes\"><div class=\"wpr-grid-image-wrap\" data-src=\"https:\/\/abreme.com.br\/wp-content\/uploads\/elementor\/thumbs\/01-1-rf1jcosgije14bggb403i3d8et14jy26ugf3tind6w.jpg\" data-img-on-hover=\"\"  data-src-secondary=\"\"><img decoding=\"async\" data-no-lazy=\"1\" src=\"https:\/\/abreme.com.br\/wp-content\/uploads\/elementor\/thumbs\/01-1-rf1jcosgije14bggb403i3d8et14jy26ugf3tind6w.jpg\" alt=\"Semin\u00e1rio organizado pela Abreme discutiu o Processo de Transforma\u00e7\u00e3o Digital\" class=\"wpr-anim-timing-ease-default\"><\/div><div class=\"wpr-grid-media-hover wpr-animation-wrap\"><div class=\"wpr-grid-media-hover-bg  wpr-overlay-fade-in wpr-anim-size-large wpr-anim-timing-ease-default wpr-anim-transparency\" data-url=\"https:\/\/abreme.com.br\/?p=827\"><\/div><\/div><\/div><div class=\"wpr-grid-item-below-content elementor-clearfix\"><div class=\"wpr-grid-item-excerpt elementor-repeater-item-5241605 wpr-grid-item-display-block wpr-grid-item-align-left\"><div class=\"inner-block\"><p>O dia 18 de abril foi marcado pelo I Semin\u00e1rio de 2019 da Abreme. Organizado pelo Comit\u00ea Estrat\u00e9gico da associa\u00e7\u00e3o,...<\/p><\/div><\/div><\/div><\/div><\/article><article class=\"wpr-grid-item elementor-clearfix post-760 post type-post status-publish format-standard has-post-thumbnail hentry category-blog category-visitas tag-distribuidor tag-ead tag-eletrico tag-lojista tag-material-eletrico tag-revendedor tag-visita-fabrica tag-weidmuller\"><div class=\"wpr-grid-item-inner\"><div class=\"wpr-grid-item-above-content elementor-clearfix\"><h2 class=\"wpr-grid-item-title elementor-repeater-item-04b0433 wpr-grid-item-display-block wpr-grid-item-align-left wpr-pointer-none wpr-pointer-line-fx wpr-pointer-fx-fade\"><div class=\"inner-block\"><a target=\"_self\"  href=\"https:\/\/abreme.com.br\/?p=760\">Abreme promove Visita \u00e0 F\u00e1brica da Weidm\u00fcller Conexel<\/a><\/div><\/h2><\/div><div class=\"wpr-grid-media-wrap wpr-effect-size-medium \" data-overlay-link=\"yes\"><div class=\"wpr-grid-image-wrap\" data-src=\"https:\/\/abreme.com.br\/wp-content\/uploads\/elementor\/thumbs\/Weidmuller01-DV-C-rf1jd7l8b83rkip59c4mvymgaiggtw4tl1gtf1vhqg.png\" data-img-on-hover=\"\"  data-src-secondary=\"\"><img decoding=\"async\" data-no-lazy=\"1\" src=\"https:\/\/abreme.com.br\/wp-content\/uploads\/elementor\/thumbs\/Weidmuller01-DV-C-rf1jd7l8b83rkip59c4mvymgaiggtw4tl1gtf1vhqg.png\" alt=\"visita-fabrica-weidmuller\" class=\"wpr-anim-timing-ease-default\"><\/div><div class=\"wpr-grid-media-hover wpr-animation-wrap\"><div class=\"wpr-grid-media-hover-bg  wpr-overlay-fade-in wpr-anim-size-large wpr-anim-timing-ease-default wpr-anim-transparency\" data-url=\"https:\/\/abreme.com.br\/?p=760\"><\/div><\/div><\/div><div class=\"wpr-grid-item-below-content elementor-clearfix\"><div class=\"wpr-grid-item-excerpt elementor-repeater-item-5241605 wpr-grid-item-display-block wpr-grid-item-align-left\"><div class=\"inner-block\"><p>No dia 27 de junho, a ABREME atrav\u00e9s do seu \u201cComit\u00ea Institucional\u201d,\u00a0 realizou a visita na multinacional alem\u00e3 Weidm\u00fcller-Conexel. Fundada...<\/p><\/div><\/div><\/div><\/div><\/article><article class=\"wpr-grid-item elementor-clearfix post-891 post type-post status-publish format-standard has-post-thumbnail hentry category-blog tag-abreme tag-icms tag-materiaiseletricos tag-materialdeconstrucao tag-santacatarina tag-sc tag-substituicaotributaria\"><div class=\"wpr-grid-item-inner\"><div class=\"wpr-grid-item-above-content elementor-clearfix\"><h2 class=\"wpr-grid-item-title elementor-repeater-item-04b0433 wpr-grid-item-display-block wpr-grid-item-align-left wpr-pointer-none wpr-pointer-line-fx wpr-pointer-fx-fade\"><div class=\"inner-block\"><a target=\"_self\"  href=\"https:\/\/abreme.com.br\/?p=891\">Fim da Substitui\u00e7\u00e3o Tribut\u00e1ria em SC. Como proceder quanto ao recolhimento do ICMS?<\/a><\/div><\/h2><\/div><div class=\"wpr-grid-media-wrap wpr-effect-size-medium \" data-overlay-link=\"yes\"><div class=\"wpr-grid-image-wrap\" data-src=\"https:\/\/abreme.com.br\/wp-content\/uploads\/elementor\/thumbs\/substituicao-tributaria-1-rf1jdaeqvq7mjcl1svcilfwu2o2kgzg0lff9uvrb7s.png\" data-img-on-hover=\"\"  data-src-secondary=\"\"><img decoding=\"async\" data-no-lazy=\"1\" src=\"https:\/\/abreme.com.br\/wp-content\/uploads\/elementor\/thumbs\/substituicao-tributaria-1-rf1jdaeqvq7mjcl1svcilfwu2o2kgzg0lff9uvrb7s.png\" alt=\"Fim da Substitui\u00e7\u00e3o Tribut\u00e1ria em SC. Como proceder quanto ao recolhimento do ICMS?\" class=\"wpr-anim-timing-ease-default\"><\/div><div class=\"wpr-grid-media-hover wpr-animation-wrap\"><div class=\"wpr-grid-media-hover-bg  wpr-overlay-fade-in wpr-anim-size-large wpr-anim-timing-ease-default wpr-anim-transparency\" data-url=\"https:\/\/abreme.com.br\/?p=891\"><\/div><\/div><\/div><div class=\"wpr-grid-item-below-content elementor-clearfix\"><div class=\"wpr-grid-item-excerpt elementor-repeater-item-5241605 wpr-grid-item-display-block wpr-grid-item-align-left\"><div class=\"inner-block\"><p>FIM DA SUBSTITUI\u00c7\u00c3O TRIBUT\u00c1RIA PARA DIVERSOS SETORES NO ESTADO DE SANTA CATARINA: COMO PROCEDER QUANTO AO RECOLHIMENTO DO ICMS? &nbsp;...<\/p><\/div><\/div><\/div><\/div><\/article><\/section><div class=\"wpr-grid-pagination elementor-clearfix wpr-grid-pagination-load-more\" data-pages=\"42\"><a href=\"https:\/\/abreme.com.br\/index.php?rest_route=%2Fwp%2Fv2%2Fpages%2F5833&#038;paged=2\" class=\"wpr-load-more-btn\" data-e-disable-page-transition >Load More<\/a><div class=\"wpr-pagination-loading\"><div class=\"wpr-double-bounce\"><div class=\"wpr-child wpr-double-bounce1\"><\/div><div class=\"wpr-child wpr-double-bounce2\"><\/div><\/div><\/div><p class=\"wpr-pagination-finish\">End of Content.<\/p><\/div>\t\t\t\t<\/div>\n\t\t\t\t<\/div>\n\t\t\t\t\t<\/div>\n\t\t<\/div>\n\t\t\t\t\t<\/div>\n\t\t<\/section>\n\t\t<div class=\"elementor-element elementor-element-e95b52f e-con-full e-flex wpr-particle-no wpr-jarallax-no wpr-parallax-no wpr-sticky-section-no wpr-equal-height-no e-con e-parent\" data-id=\"e95b52f\" data-element_type=\"container\" data-settings=\"{&quot;background_background&quot;:&quot;classic&quot;}\">\n\t\t<div class=\"elementor-element elementor-element-ccea6cd e-con-full e-flex wpr-particle-no wpr-jarallax-no wpr-parallax-no wpr-sticky-section-no wpr-equal-height-no e-con e-child\" data-id=\"ccea6cd\" data-element_type=\"container\">\n\t\t\t\t<div class=\"elementor-element elementor-element-c149491 elementor-widget elementor-widget-image\" data-id=\"c149491\" data-element_type=\"widget\" data-widget_type=\"image.default\">\n\t\t\t\t<div class=\"elementor-widget-container\">\n\t\t\t\t\t\t\t\t\t\t\t\t\t\t\t<img decoding=\"async\" width=\"300\" height=\"58\" src=\"https:\/\/abreme.com.br\/wp-content\/uploads\/2019\/05\/abreme-branco-300x58.png\" class=\"attachment-medium size-medium wp-image-439\" alt=\"\" srcset=\"https:\/\/abreme.com.br\/wp-content\/uploads\/2019\/05\/abreme-branco-300x58.png 300w, https:\/\/abreme.com.br\/wp-content\/uploads\/2019\/05\/abreme-branco.png 737w\" sizes=\"(max-width: 300px) 100vw, 300px\" \/>\t\t\t\t\t\t\t\t\t\t\t\t\t\t\t<\/div>\n\t\t\t\t<\/div>\n\t\t\t\t<div class=\"elementor-element elementor-element-1a3dd57 elementor-widget elementor-widget-heading\" data-id=\"1a3dd57\" data-element_type=\"widget\" data-widget_type=\"heading.default\">\n\t\t\t\t<div class=\"elementor-widget-container\">\n\t\t\t\t\t<h3 class=\"elementor-heading-title elementor-size-default\">Promovendo o desenvolvimento e a profissionaliza\u00e7\u00e3o do mercado de revenda e distribui\u00e7\u00e3o de materiais el\u00e9tricos\n\n<\/h3>\t\t\t\t<\/div>\n\t\t\t\t<\/div>\n\t\t\t\t<div class=\"elementor-element elementor-element-e8c25a9 elementor-widget elementor-widget-text-editor\" data-id=\"e8c25a9\" data-element_type=\"widget\" data-widget_type=\"text-editor.default\">\n\t\t\t\t<div class=\"elementor-widget-container\">\n\t\t\t\t\t\t\t\t\t<p>A ABREME Associa\u00e7\u00e3o Brasileira dos Revendedores e Distribuidores de Materiais El\u00e9tricos, \u00e9 uma entidade civil, sem fins lucrativos que congrega empresas individuais ou coletivas que se dedicam \u00e0 comercializa\u00e7\u00e3o de materiais el\u00e9tricos, seja na base de revenda\u00a0 ou distribui\u00e7\u00e3o.<\/p>\t\t\t\t\t\t\t\t<\/div>\n\t\t\t\t<\/div>\n\t\t\t\t<\/div>\n\t\t\t\t<\/div>\n\t\t<div class=\"elementor-element elementor-element-c0f83af e-con-full e-flex wpr-particle-no wpr-jarallax-no wpr-parallax-no wpr-sticky-section-no wpr-equal-height-no e-con e-parent\" data-id=\"c0f83af\" data-element_type=\"container\" data-settings=\"{&quot;background_background&quot;:&quot;classic&quot;}\">\n\t\t\t\t<div class=\"elementor-element elementor-element-170fbcf elementor-arrows-position-outside elementor-widget elementor-widget-image-carousel\" data-id=\"170fbcf\" data-element_type=\"widget\" data-settings=\"{&quot;slides_to_show&quot;:&quot;10&quot;,&quot;navigation&quot;:&quot;arrows&quot;,&quot;image_spacing_custom&quot;:{&quot;unit&quot;:&quot;px&quot;,&quot;size&quot;:30,&quot;sizes&quot;:[]},&quot;slides_to_scroll&quot;:&quot;5&quot;,&quot;slides_to_show_mobile&quot;:&quot;2&quot;,&quot;slides_to_scroll_mobile&quot;:&quot;2&quot;,&quot;autoplay&quot;:&quot;yes&quot;,&quot;pause_on_hover&quot;:&quot;yes&quot;,&quot;pause_on_interaction&quot;:&quot;yes&quot;,&quot;autoplay_speed&quot;:5000,&quot;infinite&quot;:&quot;yes&quot;,&quot;speed&quot;:500,&quot;image_spacing_custom_tablet&quot;:{&quot;unit&quot;:&quot;px&quot;,&quot;size&quot;:&quot;&quot;,&quot;sizes&quot;:[]},&quot;image_spacing_custom_mobile&quot;:{&quot;unit&quot;:&quot;px&quot;,&quot;size&quot;:&quot;&quot;,&quot;sizes&quot;:[]}}\" data-widget_type=\"image-carousel.default\">\n\t\t\t\t<div class=\"elementor-widget-container\">\n\t\t\t\t\t\t\t<div class=\"elementor-image-carousel-wrapper swiper\" role=\"region\" aria-roledescription=\"carousel\" aria-label=\"Carrossel de imagens\" dir=\"ltr\">\n\t\t\t<div class=\"elementor-image-carousel swiper-wrapper\" aria-live=\"off\">\n\t\t\t\t\t\t\t\t<div class=\"swiper-slide\" role=\"group\" aria-roledescription=\"slide\" aria-label=\"1 de 25\"><figure class=\"swiper-slide-inner\"><img decoding=\"async\" class=\"swiper-slide-image\" src=\"https:\/\/abreme.com.br\/wp-content\/uploads\/2019\/06\/logo_alpha.jpg\" alt=\"logo_alpha\" \/><\/figure><\/div><div class=\"swiper-slide\" role=\"group\" aria-roledescription=\"slide\" aria-label=\"2 de 25\"><figure class=\"swiper-slide-inner\"><img decoding=\"async\" class=\"swiper-slide-image\" src=\"https:\/\/abreme.com.br\/wp-content\/uploads\/2019\/06\/logo_andra.jpg\" alt=\"logo_andra\" \/><\/figure><\/div><div class=\"swiper-slide\" role=\"group\" aria-roledescription=\"slide\" aria-label=\"3 de 25\"><figure class=\"swiper-slide-inner\"><img decoding=\"async\" class=\"swiper-slide-image\" src=\"https:\/\/abreme.com.br\/wp-content\/uploads\/2024\/08\/eletrica-copeli.png\" alt=\"eletrica-copeli\" \/><\/figure><\/div><div class=\"swiper-slide\" role=\"group\" aria-roledescription=\"slide\" aria-label=\"4 de 25\"><figure class=\"swiper-slide-inner\"><img decoding=\"async\" class=\"swiper-slide-image\" src=\"https:\/\/abreme.com.br\/wp-content\/uploads\/2024\/09\/cross.jpg\" alt=\"cross\" \/><\/figure><\/div><div class=\"swiper-slide\" role=\"group\" aria-roledescription=\"slide\" aria-label=\"5 de 25\"><figure class=\"swiper-slide-inner\"><img decoding=\"async\" class=\"swiper-slide-image\" src=\"https:\/\/abreme.com.br\/wp-content\/uploads\/2024\/08\/Dimensional.png\" alt=\"Dimensional\" \/><\/figure><\/div><div class=\"swiper-slide\" role=\"group\" aria-roledescription=\"slide\" aria-label=\"6 de 25\"><figure class=\"swiper-slide-inner\"><img decoding=\"async\" class=\"swiper-slide-image\" src=\"https:\/\/abreme.com.br\/wp-content\/uploads\/2024\/08\/eletrica-bahiana.jpg\" alt=\"eletrica-bahiana\" \/><\/figure><\/div><div class=\"swiper-slide\" role=\"group\" aria-roledescription=\"slide\" aria-label=\"7 de 25\"><figure class=\"swiper-slide-inner\"><img decoding=\"async\" class=\"swiper-slide-image\" src=\"https:\/\/abreme.com.br\/wp-content\/uploads\/2024\/08\/logo_ec.jpg\" alt=\"logo_ec\" \/><\/figure><\/div><div class=\"swiper-slide\" role=\"group\" aria-roledescription=\"slide\" aria-label=\"8 de 25\"><figure class=\"swiper-slide-inner\"><img decoding=\"async\" class=\"swiper-slide-image\" src=\"https:\/\/abreme.com.br\/wp-content\/uploads\/2019\/06\/logo_paulista.jpg\" alt=\"logo_paulista\" \/><\/figure><\/div><div class=\"swiper-slide\" role=\"group\" aria-roledescription=\"slide\" aria-label=\"9 de 25\"><figure class=\"swiper-slide-inner\"><img decoding=\"async\" class=\"swiper-slide-image\" src=\"https:\/\/abreme.com.br\/wp-content\/uploads\/2024\/08\/logo_eletropainel.jpg\" alt=\"logo_eletropainel\" \/><\/figure><\/div><div class=\"swiper-slide\" role=\"group\" aria-roledescription=\"slide\" aria-label=\"10 de 25\"><figure class=\"swiper-slide-inner\"><img decoding=\"async\" class=\"swiper-slide-image\" src=\"https:\/\/abreme.com.br\/wp-content\/uploads\/2024\/08\/FECVA.jpg\" alt=\"FECVA\" \/><\/figure><\/div><div class=\"swiper-slide\" role=\"group\" aria-roledescription=\"slide\" aria-label=\"11 de 25\"><figure class=\"swiper-slide-inner\"><img decoding=\"async\" class=\"swiper-slide-image\" src=\"https:\/\/abreme.com.br\/wp-content\/uploads\/2024\/08\/fujicabos.png\" alt=\"fujicabos\" \/><\/figure><\/div><div class=\"swiper-slide\" role=\"group\" aria-roledescription=\"slide\" aria-label=\"12 de 25\"><figure class=\"swiper-slide-inner\"><img decoding=\"async\" class=\"swiper-slide-image\" src=\"https:\/\/abreme.com.br\/wp-content\/uploads\/2024\/08\/logo_jabu.jpg\" alt=\"logo_jabu\" \/><\/figure><\/div><div class=\"swiper-slide\" role=\"group\" aria-roledescription=\"slide\" aria-label=\"13 de 25\"><figure class=\"swiper-slide-inner\"><img decoding=\"async\" class=\"swiper-slide-image\" src=\"https:\/\/abreme.com.br\/wp-content\/uploads\/2024\/10\/cropped-logotipo-klint.jpg\" alt=\"cropped-logotipo-klint\" \/><\/figure><\/div><div class=\"swiper-slide\" role=\"group\" aria-roledescription=\"slide\" aria-label=\"14 de 25\"><figure class=\"swiper-slide-inner\"><img decoding=\"async\" class=\"swiper-slide-image\" src=\"https:\/\/abreme.com.br\/wp-content\/uploads\/2024\/08\/grupo-mater.png\" alt=\"grupo-mater\" \/><\/figure><\/div><div class=\"swiper-slide\" role=\"group\" aria-roledescription=\"slide\" aria-label=\"15 de 25\"><figure class=\"swiper-slide-inner\"><img decoding=\"async\" class=\"swiper-slide-image\" src=\"https:\/\/abreme.com.br\/wp-content\/uploads\/2024\/08\/maxel.png\" alt=\"maxel\" \/><\/figure><\/div><div class=\"swiper-slide\" role=\"group\" aria-roledescription=\"slide\" aria-label=\"16 de 25\"><figure class=\"swiper-slide-inner\"><img decoding=\"async\" class=\"swiper-slide-image\" src=\"https:\/\/abreme.com.br\/wp-content\/uploads\/2024\/08\/Logo-Meta-1.jpg\" alt=\"Logo-Meta-1\" \/><\/figure><\/div><div class=\"swiper-slide\" role=\"group\" aria-roledescription=\"slide\" aria-label=\"17 de 25\"><figure class=\"swiper-slide-inner\"><img decoding=\"async\" class=\"swiper-slide-image\" src=\"https:\/\/abreme.com.br\/wp-content\/uploads\/2024\/08\/logo_nortel.png\" alt=\"logo_nortel\" \/><\/figure><\/div><div class=\"swiper-slide\" role=\"group\" aria-roledescription=\"slide\" aria-label=\"18 de 25\"><figure class=\"swiper-slide-inner\"><img decoding=\"async\" class=\"swiper-slide-image\" src=\"https:\/\/abreme.com.br\/wp-content\/uploads\/2024\/08\/panda.png\" alt=\"panda\" \/><\/figure><\/div><div class=\"swiper-slide\" role=\"group\" aria-roledescription=\"slide\" aria-label=\"19 de 25\"><figure class=\"swiper-slide-inner\"><img decoding=\"async\" class=\"swiper-slide-image\" src=\"https:\/\/abreme.com.br\/wp-content\/uploads\/2024\/08\/plena.png\" alt=\"plena\" \/><\/figure><\/div><div class=\"swiper-slide\" role=\"group\" aria-roledescription=\"slide\" aria-label=\"20 de 25\"><figure class=\"swiper-slide-inner\"><img decoding=\"async\" class=\"swiper-slide-image\" src=\"https:\/\/abreme.com.br\/wp-content\/uploads\/2024\/08\/plenobras.png\" alt=\"plenobras\" \/><\/figure><\/div><div class=\"swiper-slide\" role=\"group\" aria-roledescription=\"slide\" aria-label=\"21 de 25\"><figure class=\"swiper-slide-inner\"><img decoding=\"async\" class=\"swiper-slide-image\" src=\"https:\/\/abreme.com.br\/wp-content\/uploads\/2024\/08\/portal.png\" alt=\"portal\" \/><\/figure><\/div><div class=\"swiper-slide\" role=\"group\" aria-roledescription=\"slide\" aria-label=\"22 de 25\"><figure class=\"swiper-slide-inner\"><img decoding=\"async\" class=\"swiper-slide-image\" src=\"https:\/\/abreme.com.br\/wp-content\/uploads\/2024\/08\/reymaster.png\" alt=\"reymaster\" \/><\/figure><\/div><div class=\"swiper-slide\" role=\"group\" aria-roledescription=\"slide\" aria-label=\"23 de 25\"><figure class=\"swiper-slide-inner\"><img decoding=\"async\" class=\"swiper-slide-image\" src=\"https:\/\/abreme.com.br\/wp-content\/uploads\/2024\/08\/santil.png\" alt=\"santil\" \/><\/figure><\/div><div class=\"swiper-slide\" role=\"group\" aria-roledescription=\"slide\" aria-label=\"24 de 25\"><figure class=\"swiper-slide-inner\"><img decoding=\"async\" class=\"swiper-slide-image\" src=\"https:\/\/abreme.com.br\/wp-content\/uploads\/2024\/08\/sonepar_2021.png\" alt=\"sonepar_2021\" \/><\/figure><\/div><div class=\"swiper-slide\" role=\"group\" aria-roledescription=\"slide\" aria-label=\"25 de 25\"><figure class=\"swiper-slide-inner\"><img decoding=\"async\" class=\"swiper-slide-image\" src=\"https:\/\/abreme.com.br\/wp-content\/uploads\/2024\/08\/Logo-Balt-2-300x118-1.jpg\" alt=\"Logo-Balt-2-300x118\" \/><\/figure><\/div>\t\t\t<\/div>\n\t\t\t\t\t\t\t\t\t\t\t\t<div class=\"elementor-swiper-button elementor-swiper-button-prev\" role=\"button\" tabindex=\"0\">\n\t\t\t\t\t\t<svg aria-hidden=\"true\" class=\"e-font-icon-svg e-eicon-chevron-left\" viewBox=\"0 0 1000 1000\" xmlns=\"http:\/\/www.w3.org\/2000\/svg\"><path d=\"M646 125C629 125 613 133 604 142L308 442C296 454 292 471 292 487 292 504 296 521 308 533L604 854C617 867 629 875 646 875 663 875 679 871 692 858 704 846 713 829 713 812 713 796 708 779 692 767L438 487 692 225C700 217 708 204 708 187 708 171 704 154 692 142 675 129 663 125 646 125Z\"><\/path><\/svg>\t\t\t\t\t<\/div>\n\t\t\t\t\t<div class=\"elementor-swiper-button elementor-swiper-button-next\" role=\"button\" tabindex=\"0\">\n\t\t\t\t\t\t<svg aria-hidden=\"true\" class=\"e-font-icon-svg e-eicon-chevron-right\" viewBox=\"0 0 1000 1000\" xmlns=\"http:\/\/www.w3.org\/2000\/svg\"><path d=\"M696 533C708 521 713 504 713 487 713 471 708 454 696 446L400 146C388 133 375 125 354 125 338 125 325 129 313 142 300 154 292 171 292 187 292 204 296 221 308 233L563 492 304 771C292 783 288 800 288 817 288 833 296 850 308 863 321 871 338 875 354 875 371 875 388 867 400 854L696 533Z\"><\/path><\/svg>\t\t\t\t\t<\/div>\n\t\t\t\t\n\t\t\t\t\t\t\t\t\t<\/div>\n\t\t\t\t\t\t<\/div>\n\t\t\t\t<\/div>\n\t\t\t\t<\/div>\n\t\t<div class=\"elementor-element elementor-element-6bca69b e-flex e-con-boxed wpr-particle-no wpr-jarallax-no wpr-parallax-no wpr-sticky-section-no wpr-equal-height-no e-con e-parent\" data-id=\"6bca69b\" data-element_type=\"container\" data-settings=\"{&quot;background_background&quot;:&quot;classic&quot;}\">\n\t\t\t\t\t<div class=\"e-con-inner\">\n\t\t\t\t<div class=\"elementor-element elementor-element-edc0007 elementor-widget elementor-widget-heading\" data-id=\"edc0007\" data-element_type=\"widget\" data-widget_type=\"heading.default\">\n\t\t\t\t<div class=\"elementor-widget-container\">\n\t\t\t\t\t<h2 class=\"elementor-heading-title elementor-size-default\">PR\u00caMIO ABREME 2024<\/h2>\t\t\t\t<\/div>\n\t\t\t\t<\/div>\n\t\t\t\t<div class=\"elementor-element elementor-element-319d122 elementor-align-right elementor-mobile-align-center elementor-widget elementor-widget-button\" data-id=\"319d122\" data-element_type=\"widget\" data-widget_type=\"button.default\">\n\t\t\t\t<div class=\"elementor-widget-container\">\n\t\t\t\t\t\t\t\t\t<div class=\"elementor-button-wrapper\">\n\t\t\t\t\t<a class=\"elementor-button elementor-button-link elementor-size-sm\" href=\"https:\/\/abreme.com.br\/premio-abreme-2024\">\n\t\t\t\t\t\t<span class=\"elementor-button-content-wrapper\">\n\t\t\t\t\t\t\t\t\t<span class=\"elementor-button-text\">Veja Mais<\/span>\n\t\t\t\t\t<\/span>\n\t\t\t\t\t<\/a>\n\t\t\t\t<\/div>\n\t\t\t\t\t\t\t\t<\/div>\n\t\t\t\t<\/div>\n\t\t\t\t<div class=\"elementor-element elementor-element-9ba8275 elementor-widget elementor-widget-heading\" data-id=\"9ba8275\" data-element_type=\"widget\" data-widget_type=\"heading.default\">\n\t\t\t\t<div class=\"elementor-widget-container\">\n\t\t\t\t\t<h2 class=\"elementor-heading-title elementor-size-default\">OS DESTAQUES NO SEGMENTO DE MATERIAIS EL\u00c9TRICOS EST\u00c3O AQUI<\/h2>\t\t\t\t<\/div>\n\t\t\t\t<\/div>\n\t\t\t\t<div class=\"elementor-element elementor-element-337857f elementor-widget elementor-widget-text-editor\" data-id=\"337857f\" data-element_type=\"widget\" data-widget_type=\"text-editor.default\">\n\t\t\t\t<div class=\"elementor-widget-container\">\n\t\t\t\t\t\t\t\t\t<p><strong>O Pr\u00eamio ABREME \u00e9 o mais importante pr\u00eamio no setor de revenda e distribui\u00e7\u00e3o de materiais el\u00e9tricos no Brasil. Anualmente, um j\u00fari formado por renomados profissionais elege as empresas que se destacam no segmento de materiais el\u00e9tricos.<\/strong>Anualmente, um j\u00fari formado por renomados profissionais elege as empresas e profissionais que se destacaram no mercado.<\/p>\t\t\t\t\t\t\t\t<\/div>\n\t\t\t\t<\/div>\n\t\t\t\t\t<\/div>\n\t\t\t\t<\/div>\n\t\t<div class=\"elementor-element elementor-element-948826c e-flex e-con-boxed wpr-particle-no wpr-jarallax-no wpr-parallax-no wpr-sticky-section-no wpr-equal-height-no e-con e-parent\" data-id=\"948826c\" data-element_type=\"container\" data-settings=\"{&quot;background_background&quot;:&quot;classic&quot;}\">\n\t\t\t\t\t<div class=\"e-con-inner\">\n\t\t<div class=\"elementor-element elementor-element-9c1ee3b e-con-full e-flex wpr-particle-no wpr-jarallax-no wpr-parallax-no wpr-sticky-section-no wpr-equal-height-no e-con e-child\" data-id=\"9c1ee3b\" data-element_type=\"container\">\n\t\t\t\t<div class=\"elementor-element elementor-element-3faa86b elementor-widget elementor-widget-heading\" data-id=\"3faa86b\" data-element_type=\"widget\" data-widget_type=\"heading.default\">\n\t\t\t\t<div class=\"elementor-widget-container\">\n\t\t\t\t\t<h2 class=\"elementor-heading-title elementor-size-default\">Pr\u00eamio \"Fornecedores do Ano 2024\"\u200b\n<\/h2>\t\t\t\t<\/div>\n\t\t\t\t<\/div>\n\t\t\t\t<div class=\"elementor-element elementor-element-dc90d3d elementor-arrows-position-outside elementor-widget elementor-widget-image-carousel\" data-id=\"dc90d3d\" data-element_type=\"widget\" data-settings=\"{&quot;slides_to_show&quot;:&quot;1&quot;,&quot;effect&quot;:&quot;fade&quot;,&quot;navigation&quot;:&quot;arrows&quot;,&quot;autoplay&quot;:&quot;yes&quot;,&quot;pause_on_hover&quot;:&quot;yes&quot;,&quot;pause_on_interaction&quot;:&quot;yes&quot;,&quot;autoplay_speed&quot;:5000,&quot;infinite&quot;:&quot;yes&quot;,&quot;speed&quot;:500}\" data-widget_type=\"image-carousel.default\">\n\t\t\t\t<div class=\"elementor-widget-container\">\n\t\t\t\t\t\t\t<div class=\"elementor-image-carousel-wrapper swiper\" role=\"region\" aria-roledescription=\"carousel\" aria-label=\"Carrossel de imagens\" dir=\"ltr\">\n\t\t\t<div class=\"elementor-image-carousel swiper-wrapper\" aria-live=\"off\">\n\t\t\t\t\t\t\t\t<div class=\"swiper-slide\" role=\"group\" aria-roledescription=\"slide\" aria-label=\"1 de 29\"><figure class=\"swiper-slide-inner\"><img decoding=\"async\" class=\"swiper-slide-image\" src=\"https:\/\/abreme.com.br\/wp-content\/uploads\/2025\/01\/Foto-416-scaled.jpg\" alt=\"PATROCINADORA WEG \u2013 RICARDO DA ROCHA BRANDO \u2013 MAUR\u00cdCIO ROBERTO MATOSSO \u2013 PAULO ROG\u00c9RIO BRAZ \u2013 HARRY SCHMELZER NETO \u2013 PAULO ROBERTO KR\u00dcGER \u2013 ANT\u00d4NIO LUIS FARIA GON\u00c7ALVES \u2013 JOS\u00c9 FRANCISCO RIBERIRO SOARES \u2013 ROG\u00c9RIO BIASSI \u2013 MAUR\u00cdCIO CL\u00c9BER VALLIN \u2013 GERSON SALLES (DIRETOR ABREME) \u2013  (WEG) ADEILTON LUIS DE SOUZA SILVA \u2013 MARCOS ROBERTO C\u00c9ZAR LOSSO \u2013 MARCELO SCATINI (REPRES. DE VENDAS DA EMPRESA SCATINI REPRESENTA\u00c7\u00d5ES), E MARCOS ANT\u00d4NIO DE FARIAS (WEG).\" \/><figcaption class=\"elementor-image-carousel-caption\">PATROCINADORA WEG \u2013 RICARDO DA ROCHA BRANDO \u2013 MAUR\u00cdCIO ROBERTO MATOSSO \u2013 PAULO ROG\u00c9RIO BRAZ \u2013 HARRY SCHMELZER NETO \u2013 PAULO ROBERTO KR\u00dcGER \u2013 ANT\u00d4NIO LUIS FARIA GON\u00c7ALVES \u2013 JOS\u00c9 FRANCISCO RIBERIRO SOARES \u2013 ROG\u00c9RIO BIASSI \u2013 MAUR\u00cdCIO CL\u00c9BER VALLIN \u2013 GERSON SALLES (DIRETOR ABREME) \u2013  (WEG) ADEILTON LUIS DE SOUZA SILVA \u2013 MARCOS ROBERTO C\u00c9ZAR LOSSO \u2013 MARCELO SCATINI (REPRES. DE VENDAS DA EMPRESA SCATINI REPRESENTA\u00c7\u00d5ES), E MARCOS ANT\u00d4NIO DE FARIAS (WEG).<\/figcaption><\/figure><\/div><div class=\"swiper-slide\" role=\"group\" aria-roledescription=\"slide\" aria-label=\"2 de 29\"><figure class=\"swiper-slide-inner\"><img decoding=\"async\" class=\"swiper-slide-image\" src=\"https:\/\/abreme.com.br\/wp-content\/uploads\/2025\/01\/Foto-499-scaled.jpg\" alt=\"PATROCINADORA GFC \u2013 GUSTAVO COSTA \u2013 FELIPE SIQUEIRA \u2013 RENATA MELLO E JOEL NAVARRO JR.\" \/><figcaption class=\"elementor-image-carousel-caption\">PATROCINADORA GFC \u2013 GUSTAVO COSTA \u2013 FELIPE SIQUEIRA \u2013 RENATA MELLO E JOEL NAVARRO JR.<\/figcaption><\/figure><\/div><div class=\"swiper-slide\" role=\"group\" aria-roledescription=\"slide\" aria-label=\"3 de 29\"><figure class=\"swiper-slide-inner\"><img decoding=\"async\" class=\"swiper-slide-image\" src=\"https:\/\/abreme.com.br\/wp-content\/uploads\/2025\/01\/Foto-498-scaled.jpg\" alt=\"PATROCINADORA TRON \u2013 MARCOS COELHO \u2013 S\u00c9RGIO VIEIRA \u2013 GUSTAVO REZENDE \u2013 OL\u00cdMPIO CORR\u00caA \u2013 FELIPE CHAVES \u2013 DOLORES MODRONO \u2013 CAROLINA FONSECA \u2013 DILAMAR PINTO \u2013 HUDDSON PESSOA \u2013 PAULO C\u00c9SAR P.S. SOUZA E MATHEUS OLIVEIRA.\" \/><figcaption class=\"elementor-image-carousel-caption\">PATROCINADORA TRON \u2013 MARCOS COELHO \u2013 S\u00c9RGIO VIEIRA \u2013 GUSTAVO REZENDE \u2013 OL\u00cdMPIO CORR\u00caA \u2013 FELIPE CHAVES \u2013 DOLORES MODRONO \u2013 CAROLINA FONSECA \u2013 DILAMAR PINTO \u2013 HUDDSON PESSOA \u2013 PAULO C\u00c9SAR P.S. SOUZA E MATHEUS OLIVEIRA.<\/figcaption><\/figure><\/div><div class=\"swiper-slide\" role=\"group\" aria-roledescription=\"slide\" aria-label=\"4 de 29\"><figure class=\"swiper-slide-inner\"><img decoding=\"async\" class=\"swiper-slide-image\" src=\"https:\/\/abreme.com.br\/wp-content\/uploads\/2025\/01\/IMG_3700-scaled.jpg\" alt=\"PATROCINADORA STECK \u2013ALEXIS RUBIO \u2013 RAPHAEL VITORETTI \u2013 FERNANDO MOREIRA \u2013 FRANCISCO SIMON (DIRETOR ABREME) \u2013 KLECIOS SOUZA \u2013 THOMAS BELAISCH \u2013 LUCIANO ANDREOLLI \u2013 ERICA IHA \u2013 DANIEL SANTOS \u2013 S\u00c9RGIO PASCON E M\u00d4NICA SILVA E ACIMA A PEQUENA CLARINHA FILHA DE KLECIO SOUZA CEO DA\u00a0EMPRESA\u00a0STECK.\" \/><figcaption class=\"elementor-image-carousel-caption\">PATROCINADORA STECK \u2013ALEXIS RUBIO \u2013 RAPHAEL VITORETTI \u2013 FERNANDO MOREIRA \u2013 FRANCISCO SIMON (DIRETOR ABREME) \u2013 KLECIOS SOUZA \u2013 THOMAS BELAISCH \u2013 LUCIANO ANDREOLLI \u2013 ERICA IHA \u2013 DANIEL SANTOS \u2013 S\u00c9RGIO PASCON E M\u00d4NICA SILVA E ACIMA A PEQUENA CLARINHA FILHA DE KLECIO SOUZA CEO DA\u00a0EMPRESA\u00a0STECK.<\/figcaption><\/figure><\/div><div class=\"swiper-slide\" role=\"group\" aria-roledescription=\"slide\" aria-label=\"5 de 29\"><figure class=\"swiper-slide-inner\"><img decoding=\"async\" class=\"swiper-slide-image\" src=\"https:\/\/abreme.com.br\/wp-content\/uploads\/2025\/01\/Foto-496-scaled.jpg\" alt=\"PATROCINADORA GRUPO INTELLI \u2013 \u00caNIO CAL\u00c7AVARA \u2013 GILBERTO PIMENTA \u2013 JOS\u00c9 AUGUSTO PIASSA \u2013 MARCELO LUGLI \u2013 ADOLPHO BENINI \u2013 LUCAS GALLEGO \u2013 LAURA DENIPOTTI \u2013 RAPHAEL PIMENTEL E EDMAR CAMATIO.\" \/><figcaption class=\"elementor-image-carousel-caption\">PATROCINADORA GRUPO INTELLI \u2013 \u00caNIO CAL\u00c7AVARA \u2013 GILBERTO PIMENTA \u2013 JOS\u00c9 AUGUSTO PIASSA \u2013 MARCELO LUGLI \u2013 ADOLPHO BENINI \u2013 LUCAS GALLEGO \u2013 LAURA DENIPOTTI \u2013 RAPHAEL PIMENTEL E EDMAR CAMATIO.<\/figcaption><\/figure><\/div><div class=\"swiper-slide\" role=\"group\" aria-roledescription=\"slide\" aria-label=\"6 de 29\"><figure class=\"swiper-slide-inner\"><img decoding=\"async\" class=\"swiper-slide-image\" src=\"https:\/\/abreme.com.br\/wp-content\/uploads\/2025\/01\/Foto-495-scaled.jpg\" alt=\"PATROCINADORA ELITEK \u2013 C\u00c9ZAR BR\u00c1Z \u2013 HERIG NASCIMENTO \u2013 MARCELO MONTEIRO \u2013 F\u00c1BIO SOUSA \u2013 WESLEY VINICIUS \u2013 MARCELO GIORGI \u2013 PAULO PALMA E JOS\u00c9 ALVES.\" \/><figcaption class=\"elementor-image-carousel-caption\">PATROCINADORA ELITEK \u2013 C\u00c9ZAR BR\u00c1Z \u2013 HERIG NASCIMENTO \u2013 MARCELO MONTEIRO \u2013 F\u00c1BIO SOUSA \u2013 WESLEY VINICIUS \u2013 MARCELO GIORGI \u2013 PAULO PALMA E JOS\u00c9 ALVES.<\/figcaption><\/figure><\/div><div class=\"swiper-slide\" role=\"group\" aria-roledescription=\"slide\" aria-label=\"7 de 29\"><figure class=\"swiper-slide-inner\"><img decoding=\"async\" class=\"swiper-slide-image\" src=\"https:\/\/abreme.com.br\/wp-content\/uploads\/2025\/01\/Foto-494-scaled.jpg\" alt=\"PATROCINADORA WEDM\u00dcLLER CONEXEL \u2013 ROG\u00c9RIO CANTELLI \u2013 INCO DE ABREU \u2013 HENRIQUE SANCHES \u2013 RODRIGO H\u00dcSKEN \u2013 RAQUEL BOAVENTURA \u2013 ANDR\u00c9 PISANESCHI \u2013 VANESSA ALENCAR \u2013 DEODATO VICENTE \u2013 THIFANY COSTA E FELIPE ZANOL.\" \/><figcaption class=\"elementor-image-carousel-caption\">PATROCINADORA WEDM\u00dcLLER CONEXEL \u2013 ROG\u00c9RIO CANTELLI \u2013 INCO DE ABREU \u2013 HENRIQUE SANCHES \u2013 RODRIGO H\u00dcSKEN \u2013 RAQUEL BOAVENTURA \u2013 ANDR\u00c9 PISANESCHI \u2013 VANESSA ALENCAR \u2013 DEODATO VICENTE \u2013 THIFANY COSTA E FELIPE ZANOL.<\/figcaption><\/figure><\/div><div class=\"swiper-slide\" role=\"group\" aria-roledescription=\"slide\" aria-label=\"8 de 29\"><figure class=\"swiper-slide-inner\"><img decoding=\"async\" class=\"swiper-slide-image\" src=\"https:\/\/abreme.com.br\/wp-content\/uploads\/2025\/01\/Foto-492-scaled.jpg\" alt=\"PATROCINADORA WETZEL \u2013 JOS\u00c9 MARCIO DIS CORR\u00caA \u2013 WHASHINGTON KATO \u2013 ANDR\u00c9 LUIZ WETZEL \u2013 NICOLE WETZEL \u2013 WALTER MARTINELLI \u2013 MOACIR TASSINARI \u2013 S\u00c9RGIO MORETI E CL\u00c9BER GON\u00c7ALVES.\" \/><figcaption class=\"elementor-image-carousel-caption\">PATROCINADORA WETZEL \u2013 JOS\u00c9 MARCIO DIS CORR\u00caA \u2013 WHASHINGTON KATO \u2013 ANDR\u00c9 LUIZ WETZEL \u2013 NICOLE WETZEL \u2013 WALTER MARTINELLI \u2013 MOACIR TASSINARI \u2013 S\u00c9RGIO MORETI E CL\u00c9BER GON\u00c7ALVES.<\/figcaption><\/figure><\/div><div class=\"swiper-slide\" role=\"group\" aria-roledescription=\"slide\" aria-label=\"9 de 29\"><figure class=\"swiper-slide-inner\"><img decoding=\"async\" class=\"swiper-slide-image\" src=\"https:\/\/abreme.com.br\/wp-content\/uploads\/2025\/01\/Foto-491-scaled.jpg\" alt=\"PATROCINADORA NEXANS \u2013 ALAIN GIRARD \u2013 CRISTIAN BARRIOS \u2013 J\u00daLIO BERTOLIN \u2013 AUR\u00c9LIO MONTEIRO \u2013 RODRIGO OLIVEIRA \u2013 OSMAR ARA\u00daJO \u2013 GUSTAVO CAMARGO E NELSON ALBANO.\" \/><figcaption class=\"elementor-image-carousel-caption\">PATROCINADORA NEXANS \u2013 ALAIN GIRARD \u2013 CRISTIAN BARRIOS \u2013 J\u00daLIO BERTOLIN \u2013 AUR\u00c9LIO MONTEIRO \u2013 RODRIGO OLIVEIRA \u2013 OSMAR ARA\u00daJO \u2013 GUSTAVO CAMARGO E NELSON ALBANO.<\/figcaption><\/figure><\/div><div class=\"swiper-slide\" role=\"group\" aria-roledescription=\"slide\" aria-label=\"10 de 29\"><figure class=\"swiper-slide-inner\"><img decoding=\"async\" class=\"swiper-slide-image\" src=\"https:\/\/abreme.com.br\/wp-content\/uploads\/2025\/01\/Foto-490-scaled.jpg\" alt=\"PATROCINADORA ELGIN \u2013 F\u00c1BIO AKIRA MUNACATA \u2013 THIAGO REDUCINO \u2013 GIAN DOURADO \u2013 FERNANDA PAES \u2013 RODOLFO BEZERRA \u2013 RODOLFO NAVES \u2013 DANIEL ARA\u00daJO \u2013 VANESSA ROCHA E ALFREDO SILVA.\" \/><figcaption class=\"elementor-image-carousel-caption\">PATROCINADORA ELGIN \u2013 F\u00c1BIO AKIRA MUNACATA \u2013 THIAGO REDUCINO \u2013 GIAN DOURADO \u2013 FERNANDA PAES \u2013 RODOLFO BEZERRA \u2013 RODOLFO NAVES \u2013 DANIEL ARA\u00daJO \u2013 VANESSA ROCHA E ALFREDO SILVA.<\/figcaption><\/figure><\/div><div class=\"swiper-slide\" role=\"group\" aria-roledescription=\"slide\" aria-label=\"11 de 29\"><figure class=\"swiper-slide-inner\"><img decoding=\"async\" class=\"swiper-slide-image\" src=\"https:\/\/abreme.com.br\/wp-content\/uploads\/2025\/01\/Foto-487-scaled.jpg\" alt=\"PATROCINADORA TELBRA \u2013 PEDRO JACINTO \u2013 CRISTIANO MORAES \u2013 DENILSON VINHAS \u2013 JO\u00c3O RODRIGUES \u2013 PEDRO DI PROSPERO \u2013 LAURA DUARTE \u2013 RICARDO MARINHO \u2013 PHELIPE SOUZA \u2013 JANDERSON BARBOSA E CAIO DI PROSPERO.\" \/><figcaption class=\"elementor-image-carousel-caption\">PATROCINADORA TELBRA \u2013 PEDRO JACINTO \u2013 CRISTIANO MORAES \u2013 DENILSON VINHAS \u2013 JO\u00c3O RODRIGUES \u2013 PEDRO DI PROSPERO \u2013 LAURA DUARTE \u2013 RICARDO MARINHO \u2013 PHELIPE SOUZA \u2013 JANDERSON BARBOSA E CAIO DI PROSPERO.<\/figcaption><\/figure><\/div><div class=\"swiper-slide\" role=\"group\" aria-roledescription=\"slide\" aria-label=\"12 de 29\"><figure class=\"swiper-slide-inner\"><img decoding=\"async\" class=\"swiper-slide-image\" src=\"https:\/\/abreme.com.br\/wp-content\/uploads\/2025\/01\/Foto-486-scaled.jpg\" alt=\"PATROCINADORA COPPERCABOS \u2013 LEANDRO MIRANDA E JENNIFER (ESPOSA) \u2013 RAFAEL FERREIRA E TA\u00cdNA (ESPOSA) \u2013 BRUNO LAURINO DE ARA\u00daJO \u2013 JOYCE PERPETUO \u2013 ANA CAROLINA (ESPOSA) E RODRIGO SOUSA \u2013 CL\u00c1UDIA (ESPOSA) E CARLOS AUGUSTO RAFAINI.\" \/><figcaption class=\"elementor-image-carousel-caption\">PATROCINADORA COPPERCABOS \u2013 LEANDRO MIRANDA E JENNIFER (ESPOSA) \u2013 RAFAEL FERREIRA E TA\u00cdNA (ESPOSA) \u2013 BRUNO LAURINO DE ARA\u00daJO \u2013 JOYCE PERPETUO \u2013 ANA CAROLINA (ESPOSA) E RODRIGO SOUSA \u2013 CL\u00c1UDIA (ESPOSA) E CARLOS AUGUSTO RAFAINI.<\/figcaption><\/figure><\/div><div class=\"swiper-slide\" role=\"group\" aria-roledescription=\"slide\" aria-label=\"13 de 29\"><figure class=\"swiper-slide-inner\"><img decoding=\"async\" class=\"swiper-slide-image\" src=\"https:\/\/abreme.com.br\/wp-content\/uploads\/2025\/01\/Foto-485-scaled.jpg\" alt=\"PATROCINADORA SIL FIOS \u2013 F\u00c1BIO ADDIAS \u2013 MARIA LUIZA BARONE \u2013 SILVIO BARONE \u2013 PEDRO MORELLI \u2013 JOS\u00c9 RUBENS E WALTER SEDANO.\" \/><figcaption class=\"elementor-image-carousel-caption\">PATROCINADORA SIL FIOS \u2013 F\u00c1BIO ADDIAS \u2013 MARIA LUIZA BARONE \u2013 SILVIO BARONE \u2013 PEDRO MORELLI \u2013 JOS\u00c9 RUBENS E WALTER SEDANO.<\/figcaption><\/figure><\/div><div class=\"swiper-slide\" role=\"group\" aria-roledescription=\"slide\" aria-label=\"14 de 29\"><figure class=\"swiper-slide-inner\"><img decoding=\"async\" class=\"swiper-slide-image\" src=\"https:\/\/abreme.com.br\/wp-content\/uploads\/2025\/01\/Foto-484-scaled.jpg\" alt=\"PATROCINADORA INDUSCABOS \u2013 SANDRO REZENDE \u2013 RICARDO MORETTI (REPRESENTANTE COMERCIAL) \u2013 S\u00c9RGIO MELLACCI \u2013 EDSON PARISI E EDUARDO AUGUSTO.\" \/><figcaption class=\"elementor-image-carousel-caption\">PATROCINADORA INDUSCABOS \u2013 SANDRO REZENDE \u2013 RICARDO MORETTI (REPRESENTANTE COMERCIAL) \u2013 S\u00c9RGIO MELLACCI \u2013 EDSON PARISI E EDUARDO AUGUSTO.<\/figcaption><\/figure><\/div><div class=\"swiper-slide\" role=\"group\" aria-roledescription=\"slide\" aria-label=\"15 de 29\"><figure class=\"swiper-slide-inner\"><img decoding=\"async\" class=\"swiper-slide-image\" src=\"https:\/\/abreme.com.br\/wp-content\/uploads\/2025\/01\/Foto-483-scaled.jpg\" alt=\"PATROCINADORA OUROLUX \u2013 RODRIGO PAIVA \u2013 DOUGLAS MORAES \u2013 F\u00c1BIO MANCINI \u2013 DANIEL PERTILLI \u2013 PAULO GODOY E PAULO RENATO RIBEIRO.\" \/><figcaption class=\"elementor-image-carousel-caption\">PATROCINADORA OUROLUX \u2013 RODRIGO PAIVA \u2013 DOUGLAS MORAES \u2013 F\u00c1BIO MANCINI \u2013 DANIEL PERTILLI \u2013 PAULO GODOY E PAULO RENATO RIBEIRO.<\/figcaption><\/figure><\/div><div class=\"swiper-slide\" role=\"group\" aria-roledescription=\"slide\" aria-label=\"16 de 29\"><figure class=\"swiper-slide-inner\"><img decoding=\"async\" class=\"swiper-slide-image\" src=\"https:\/\/abreme.com.br\/wp-content\/uploads\/2025\/01\/Foto-482-scaled.jpg\" alt=\"PATROCINADORA REAL PERFIL \u2013 ROSANGELA NASCIMENTO \u2013 RODINEI ESCOCARD \u2013 ANA CRISTINA PIMENTA \u2013 SIMONE SILV\u00c9RIO \u2013 CL\u00c1UDIO C\u00c9SAR FANTIN \u2013 VILMA RODRIGUES \u2013 FRANCISCO MARCON \u2013 RICARDO REIS \u2013 JOS\u00c9 LUIZ REINA E GUILHERME SANTOS.\" \/><figcaption class=\"elementor-image-carousel-caption\">PATROCINADORA REAL PERFIL \u2013 ROSANGELA NASCIMENTO \u2013 RODINEI ESCOCARD \u2013 ANA CRISTINA PIMENTA \u2013 SIMONE SILV\u00c9RIO \u2013 CL\u00c1UDIO C\u00c9SAR FANTIN \u2013 VILMA RODRIGUES \u2013 FRANCISCO MARCON \u2013 RICARDO REIS \u2013 JOS\u00c9 LUIZ REINA E GUILHERME SANTOS.<\/figcaption><\/figure><\/div><div class=\"swiper-slide\" role=\"group\" aria-roledescription=\"slide\" aria-label=\"17 de 29\"><figure class=\"swiper-slide-inner\"><img decoding=\"async\" class=\"swiper-slide-image\" src=\"https:\/\/abreme.com.br\/wp-content\/uploads\/2025\/01\/Foto-481-scaled.jpg\" alt=\"PATROCINADORA SIEMENS \u2013 DANILO ALONSO \u2013 THIAGO FRANCO \u2013 BIANCA CERVEIRA \u2013 DENISE VIDOTTI \u2013 ELAINE PORTO \u2013 RONNIE EUS\u00c9BIO \u2013 F\u00c1BIO OLIVA \u2013 BEATRIZ DOBELIN \u2013 RICARDO SOUZA E JO\u00c3O LIMA.\" \/><figcaption class=\"elementor-image-carousel-caption\">PATROCINADORA SIEMENS \u2013 DANILO ALONSO \u2013 THIAGO FRANCO \u2013 BIANCA CERVEIRA \u2013 DENISE VIDOTTI \u2013 ELAINE PORTO \u2013 RONNIE EUS\u00c9BIO \u2013 F\u00c1BIO OLIVA \u2013 BEATRIZ DOBELIN \u2013 RICARDO SOUZA E JO\u00c3O LIMA.<\/figcaption><\/figure><\/div><div class=\"swiper-slide\" role=\"group\" aria-roledescription=\"slide\" aria-label=\"18 de 29\"><figure class=\"swiper-slide-inner\"><img decoding=\"async\" class=\"swiper-slide-image\" src=\"https:\/\/abreme.com.br\/wp-content\/uploads\/2025\/01\/Foto-480-scaled.jpg\" alt=\"PATROCINADORA NAVILLE \u2013 BRUNO FERNANDES \u2013 GUSTAVO PEREIRA - D\u00c9BORA SCHMIDT \u2013 RODRIGO REBOLO \u2013 MARCOS MENDES \u2013 REINALDO GAVIOLI (DIRETOR ABREME) \u2013 THIAGO AIRES \u2013 LUCAS VIEIRA \u2013 PAULO FERREIRA E ALEXANDRE ROCHA.\" \/><figcaption class=\"elementor-image-carousel-caption\">PATROCINADORA NAVILLE \u2013 BRUNO FERNANDES \u2013 GUSTAVO PEREIRA - D\u00c9BORA SCHMIDT \u2013 RODRIGO REBOLO \u2013 MARCOS MENDES \u2013 REINALDO GAVIOLI (DIRETOR ABREME) \u2013 THIAGO AIRES \u2013 LUCAS VIEIRA \u2013 PAULO FERREIRA E ALEXANDRE ROCHA.<\/figcaption><\/figure><\/div><div class=\"swiper-slide\" role=\"group\" aria-roledescription=\"slide\" aria-label=\"19 de 29\"><figure class=\"swiper-slide-inner\"><img decoding=\"async\" class=\"swiper-slide-image\" src=\"https:\/\/abreme.com.br\/wp-content\/uploads\/2025\/01\/Foto-479-scaled.jpg\" alt=\"PATROCINADORA TELEFIO \u2013 ANDR\u00c9 RICCI \u2013 IVALDO COSTA \u2013 DANILO GALV\u00c3O \u2013 ANDR\u00c9 AMARAL \u2013 PAULO HENRIQUE DURCI (CEO DA EMPRESA TELEFIO E DIRETOR ABREME) \u2013 HALISON GRIS PERES \u2013 ADILSON BASTOS \u2013 LUIZ FERNANDO ARANTES \u2013 ERIK HERNADEZ E EDUARDO VICENTE.\" \/><figcaption class=\"elementor-image-carousel-caption\">PATROCINADORA TELEFIO \u2013 ANDR\u00c9 RICCI \u2013 IVALDO COSTA \u2013 DANILO GALV\u00c3O \u2013 ANDR\u00c9 AMARAL \u2013 PAULO HENRIQUE DURCI (CEO DA EMPRESA TELEFIO E DIRETOR ABREME) \u2013 HALISON GRIS PERES \u2013 ADILSON BASTOS \u2013 LUIZ FERNANDO ARANTES \u2013 ERIK HERNADEZ E EDUARDO VICENTE.<\/figcaption><\/figure><\/div><div class=\"swiper-slide\" role=\"group\" aria-roledescription=\"slide\" aria-label=\"20 de 29\"><figure class=\"swiper-slide-inner\"><img decoding=\"async\" class=\"swiper-slide-image\" src=\"https:\/\/abreme.com.br\/wp-content\/uploads\/2025\/01\/Foto-478-scaled.jpg\" alt=\"PATROCINADORA B.LUX \u2013 ROG\u00c9RIO AUGUSTO SANTO \u2013 GUILHERME ANDRADE \u2013 ALEXANDRE ANDRADE \u2013 ALEXANDRE ANDRADE JR. \u2013 FL\u00c1VIO BUSICO \u2013 RODRIGO CAMPOS (EMPRESA JMC) \u2013 PERICLES BARBOSA \u2013 PEDRO VALVERDE E JONATHAS OLIVEIRA.\" \/><figcaption class=\"elementor-image-carousel-caption\">PATROCINADORA B.LUX \u2013 ROG\u00c9RIO AUGUSTO SANTO \u2013 GUILHERME ANDRADE \u2013 ALEXANDRE ANDRADE \u2013 ALEXANDRE ANDRADE JR. \u2013 FL\u00c1VIO BUSICO \u2013 RODRIGO CAMPOS (EMPRESA JMC) \u2013 PERICLES BARBOSA \u2013 PEDRO VALVERDE E JONATHAS OLIVEIRA.<\/figcaption><\/figure><\/div><div class=\"swiper-slide\" role=\"group\" aria-roledescription=\"slide\" aria-label=\"21 de 29\"><figure class=\"swiper-slide-inner\"><img decoding=\"async\" class=\"swiper-slide-image\" src=\"https:\/\/abreme.com.br\/wp-content\/uploads\/2025\/01\/Foto-477-scaled.jpg\" alt=\"PATROCINADORA LEGRAND \u2013 DOUGLAS SANTOS \u2013 ALEXANDRE FREITAS \u2013 MARIANA NAKAMOTO \u2013 CARLOS NONATTO \u2013 ANDREA BONFIM \u2013 FL\u00c1VIA CARLI \u2013 MARCELO CARVALHO \u2013 THIAGO FRECCIA \u2013 FABR\u00cdCIO SAKUMA E NELSON REBELATO.\" \/><figcaption class=\"elementor-image-carousel-caption\">PATROCINADORA LEGRAND \u2013 DOUGLAS SANTOS \u2013 ALEXANDRE FREITAS \u2013 MARIANA NAKAMOTO \u2013 CARLOS NONATTO \u2013 ANDREA BONFIM \u2013 FL\u00c1VIA CARLI \u2013 MARCELO CARVALHO \u2013 THIAGO FRECCIA \u2013 FABR\u00cdCIO SAKUMA E NELSON REBELATO.<\/figcaption><\/figure><\/div><div class=\"swiper-slide\" role=\"group\" aria-roledescription=\"slide\" aria-label=\"22 de 29\"><figure class=\"swiper-slide-inner\"><img decoding=\"async\" class=\"swiper-slide-image\" src=\"https:\/\/abreme.com.br\/wp-content\/uploads\/2025\/01\/Foto-476-scaled.jpg\" alt=\"PATROCINADORA COBRECOM \u2013 SOLANGE SANTOS \u2013 JACKSON PEREIRA DOS SANTOS \u2013 MAURO MORENO \u2013 PAULO ALESSANDRO DELGADO \u2013 GILBERTO ALVARENGA \u2013 PEDRO PAULO ASSUMP\u00c7\u00c3O \u2013 BRUNO BITTAR \u2013 GUSTAVO VERRONE RUAS \u2013 IR\u00cdS RUAS \u2013 RAFAEL VERRONE RUAS \u2013 FL\u00c1VIA RUAS \u2013 CINT\u00cdA ASS\u00cdS \u2013 ROBERTA MARQUES E NAT\u00c1LIA CASTRO \u2013 (AGACHADOS EM FRENTE A FOTO) \u2013 VINICIUS CASTILHO \u2013 LUCAS GUSTAVO FERREIRA \u2013 F\u00c1BIO FERRARA \u2013 GABRIEL PRADO \u2013 FL\u00c1VIO BRAGAGNOLO E FELIPE LONGATO.\" \/><figcaption class=\"elementor-image-carousel-caption\">PATROCINADORA COBRECOM \u2013 SOLANGE SANTOS \u2013 JACKSON PEREIRA DOS SANTOS \u2013 MAURO MORENO \u2013 PAULO ALESSANDRO DELGADO \u2013 GILBERTO ALVARENGA \u2013 PEDRO PAULO ASSUMP\u00c7\u00c3O \u2013 BRUNO BITTAR \u2013 GUSTAVO VERRONE RUAS \u2013 IR\u00cdS RUAS \u2013 RAFAEL VERRONE RUAS \u2013 FL\u00c1VIA RUAS \u2013 CINT\u00cdA ASS\u00cdS \u2013 ROBERTA MARQUES E NAT\u00c1LIA CASTRO \u2013 (AGACHADOS EM FRENTE A FOTO) \u2013 VINICIUS CASTILHO \u2013 LUCAS GUSTAVO FERREIRA \u2013 F\u00c1BIO FERRARA \u2013 GABRIEL PRADO \u2013 FL\u00c1VIO BRAGAGNOLO E FELIPE LONGATO.<\/figcaption><\/figure><\/div><div class=\"swiper-slide\" role=\"group\" aria-roledescription=\"slide\" aria-label=\"23 de 29\"><figure class=\"swiper-slide-inner\"><img decoding=\"async\" class=\"swiper-slide-image\" src=\"https:\/\/abreme.com.br\/wp-content\/uploads\/2025\/01\/Foto-473-scaled.jpg\" alt=\"PATROCINADORA LEDVANCE \u2013 MAURO MOTTA \u2013 RAFAELA FURQUIM \u2013 EVERTON MELLO \u2013 JEAN CARLOS BAZETO \u2013 ALEXANDRE LUCATO \u2013 MARCOS ELLERT \u2013 PAULA MELLO \u2013 CHARLYS MESQUINI E MARCELO CHADALAKIAN.\" \/><figcaption class=\"elementor-image-carousel-caption\">PATROCINADORA LEDVANCE \u2013 MAURO MOTTA \u2013 RAFAELA FURQUIM \u2013 EVERTON MELLO \u2013 JEAN CARLOS BAZETO \u2013 ALEXANDRE LUCATO \u2013 MARCOS ELLERT \u2013 PAULA MELLO \u2013 CHARLYS MESQUINI E MARCELO CHADALAKIAN.<\/figcaption><\/figure><\/div><div class=\"swiper-slide\" role=\"group\" aria-roledescription=\"slide\" aria-label=\"24 de 29\"><figure class=\"swiper-slide-inner\"><img decoding=\"async\" class=\"swiper-slide-image\" src=\"https:\/\/abreme.com.br\/wp-content\/uploads\/2025\/01\/Foto-471-scaled.jpg\" alt=\"PATROCINADORA PRYSMIAN \u2013 RICARDO AVENA \u2013 HARIADNE ABDALLA \u2013 RENAN OZILIO \u2013 LA\u00c9RCIO MORAES \u2013 CONSTANZO DI CICCO \u2013 RODRIGO SILVA \u2013 FELIPE AUGUSTO \u2013 THIAGO SLESACZEK \u2013 MARCELO BRIDES \u2013 THAIS OLIVEIRA \u2013 SABRINA ESCABORA \u2013 ARTHUR BLEY \u2013 THAIS FERREIRA E GABRIEL MATAVELLI.\" \/><figcaption class=\"elementor-image-carousel-caption\">PATROCINADORA PRYSMIAN \u2013 RICARDO AVENA \u2013 HARIADNE ABDALLA \u2013 RENAN OZILIO \u2013 LA\u00c9RCIO MORAES \u2013 CONSTANZO DI CICCO \u2013 RODRIGO SILVA \u2013 FELIPE AUGUSTO \u2013 THIAGO SLESACZEK \u2013 MARCELO BRIDES \u2013 THAIS OLIVEIRA \u2013 SABRINA ESCABORA \u2013 ARTHUR BLEY \u2013 THAIS FERREIRA E GABRIEL MATAVELLI.<\/figcaption><\/figure><\/div><div class=\"swiper-slide\" role=\"group\" aria-roledescription=\"slide\" aria-label=\"25 de 29\"><figure class=\"swiper-slide-inner\"><img decoding=\"async\" class=\"swiper-slide-image\" src=\"https:\/\/abreme.com.br\/wp-content\/uploads\/2025\/01\/Foto-470-scaled.jpg\" alt=\"PATROCINADORA ABB GE \u2013 GUSTAVO VAZOLLER \u2013 ALEX CASSEMIRO \u2013 FERNANDO LEONARDIS \u2013 SAMANTHA SATO \u2013 VINICIUS ROCHA \u2013 THIAGO MENDON\u00c7A E PAULO BOCCARDO.\" \/><figcaption class=\"elementor-image-carousel-caption\">PATROCINADORA ABB GE \u2013 GUSTAVO VAZOLLER \u2013 ALEX CASSEMIRO \u2013 FERNANDO LEONARDIS \u2013 SAMANTHA SATO \u2013 VINICIUS ROCHA \u2013 THIAGO MENDON\u00c7A E PAULO BOCCARDO.<\/figcaption><\/figure><\/div><div class=\"swiper-slide\" role=\"group\" aria-roledescription=\"slide\" aria-label=\"26 de 29\"><figure class=\"swiper-slide-inner\"><img decoding=\"async\" class=\"swiper-slide-image\" src=\"https:\/\/abreme.com.br\/wp-content\/uploads\/2025\/01\/Foto-469-scaled.jpg\" alt=\"PATROCINADORAS: STECK DISTRIBUIDORA E SCHNEIDER ELECTRIC.\n\n** STECK - FERNANDO MOREIRA \u2013 LUCIANO ANDREOLLI \u2013 ERICA IHA \u2013 RAPHAEL VITTORETE \u2013 KLECIOS SOUZA \u2013 THOMAS BELAISCH \u2013 DANIEL SANTOS \u2013 M\u00d4NICA SILVA E S\u00c9RGIO PASCON.\n\n** SCHNEIDER - FELIPE BRAND\u00c3O \u2013 WAGNER DO CARMO \u2013 RICARDO MENCK \u2013 DANIEL HENRIQUE GATTI \u2013 MAGALI MACIEL KAISER \u2013 PATR\u00cdCIA CRUZ \u2013 LAUNA DIAS SANTOS \u2013 TAMIR J\u00daNIOR \u2013 DAVI LOPES E ADRIANO GRAT\u00c3O\" \/><figcaption class=\"elementor-image-carousel-caption\">PATROCINADORAS: STECK DISTRIBUIDORA E SCHNEIDER ELECTRIC.\n\n** STECK - FERNANDO MOREIRA \u2013 LUCIANO ANDREOLLI \u2013 ERICA IHA \u2013 RAPHAEL VITTORETE \u2013 KLECIOS SOUZA \u2013 THOMAS BELAISCH \u2013 DANIEL SANTOS \u2013 M\u00d4NICA SILVA E S\u00c9RGIO PASCON.\n\n** SCHNEIDER - FELIPE BRAND\u00c3O \u2013 WAGNER DO CARMO \u2013 RICARDO MENCK \u2013 DANIEL HENRIQUE GATTI \u2013 MAGALI MACIEL KAISER \u2013 PATR\u00cdCIA CRUZ \u2013 LAUNA DIAS SANTOS \u2013 TAMIR J\u00daNIOR \u2013 DAVI LOPES E ADRIANO GRAT\u00c3O<\/figcaption><\/figure><\/div><div class=\"swiper-slide\" role=\"group\" aria-roledescription=\"slide\" aria-label=\"27 de 29\"><figure class=\"swiper-slide-inner\"><img decoding=\"async\" class=\"swiper-slide-image\" src=\"https:\/\/abreme.com.br\/wp-content\/uploads\/2025\/01\/Foto-474-scaled.jpg\" alt=\"PATROCINADORA AVANT \u2013 GERIVAL PEREIRA \u2013 CRISTIANE ALVES \u2013 VINICIUS BARRETO \u2013 ADRIANA CRUZ \u2013 RAPHAEL RODRIGUES \u2013 GUSTAVO BEZERRA \u2013 S\u00d3FIA AGUIAR \u2013 AMANDA SOARES E DANIEL GALV\u00c3O.\" \/><figcaption class=\"elementor-image-carousel-caption\">PATROCINADORA AVANT \u2013 GERIVAL PEREIRA \u2013 CRISTIANE ALVES \u2013 VINICIUS BARRETO \u2013 ADRIANA CRUZ \u2013 RAPHAEL RODRIGUES \u2013 GUSTAVO BEZERRA \u2013 S\u00d3FIA AGUIAR \u2013 AMANDA SOARES E DANIEL GALV\u00c3O.<\/figcaption><\/figure><\/div><div class=\"swiper-slide\" role=\"group\" aria-roledescription=\"slide\" aria-label=\"28 de 29\"><figure class=\"swiper-slide-inner\"><img decoding=\"async\" class=\"swiper-slide-image\" src=\"https:\/\/abreme.com.br\/wp-content\/uploads\/2025\/01\/Foto-488-scaled.jpg\" alt=\"PATROCINADORA PERFIL LIDER \u2013 RENATO OLIVERIA, ANDR\u00c9 SILVA, \u00c9DSON LEIVA, JOS\u00c9 SIM\u00d5ES, VINICIUS JOS\u00c9, J\u00daNIOR ARA\u00daJO, TABATA JONSON, LU\u00cdS FELIPE GUARNIERI E \u00c9DISON MATTE.\" \/><figcaption class=\"elementor-image-carousel-caption\">PATROCINADORA PERFIL LIDER \u2013 RENATO OLIVERIA, ANDR\u00c9 SILVA, \u00c9DSON LEIVA, JOS\u00c9 SIM\u00d5ES, VINICIUS JOS\u00c9, J\u00daNIOR ARA\u00daJO, TABATA JONSON, LU\u00cdS FELIPE GUARNIERI E \u00c9DISON MATTE.<\/figcaption><\/figure><\/div><div class=\"swiper-slide\" role=\"group\" aria-roledescription=\"slide\" aria-label=\"29 de 29\"><figure class=\"swiper-slide-inner\"><img decoding=\"async\" class=\"swiper-slide-image\" src=\"https:\/\/abreme.com.br\/wp-content\/uploads\/2025\/01\/Foto-493-scaled.jpg\" alt=\"PATROCINADORA SCHNEIDER ELECTRIC \u2013 FELIPE BRAND\u00c3O \u2013 WAGNER DO CARMO \u2013 RICARDO MENCK \u2013 DANIEL HENRIQUE GATTI \u2013 MAGALI MACIEL KAISER \u2013 PATR\u00cdCIA CRUZ \u2013 LAUNA DIAS SANTOS \u2013 TAMIR J\u00daNIOR \u2013 DAVI LOPES E ADRIANO GRAT\u00c3O.\" \/><figcaption class=\"elementor-image-carousel-caption\">PATROCINADORA SCHNEIDER ELECTRIC \u2013 FELIPE BRAND\u00c3O \u2013 WAGNER DO CARMO \u2013 RICARDO MENCK \u2013 DANIEL HENRIQUE GATTI \u2013 MAGALI MACIEL KAISER \u2013 PATR\u00cdCIA CRUZ \u2013 LAUNA DIAS SANTOS \u2013 TAMIR J\u00daNIOR \u2013 DAVI LOPES E ADRIANO GRAT\u00c3O.<\/figcaption><\/figure><\/div>\t\t\t<\/div>\n\t\t\t\t\t\t\t\t\t\t\t\t<div class=\"elementor-swiper-button elementor-swiper-button-prev\" role=\"button\" tabindex=\"0\">\n\t\t\t\t\t\t<svg aria-hidden=\"true\" class=\"e-font-icon-svg e-eicon-chevron-left\" viewBox=\"0 0 1000 1000\" xmlns=\"http:\/\/www.w3.org\/2000\/svg\"><path d=\"M646 125C629 125 613 133 604 142L308 442C296 454 292 471 292 487 292 504 296 521 308 533L604 854C617 867 629 875 646 875 663 875 679 871 692 858 704 846 713 829 713 812 713 796 708 779 692 767L438 487 692 225C700 217 708 204 708 187 708 171 704 154 692 142 675 129 663 125 646 125Z\"><\/path><\/svg>\t\t\t\t\t<\/div>\n\t\t\t\t\t<div class=\"elementor-swiper-button elementor-swiper-button-next\" role=\"button\" tabindex=\"0\">\n\t\t\t\t\t\t<svg aria-hidden=\"true\" class=\"e-font-icon-svg e-eicon-chevron-right\" viewBox=\"0 0 1000 1000\" xmlns=\"http:\/\/www.w3.org\/2000\/svg\"><path d=\"M696 533C708 521 713 504 713 487 713 471 708 454 696 446L400 146C388 133 375 125 354 125 338 125 325 129 313 142 300 154 292 171 292 187 292 204 296 221 308 233L563 492 304 771C292 783 288 800 288 817 288 833 296 850 308 863 321 871 338 875 354 875 371 875 388 867 400 854L696 533Z\"><\/path><\/svg>\t\t\t\t\t<\/div>\n\t\t\t\t\n\t\t\t\t\t\t\t\t\t<\/div>\n\t\t\t\t\t\t<\/div>\n\t\t\t\t<\/div>\n\t\t\t\t<\/div>\n\t\t<div class=\"elementor-element elementor-element-f03b5df e-con-full e-flex wpr-particle-no wpr-jarallax-no wpr-parallax-no wpr-sticky-section-no wpr-equal-height-no e-con e-child\" data-id=\"f03b5df\" data-element_type=\"container\">\n\t\t\t\t<div class=\"elementor-element elementor-element-f2fcffd elementor-widget elementor-widget-heading\" data-id=\"f2fcffd\" data-element_type=\"widget\" data-widget_type=\"heading.default\">\n\t\t\t\t<div class=\"elementor-widget-container\">\n\t\t\t\t\t<h2 class=\"elementor-heading-title elementor-size-default\">PREMIA\u00c7\u00c3O \u201cFORNECEDORES DO ANO \u2013 PERSONA 2024 ABREME\u201d<\/h2>\t\t\t\t<\/div>\n\t\t\t\t<\/div>\n\t\t\t\t<div class=\"elementor-element elementor-element-74ba6cf elementor-arrows-position-outside elementor-widget elementor-widget-image-carousel\" data-id=\"74ba6cf\" data-element_type=\"widget\" data-settings=\"{&quot;slides_to_show&quot;:&quot;1&quot;,&quot;effect&quot;:&quot;fade&quot;,&quot;navigation&quot;:&quot;arrows&quot;,&quot;autoplay&quot;:&quot;yes&quot;,&quot;pause_on_hover&quot;:&quot;yes&quot;,&quot;pause_on_interaction&quot;:&quot;yes&quot;,&quot;autoplay_speed&quot;:5000,&quot;infinite&quot;:&quot;yes&quot;,&quot;speed&quot;:500}\" data-widget_type=\"image-carousel.default\">\n\t\t\t\t<div class=\"elementor-widget-container\">\n\t\t\t\t\t\t\t<div class=\"elementor-image-carousel-wrapper swiper\" role=\"region\" aria-roledescription=\"carousel\" aria-label=\"Carrossel de imagens\" dir=\"ltr\">\n\t\t\t<div class=\"elementor-image-carousel swiper-wrapper\" aria-live=\"off\">\n\t\t\t\t\t\t\t\t<div class=\"swiper-slide\" role=\"group\" aria-roledescription=\"slide\" aria-label=\"1 de 23\"><figure class=\"swiper-slide-inner\"><img decoding=\"async\" class=\"swiper-slide-image\" src=\"https:\/\/abreme.com.br\/wp-content\/uploads\/2025\/01\/IMG_3525-scaled.jpg\" alt=\"Diretor ABREME Sr. Paulo Henrique Durci entrega a Sra. Sumaia Saheli \u2013 CEO da empresa OUROLUX e Sr. Douglas Moraes Diretor Comercial trof\u00e9u Bronze 2024 segmento Ilumina\u00e7\u00e3o.\" \/><figcaption class=\"elementor-image-carousel-caption\">Diretor ABREME Sr. Paulo Henrique Durci entrega a Sra. Sumaia Saheli \u2013 CEO da empresa OUROLUX e Sr. Douglas Moraes Diretor Comercial trof\u00e9u Bronze 2024 segmento Ilumina\u00e7\u00e3o.<\/figcaption><\/figure><\/div><div class=\"swiper-slide\" role=\"group\" aria-roledescription=\"slide\" aria-label=\"2 de 23\"><figure class=\"swiper-slide-inner\"><img decoding=\"async\" class=\"swiper-slide-image\" src=\"https:\/\/abreme.com.br\/wp-content\/uploads\/2025\/01\/IMG_3537-scaled.jpg\" alt=\"Diretor ABREME Sr. Francisco Simon entrega aos Srs. Wesley Pazini Diretor Comercial e Marketing e Vinicius Barretos Gerente de Marketing da empresa AVANT LUX trof\u00e9u Prata 2024 segmento Ilumina\u00e7\u00e3o.\" \/><figcaption class=\"elementor-image-carousel-caption\">Diretor ABREME Sr. Francisco Simon entrega aos Srs. Wesley Pazini Diretor Comercial e Marketing e Vinicius Barretos Gerente de Marketing da empresa AVANT LUX trof\u00e9u Prata 2024 segmento Ilumina\u00e7\u00e3o.<\/figcaption><\/figure><\/div><div class=\"swiper-slide\" role=\"group\" aria-roledescription=\"slide\" aria-label=\"3 de 23\"><figure class=\"swiper-slide-inner\"><img decoding=\"async\" class=\"swiper-slide-image\" src=\"https:\/\/abreme.com.br\/wp-content\/uploads\/2025\/01\/IMG_3549-scaled.jpg\" alt=\"Diretor ABREME Sr. Marcos Sutiro entrega ao Sr. Jean Carlos Bazeto Diretor comercial da empresa LEDVANCE trof\u00e9u Ouro 2024 segmento Ilumina\u00e7\u00e3o.\" \/><figcaption class=\"elementor-image-carousel-caption\">Diretor ABREME Sr. Marcos Sutiro entrega ao Sr. Jean Carlos Bazeto Diretor comercial da empresa LEDVANCE trof\u00e9u Ouro 2024 segmento Ilumina\u00e7\u00e3o.<\/figcaption><\/figure><\/div><div class=\"swiper-slide\" role=\"group\" aria-roledescription=\"slide\" aria-label=\"4 de 23\"><figure class=\"swiper-slide-inner\"><img decoding=\"async\" class=\"swiper-slide-image\" src=\"https:\/\/abreme.com.br\/wp-content\/uploads\/2025\/01\/IMG_3572-scaled.jpg\" alt=\"Diretor ABREME Sr. Paulo Henrique Durci entrega a placa destaque ranking 2024 no segmento Ilumina\u00e7\u00e3o para empresa vencedora EMPALUX aos Srs. Bruno Rossi Diretor Comex e Supply Chain e Sr. Arno Grahl Diretor comercial.\" \/><figcaption class=\"elementor-image-carousel-caption\">Diretor ABREME Sr. Paulo Henrique Durci entrega a placa destaque ranking 2024 no segmento Ilumina\u00e7\u00e3o para empresa vencedora EMPALUX aos Srs. Bruno Rossi Diretor Comex e Supply Chain e Sr. Arno Grahl Diretor comercial.<\/figcaption><\/figure><\/div><div class=\"swiper-slide\" role=\"group\" aria-roledescription=\"slide\" aria-label=\"5 de 23\"><figure class=\"swiper-slide-inner\"><img decoding=\"async\" class=\"swiper-slide-image\" src=\"https:\/\/abreme.com.br\/wp-content\/uploads\/2025\/01\/IMG_3586-scaled.jpg\" alt=\"Diretora ABREME Sra. Veridiana Gannam entrega ao Sr. Felipe Augusto Diretor Comercial da empresa PRYSMIAN  trof\u00e9u Bronze 2024 segmento Fios e Cabos.\" \/><figcaption class=\"elementor-image-carousel-caption\">Diretora ABREME Sra. Veridiana Gannam entrega ao Sr. Felipe Augusto Diretor Comercial da empresa PRYSMIAN  trof\u00e9u Bronze 2024 segmento Fios e Cabos.<\/figcaption><\/figure><\/div><div class=\"swiper-slide\" role=\"group\" aria-roledescription=\"slide\" aria-label=\"6 de 23\"><figure class=\"swiper-slide-inner\"><img decoding=\"async\" class=\"swiper-slide-image\" src=\"https:\/\/abreme.com.br\/wp-content\/uploads\/2025\/01\/IMG_3604-scaled.jpg\" alt=\"Diretor ABREME Sr. Ricardo Daizem entrega aos Srs. Silvio Barone J\u00fanior e Marcelo Barone Diretores Comerciais da empresa SIL FIOS trof\u00e9u Prata 2024 segmento Fios e Cabos.\" \/><figcaption class=\"elementor-image-carousel-caption\">Diretor ABREME Sr. Ricardo Daizem entrega aos Srs. Silvio Barone J\u00fanior e Marcelo Barone Diretores Comerciais da empresa SIL FIOS trof\u00e9u Prata 2024 segmento Fios e Cabos.<\/figcaption><\/figure><\/div><div class=\"swiper-slide\" role=\"group\" aria-roledescription=\"slide\" aria-label=\"7 de 23\"><figure class=\"swiper-slide-inner\"><img decoding=\"async\" class=\"swiper-slide-image\" src=\"https:\/\/abreme.com.br\/wp-content\/uploads\/2025\/01\/IMG_3616-scaled.jpg\" alt=\"Diretor ABREME Sr. Gerson Salles entrega ao Sr. Gustavo Ruas Diretor da empresa COBRECOM trof\u00e9u Ouro 2024 segmento Fios e Cabos.\" \/><figcaption class=\"elementor-image-carousel-caption\">Diretor ABREME Sr. Gerson Salles entrega ao Sr. Gustavo Ruas Diretor da empresa COBRECOM trof\u00e9u Ouro 2024 segmento Fios e Cabos.<\/figcaption><\/figure><\/div><div class=\"swiper-slide\" role=\"group\" aria-roledescription=\"slide\" aria-label=\"8 de 23\"><figure class=\"swiper-slide-inner\"><img decoding=\"async\" class=\"swiper-slide-image\" src=\"https:\/\/abreme.com.br\/wp-content\/uploads\/2025\/01\/IMG_3633-scaled.jpg\" alt=\"Diretor ABREME Sr. Marcos Augusto Sutiro  entrega a placa destaque ranking 2024 no segmento Fios e Cabos a empresa vencedora INDUSCABOS ao Sr. Robinson Fontalva .\" \/><figcaption class=\"elementor-image-carousel-caption\">Diretor ABREME Sr. Marcos Augusto Sutiro  entrega a placa destaque ranking 2024 no segmento Fios e Cabos a empresa vencedora INDUSCABOS ao Sr. Robinson Fontalva .<\/figcaption><\/figure><\/div><div class=\"swiper-slide\" role=\"group\" aria-roledescription=\"slide\" aria-label=\"9 de 23\"><figure class=\"swiper-slide-inner\"><img decoding=\"async\" class=\"swiper-slide-image\" src=\"https:\/\/abreme.com.br\/wp-content\/uploads\/2025\/01\/IMG_3650-scaled.jpg\" alt=\"Diretor ABREME Sr. Thiago Espinheira Ferreira entrega aos Srs. Daniel Tatini Presidente, Thiago Freccia Gerente Nacional de vendas e Nelson Rebelato Diretor da empresa LEGRAND trof\u00e9u Bronze 2024 segmento Dispositivos El\u00e9tricos Residenciais.\" \/><figcaption class=\"elementor-image-carousel-caption\">Diretor ABREME Sr. Thiago Espinheira Ferreira entrega aos Srs. Daniel Tatini Presidente, Thiago Freccia Gerente Nacional de vendas e Nelson Rebelato Diretor da empresa LEGRAND trof\u00e9u Bronze 2024 segmento Dispositivos El\u00e9tricos Residenciais.<\/figcaption><\/figure><\/div><div class=\"swiper-slide\" role=\"group\" aria-roledescription=\"slide\" aria-label=\"10 de 23\"><figure class=\"swiper-slide-inner\"><img decoding=\"async\" class=\"swiper-slide-image\" src=\"https:\/\/abreme.com.br\/wp-content\/uploads\/2025\/01\/IMG_3658-scaled.jpg\" alt=\"Diretor ABREME Sr. Paulo Campos entrega aos Srs. Ricardo da Rocha Brando Gerente de vendas e Harry Schmelzer Neto Diretor Comercial trof\u00e9u Prata 2024 segmento Dispositivos El\u00e9tricos Residenciais.\" \/><figcaption class=\"elementor-image-carousel-caption\">Diretor ABREME Sr. Paulo Campos entrega aos Srs. Ricardo da Rocha Brando Gerente de vendas e Harry Schmelzer Neto Diretor Comercial trof\u00e9u Prata 2024 segmento Dispositivos El\u00e9tricos Residenciais.<\/figcaption><\/figure><\/div><div class=\"swiper-slide\" role=\"group\" aria-roledescription=\"slide\" aria-label=\"11 de 23\"><figure class=\"swiper-slide-inner\"><img decoding=\"async\" class=\"swiper-slide-image\" src=\"https:\/\/abreme.com.br\/wp-content\/uploads\/2025\/01\/IMG_3683-scaled.jpg\" alt=\"Diretor ABREME Sr. Francisco Simon entrega ao Sr. Klecios Souza CEO da empresa STECK trof\u00e9u Ouro 2024 segmento Dispositivos El\u00e9tricos Residenciais.\" \/><figcaption class=\"elementor-image-carousel-caption\">Diretor ABREME Sr. Francisco Simon entrega ao Sr. Klecios Souza CEO da empresa STECK trof\u00e9u Ouro 2024 segmento Dispositivos El\u00e9tricos Residenciais.<\/figcaption><\/figure><\/div><div class=\"swiper-slide\" role=\"group\" aria-roledescription=\"slide\" aria-label=\"12 de 23\"><figure class=\"swiper-slide-inner\"><img decoding=\"async\" class=\"swiper-slide-image\" src=\"https:\/\/abreme.com.br\/wp-content\/uploads\/2025\/01\/IMG_3715-scaled.jpg\" alt=\"Diretor ABREME Sr. Ricardo Daizem entrega a placa destaque ranking 2024 no segmento Dispositivos El\u00e9tricos Residenciais a empresa vencedora ABB GE ao Sr. Fernando Leonardis Diretor Comercial.\" \/><figcaption class=\"elementor-image-carousel-caption\">Diretor ABREME Sr. Ricardo Daizem entrega a placa destaque ranking 2024 no segmento Dispositivos El\u00e9tricos Residenciais a empresa vencedora ABB GE ao Sr. Fernando Leonardis Diretor Comercial.<\/figcaption><\/figure><\/div><div class=\"swiper-slide\" role=\"group\" aria-roledescription=\"slide\" aria-label=\"13 de 23\"><figure class=\"swiper-slide-inner\"><img decoding=\"async\" class=\"swiper-slide-image\" src=\"https:\/\/abreme.com.br\/wp-content\/uploads\/2025\/01\/IMG_3734-scaled.jpg\" alt=\"Diretor ABREME Sr. Reinaldo Gavioli entrega a Sr. Davi Lopes Diretor da empresa SCHNEIDER ELECTRIC trof\u00e9u Bronze 2024 segmento Dispositivos El\u00e9tricos Industriais.\" \/><figcaption class=\"elementor-image-carousel-caption\">Diretor ABREME Sr. Reinaldo Gavioli entrega a Sr. Davi Lopes Diretor da empresa SCHNEIDER ELECTRIC trof\u00e9u Bronze 2024 segmento Dispositivos El\u00e9tricos Industriais.<\/figcaption><\/figure><\/div><div class=\"swiper-slide\" role=\"group\" aria-roledescription=\"slide\" aria-label=\"14 de 23\"><figure class=\"swiper-slide-inner\"><img decoding=\"async\" class=\"swiper-slide-image\" src=\"https:\/\/abreme.com.br\/wp-content\/uploads\/2025\/01\/IMG_3742-scaled.jpg\" alt=\"Diretor ABREME Sr. Gerson Salles entrega aos Srs. Ronnie Sanches e William Pereira Diretores da empresa SIEMENS trof\u00e9u Prata 2024 segmento Dispositivos El\u00e9tricos Industriais.\" \/><figcaption class=\"elementor-image-carousel-caption\">Diretor ABREME Sr. Gerson Salles entrega aos Srs. Ronnie Sanches e William Pereira Diretores da empresa SIEMENS trof\u00e9u Prata 2024 segmento Dispositivos El\u00e9tricos Industriais.<\/figcaption><\/figure><\/div><div class=\"swiper-slide\" role=\"group\" aria-roledescription=\"slide\" aria-label=\"15 de 23\"><figure class=\"swiper-slide-inner\"><img decoding=\"async\" class=\"swiper-slide-image\" src=\"https:\/\/abreme.com.br\/wp-content\/uploads\/2025\/01\/IMG_3762-scaled.jpg\" alt=\"Diretor Sr. Thiago Espinheira entrega a Sr. Paulo Roberto Kr\u00fcger Diretor Comercial da empresa WEG trof\u00e9u Ouro 2024 segmento Dispositivos El\u00e9tricos Industriais .\" \/><figcaption class=\"elementor-image-carousel-caption\">Diretor Sr. Thiago Espinheira entrega a Sr. Paulo Roberto Kr\u00fcger Diretor Comercial da empresa WEG trof\u00e9u Ouro 2024 segmento Dispositivos El\u00e9tricos Industriais .<\/figcaption><\/figure><\/div><div class=\"swiper-slide\" role=\"group\" aria-roledescription=\"slide\" aria-label=\"16 de 23\"><figure class=\"swiper-slide-inner\"><img decoding=\"async\" class=\"swiper-slide-image\" src=\"https:\/\/abreme.com.br\/wp-content\/uploads\/2025\/01\/IMG_3775-scaled.jpg\" alt=\"Diretor ABREME Sr. Paulo Campos entrega a placa destaque ranking 2024 no segmento Dispositivos El\u00e9tricos Industriais para empresa vencedora SOPRANO ao Sr. Marcelo Gerhardt Diretor Comercial.\" \/><figcaption class=\"elementor-image-carousel-caption\">Diretor ABREME Sr. Paulo Campos entrega a placa destaque ranking 2024 no segmento Dispositivos El\u00e9tricos Industriais para empresa vencedora SOPRANO ao Sr. Marcelo Gerhardt Diretor Comercial.<\/figcaption><\/figure><\/div><div class=\"swiper-slide\" role=\"group\" aria-roledescription=\"slide\" aria-label=\"17 de 23\"><figure class=\"swiper-slide-inner\"><img decoding=\"async\" class=\"swiper-slide-image\" src=\"https:\/\/abreme.com.br\/wp-content\/uploads\/2025\/01\/IMG_3790-scaled.jpg\" alt=\"Diretora ABREME Sra. Veridiana Gannam entrega a Sra. Claudiani Nascimento e Edson Brito Coordenadores de vendas da empresa TIGRE trof\u00e9u Bronze 2024 segmento Infraestrutura.\" \/><figcaption class=\"elementor-image-carousel-caption\">Diretora ABREME Sra. Veridiana Gannam entrega a Sra. Claudiani Nascimento e Edson Brito Coordenadores de vendas da empresa TIGRE trof\u00e9u Bronze 2024 segmento Infraestrutura.<\/figcaption><\/figure><\/div><div class=\"swiper-slide\" role=\"group\" aria-roledescription=\"slide\" aria-label=\"18 de 23\"><figure class=\"swiper-slide-inner\"><img decoding=\"async\" class=\"swiper-slide-image\" src=\"https:\/\/abreme.com.br\/wp-content\/uploads\/2025\/01\/IMG_3805-scaled.jpg\" alt=\"Diretor ABREME Sr. Jo\u00e3o Carlos Faria J\u00fanior entrega aos Srs. Daniel Tatini Presidente, Thiago Freccia Diretor Comercial, Alexandre Freitas Diretor de Marketing e Nelson Rebelato Diretor Comercial da empresa LEGRAND trof\u00e9u Prata 2024 segmento Infraestrutura.\" \/><figcaption class=\"elementor-image-carousel-caption\">Diretor ABREME Sr. Jo\u00e3o Carlos Faria J\u00fanior entrega aos Srs. Daniel Tatini Presidente, Thiago Freccia Diretor Comercial, Alexandre Freitas Diretor de Marketing e Nelson Rebelato Diretor Comercial da empresa LEGRAND trof\u00e9u Prata 2024 segmento Infraestrutura.<\/figcaption><\/figure><\/div><div class=\"swiper-slide\" role=\"group\" aria-roledescription=\"slide\" aria-label=\"19 de 23\"><figure class=\"swiper-slide-inner\"><img decoding=\"async\" class=\"swiper-slide-image\" src=\"https:\/\/abreme.com.br\/wp-content\/uploads\/2025\/01\/IMG_3816-scaled.jpg\" alt=\"Diretor ABREME Sr. Reinaldo Gavioli entrega aos Srs. Lucas Zarpelon e Matheus Guerra Coordenadores de vendas da empresa Tramontina Elektric trof\u00e9u Ouro 2024 segmento Infraestrutura.\" \/><figcaption class=\"elementor-image-carousel-caption\">Diretor ABREME Sr. Reinaldo Gavioli entrega aos Srs. Lucas Zarpelon e Matheus Guerra Coordenadores de vendas da empresa Tramontina Elektric trof\u00e9u Ouro 2024 segmento Infraestrutura.<\/figcaption><\/figure><\/div><div class=\"swiper-slide\" role=\"group\" aria-roledescription=\"slide\" aria-label=\"20 de 23\"><figure class=\"swiper-slide-inner\"><img decoding=\"async\" class=\"swiper-slide-image\" src=\"https:\/\/abreme.com.br\/wp-content\/uploads\/2025\/01\/IMG_3826-scaled.jpg\" alt=\"Diretor ABREME Sr. Jo\u00e3o Carlos Faria J\u00fanior entrega a placa destaque ranking 2024 no segmento Infraestrutura empresa vencedora REAL PERF\u00cdL ao Sra. Simone Silverio Diretora e Cl\u00e1udio C\u00e9sar Fantin CEO.\" \/><figcaption class=\"elementor-image-carousel-caption\">Diretor ABREME Sr. Jo\u00e3o Carlos Faria J\u00fanior entrega a placa destaque ranking 2024 no segmento Infraestrutura empresa vencedora REAL PERF\u00cdL ao Sra. Simone Silverio Diretora e Cl\u00e1udio C\u00e9sar Fantin CEO.<\/figcaption><\/figure><\/div><div class=\"swiper-slide\" role=\"group\" aria-roledescription=\"slide\" aria-label=\"21 de 23\"><figure class=\"swiper-slide-inner\"><img decoding=\"async\" class=\"swiper-slide-image\" src=\"https:\/\/abreme.com.br\/wp-content\/uploads\/2025\/01\/IMG_3852-scaled.jpg\" alt=\"Diretor ABREME Sr. Gerson Salles entrega ao Sr. Paulo Roberto Kr\u00fcger Diretor Comercial da empresa WEG trof\u00e9u Fornecedor do Ano 2024.\" \/><figcaption class=\"elementor-image-carousel-caption\">Diretor ABREME Sr. Gerson Salles entrega ao Sr. Paulo Roberto Kr\u00fcger Diretor Comercial da empresa WEG trof\u00e9u Fornecedor do Ano 2024.<\/figcaption><\/figure><\/div><div class=\"swiper-slide\" role=\"group\" aria-roledescription=\"slide\" aria-label=\"22 de 23\"><figure class=\"swiper-slide-inner\"><img decoding=\"async\" class=\"swiper-slide-image\" src=\"https:\/\/abreme.com.br\/wp-content\/uploads\/2025\/01\/IMG_3897-scaled.jpg\" alt=\"Diretor ABREME Sr. Marcos Sutiro entrega ao Sr. Pedro Iacono 1\u00ba Presidente ABREME e um dos fundadores da associa\u00e7\u00e3o Placa em Homenagem.\" \/><figcaption class=\"elementor-image-carousel-caption\">Diretor ABREME Sr. Marcos Sutiro entrega ao Sr. Pedro Iacono 1\u00ba Presidente ABREME e um dos fundadores da associa\u00e7\u00e3o Placa em Homenagem.<\/figcaption><\/figure><\/div><div class=\"swiper-slide\" role=\"group\" aria-roledescription=\"slide\" aria-label=\"23 de 23\"><figure class=\"swiper-slide-inner\"><img decoding=\"async\" class=\"swiper-slide-image\" src=\"https:\/\/abreme.com.br\/wp-content\/uploads\/2025\/01\/Foto-441-scaled.jpg\" alt=\"Diretores ABREME Sr. Francisco Simon e Sr. Paulo Campos  entregam aos Srs. Gustavo Ruas \u2013 Rafael Ruas Diretores e Jackson Santos Diretor Comercial da empresa COBRECOM, trof\u00e9u Persona 2024, Sr. Gustavo Ruas recebe trof\u00e9u em Homenagem P\u00f3stuma ao pai o Sr. Reinaldo Ruas.\" \/><figcaption class=\"elementor-image-carousel-caption\">Diretores ABREME Sr. Francisco Simon e Sr. Paulo Campos  entregam aos Srs. Gustavo Ruas \u2013 Rafael Ruas Diretores e Jackson Santos Diretor Comercial da empresa COBRECOM, trof\u00e9u Persona 2024, Sr. Gustavo Ruas recebe trof\u00e9u em Homenagem P\u00f3stuma ao pai o Sr. Reinaldo Ruas.<\/figcaption><\/figure><\/div>\t\t\t<\/div>\n\t\t\t\t\t\t\t\t\t\t\t\t<div class=\"elementor-swiper-button elementor-swiper-button-prev\" role=\"button\" tabindex=\"0\">\n\t\t\t\t\t\t<svg aria-hidden=\"true\" class=\"e-font-icon-svg e-eicon-chevron-left\" viewBox=\"0 0 1000 1000\" xmlns=\"http:\/\/www.w3.org\/2000\/svg\"><path d=\"M646 125C629 125 613 133 604 142L308 442C296 454 292 471 292 487 292 504 296 521 308 533L604 854C617 867 629 875 646 875 663 875 679 871 692 858 704 846 713 829 713 812 713 796 708 779 692 767L438 487 692 225C700 217 708 204 708 187 708 171 704 154 692 142 675 129 663 125 646 125Z\"><\/path><\/svg>\t\t\t\t\t<\/div>\n\t\t\t\t\t<div class=\"elementor-swiper-button elementor-swiper-button-next\" role=\"button\" tabindex=\"0\">\n\t\t\t\t\t\t<svg aria-hidden=\"true\" class=\"e-font-icon-svg e-eicon-chevron-right\" viewBox=\"0 0 1000 1000\" xmlns=\"http:\/\/www.w3.org\/2000\/svg\"><path d=\"M696 533C708 521 713 504 713 487 713 471 708 454 696 446L400 146C388 133 375 125 354 125 338 125 325 129 313 142 300 154 292 171 292 187 292 204 296 221 308 233L563 492 304 771C292 783 288 800 288 817 288 833 296 850 308 863 321 871 338 875 354 875 371 875 388 867 400 854L696 533Z\"><\/path><\/svg>\t\t\t\t\t<\/div>\n\t\t\t\t\n\t\t\t\t\t\t\t\t\t<\/div>\n\t\t\t\t\t\t<\/div>\n\t\t\t\t<\/div>\n\t\t\t\t<\/div>\n\t\t\t\t\t<\/div>\n\t\t\t\t<\/div>\n\t\t<div class=\"elementor-element elementor-element-60434f9 elementor-hidden-desktop elementor-hidden-tablet elementor-hidden-mobile e-flex e-con-boxed wpr-particle-no wpr-jarallax-no wpr-parallax-no wpr-sticky-section-no wpr-equal-height-no e-con e-parent\" data-id=\"60434f9\" data-element_type=\"container\" data-settings=\"{&quot;background_background&quot;:&quot;classic&quot;}\">\n\t\t\t\t\t<div class=\"e-con-inner\">\n\t\t<div class=\"elementor-element elementor-element-e167962 e-con-full e-flex wpr-particle-no wpr-jarallax-no wpr-parallax-no wpr-sticky-section-no wpr-equal-height-no e-con e-child\" data-id=\"e167962\" data-element_type=\"container\">\n\t\t\t\t<div class=\"elementor-element elementor-element-ee5f542 elementor-widget elementor-widget-heading\" data-id=\"ee5f542\" data-element_type=\"widget\" data-widget_type=\"heading.default\">\n\t\t\t\t<div class=\"elementor-widget-container\">\n\t\t\t\t\t<h2 class=\"elementor-heading-title elementor-size-default\">Realiza\u00e7\u00e3o\n<\/h2>\t\t\t\t<\/div>\n\t\t\t\t<\/div>\n\t\t\t\t<div class=\"elementor-element elementor-element-8b1a484 elementor-widget elementor-widget-image\" data-id=\"8b1a484\" data-element_type=\"widget\" data-widget_type=\"image.default\">\n\t\t\t\t<div class=\"elementor-widget-container\">\n\t\t\t\t\t\t\t\t\t\t\t\t\t\t\t<img decoding=\"async\" width=\"300\" height=\"58\" src=\"https:\/\/abreme.com.br\/wp-content\/uploads\/2019\/05\/cropped-Abreme_azul-300x58.png\" class=\"attachment-medium size-medium wp-image-4094\" alt=\"\" srcset=\"https:\/\/abreme.com.br\/wp-content\/uploads\/2019\/05\/cropped-Abreme_azul-300x58.png 300w, https:\/\/abreme.com.br\/wp-content\/uploads\/2019\/05\/cropped-Abreme_azul.png 737w\" sizes=\"(max-width: 300px) 100vw, 300px\" \/>\t\t\t\t\t\t\t\t\t\t\t\t\t\t\t<\/div>\n\t\t\t\t<\/div>\n\t\t\t\t<\/div>\n\t\t<div class=\"elementor-element elementor-element-18ef14c e-con-full e-flex wpr-particle-no wpr-jarallax-no wpr-parallax-no wpr-sticky-section-no wpr-equal-height-no e-con e-child\" data-id=\"18ef14c\" data-element_type=\"container\">\n\t\t\t\t<div class=\"elementor-element elementor-element-233784c elementor-widget elementor-widget-heading\" data-id=\"233784c\" data-element_type=\"widget\" data-widget_type=\"heading.default\">\n\t\t\t\t<div class=\"elementor-widget-container\">\n\t\t\t\t\t<h2 class=\"elementor-heading-title elementor-size-default\">Pesquisa\n<\/h2>\t\t\t\t<\/div>\n\t\t\t\t<\/div>\n\t\t\t\t<div class=\"elementor-element elementor-element-62dcc8b elementor-widget elementor-widget-image\" data-id=\"62dcc8b\" data-element_type=\"widget\" data-widget_type=\"image.default\">\n\t\t\t\t<div class=\"elementor-widget-container\">\n\t\t\t\t\t\t\t\t\t\t\t\t\t\t\t<img decoding=\"async\" width=\"120\" height=\"63\" src=\"https:\/\/abreme.com.br\/wp-content\/uploads\/2024\/08\/Newsense.jpg\" class=\"attachment-medium size-medium wp-image-4380\" alt=\"\" \/>\t\t\t\t\t\t\t\t\t\t\t\t\t\t\t<\/div>\n\t\t\t\t<\/div>\n\t\t\t\t<\/div>\n\t\t<div class=\"elementor-element elementor-element-e76ce3d e-con-full e-flex wpr-particle-no wpr-jarallax-no wpr-parallax-no wpr-sticky-section-no wpr-equal-height-no e-con e-child\" data-id=\"e76ce3d\" data-element_type=\"container\">\n\t\t\t\t<div class=\"elementor-element elementor-element-eb389cc elementor-widget elementor-widget-heading\" data-id=\"eb389cc\" data-element_type=\"widget\" data-widget_type=\"heading.default\">\n\t\t\t\t<div class=\"elementor-widget-container\">\n\t\t\t\t\t<h2 class=\"elementor-heading-title elementor-size-default\">Divulga\u00e7\u00e3o<\/h2>\t\t\t\t<\/div>\n\t\t\t\t<\/div>\n\t\t\t\t<div class=\"elementor-element elementor-element-665abcd elementor-widget elementor-widget-image\" data-id=\"665abcd\" data-element_type=\"widget\" data-widget_type=\"image.default\">\n\t\t\t\t<div class=\"elementor-widget-container\">\n\t\t\t\t\t\t\t\t\t\t\t\t\t\t\t<img loading=\"lazy\" decoding=\"async\" width=\"300\" height=\"64\" src=\"https:\/\/abreme.com.br\/wp-content\/uploads\/2024\/05\/222-300x64.jpg\" class=\"attachment-medium size-medium wp-image-4013\" alt=\"\" srcset=\"https:\/\/abreme.com.br\/wp-content\/uploads\/2024\/05\/222-300x64.jpg 300w, https:\/\/abreme.com.br\/wp-content\/uploads\/2024\/05\/222.jpg 575w\" sizes=\"(max-width: 300px) 100vw, 300px\" \/>\t\t\t\t\t\t\t\t\t\t\t\t\t\t\t<\/div>\n\t\t\t\t<\/div>\n\t\t\t\t<\/div>\n\t\t\t\t\t<\/div>\n\t\t\t\t<\/div>\n\t\t<div class=\"elementor-element elementor-element-071d870 e-con-full e-flex wpr-particle-no wpr-jarallax-no wpr-parallax-no wpr-sticky-section-no wpr-equal-height-no e-con e-parent\" data-id=\"071d870\" data-element_type=\"container\" data-settings=\"{&quot;background_background&quot;:&quot;classic&quot;}\">\n\t\t<div class=\"elementor-element elementor-element-fef3e0c e-con-full e-flex wpr-particle-no wpr-jarallax-no wpr-parallax-no wpr-sticky-section-no wpr-equal-height-no e-con e-child\" data-id=\"fef3e0c\" data-element_type=\"container\">\n\t\t<div class=\"elementor-element elementor-element-02680bc e-con-full e-flex wpr-particle-no wpr-jarallax-no wpr-parallax-no wpr-sticky-section-no wpr-equal-height-no e-con e-child\" data-id=\"02680bc\" data-element_type=\"container\" data-settings=\"{&quot;background_background&quot;:&quot;classic&quot;}\">\n\t\t\t\t<div class=\"elementor-element elementor-element-00b4370 elementor-widget elementor-widget-heading\" data-id=\"00b4370\" data-element_type=\"widget\" data-widget_type=\"heading.default\">\n\t\t\t\t<div class=\"elementor-widget-container\">\n\t\t\t\t\t<h2 class=\"elementor-heading-title elementor-size-default\">NOT\u00cdCIAS<\/h2>\t\t\t\t<\/div>\n\t\t\t\t<\/div>\n\t\t\t\t<\/div>\n\t\t\t\t<div class=\"elementor-element elementor-element-7ee5ca5 elementor-widget__width-inherit elementor-widget elementor-widget-hero_slider\" data-id=\"7ee5ca5\" data-element_type=\"widget\" data-widget_type=\"hero_slider.default\">\n\t\t\t\t<div class=\"elementor-widget-container\">\n\t\t\t\t\t\t\t<section class=\"main-slider-area\">\r\n\t\t\t<div class=\"active-main-slider owl-carousel\" id=\"active-mainslider-42869\" data-items=\"2\" data-mobile-items=\"1\" data-tablet-items=\"1\" data-medium-items=\"1\" data-dots=\"true\" data-nav=\"true\" data-loop=\"true\" data-autoplay=\"true\" data-autoplay-timeout=\"5000\" data-mouse-drag=\"true\" data-touch-drag=\"true\" data-margin=\"1\" data-mobile-margin=\"30\" data-tablet-margin=\"30\" data-medium-margin=\"30\" data-smart-speed=\"250\" data-autoplay-speed=\"250\" data-fluid-speed=\"250\" data-nav-speed=\"250\" data-dot-speed=\"250\" data-auto-hover=\"true\" data-center-mode=\"true\">\r\n\t\t\t\t\t\t<div class=\"main-hero-slider\">\r\n\t\t\t\t\t    <div class=\"main-hero-slider__post-thumbnail\">\r\n\t    \t\t    \t<div class=\"slider_overlay\"><\/div>\r\n\t    \t\t        \t    <\/div>\r\n\t   \t\t\t    <div class=\"main-hero-slider__content\">\r\n\t\t\t         <div class=\"container\">\r\n\t\t\t\t         \t\t<h1 class=\"main-title\"><a href=\"https:\/\/abreme.com.br\/?p=6661\">DESPACHO N\u00ba 18, DE 8 DE ABRIL DE 2026 &#8211; Publicado no DOU de 09.04.2026<\/a><\/h1>\r\n\t\t\t    \t<p class=\"excerpt\"> Publica Ajustes SINIEF aprovados na 422\u00aa Reuni\u00e3o Extraordin\u00e1ria do CONFAZ, realizada no dia 6.04.2026. O Secret\u00e1rio-Executivo da <\/p>\r\n\t\t        <div class=\"welcome-button\">\r\n            <a href=\"https:\/\/abreme.com.br\/?p=6661\" class=\"btn btn-default button-primary\">Veja Mais<\/a>\r\n        <\/div>\r\n    \t\t\t\t        <\/div>\r\n\t\t\t    <\/div>\r\n\t\t\t<\/div>\r\n\t\t\t\t\t\t<div class=\"main-hero-slider\">\r\n\t\t\t\t\t    <div class=\"main-hero-slider__post-thumbnail\">\r\n\t    \t\t    \t<div class=\"slider_overlay\"><\/div>\r\n\t    \t\t        \t    <\/div>\r\n\t   \t\t\t    <div class=\"main-hero-slider__content\">\r\n\t\t\t         <div class=\"container\">\r\n\t\t\t\t         \t\t<h1 class=\"main-title\"><a href=\"https:\/\/abreme.com.br\/?p=6656\">Carga tribut\u00e1ria bruta do Governo Geral atinge 32,40% do PIB em 2025, mostra boletim do Tesouro Nacional<\/a><\/h1>\r\n\t\t\t    \t<p class=\"excerpt\"> A estimativa corresponde \u00e0 raz\u00e3o entre o total dos tributos arrecadados pelas tr\u00eas esferas de governo e o Produto Interno Bruto <\/p>\r\n\t\t        <div class=\"welcome-button\">\r\n            <a href=\"https:\/\/abreme.com.br\/?p=6656\" class=\"btn btn-default button-primary\">Veja Mais<\/a>\r\n        <\/div>\r\n    \t\t\t\t        <\/div>\r\n\t\t\t    <\/div>\r\n\t\t\t<\/div>\r\n\t\t\t\t\t\t<div class=\"main-hero-slider\">\r\n\t\t\t\t\t    <div class=\"main-hero-slider__post-thumbnail\">\r\n\t    \t\t    \t<div class=\"slider_overlay\"><\/div>\r\n\t    \t\t        \t    <\/div>\r\n\t   \t\t\t    <div class=\"main-hero-slider__content\">\r\n\t\t\t         <div class=\"container\">\r\n\t\t\t\t         \t\t<h1 class=\"main-title\"><a href=\"https:\/\/abreme.com.br\/?p=6645\">Conselho Superior do CGIBS aprova Regimento Interno e avan\u00e7a na discuss\u00e3o da regulamenta\u00e7\u00e3o do novo imposto<\/a><\/h1>\r\n\t\t\t    \t<p class=\"excerpt\"> Membros do Conselho Superior do Comit\u00ea Gestor do Imposto sobre Bens e Servi\u00e7os (CS-CGIBS) reuniram-se na \u00faltima quarta-feira (8), na sede do Banco <\/p>\r\n\t\t        <div class=\"welcome-button\">\r\n            <a href=\"https:\/\/abreme.com.br\/?p=6645\" class=\"btn btn-default button-primary\">Veja Mais<\/a>\r\n        <\/div>\r\n    \t\t\t\t        <\/div>\r\n\t\t\t    <\/div>\r\n\t\t\t<\/div>\r\n\t\t\t\t\t\t<div class=\"main-hero-slider\">\r\n\t\t\t\t\t    <div class=\"main-hero-slider__post-thumbnail\">\r\n\t    \t\t    \t<div class=\"slider_overlay\"><\/div>\r\n\t    \t\t        \t    <\/div>\r\n\t   \t\t\t    <div class=\"main-hero-slider__content\">\r\n\t\t\t         <div class=\"container\">\r\n\t\t\t\t         \t\t<h1 class=\"main-title\"><a href=\"https:\/\/abreme.com.br\/?p=6642\">Receita Federal amplia o programa Receita Sintonia e passa a classificar 11,4 milh\u00f5es de empresas<\/a><\/h1>\r\n\t\t\t    \t<p class=\"excerpt\"> Nova vers\u00e3o inclui microempresas e empresas de pequeno porte do Simples Nacional, e foram classificadas seguindo o C\u00f3digo de Defesa do Contribuinte <\/p>\r\n\t\t        <div class=\"welcome-button\">\r\n            <a href=\"https:\/\/abreme.com.br\/?p=6642\" class=\"btn btn-default button-primary\">Veja Mais<\/a>\r\n        <\/div>\r\n    \t\t\t\t        <\/div>\r\n\t\t\t    <\/div>\r\n\t\t\t<\/div>\r\n\t\t\t\t\t\t<div class=\"main-hero-slider\">\r\n\t\t\t\t\t    <div class=\"main-hero-slider__post-thumbnail\">\r\n\t    \t\t    \t<div class=\"slider_overlay\"><\/div>\r\n\t    \t\t        \t    <\/div>\r\n\t   \t\t\t    <div class=\"main-hero-slider__content\">\r\n\t\t\t         <div class=\"container\">\r\n\t\t\t\t         \t\t<h1 class=\"main-title\"><a href=\"https:\/\/abreme.com.br\/?p=6635\">Reforma Tribut\u00e1ria: Receita Federal esclarece que n\u00e3o h\u00e1 aplica\u00e7\u00e3o de multas antes de 90 dias ap\u00f3s a publica\u00e7\u00e3o do regulamento<\/a><\/h1>\r\n\t\t\t    \t<p class=\"excerpt\"> Receita esclarece que s\u00e3o falsas as informa\u00e7\u00f5es que circulam sobre a aplica\u00e7\u00e3o de penalidades a partir de 1\u00ba de abril por descumprimento de <\/p>\r\n\t\t        <div class=\"welcome-button\">\r\n            <a href=\"https:\/\/abreme.com.br\/?p=6635\" class=\"btn btn-default button-primary\">Veja Mais<\/a>\r\n        <\/div>\r\n    \t\t\t\t        <\/div>\r\n\t\t\t    <\/div>\r\n\t\t\t<\/div>\r\n\t\t\t\t\t\t<div class=\"main-hero-slider\">\r\n\t\t\t\t\t    <div class=\"main-hero-slider__post-thumbnail\">\r\n\t    \t\t    \t<div class=\"slider_overlay\"><\/div>\r\n\t    \t\t        \t    <\/div>\r\n\t   \t\t\t    <div class=\"main-hero-slider__content\">\r\n\t\t\t         <div class=\"container\">\r\n\t\t\t\t         \t\t<h1 class=\"main-title\"><a href=\"https:\/\/abreme.com.br\/?p=6631\">Feicon 2026 movimenta o setor da constru\u00e7\u00e3o e refor\u00e7a tend\u00eancias do mercado<\/a><\/h1>\r\n\t\t\t    \t<p class=\"excerpt\"> A Feicon 2026, realizada de 7 a 10 de abril no S\u00e3o Paulo Expo, reafirma seu papel como um dos principais pontos de encontro da cadeia da <\/p>\r\n\t\t        <div class=\"welcome-button\">\r\n            <a href=\"https:\/\/abreme.com.br\/?p=6631\" class=\"btn btn-default button-primary\">Veja Mais<\/a>\r\n        <\/div>\r\n    \t\t\t\t        <\/div>\r\n\t\t\t    <\/div>\r\n\t\t\t<\/div>\r\n\t\t\t\t\t\t<div class=\"main-hero-slider\">\r\n\t\t\t\t\t    <div class=\"main-hero-slider__post-thumbnail\">\r\n\t    \t\t    \t<div class=\"slider_overlay\"><\/div>\r\n\t    \t\t        \t    <\/div>\r\n\t   \t\t\t    <div class=\"main-hero-slider__content\">\r\n\t\t\t         <div class=\"container\">\r\n\t\t\t\t         \t\t<h1 class=\"main-title\"><a href=\"https:\/\/abreme.com.br\/?p=6626\">EFD-CONTRIBUI\u00c7\u00d5ES &#8211; PUBLICA\u00c7\u00c3O NOTA T\u00c9CNICA N\u00ba 12 &#8211; ORIENTA\u00c7\u00c3O AOS CONTRIBUINTES<\/a><\/h1>\r\n\t\t\t    \t<p class=\"excerpt\"> Publica\u00e7\u00e3o dos Procedimentos de Escritura\u00e7\u00e3o da EFD\u2011Contribui\u00e7\u00f5es em Atendimento \u00e0 Lei Complementar n\u00ba 224\/2025 A Receita Federal do Brasil <\/p>\r\n\t\t        <div class=\"welcome-button\">\r\n            <a href=\"https:\/\/abreme.com.br\/?p=6626\" class=\"btn btn-default button-primary\">Veja Mais<\/a>\r\n        <\/div>\r\n    \t\t\t\t        <\/div>\r\n\t\t\t    <\/div>\r\n\t\t\t<\/div>\r\n\t\t\t\t\t\t<div class=\"main-hero-slider\">\r\n\t\t\t\t\t    <div class=\"main-hero-slider__post-thumbnail\">\r\n\t    \t\t    \t<div class=\"slider_overlay\"><\/div>\r\n\t    \t\t        \t    <\/div>\r\n\t   \t\t\t    <div class=\"main-hero-slider__content\">\r\n\t\t\t         <div class=\"container\">\r\n\t\t\t\t         \t\t<h1 class=\"main-title\"><a href=\"https:\/\/abreme.com.br\/?p=6611\">Aumento da carga tribut\u00e1ria para empresas do lucro presumido: possibilidade de judicializa\u00e7\u00e3o.<\/a><\/h1>\r\n\t\t\t    \t<p class=\"excerpt\"> Como amplamente noticiado, em meio \u00e0s festividades de Natal e R\u00e9veillon, foi publicada a Lei Complementa (LC) n.\u00ba 224\/2025, que, al\u00e9m de <\/p>\r\n\t\t        <div class=\"welcome-button\">\r\n            <a href=\"https:\/\/abreme.com.br\/?p=6611\" class=\"btn btn-default button-primary\">Veja Mais<\/a>\r\n        <\/div>\r\n    \t\t\t\t        <\/div>\r\n\t\t\t    <\/div>\r\n\t\t\t<\/div>\r\n\t\t\t\t\t\t<\/div>\r\n\t    <\/section>\r\n\t\t\t\t\t\t<\/div>\n\t\t\t\t<\/div>\n\t\t\t\t<\/div>\n\t\t\t\t<\/div>\n\t\t<div class=\"elementor-element elementor-element-d9cb1b0 e-flex e-con-boxed wpr-particle-no wpr-jarallax-no wpr-parallax-no wpr-sticky-section-no wpr-equal-height-no e-con e-parent\" data-id=\"d9cb1b0\" data-element_type=\"container\">\n\t\t\t\t\t<div class=\"e-con-inner\">\n\t\t\t\t<div class=\"elementor-element elementor-element-1a6fa9d elementor-widget elementor-widget-post_layouts\" data-id=\"1a6fa9d\" data-element_type=\"widget\" data-widget_type=\"post_layouts.default\">\n\t\t\t\t<div class=\"elementor-widget-container\">\n\t\t\t\t\t<div class=\"row masonaryactive \"><div class=\"blog-grid-layout col-md-6 col-lg-4\"><div class=\"theimran-post-layout-one\"><div class=\"theimran-post-layout-one__thumbnail\">\t\t\t<a href=\"https:\/\/abreme.com.br\/?p=6661\"><\/a>\r\n\t\t\t<\/div><div class=\"theimran-post-layout-one__content-wrapper\">\t\t\t<div class=\"theimran-post-layout-one__title\">\r\n\t\t\t\t<h3><a href=\"https:\/\/abreme.com.br\/?p=6661\">DESPACHO N\u00ba 18, DE 8 DE ABRIL DE 2026 &#8211; Publicado no DOU de 09.04.2026<\/a><\/h3>\r\n\t\t\t<\/div>\r\n\t\t\t\t\t<div class=\"theimran-post-layout-one__excerpt\">\r\n\t\t\t\t<p>\r\n\t\t\t\t\tPublica Ajustes SINIEF aprovados na 422\u00aa Reuni\u00e3o Extraordin\u00e1ria do CONFAZ, realizada no dia 6.04.2026. O Secret\u00e1rio-Executivo da Secretaria-Executiva do Conselho Nacional de Pol\u00edtica Fazend\u00e1ria &#8211; CONFAZ, no uso das atribui\u00e7\u00f5es que lhe s\u00e3o conferidas pelo inciso IX, do art. 5\u00ba do\t\t\t\t<\/p>\r\n\t\t\t<\/div>\r\n\t\t\t\t<div class=\"theimran-post-layout-one__read-more\">\r\n\t\t\t<a href=\"https:\/\/abreme.com.br\/?p=6661\">Veja Mais<\/a>\r\n\t\t<\/div>\r\n\t\t<\/div><\/div><\/div><div class=\"blog-grid-layout col-md-6 col-lg-4\"><div class=\"theimran-post-layout-one\"><div class=\"theimran-post-layout-one__thumbnail\">\t\t\t<a href=\"https:\/\/abreme.com.br\/?p=6656\"><\/a>\r\n\t\t\t<\/div><div class=\"theimran-post-layout-one__content-wrapper\">\t\t\t<div class=\"theimran-post-layout-one__title\">\r\n\t\t\t\t<h3><a href=\"https:\/\/abreme.com.br\/?p=6656\">Carga tribut\u00e1ria bruta do Governo Geral atinge 32,40% do PIB em 2025, mostra boletim do Tesouro Nacional<\/a><\/h3>\r\n\t\t\t<\/div>\r\n\t\t\t\t\t<div class=\"theimran-post-layout-one__excerpt\">\r\n\t\t\t\t<p>\r\n\t\t\t\t\tA estimativa corresponde \u00e0 raz\u00e3o entre o total dos tributos arrecadados pelas tr\u00eas esferas de governo e o Produto Interno Bruto Compartilhe:&nbsp;&nbsp;Compartilhe por Facebook&nbsp;Compartilhe por Twitter&nbsp;Compartilhe por LinkedIn&nbsp;Compartilhe por WhatsApplink para Copiar para \u00e1rea de\t\t\t\t<\/p>\r\n\t\t\t<\/div>\r\n\t\t\t\t<div class=\"theimran-post-layout-one__read-more\">\r\n\t\t\t<a href=\"https:\/\/abreme.com.br\/?p=6656\">Veja Mais<\/a>\r\n\t\t<\/div>\r\n\t\t<\/div><\/div><\/div><div class=\"blog-grid-layout col-md-6 col-lg-4\"><div class=\"theimran-post-layout-one\"><div class=\"theimran-post-layout-one__thumbnail\">\t\t\t<a href=\"https:\/\/abreme.com.br\/?p=6645\"><\/a>\r\n\t\t\t<\/div><div class=\"theimran-post-layout-one__content-wrapper\">\t\t\t<div class=\"theimran-post-layout-one__title\">\r\n\t\t\t\t<h3><a href=\"https:\/\/abreme.com.br\/?p=6645\">Conselho Superior do CGIBS aprova Regimento Interno e avan\u00e7a na discuss\u00e3o da regulamenta\u00e7\u00e3o do novo imposto<\/a><\/h3>\r\n\t\t\t<\/div>\r\n\t\t\t\t\t<div class=\"theimran-post-layout-one__excerpt\">\r\n\t\t\t\t<p>\r\n\t\t\t\t\tMembros do Conselho Superior do Comit\u00ea Gestor do Imposto sobre Bens e Servi\u00e7os (CS-CGIBS) reuniram-se na \u00faltima quarta-feira (8), na sede do Banco do Brasil, em Bras\u00edlia, para a 3\u00aa Reuni\u00e3o Extraordin\u00e1ria do \u00f3rg\u00e3o. O encontro deu continuidade aos trabalhos de estrutura\u00e7\u00e3o e\t\t\t\t<\/p>\r\n\t\t\t<\/div>\r\n\t\t\t\t<div class=\"theimran-post-layout-one__read-more\">\r\n\t\t\t<a href=\"https:\/\/abreme.com.br\/?p=6645\">Veja Mais<\/a>\r\n\t\t<\/div>\r\n\t\t<\/div><\/div><\/div><div class=\"blog-grid-layout col-md-6 col-lg-4\"><div class=\"theimran-post-layout-one\"><div class=\"theimran-post-layout-one__thumbnail\">\t\t\t<a href=\"https:\/\/abreme.com.br\/?p=6642\"><\/a>\r\n\t\t\t<\/div><div class=\"theimran-post-layout-one__content-wrapper\">\t\t\t<div class=\"theimran-post-layout-one__title\">\r\n\t\t\t\t<h3><a href=\"https:\/\/abreme.com.br\/?p=6642\">Receita Federal amplia o programa Receita Sintonia e passa a classificar 11,4 milh\u00f5es de empresas<\/a><\/h3>\r\n\t\t\t<\/div>\r\n\t\t\t\t\t<div class=\"theimran-post-layout-one__excerpt\">\r\n\t\t\t\t<p>\r\n\t\t\t\t\tNova vers\u00e3o inclui microempresas e empresas de pequeno porte do Simples Nacional, e foram classificadas seguindo o C\u00f3digo de Defesa do Contribuinte Compartilhe:&nbsp;&nbsp;Compartilhe por Facebook&nbsp;Compartilhe por Twitter&nbsp;Compartilhe por LinkedIn&nbsp;Compartilhe por WhatsApplink para\t\t\t\t<\/p>\r\n\t\t\t<\/div>\r\n\t\t\t\t<div class=\"theimran-post-layout-one__read-more\">\r\n\t\t\t<a href=\"https:\/\/abreme.com.br\/?p=6642\">Veja Mais<\/a>\r\n\t\t<\/div>\r\n\t\t<\/div><\/div><\/div><div class=\"blog-grid-layout col-md-6 col-lg-4\"><div class=\"theimran-post-layout-one\"><div class=\"theimran-post-layout-one__thumbnail\">\t\t\t<a href=\"https:\/\/abreme.com.br\/?p=6635\"><\/a>\r\n\t\t\t<\/div><div class=\"theimran-post-layout-one__content-wrapper\">\t\t\t<div class=\"theimran-post-layout-one__title\">\r\n\t\t\t\t<h3><a href=\"https:\/\/abreme.com.br\/?p=6635\">Reforma Tribut\u00e1ria: Receita Federal esclarece que n\u00e3o h\u00e1 aplica\u00e7\u00e3o de multas antes de 90 dias ap\u00f3s a publica\u00e7\u00e3o do regulamento<\/a><\/h3>\r\n\t\t\t<\/div>\r\n\t\t\t\t\t<div class=\"theimran-post-layout-one__excerpt\">\r\n\t\t\t\t<p>\r\n\t\t\t\t\tReceita esclarece que s\u00e3o falsas as informa\u00e7\u00f5es que circulam sobre a aplica\u00e7\u00e3o de penalidades a partir de 1\u00ba de abril por descumprimento de obriga\u00e7\u00f5es acess\u00f3rias da CBS e do IBS A Receita Federal do Brasil e o Comit\u00ea Gestor do Imposto sobre Bens e Servi\u00e7os (CGIBS), nos termos do Ato\t\t\t\t<\/p>\r\n\t\t\t<\/div>\r\n\t\t\t\t<div class=\"theimran-post-layout-one__read-more\">\r\n\t\t\t<a href=\"https:\/\/abreme.com.br\/?p=6635\">Veja Mais<\/a>\r\n\t\t<\/div>\r\n\t\t<\/div><\/div><\/div><div class=\"blog-grid-layout col-md-6 col-lg-4\"><div class=\"theimran-post-layout-one\"><div class=\"theimran-post-layout-one__thumbnail\">\t\t\t<a href=\"https:\/\/abreme.com.br\/?p=6631\"><\/a>\r\n\t\t\t<\/div><div class=\"theimran-post-layout-one__content-wrapper\">\t\t\t<div class=\"theimran-post-layout-one__title\">\r\n\t\t\t\t<h3><a href=\"https:\/\/abreme.com.br\/?p=6631\">Feicon 2026 movimenta o setor da constru\u00e7\u00e3o e refor\u00e7a tend\u00eancias do mercado<\/a><\/h3>\r\n\t\t\t<\/div>\r\n\t\t\t\t\t<div class=\"theimran-post-layout-one__excerpt\">\r\n\t\t\t\t<p>\r\n\t\t\t\t\tA Feicon 2026, realizada de 7 a 10 de abril no S\u00e3o Paulo Expo, reafirma seu papel como um dos principais pontos de encontro da cadeia da constru\u00e7\u00e3o civil e arquitetura no Brasil. Abrindo o calend\u00e1rio do setor, o evento re\u00fane ind\u00fastria, varejo, distribuidores, engenheiros, construtores e\t\t\t\t<\/p>\r\n\t\t\t<\/div>\r\n\t\t\t\t<div class=\"theimran-post-layout-one__read-more\">\r\n\t\t\t<a href=\"https:\/\/abreme.com.br\/?p=6631\">Veja Mais<\/a>\r\n\t\t<\/div>\r\n\t\t<\/div><\/div><\/div><div class=\"blog-grid-layout col-md-6 col-lg-4\"><div class=\"theimran-post-layout-one\"><div class=\"theimran-post-layout-one__thumbnail\">\t\t\t<a href=\"https:\/\/abreme.com.br\/?p=6626\"><\/a>\r\n\t\t\t<\/div><div class=\"theimran-post-layout-one__content-wrapper\">\t\t\t<div class=\"theimran-post-layout-one__title\">\r\n\t\t\t\t<h3><a href=\"https:\/\/abreme.com.br\/?p=6626\">EFD-CONTRIBUI\u00c7\u00d5ES &#8211; PUBLICA\u00c7\u00c3O NOTA T\u00c9CNICA N\u00ba 12 &#8211; ORIENTA\u00c7\u00c3O AOS CONTRIBUINTES<\/a><\/h3>\r\n\t\t\t<\/div>\r\n\t\t\t\t\t<div class=\"theimran-post-layout-one__excerpt\">\r\n\t\t\t\t<p>\r\n\t\t\t\t\tPublica\u00e7\u00e3o dos Procedimentos de Escritura\u00e7\u00e3o da EFD\u2011Contribui\u00e7\u00f5es em Atendimento \u00e0 Lei Complementar n\u00ba 224\/2025 A Receita Federal do Brasil informa que foram publicados os procedimentos atualizados de escritura\u00e7\u00e3o da EFD\u2011Contribui\u00e7\u00f5es, em cumprimento \u00e0s determina\u00e7\u00f5es da Lei\t\t\t\t<\/p>\r\n\t\t\t<\/div>\r\n\t\t\t\t<div class=\"theimran-post-layout-one__read-more\">\r\n\t\t\t<a href=\"https:\/\/abreme.com.br\/?p=6626\">Veja Mais<\/a>\r\n\t\t<\/div>\r\n\t\t<\/div><\/div><\/div><div class=\"blog-grid-layout col-md-6 col-lg-4\"><div class=\"theimran-post-layout-one\"><div class=\"theimran-post-layout-one__thumbnail\">\t\t\t<a href=\"https:\/\/abreme.com.br\/?p=6611\"><\/a>\r\n\t\t\t<\/div><div class=\"theimran-post-layout-one__content-wrapper\">\t\t\t<div class=\"theimran-post-layout-one__title\">\r\n\t\t\t\t<h3><a href=\"https:\/\/abreme.com.br\/?p=6611\">Aumento da carga tribut\u00e1ria para empresas do lucro presumido: possibilidade de judicializa\u00e7\u00e3o.<\/a><\/h3>\r\n\t\t\t<\/div>\r\n\t\t\t\t\t<div class=\"theimran-post-layout-one__excerpt\">\r\n\t\t\t\t<p>\r\n\t\t\t\t\tComo amplamente noticiado, em meio \u00e0s festividades de Natal e R\u00e9veillon, foi publicada a Lei Complementa (LC) n.\u00ba 224\/2025, que, al\u00e9m de estabelecer a redu\u00e7\u00e3o linear de incentivos e benef\u00edcios tribut\u00e1rios federais, majorou a al\u00edquota do Imposto de Renda Retido na Fonte (IRRF) incidente\t\t\t\t<\/p>\r\n\t\t\t<\/div>\r\n\t\t\t\t<div class=\"theimran-post-layout-one__read-more\">\r\n\t\t\t<a href=\"https:\/\/abreme.com.br\/?p=6611\">Veja Mais<\/a>\r\n\t\t<\/div>\r\n\t\t<\/div><\/div><\/div><div class=\"blog-grid-layout col-md-6 col-lg-4\"><div class=\"theimran-post-layout-one\"><div class=\"theimran-post-layout-one__thumbnail\">\t\t\t<a href=\"https:\/\/abreme.com.br\/?p=6608\"><\/a>\r\n\t\t\t<\/div><div class=\"theimran-post-layout-one__content-wrapper\">\t\t\t<div class=\"theimran-post-layout-one__title\">\r\n\t\t\t\t<h3><a href=\"https:\/\/abreme.com.br\/?p=6608\">Gecex concede ex-tarif\u00e1rios e mant\u00e9m tarifa de importa\u00e7\u00e3o para 120 produtos de bens de capital e de inform\u00e1tica e telecomunica\u00e7\u00f5es<\/a><\/h3>\r\n\t\t\t<\/div>\r\n\t\t\t\t\t<div class=\"theimran-post-layout-one__excerpt\">\r\n\t\t\t\t<p>\r\n\t\t\t\t\tEm cumprimento ao cronograma de delibera\u00e7\u00f5es estabelecido pelas Resolu\u00e7\u00f5es Gecex n\u00b0 852\/2026 e n\u00ba 853\/2026, o Comit\u00ea-Executivo de Gest\u00e3o &#8211; Gecex, n\u00facleo executivo colegiado da C\u00e2mara de Com\u00e9rcio Exterior (Camex), reuniu-se, nesta sexta-feira, dia 27 de fevereiro, para reduzir a\t\t\t\t<\/p>\r\n\t\t\t<\/div>\r\n\t\t\t\t<div class=\"theimran-post-layout-one__read-more\">\r\n\t\t\t<a href=\"https:\/\/abreme.com.br\/?p=6608\">Veja Mais<\/a>\r\n\t\t<\/div>\r\n\t\t<\/div><\/div><\/div><div class=\"blog-grid-layout col-md-6 col-lg-4\"><div class=\"theimran-post-layout-one\"><div class=\"theimran-post-layout-one__thumbnail\">\t\t\t<a href=\"https:\/\/abreme.com.br\/?p=6593\"><\/a>\r\n\t\t\t<\/div><div class=\"theimran-post-layout-one__content-wrapper\">\t\t\t<div class=\"theimran-post-layout-one__title\">\r\n\t\t\t\t<h3><a href=\"https:\/\/abreme.com.br\/?p=6593\">Resolu\u00e7\u00e3o GECEX n\u00ba 854\/2026 (DOU 13\/02\/2026) &#8211; Aplica direito antidumping definitivo, por um prazo de at\u00e9 cinco anos, \u00e0s importa\u00e7\u00f5es brasileiras de laminados planos a frio, origin\u00e1rias da China.<\/a><\/h3>\r\n\t\t\t<\/div>\r\n\t\t\t\t\t<div class=\"theimran-post-layout-one__excerpt\">\r\n\t\t\t\t<p>\r\n\t\t\t\t\tDi\u00e1rio Oficial da Uni\u00e3o Publicado em:&nbsp;13\/02\/2026&nbsp;|&nbsp;Edi\u00e7\u00e3o:&nbsp;31&nbsp;|&nbsp;Se\u00e7\u00e3o: 1&nbsp;|&nbsp;P\u00e1gina:&nbsp;5 \u00d3rg\u00e3o:&nbsp;Presid\u00eancia da Rep\u00fablica\/C\u00e2mara de Com\u00e9rcio Exterior\/Comit\u00ea-Executivo de Gest\u00e3o RESOLU\u00c7\u00c3O GECEX N\u00ba 854, DE 12 DE FEVEREIRO DE 2026 Aplica\t\t\t\t<\/p>\r\n\t\t\t<\/div>\r\n\t\t\t\t<div class=\"theimran-post-layout-one__read-more\">\r\n\t\t\t<a href=\"https:\/\/abreme.com.br\/?p=6593\">Veja Mais<\/a>\r\n\t\t<\/div>\r\n\t\t<\/div><\/div><\/div><div class=\"blog-grid-layout col-md-6 col-lg-4\"><div class=\"theimran-post-layout-one\"><div class=\"theimran-post-layout-one__thumbnail\">\t\t\t<a href=\"https:\/\/abreme.com.br\/?p=6587\"><\/a>\r\n\t\t\t<\/div><div class=\"theimran-post-layout-one__content-wrapper\">\t\t\t<div class=\"theimran-post-layout-one__title\">\r\n\t\t\t\t<h3><a href=\"https:\/\/abreme.com.br\/?p=6587\">Receita Federal publica Perguntas e Respostas sobre a redu\u00e7\u00e3o de benef\u00edcios fiscais da LC 224\/2025<\/a><\/h3>\r\n\t\t\t<\/div>\r\n\t\t\t\t\t<div class=\"theimran-post-layout-one__excerpt\">\r\n\t\t\t\t<p>\r\n\t\t\t\t\tO documento orienta contribuintes sobre o novo regime de revis\u00e3o estrutural de incentivos federais, detalhando crit\u00e9rios t\u00e9cnicos e exce\u00e7\u00f5es. A Receita Federal do Brasil disponibilizou, nesta segunda-feira (26\/01), o guia \u201cPerguntas e Respostas \u2013 Redu\u00e7\u00e3o dos Incentivos e Benef\u00edcios\t\t\t\t<\/p>\r\n\t\t\t<\/div>\r\n\t\t\t\t<div class=\"theimran-post-layout-one__read-more\">\r\n\t\t\t<a href=\"https:\/\/abreme.com.br\/?p=6587\">Veja Mais<\/a>\r\n\t\t<\/div>\r\n\t\t<\/div><\/div><\/div><div class=\"blog-grid-layout col-md-6 col-lg-4\"><div class=\"theimran-post-layout-one\"><div class=\"theimran-post-layout-one__thumbnail\">\t\t\t<a href=\"https:\/\/abreme.com.br\/?p=6583\"><\/a>\r\n\t\t\t<\/div><div class=\"theimran-post-layout-one__content-wrapper\">\t\t\t<div class=\"theimran-post-layout-one__title\">\r\n\t\t\t\t<h3><a href=\"https:\/\/abreme.com.br\/?p=6583\">Projeto de Apoio \u00e0 Rede Cultural Beija-Flor | Apoio WAGO e\u00a0Abreme<\/a><\/h3>\r\n\t\t\t<\/div>\r\n\t\t\t\t\t<div class=\"theimran-post-layout-one__excerpt\">\r\n\t\t\t\t<p>\r\n\t\t\t\t\tA ABREME&nbsp;tem a satisfa\u00e7\u00e3o de destacar o&nbsp;Projeto de Apoio \u00e0 Rede Cultural Beija-Flor, uma iniciativa de relevante impacto social e cultural, que conta com a realiza\u00e7\u00e3o da&nbsp;Maratona do Bem pela WAGO&nbsp;e com o apoio institucional da&nbsp;ABREME. A Rede Cultural\t\t\t\t<\/p>\r\n\t\t\t<\/div>\r\n\t\t\t\t<div class=\"theimran-post-layout-one__read-more\">\r\n\t\t\t<a href=\"https:\/\/abreme.com.br\/?p=6583\">Veja Mais<\/a>\r\n\t\t<\/div>\r\n\t\t<\/div><\/div><\/div><\/div>\t\t\t\t<\/div>\n\t\t\t\t<\/div>\n\t\t\t\t\t<\/div>\n\t\t\t\t<\/div>\n\t\t\t\t<\/div>\n\t\t","protected":false},"excerpt":{"rendered":"<p>Junte-se a n\u00f3s Associado ABREME tem informa\u00e7\u00f5es, servi\u00e7os exclusivos, assessoria jur\u00eddica e muito mais. SAIBA MAIS Blog https:\/\/abreme.com.br\/area-do-associado\/ https:\/\/abreme.com.br\/area-do-associado\/informe-juridico-tributario https:\/\/abreme.com.br\/area-do-associado\/informe-juridico-tributario\/ Tranforma\u00e7\u00e3o Digital Uncategorized Visitas Semin\u00e1rio organizado pela Abreme discutiu o Processo de Transforma\u00e7\u00e3o Digital O dia 18 de abril foi marcado pelo I Semin\u00e1rio de 2019 da Abreme. Organizado pelo Comit\u00ea Estrat\u00e9gico da associa\u00e7\u00e3o,&hellip; Abreme promove Visita \u00e0 F\u00e1brica da Weidm\u00fcller Conexel No dia 27 de junho, a ABREME atrav\u00e9s do seu \u201cComit\u00ea Institucional\u201d,\u00a0 realizou a visita na multinacional alem\u00e3 Weidm\u00fcller-Conexel. Fundada&hellip; Fim da Substitui\u00e7\u00e3o Tribut\u00e1ria em SC. Como proceder quanto ao recolhimento do ICMS? FIM DA SUBSTITUI\u00c7\u00c3O TRIBUT\u00c1RIA PARA DIVERSOS SETORES NO ESTADO DE SANTA CATARINA: COMO PROCEDER QUANTO AO RECOLHIMENTO DO ICMS? &nbsp;&hellip; Load More End of Content. Promovendo o desenvolvimento e a profissionaliza\u00e7\u00e3o do mercado de revenda e distribui\u00e7\u00e3o de materiais el\u00e9tricos A ABREME Associa\u00e7\u00e3o Brasileira dos Revendedores e Distribuidores de Materiais El\u00e9tricos, \u00e9 uma entidade civil, sem fins lucrativos que congrega empresas individuais ou coletivas que se dedicam \u00e0 comercializa\u00e7\u00e3o de materiais el\u00e9tricos, seja na base de revenda\u00a0 ou distribui\u00e7\u00e3o. PR\u00caMIO ABREME 2024 Veja Mais OS DESTAQUES NO SEGMENTO DE MATERIAIS EL\u00c9TRICOS EST\u00c3O AQUI O Pr\u00eamio ABREME \u00e9 o mais importante pr\u00eamio no setor de revenda e distribui\u00e7\u00e3o de materiais el\u00e9tricos no Brasil. Anualmente, um j\u00fari formado por renomados profissionais elege as empresas que se destacam no segmento de materiais el\u00e9tricos.Anualmente, um j\u00fari formado por renomados profissionais elege as empresas e profissionais que se destacaram no mercado. Pr\u00eamio &#8220;Fornecedores do Ano 2024&#8243;\u200b PATROCINADORA WEG \u2013 RICARDO DA ROCHA BRANDO \u2013 MAUR\u00cdCIO ROBERTO MATOSSO \u2013 PAULO ROG\u00c9RIO BRAZ \u2013 HARRY SCHMELZER NETO \u2013 PAULO ROBERTO KR\u00dcGER \u2013 ANT\u00d4NIO LUIS FARIA GON\u00c7ALVES \u2013 JOS\u00c9 FRANCISCO RIBERIRO SOARES \u2013 ROG\u00c9RIO BIASSI \u2013 MAUR\u00cdCIO CL\u00c9BER VALLIN \u2013 GERSON SALLES (DIRETOR ABREME) \u2013 (WEG) ADEILTON LUIS DE SOUZA SILVA \u2013 MARCOS ROBERTO C\u00c9ZAR LOSSO \u2013 MARCELO SCATINI (REPRES. DE VENDAS DA EMPRESA SCATINI REPRESENTA\u00c7\u00d5ES), E MARCOS ANT\u00d4NIO DE FARIAS (WEG). PATROCINADORA GFC \u2013 GUSTAVO COSTA \u2013 FELIPE SIQUEIRA \u2013 RENATA MELLO E JOEL NAVARRO JR. PATROCINADORA TRON \u2013 MARCOS COELHO \u2013 S\u00c9RGIO VIEIRA \u2013 GUSTAVO REZENDE \u2013 OL\u00cdMPIO CORR\u00caA \u2013 FELIPE CHAVES \u2013 DOLORES MODRONO \u2013 CAROLINA FONSECA \u2013 DILAMAR PINTO \u2013 HUDDSON PESSOA \u2013 PAULO C\u00c9SAR P.S. SOUZA E MATHEUS OLIVEIRA. PATROCINADORA STECK \u2013ALEXIS RUBIO \u2013 RAPHAEL VITORETTI \u2013 FERNANDO MOREIRA \u2013 FRANCISCO SIMON (DIRETOR ABREME) \u2013 KLECIOS SOUZA \u2013 THOMAS BELAISCH \u2013 LUCIANO ANDREOLLI \u2013 ERICA IHA \u2013 DANIEL SANTOS \u2013 S\u00c9RGIO PASCON E M\u00d4NICA SILVA E ACIMA A PEQUENA CLARINHA FILHA DE KLECIO SOUZA CEO DA\u00a0EMPRESA\u00a0STECK. PATROCINADORA GRUPO INTELLI \u2013 \u00caNIO CAL\u00c7AVARA \u2013 GILBERTO PIMENTA \u2013 JOS\u00c9 AUGUSTO PIASSA \u2013 MARCELO LUGLI \u2013 ADOLPHO BENINI \u2013 LUCAS GALLEGO \u2013 LAURA DENIPOTTI \u2013 RAPHAEL PIMENTEL E EDMAR CAMATIO. PATROCINADORA ELITEK \u2013 C\u00c9ZAR BR\u00c1Z \u2013 HERIG NASCIMENTO \u2013 MARCELO MONTEIRO \u2013 F\u00c1BIO SOUSA \u2013 WESLEY VINICIUS \u2013 MARCELO GIORGI \u2013 PAULO PALMA E JOS\u00c9 ALVES. PATROCINADORA WEDM\u00dcLLER CONEXEL \u2013 ROG\u00c9RIO CANTELLI \u2013 INCO DE ABREU \u2013 HENRIQUE SANCHES \u2013 RODRIGO H\u00dcSKEN \u2013 RAQUEL BOAVENTURA \u2013 ANDR\u00c9 PISANESCHI \u2013 VANESSA ALENCAR \u2013 DEODATO VICENTE \u2013 THIFANY COSTA E FELIPE ZANOL. PATROCINADORA WETZEL \u2013 JOS\u00c9 MARCIO DIS CORR\u00caA \u2013 WHASHINGTON KATO \u2013 ANDR\u00c9 LUIZ WETZEL \u2013 NICOLE WETZEL \u2013 WALTER MARTINELLI \u2013 MOACIR TASSINARI \u2013 S\u00c9RGIO MORETI E CL\u00c9BER GON\u00c7ALVES. PATROCINADORA NEXANS \u2013 ALAIN GIRARD \u2013 CRISTIAN BARRIOS \u2013 J\u00daLIO BERTOLIN \u2013 AUR\u00c9LIO MONTEIRO \u2013 RODRIGO OLIVEIRA \u2013 OSMAR ARA\u00daJO \u2013 GUSTAVO CAMARGO E NELSON ALBANO. PATROCINADORA ELGIN \u2013 F\u00c1BIO AKIRA MUNACATA \u2013 THIAGO REDUCINO \u2013 GIAN DOURADO \u2013 FERNANDA PAES \u2013 RODOLFO BEZERRA \u2013 RODOLFO NAVES \u2013 DANIEL ARA\u00daJO \u2013 VANESSA ROCHA E ALFREDO SILVA. PATROCINADORA TELBRA \u2013 PEDRO JACINTO \u2013 CRISTIANO MORAES \u2013 DENILSON VINHAS \u2013 JO\u00c3O RODRIGUES \u2013 PEDRO DI PROSPERO \u2013 LAURA DUARTE \u2013 RICARDO MARINHO \u2013 PHELIPE SOUZA \u2013 JANDERSON BARBOSA E CAIO DI PROSPERO. PATROCINADORA COPPERCABOS \u2013 LEANDRO MIRANDA E JENNIFER (ESPOSA) \u2013 RAFAEL FERREIRA E TA\u00cdNA (ESPOSA) \u2013 BRUNO LAURINO DE ARA\u00daJO \u2013 JOYCE PERPETUO \u2013 ANA CAROLINA (ESPOSA) E RODRIGO SOUSA \u2013 CL\u00c1UDIA (ESPOSA) E CARLOS AUGUSTO RAFAINI. PATROCINADORA SIL FIOS \u2013 F\u00c1BIO ADDIAS \u2013 MARIA LUIZA BARONE \u2013 SILVIO BARONE \u2013 PEDRO MORELLI \u2013 JOS\u00c9 RUBENS E WALTER SEDANO. PATROCINADORA INDUSCABOS \u2013 SANDRO REZENDE \u2013 RICARDO MORETTI (REPRESENTANTE COMERCIAL) \u2013 S\u00c9RGIO MELLACCI \u2013 EDSON PARISI E EDUARDO AUGUSTO. PATROCINADORA OUROLUX \u2013 RODRIGO PAIVA \u2013 DOUGLAS MORAES \u2013 F\u00c1BIO MANCINI \u2013 DANIEL PERTILLI \u2013 PAULO GODOY E PAULO RENATO RIBEIRO. PATROCINADORA REAL PERFIL \u2013 ROSANGELA NASCIMENTO \u2013 RODINEI ESCOCARD \u2013 ANA CRISTINA PIMENTA \u2013 SIMONE SILV\u00c9RIO \u2013 CL\u00c1UDIO C\u00c9SAR FANTIN \u2013 VILMA RODRIGUES \u2013 FRANCISCO MARCON \u2013 RICARDO REIS \u2013 JOS\u00c9 LUIZ REINA E GUILHERME SANTOS. PATROCINADORA SIEMENS \u2013 DANILO ALONSO \u2013 THIAGO FRANCO \u2013 BIANCA CERVEIRA \u2013 DENISE VIDOTTI \u2013 ELAINE PORTO \u2013 RONNIE EUS\u00c9BIO \u2013 F\u00c1BIO OLIVA \u2013 BEATRIZ DOBELIN \u2013 RICARDO SOUZA E JO\u00c3O LIMA. PATROCINADORA NAVILLE \u2013 BRUNO FERNANDES \u2013 GUSTAVO PEREIRA &#8211; D\u00c9BORA SCHMIDT \u2013 RODRIGO REBOLO \u2013 MARCOS MENDES \u2013 REINALDO GAVIOLI (DIRETOR ABREME) \u2013 THIAGO AIRES \u2013 LUCAS VIEIRA \u2013 PAULO FERREIRA E ALEXANDRE ROCHA. PATROCINADORA TELEFIO \u2013 ANDR\u00c9 RICCI \u2013 IVALDO COSTA \u2013 DANILO GALV\u00c3O \u2013 ANDR\u00c9 AMARAL \u2013 PAULO HENRIQUE DURCI (CEO DA EMPRESA TELEFIO E DIRETOR ABREME) \u2013 HALISON GRIS PERES \u2013 ADILSON BASTOS \u2013 LUIZ FERNANDO ARANTES \u2013 ERIK HERNADEZ E EDUARDO VICENTE. PATROCINADORA B.LUX \u2013 ROG\u00c9RIO AUGUSTO SANTO \u2013 GUILHERME ANDRADE \u2013 ALEXANDRE ANDRADE \u2013 ALEXANDRE ANDRADE JR. \u2013 FL\u00c1VIO BUSICO \u2013 RODRIGO CAMPOS (EMPRESA JMC) \u2013 PERICLES BARBOSA \u2013 PEDRO VALVERDE E JONATHAS OLIVEIRA. PATROCINADORA LEGRAND \u2013 DOUGLAS SANTOS \u2013 ALEXANDRE FREITAS \u2013 MARIANA NAKAMOTO \u2013 CARLOS NONATTO \u2013 ANDREA BONFIM \u2013 FL\u00c1VIA CARLI \u2013 MARCELO CARVALHO \u2013 THIAGO FRECCIA \u2013 FABR\u00cdCIO SAKUMA E NELSON REBELATO. PATROCINADORA COBRECOM \u2013 SOLANGE SANTOS \u2013 JACKSON PEREIRA DOS SANTOS \u2013 MAURO MORENO \u2013 PAULO ALESSANDRO DELGADO \u2013 GILBERTO ALVARENGA \u2013 PEDRO PAULO ASSUMP\u00c7\u00c3O \u2013 BRUNO BITTAR \u2013 GUSTAVO VERRONE RUAS \u2013 IR\u00cdS RUAS \u2013 RAFAEL VERRONE RUAS \u2013 FL\u00c1VIA RUAS \u2013 CINT\u00cdA ASS\u00cdS \u2013 ROBERTA MARQUES E NAT\u00c1LIA CASTRO \u2013 (AGACHADOS EM FRENTE A FOTO) \u2013 VINICIUS CASTILHO \u2013 LUCAS GUSTAVO FERREIRA \u2013<\/p>\n","protected":false},"author":1,"featured_media":0,"parent":0,"menu_order":0,"comment_status":"closed","ping_status":"closed","template":"","meta":{"site-sidebar-layout":"no-sidebar","site-content-layout":"","ast-site-content-layout":"full-width-container","site-content-style":"default","site-sidebar-style":"default","ast-global-header-display":"","ast-banner-title-visibility":"","ast-main-header-display":"","ast-hfb-above-header-display":"","ast-hfb-below-header-display":"","ast-hfb-mobile-header-display":"","site-post-title":"disabled","ast-breadcrumbs-content":"","ast-featured-img":"disabled","footer-sml-layout":"","ast-disable-related-posts":"","theme-transparent-header-meta":"","adv-header-id-meta":"","stick-header-meta":"","header-above-stick-meta":"","header-main-stick-meta":"","header-below-stick-meta":"","astra-migrate-meta-layouts":"default","ast-page-background-enabled":"default","ast-page-background-meta":{"desktop":{"background-color":"var(--ast-global-color-4)","background-image":"","background-repeat":"repeat","background-position":"center center","background-size":"auto","background-attachment":"scroll","background-type":"","background-media":"","overlay-type":"","overlay-color":"","overlay-opacity":"","overlay-gradient":""},"tablet":{"background-color":"","background-image":"","background-repeat":"repeat","background-position":"center center","background-size":"auto","background-attachment":"scroll","background-type":"","background-media":"","overlay-type":"","overlay-color":"","overlay-opacity":"","overlay-gradient":""},"mobile":{"background-color":"","background-image":"","background-repeat":"repeat","background-position":"center center","background-size":"auto","background-attachment":"scroll","background-type":"","background-media":"","overlay-type":"","overlay-color":"","overlay-opacity":"","overlay-gradient":""}},"ast-content-background-meta":{"desktop":{"background-color":"var(--ast-global-color-5)","background-image":"","background-repeat":"repeat","background-position":"center center","background-size":"auto","background-attachment":"scroll","background-type":"","background-media":"","overlay-type":"","overlay-color":"","overlay-opacity":"","overlay-gradient":""},"tablet":{"background-color":"var(--ast-global-color-5)","background-image":"","background-repeat":"repeat","background-position":"center center","background-size":"auto","background-attachment":"scroll","background-type":"","background-media":"","overlay-type":"","overlay-color":"","overlay-opacity":"","overlay-gradient":""},"mobile":{"background-color":"var(--ast-global-color-5)","background-image":"","background-repeat":"repeat","background-position":"center center","background-size":"auto","background-attachment":"scroll","background-type":"","background-media":"","overlay-type":"","overlay-color":"","overlay-opacity":"","overlay-gradient":""}},"footnotes":""},"class_list":["post-5833","page","type-page","status-publish","hentry"],"_links":{"self":[{"href":"https:\/\/abreme.com.br\/index.php?rest_route=\/wp\/v2\/pages\/5833","targetHints":{"allow":["GET"]}}],"collection":[{"href":"https:\/\/abreme.com.br\/index.php?rest_route=\/wp\/v2\/pages"}],"about":[{"href":"https:\/\/abreme.com.br\/index.php?rest_route=\/wp\/v2\/types\/page"}],"author":[{"embeddable":true,"href":"https:\/\/abreme.com.br\/index.php?rest_route=\/wp\/v2\/users\/1"}],"replies":[{"embeddable":true,"href":"https:\/\/abreme.com.br\/index.php?rest_route=%2Fwp%2Fv2%2Fcomments&post=5833"}],"version-history":[{"count":13,"href":"https:\/\/abreme.com.br\/index.php?rest_route=\/wp\/v2\/pages\/5833\/revisions"}],"predecessor-version":[{"id":5847,"href":"https:\/\/abreme.com.br\/index.php?rest_route=\/wp\/v2\/pages\/5833\/revisions\/5847"}],"wp:attachment":[{"href":"https:\/\/abreme.com.br\/index.php?rest_route=%2Fwp%2Fv2%2Fmedia&parent=5833"}],"curies":[{"name":"wp","href":"https:\/\/api.w.org\/{rel}","templated":true}]}}