
{"id":6086,"date":"2025-12-19T15:21:19","date_gmt":"2025-12-19T15:21:19","guid":{"rendered":"https:\/\/abreme.com.br\/?page_id=6086"},"modified":"2026-01-30T13:37:25","modified_gmt":"2026-01-30T13:37:25","slug":"premio-abreme-2025","status":"publish","type":"page","link":"https:\/\/abreme.com.br\/?page_id=6086","title":{"rendered":"Pr\u00eamio ABREME 2025"},"content":{"rendered":"\t\t<div data-elementor-type=\"wp-page\" data-elementor-id=\"6086\" class=\"elementor elementor-6086\">\n\t\t\t\t<div class=\"elementor-element elementor-element-b800483 e-flex e-con-boxed wpr-particle-no wpr-jarallax-no wpr-parallax-no wpr-sticky-section-no wpr-equal-height-no e-con e-parent\" data-id=\"b800483\" data-element_type=\"container\">\n\t\t\t\t\t<div class=\"e-con-inner\">\n\t\t<div class=\"elementor-element elementor-element-117fa0e e-con-full e-flex wpr-particle-no wpr-jarallax-no wpr-parallax-no wpr-sticky-section-no wpr-equal-height-no e-con e-child\" data-id=\"117fa0e\" data-element_type=\"container\">\n\t\t\t\t<div class=\"elementor-element elementor-element-a85610b elementor-widget elementor-widget-heading\" data-id=\"a85610b\" data-element_type=\"widget\" data-widget_type=\"heading.default\">\n\t\t\t\t<div class=\"elementor-widget-container\">\n\t\t\t\t\t<h2 class=\"elementor-heading-title elementor-size-default\">PR\u00caMIO ABREME 2025<\/h2>\t\t\t\t<\/div>\n\t\t\t\t<\/div>\n\t\t\t\t<div class=\"elementor-element elementor-element-0424197 elementor-widget elementor-widget-heading\" data-id=\"0424197\" data-element_type=\"widget\" data-widget_type=\"heading.default\">\n\t\t\t\t<div class=\"elementor-widget-container\">\n\t\t\t\t\t<h3 class=\"elementor-heading-title elementor-size-default\">OS DESTAQUES NO SEGMENTO DE MATERIAIS EL\u00c9TRICOS EST\u00c3O AQUI<\/h3>\t\t\t\t<\/div>\n\t\t\t\t<\/div>\n\t\t<div class=\"elementor-element elementor-element-7849668 e-con-full e-flex wpr-particle-no wpr-jarallax-no wpr-parallax-no wpr-sticky-section-no wpr-equal-height-no e-con e-child\" data-id=\"7849668\" data-element_type=\"container\">\n\t\t\t\t<div class=\"elementor-element elementor-element-eb1d975 elementor-widget elementor-widget-text-editor\" data-id=\"eb1d975\" data-element_type=\"widget\" data-widget_type=\"text-editor.default\">\n\t\t\t\t<div class=\"elementor-widget-container\">\n\t\t\t\t\t\t\t\t\t<p>O Pr\u00eamio ABREME \u00e9 o mais importante reconhecimento do setor de revenda e distribui\u00e7\u00e3o de materiais el\u00e9tricos no Brasil. Em 2025, o pr\u00eamio celebra a 19\u00aa edi\u00e7\u00e3o do Pr\u00eamio Fornecedores do Ano e a 18\u00aa edi\u00e7\u00e3o do Pr\u00eamio Persona ABREME.<\/p><p>Anualmente, um j\u00fari formado por renomados profissionais do mercado elege as empresas e personalidades que mais se destacam no segmento de materiais el\u00e9tricos.<\/p>\t\t\t\t\t\t\t\t<\/div>\n\t\t\t\t<\/div>\n\t\t\t\t<\/div>\n\t\t\t\t<\/div>\n\t\t\t\t\t<\/div>\n\t\t\t\t<\/div>\n\t\t<div class=\"elementor-element elementor-element-afa9ba6 e-flex e-con-boxed wpr-particle-no wpr-jarallax-no wpr-parallax-no wpr-sticky-section-no wpr-equal-height-no e-con e-parent\" data-id=\"afa9ba6\" data-element_type=\"container\">\n\t\t\t\t\t<div class=\"e-con-inner\">\n\t\t\t\t<div class=\"elementor-element elementor-element-bc8541e elementor-widget elementor-widget-heading\" data-id=\"bc8541e\" data-element_type=\"widget\" data-widget_type=\"heading.default\">\n\t\t\t\t<div class=\"elementor-widget-container\">\n\t\t\t\t\t<h2 class=\"elementor-heading-title elementor-size-default\">Momentos do evento <br>\u201cFornecedores do Ano 2025 Abreme\u201d <\/h2>\t\t\t\t<\/div>\n\t\t\t\t<\/div>\n\t\t\t\t\t<\/div>\n\t\t\t\t<\/div>\n\t\t<div class=\"elementor-element elementor-element-5b8ef3b e-flex e-con-boxed wpr-particle-no wpr-jarallax-no wpr-parallax-no wpr-sticky-section-no wpr-equal-height-no e-con e-parent\" data-id=\"5b8ef3b\" data-element_type=\"container\">\n\t\t\t\t\t<div class=\"e-con-inner\">\n\t\t\t\t<div class=\"elementor-element elementor-element-4bb9476 elementor-widget elementor-widget-video\" data-id=\"4bb9476\" data-element_type=\"widget\" data-settings=\"{&quot;youtube_url&quot;:&quot;https:\\\/\\\/youtube.com\\\/shorts\\\/cELY63CRSwE&quot;,&quot;video_type&quot;:&quot;youtube&quot;,&quot;controls&quot;:&quot;yes&quot;}\" data-widget_type=\"video.default\">\n\t\t\t\t<div class=\"elementor-widget-container\">\n\t\t\t\t\t\t\t<div class=\"elementor-wrapper elementor-open-inline\">\n\t\t\t<div class=\"elementor-video\"><\/div>\t\t<\/div>\n\t\t\t\t\t\t<\/div>\n\t\t\t\t<\/div>\n\t\t\t\t\t<\/div>\n\t\t\t\t<\/div>\n\t\t<div class=\"elementor-element elementor-element-a0c25f6 e-flex e-con-boxed wpr-particle-no wpr-jarallax-no wpr-parallax-no wpr-sticky-section-no wpr-equal-height-no e-con e-parent\" data-id=\"a0c25f6\" data-element_type=\"container\">\n\t\t\t\t\t<div class=\"e-con-inner\">\n\t\t\t\t<div class=\"elementor-element elementor-element-44953be elementor-widget elementor-widget-heading\" data-id=\"44953be\" data-element_type=\"widget\" data-widget_type=\"heading.default\">\n\t\t\t\t<div class=\"elementor-widget-container\">\n\t\t\t\t\t<h2 class=\"elementor-heading-title elementor-size-default\">Pr\u00eamio \"Fornecedores do Ano 2025\" - Patrocinadores<\/h2>\t\t\t\t<\/div>\n\t\t\t\t<\/div>\n\t\t\t\t\t<\/div>\n\t\t\t\t<\/div>\n\t\t<div class=\"elementor-element elementor-element-7430560 e-flex e-con-boxed wpr-particle-no wpr-jarallax-no wpr-parallax-no wpr-sticky-section-no wpr-equal-height-no e-con e-parent\" data-id=\"7430560\" data-element_type=\"container\">\n\t\t\t\t\t<div class=\"e-con-inner\">\n\t\t\t\t<div class=\"elementor-element elementor-element-b936ee8 elementor-arrows-position-outside elementor-widget elementor-widget-image-carousel\" data-id=\"b936ee8\" data-element_type=\"widget\" data-settings=\"{&quot;slides_to_show&quot;:&quot;1&quot;,&quot;effect&quot;:&quot;fade&quot;,&quot;navigation&quot;:&quot;arrows&quot;,&quot;autoplay&quot;:&quot;yes&quot;,&quot;pause_on_hover&quot;:&quot;yes&quot;,&quot;pause_on_interaction&quot;:&quot;yes&quot;,&quot;autoplay_speed&quot;:5000,&quot;infinite&quot;:&quot;yes&quot;,&quot;speed&quot;:500}\" data-widget_type=\"image-carousel.default\">\n\t\t\t\t<div class=\"elementor-widget-container\">\n\t\t\t\t\t\t\t<div class=\"elementor-image-carousel-wrapper swiper\" role=\"region\" aria-roledescription=\"carousel\" aria-label=\"Carrossel de imagens\" dir=\"ltr\">\n\t\t\t<div class=\"elementor-image-carousel swiper-wrapper\" aria-live=\"off\">\n\t\t\t\t\t\t\t\t<div class=\"swiper-slide\" role=\"group\" aria-roledescription=\"slide\" aria-label=\"1 de 29\"><figure class=\"swiper-slide-inner\"><img decoding=\"async\" class=\"swiper-slide-image\" src=\"https:\/\/abreme.com.br\/wp-content\/uploads\/2025\/12\/IMG_3271-Medio.jpg\" alt=\"Patrocinadora ABB GE \u2013 Marcelo Vilela \u2013 Fernando Leonardis \u2013 Vinicius Rocha \u2013 Gustavo Vazzoler \u2013 Fernando Nunes \u2013 Fernando Rocha \u2013 Alex Cassemiro \u2013 Paulo Boccardo \u2013 Thiago Mendon\u00e7a \u2013 Samantha Sato \u2013 Tatiane Machado \u2013 Yannis Fadakis.\" \/><figcaption class=\"elementor-image-carousel-caption\">Patrocinadora ABB GE \u2013 Marcelo Vilela \u2013 Fernando Leonardis \u2013 Vinicius Rocha \u2013 Gustavo Vazzoler \u2013 Fernando Nunes \u2013 Fernando Rocha \u2013 Alex Cassemiro \u2013 Paulo Boccardo \u2013 Thiago Mendon\u00e7a \u2013 Samantha Sato \u2013 Tatiane Machado \u2013 Yannis Fadakis.<\/figcaption><\/figure><\/div><div class=\"swiper-slide\" role=\"group\" aria-roledescription=\"slide\" aria-label=\"2 de 29\"><figure class=\"swiper-slide-inner\"><img decoding=\"async\" class=\"swiper-slide-image\" src=\"https:\/\/abreme.com.br\/wp-content\/uploads\/2025\/12\/IMG_3285-Medio.jpg\" alt=\"Patrocinadora ALTRONIC \u2013 Thereza Cristina F. de Mello \u2013 Isabella Machado Lula \u2013 Huddson Pessoa \u2013 Felipe Chaves \u2013 Ol\u00edmpio Correa \u2013 Marcos Coelho \u2013 Kendra Ribeiro \u2013 Carolina Fonseca \u2013 Caio Braz \u2013 Leopoldo Santos.\" \/><figcaption class=\"elementor-image-carousel-caption\">Patrocinadora ALTRONIC \u2013 Thereza Cristina F. de Mello \u2013 Isabella Machado Lula \u2013 Huddson Pessoa \u2013 Felipe Chaves \u2013 Ol\u00edmpio Correa \u2013 Marcos Coelho \u2013 Kendra Ribeiro \u2013 Carolina Fonseca \u2013 Caio Braz \u2013 Leopoldo Santos.<\/figcaption><\/figure><\/div><div class=\"swiper-slide\" role=\"group\" aria-roledescription=\"slide\" aria-label=\"3 de 29\"><figure class=\"swiper-slide-inner\"><img decoding=\"async\" class=\"swiper-slide-image\" src=\"https:\/\/abreme.com.br\/wp-content\/uploads\/2025\/12\/IMG_3299-Medio.jpg\" alt=\"Patrocinadora B.LUX BUILDING \u2013 Alexandre de Andrade \u2013 Alexandre de Andrade Junior \u2013 Matheus de Souza \u2013 Giovanna Andrade \u2013 Jos\u00e9 Carlos Deleprane \u2013 Kleverson Lima \u2013 Maria Eduarda Alves \u2013 Luiz Lana \u2013 P\u00e9ricles Barbosa \u2013 Ramon Faria Silva\" \/><figcaption class=\"elementor-image-carousel-caption\">Patrocinadora B.LUX BUILDING \u2013 Alexandre de Andrade \u2013 Alexandre de Andrade Junior \u2013 Matheus de Souza \u2013 Giovanna Andrade \u2013 Jos\u00e9 Carlos Deleprane \u2013 Kleverson Lima \u2013 Maria Eduarda Alves \u2013 Luiz Lana \u2013 P\u00e9ricles Barbosa \u2013 Ramon Faria Silva<\/figcaption><\/figure><\/div><div class=\"swiper-slide\" role=\"group\" aria-roledescription=\"slide\" aria-label=\"4 de 29\"><figure class=\"swiper-slide-inner\"><img decoding=\"async\" class=\"swiper-slide-image\" src=\"https:\/\/abreme.com.br\/wp-content\/uploads\/2025\/12\/IMG_3312-Medio.jpg\" alt=\"Patrocinadora COBRECOM \u2013 Rafael Verrone Ruas \u2013 Gustavo Verrone Ruas \u2013 Fl\u00e1via Ruas -  Jackson Santos \u2013 Bruno Bittar \u2013 Pedro Paulo Assump\u00e7\u00e3o \u2013 Mauro Moreno \u2013 Paulo Alessandro Delgado \u2013 F\u00e1bio Ferrara \u2013 Roberta Marques \u2013 Fl\u00e1vio Bragagniolo \u2013 Vinicius Castilho \u2013 Vitor Nic\u00e1cio \u2013 Lucas Bezerra \u2013 Gabriel Prado \u2013 Mariana Longato \u2013 Nat\u00e1lia Castro \u2013 Felipe Santos \u2013 Solange Longato \u2013 Cintia Assis \u2013 Gilberto Alvarenga.\" \/><figcaption class=\"elementor-image-carousel-caption\">Patrocinadora COBRECOM \u2013 Rafael Verrone Ruas \u2013 Gustavo Verrone Ruas \u2013 Fl\u00e1via Ruas -  Jackson Santos \u2013 Bruno Bittar \u2013 Pedro Paulo Assump\u00e7\u00e3o \u2013 Mauro Moreno \u2013 Paulo Alessandro Delgado \u2013 F\u00e1bio Ferrara \u2013 Roberta Marques \u2013 Fl\u00e1vio Bragagniolo \u2013 Vinicius Castilho \u2013 Vitor Nic\u00e1cio \u2013 Lucas Bezerra \u2013 Gabriel Prado \u2013 Mariana Longato \u2013 Nat\u00e1lia Castro \u2013 Felipe Santos \u2013 Solange Longato \u2013 Cintia Assis \u2013 Gilberto Alvarenga.<\/figcaption><\/figure><\/div><div class=\"swiper-slide\" role=\"group\" aria-roledescription=\"slide\" aria-label=\"5 de 29\"><figure class=\"swiper-slide-inner\"><img decoding=\"async\" class=\"swiper-slide-image\" src=\"https:\/\/abreme.com.br\/wp-content\/uploads\/2025\/12\/IMG_3322-Medio.jpg\" alt=\"Patrocinadora ELGIN \u2013 Marcel Serafim \u2013 Rodolfo Naves \u2013 Adriano Grat\u00e3o \u2013 Fernando Fornazari \u2013 Juan Martins  \u2013 F\u00e1bio Akira Munacata \u2013 Vanessa Rocha \u2013 Mirian Nunes \u2013 Rodolfo Bezerra.\" \/><figcaption class=\"elementor-image-carousel-caption\">Patrocinadora ELGIN \u2013 Marcel Serafim \u2013 Rodolfo Naves \u2013 Adriano Grat\u00e3o \u2013 Fernando Fornazari \u2013 Juan Martins  \u2013 F\u00e1bio Akira Munacata \u2013 Vanessa Rocha \u2013 Mirian Nunes \u2013 Rodolfo Bezerra.<\/figcaption><\/figure><\/div><div class=\"swiper-slide\" role=\"group\" aria-roledescription=\"slide\" aria-label=\"6 de 29\"><figure class=\"swiper-slide-inner\"><img decoding=\"async\" class=\"swiper-slide-image\" src=\"https:\/\/abreme.com.br\/wp-content\/uploads\/2025\/12\/IMG_3328-Medio.jpg\" alt=\"Patrocinadora GFC TUBOS E CONEX\u00d5ES \u2013 Danilo Di Pieri \u2013 Greice Ferrari \u2013 F\u00e1bio Ferreri \u2013 Joel Navarro Junior \u2013 Tiago Estopa \u2013 Marcelo Lopes \u2013 Felipe Siqueira \u2013 \u00c1lvaro Luccas \u2013 Gustavo Costa \u2013 Fabiane Rodrigues\" \/><figcaption class=\"elementor-image-carousel-caption\">Patrocinadora GFC TUBOS E CONEX\u00d5ES \u2013 Danilo Di Pieri \u2013 Greice Ferrari \u2013 F\u00e1bio Ferreri \u2013 Joel Navarro Junior \u2013 Tiago Estopa \u2013 Marcelo Lopes \u2013 Felipe Siqueira \u2013 \u00c1lvaro Luccas \u2013 Gustavo Costa \u2013 Fabiane Rodrigues<\/figcaption><\/figure><\/div><div class=\"swiper-slide\" role=\"group\" aria-roledescription=\"slide\" aria-label=\"7 de 29\"><figure class=\"swiper-slide-inner\"><img decoding=\"async\" class=\"swiper-slide-image\" src=\"https:\/\/abreme.com.br\/wp-content\/uploads\/2025\/12\/IMG_3340-Medio.jpg\" alt=\"Patrocinadora GRUPO LUKMA \u2013 Rodrigo Lukasavicus \u2013 Sabrina Lukasavicus \u2013 Sandro Lukasavicus \u2013 Luiz Rodrigues Matos \u2013 Alex Bento C. Monteiro \u2013 Renato da Silva Junior \u2013 Mayara Fernanda de Oliveira \u2013 Caio Vinicius G. Silva \u2013 Leandro Estrela Bonafe \u2013 Jander Farias Bernardino.\" \/><figcaption class=\"elementor-image-carousel-caption\">Patrocinadora GRUPO LUKMA \u2013 Rodrigo Lukasavicus \u2013 Sabrina Lukasavicus \u2013 Sandro Lukasavicus \u2013 Luiz Rodrigues Matos \u2013 Alex Bento C. Monteiro \u2013 Renato da Silva Junior \u2013 Mayara Fernanda de Oliveira \u2013 Caio Vinicius G. Silva \u2013 Leandro Estrela Bonafe \u2013 Jander Farias Bernardino.<\/figcaption><\/figure><\/div><div class=\"swiper-slide\" role=\"group\" aria-roledescription=\"slide\" aria-label=\"8 de 29\"><figure class=\"swiper-slide-inner\"><img decoding=\"async\" class=\"swiper-slide-image\" src=\"https:\/\/abreme.com.br\/wp-content\/uploads\/2025\/12\/IMG_3350-Medio.jpg\" alt=\"Patrocinadora HELLERMANN TYTON \u2013 Alexandro Zavarizi \u2013 Ricardo Fragata \u2013 Vinicius Silva de Andrade \u2013 Anderson Sato \u2013 Renato Bandeira \u2013 Ricardo Martuchi da Silva \u2013 Fabricio Mendes de Ara\u00fajo \u2013 Rose Izoppe \u2013 Rose Matos \u2013 Marcello Ruegger.\" \/><figcaption class=\"elementor-image-carousel-caption\">Patrocinadora HELLERMANN TYTON \u2013 Alexandro Zavarizi \u2013 Ricardo Fragata \u2013 Vinicius Silva de Andrade \u2013 Anderson Sato \u2013 Renato Bandeira \u2013 Ricardo Martuchi da Silva \u2013 Fabricio Mendes de Ara\u00fajo \u2013 Rose Izoppe \u2013 Rose Matos \u2013 Marcello Ruegger.<\/figcaption><\/figure><\/div><div class=\"swiper-slide\" role=\"group\" aria-roledescription=\"slide\" aria-label=\"9 de 29\"><figure class=\"swiper-slide-inner\"><img decoding=\"async\" class=\"swiper-slide-image\" src=\"https:\/\/abreme.com.br\/wp-content\/uploads\/2025\/12\/IMG_3366-Medio.jpg\" alt=\"Patrocinadora INDUSCABOS \u2013 Jenner Iaconno \u2013 Sandro Rezende \u2013 Paulo C\u00e9sar Iaconno \u2013 Robinson Fontalva \u2013 S\u00e9rgio Mellacci \u2013 Ricardo Moretti \u2013 Rodrigo \u2013 William \u2013 Marco \u2013 Blauth.\" \/><figcaption class=\"elementor-image-carousel-caption\">Patrocinadora INDUSCABOS \u2013 Jenner Iaconno \u2013 Sandro Rezende \u2013 Paulo C\u00e9sar Iaconno \u2013 Robinson Fontalva \u2013 S\u00e9rgio Mellacci \u2013 Ricardo Moretti \u2013 Rodrigo \u2013 William \u2013 Marco \u2013 Blauth.<\/figcaption><\/figure><\/div><div class=\"swiper-slide\" role=\"group\" aria-roledescription=\"slide\" aria-label=\"10 de 29\"><figure class=\"swiper-slide-inner\"><img decoding=\"async\" class=\"swiper-slide-image\" src=\"https:\/\/abreme.com.br\/wp-content\/uploads\/2025\/12\/IMG_3372-Medio.jpg\" alt=\"Patrocinadora KRAUSMULLER \u2013 Luciano Ferreira Marra \u2013 Gabriel Orlando Cardoso \u2013 Leandro Polidoro \u2013 Moises Colla \u2013 Jessica F. Ramalho Campos \u2013 L\u00eddia Costa Martins \u2013 Jackeline G. da Cunha \u2013 Erik Nakakura \u2013 Marcelo Gomes \u2013 Virg\u00ednia Zanon de Orlando.\" \/><figcaption class=\"elementor-image-carousel-caption\">Patrocinadora KRAUSMULLER \u2013 Luciano Ferreira Marra \u2013 Gabriel Orlando Cardoso \u2013 Leandro Polidoro \u2013 Moises Colla \u2013 Jessica F. Ramalho Campos \u2013 L\u00eddia Costa Martins \u2013 Jackeline G. da Cunha \u2013 Erik Nakakura \u2013 Marcelo Gomes \u2013 Virg\u00ednia Zanon de Orlando.<\/figcaption><\/figure><\/div><div class=\"swiper-slide\" role=\"group\" aria-roledescription=\"slide\" aria-label=\"11 de 29\"><figure class=\"swiper-slide-inner\"><img decoding=\"async\" class=\"swiper-slide-image\" src=\"https:\/\/abreme.com.br\/wp-content\/uploads\/2025\/12\/IMG_3380-Medio.jpg\" alt=\"Patrocinadora LEDVANCE \u2013 Anderson Alves \u2013 Charlys Mesquini \u2013 Everton Mello \u2013 Guilherme Profeta dos Santos \u2013 Jean Carlos Bazeto \u2013 Jozias Lapaz \u2013 Marcelo Chadalakian \u2013 Marcelo Motta \u2013 Marcos Ellert \u2013 Paula Silveira Mello \u2013 Jo\u00e3o H. Carvalho \u2013 Luan Donadon \u2013 M\u00e1rcio Chialastri \u2013 Nat\u00e1lia Ferreira \u2013 Nelson Gomes.\" \/><figcaption class=\"elementor-image-carousel-caption\">Patrocinadora LEDVANCE \u2013 Anderson Alves \u2013 Charlys Mesquini \u2013 Everton Mello \u2013 Guilherme Profeta dos Santos \u2013 Jean Carlos Bazeto \u2013 Jozias Lapaz \u2013 Marcelo Chadalakian \u2013 Marcelo Motta \u2013 Marcos Ellert \u2013 Paula Silveira Mello \u2013 Jo\u00e3o H. Carvalho \u2013 Luan Donadon \u2013 M\u00e1rcio Chialastri \u2013 Nat\u00e1lia Ferreira \u2013 Nelson Gomes.<\/figcaption><\/figure><\/div><div class=\"swiper-slide\" role=\"group\" aria-roledescription=\"slide\" aria-label=\"12 de 29\"><figure class=\"swiper-slide-inner\"><img decoding=\"async\" class=\"swiper-slide-image\" src=\"https:\/\/abreme.com.br\/wp-content\/uploads\/2025\/12\/IMG_3393-Medio.jpg\" alt=\"Patrocinadora LEGRAND \u2013 Daniel Tatini \u2013 Alexandre Freitas \u2013 Thiago Freccia \u2013 Andr\u00e9a Bonfim \u2013 Fernando Gleriano \u2013 Gleiton Giovanelli \u2013 Deguimar Ribeiro \u2013 Radyjia Oliveira \u2013 Douglas Nunes \u2013 Sabrina Mori.\" \/><figcaption class=\"elementor-image-carousel-caption\">Patrocinadora LEGRAND \u2013 Daniel Tatini \u2013 Alexandre Freitas \u2013 Thiago Freccia \u2013 Andr\u00e9a Bonfim \u2013 Fernando Gleriano \u2013 Gleiton Giovanelli \u2013 Deguimar Ribeiro \u2013 Radyjia Oliveira \u2013 Douglas Nunes \u2013 Sabrina Mori.<\/figcaption><\/figure><\/div><div class=\"swiper-slide\" role=\"group\" aria-roledescription=\"slide\" aria-label=\"13 de 29\"><figure class=\"swiper-slide-inner\"><img decoding=\"async\" class=\"swiper-slide-image\" src=\"https:\/\/abreme.com.br\/wp-content\/uploads\/2025\/12\/IMG_3407-Medio.jpg\" alt=\"Patrocinadora \u2013 MAR-GIRIUS \u2013 Renato Felipe dos Santos \u2013 Alessandro Poletti -  Joice Fernanda da Silva \u2013 Rubens Parada \u2013 Haenae Ament \u2013 Nauber Porcel \u2013 Cristiano Marangoni \u2013 Vanessa Calbaiser \u2013 Tatiana Boccardo \u2013 Ant\u00f4nio Carlos Pussi.\" \/><figcaption class=\"elementor-image-carousel-caption\">Patrocinadora \u2013 MAR-GIRIUS \u2013 Renato Felipe dos Santos \u2013 Alessandro Poletti -  Joice Fernanda da Silva \u2013 Rubens Parada \u2013 Haenae Ament \u2013 Nauber Porcel \u2013 Cristiano Marangoni \u2013 Vanessa Calbaiser \u2013 Tatiana Boccardo \u2013 Ant\u00f4nio Carlos Pussi.<\/figcaption><\/figure><\/div><div class=\"swiper-slide\" role=\"group\" aria-roledescription=\"slide\" aria-label=\"14 de 29\"><figure class=\"swiper-slide-inner\"><img decoding=\"async\" class=\"swiper-slide-image\" src=\"https:\/\/abreme.com.br\/wp-content\/uploads\/2025\/12\/IMG_3416-Medio.jpg\" alt=\"Patrocinadora MAXXBOX \u2013 Max Ribeiro \u2013 Jaime Cavalcante \u2013 Eduardo In\u00e1cio \u2013 Mariane Pinheiro \u2013 Ant\u00f4nio Marin \u2013 Thalles Prado Ribeiro \u2013 Camila Siqueira Ribeiro \u2013 C\u00e9sar Mattos \u2013 Tha\u00edsa Prado Ribeiro \u2013 M\u00e1rcio Kitayama (n\u00e3o est\u00e1 na foto).\" \/><figcaption class=\"elementor-image-carousel-caption\">Patrocinadora MAXXBOX \u2013 Max Ribeiro \u2013 Jaime Cavalcante \u2013 Eduardo In\u00e1cio \u2013 Mariane Pinheiro \u2013 Ant\u00f4nio Marin \u2013 Thalles Prado Ribeiro \u2013 Camila Siqueira Ribeiro \u2013 C\u00e9sar Mattos \u2013 Tha\u00edsa Prado Ribeiro \u2013 M\u00e1rcio Kitayama (n\u00e3o est\u00e1 na foto).<\/figcaption><\/figure><\/div><div class=\"swiper-slide\" role=\"group\" aria-roledescription=\"slide\" aria-label=\"15 de 29\"><figure class=\"swiper-slide-inner\"><img decoding=\"async\" class=\"swiper-slide-image\" src=\"https:\/\/abreme.com.br\/wp-content\/uploads\/2025\/12\/IMG_3424-Medio.jpg\" alt=\"Patrocinadora NAVILLE \u2013 Fl\u00e1via Naville \u2013 Tha\u00eds Rebolo \u2013 Marcos Mendes \u2013 Rodrigo Rebolo \u2013 D\u00e9bora Schmidt \u2013 Alexandre Rocha \u2013 Thiago Aires \u2013 Lucas Vieira \u2013 Paulo Ferreira \u2013 Mariana C. Munhoz Silva\" \/><figcaption class=\"elementor-image-carousel-caption\">Patrocinadora NAVILLE \u2013 Fl\u00e1via Naville \u2013 Tha\u00eds Rebolo \u2013 Marcos Mendes \u2013 Rodrigo Rebolo \u2013 D\u00e9bora Schmidt \u2013 Alexandre Rocha \u2013 Thiago Aires \u2013 Lucas Vieira \u2013 Paulo Ferreira \u2013 Mariana C. Munhoz Silva<\/figcaption><\/figure><\/div><div class=\"swiper-slide\" role=\"group\" aria-roledescription=\"slide\" aria-label=\"16 de 29\"><figure class=\"swiper-slide-inner\"><img decoding=\"async\" class=\"swiper-slide-image\" src=\"https:\/\/abreme.com.br\/wp-content\/uploads\/2025\/12\/IMG_3434-Medio.jpg\" alt=\"Patrocinadora OUROLUX \u2013 Roberto Saheli \u2013 Lucinete Felipe \u2013 Douglas Moraes \u2013 F\u00e1bio Mancini \u2013 Bruno Felipe \u2013 Luiz Henrique Zago \u2013 Paulo Godoy \u2013 Rodrigo Paiva \u2013 Paulo Ribeiro \u2013 Renato C. do Amaral.\" \/><figcaption class=\"elementor-image-carousel-caption\">Patrocinadora OUROLUX \u2013 Roberto Saheli \u2013 Lucinete Felipe \u2013 Douglas Moraes \u2013 F\u00e1bio Mancini \u2013 Bruno Felipe \u2013 Luiz Henrique Zago \u2013 Paulo Godoy \u2013 Rodrigo Paiva \u2013 Paulo Ribeiro \u2013 Renato C. do Amaral.<\/figcaption><\/figure><\/div><div class=\"swiper-slide\" role=\"group\" aria-roledescription=\"slide\" aria-label=\"17 de 29\"><figure class=\"swiper-slide-inner\"><img decoding=\"async\" class=\"swiper-slide-image\" src=\"https:\/\/abreme.com.br\/wp-content\/uploads\/2025\/12\/IMG_3444-Medio.jpg\" alt=\"Patrocinadora PERFIL L\u00cdDER \u2013 Edson Leiva \u2013 Isaias Ferreira \u2013 Vinicius Jos\u00e9 \u2013 Andr\u00e9 Silva \u2013 Edison Matte \u2013 Jos\u00e9 Ara\u00fajo Junior \u2013 Luis Felipe \u2013 Ant\u00f4nio Junior \u2013 Luis Oliveira \u2013 Jos\u00e9 Sim\u00f5es Filho.\" \/><figcaption class=\"elementor-image-carousel-caption\">Patrocinadora PERFIL L\u00cdDER \u2013 Edson Leiva \u2013 Isaias Ferreira \u2013 Vinicius Jos\u00e9 \u2013 Andr\u00e9 Silva \u2013 Edison Matte \u2013 Jos\u00e9 Ara\u00fajo Junior \u2013 Luis Felipe \u2013 Ant\u00f4nio Junior \u2013 Luis Oliveira \u2013 Jos\u00e9 Sim\u00f5es Filho.<\/figcaption><\/figure><\/div><div class=\"swiper-slide\" role=\"group\" aria-roledescription=\"slide\" aria-label=\"18 de 29\"><figure class=\"swiper-slide-inner\"><img decoding=\"async\" class=\"swiper-slide-image\" src=\"https:\/\/abreme.com.br\/wp-content\/uploads\/2025\/12\/IMG_3450-Medio.jpg\" alt=\"Patrocinadora PRYSMIAN \u2013 Abner Silva \u2013 Carlos Koda \u2013 Felipe Augusto \u2013 Luana Stefanutti \u2013 Marcela Colli \u2013 Renan Ozilio \u2013 Ricardo Avena \u2013 Rodrigo Silva \u2013 Tha\u00eds Girardi \u2013 Thais Oliveira \u2013 Constanzo Di Cicco \u2013 Gustavo Camargo \u2013 Marcelo Brides \u2013 Roberto Carlos Mantoani \u2013 Thiago Slesaczek.\" \/><figcaption class=\"elementor-image-carousel-caption\">Patrocinadora PRYSMIAN \u2013 Abner Silva \u2013 Carlos Koda \u2013 Felipe Augusto \u2013 Luana Stefanutti \u2013 Marcela Colli \u2013 Renan Ozilio \u2013 Ricardo Avena \u2013 Rodrigo Silva \u2013 Tha\u00eds Girardi \u2013 Thais Oliveira \u2013 Constanzo Di Cicco \u2013 Gustavo Camargo \u2013 Marcelo Brides \u2013 Roberto Carlos Mantoani \u2013 Thiago Slesaczek.<\/figcaption><\/figure><\/div><div class=\"swiper-slide\" role=\"group\" aria-roledescription=\"slide\" aria-label=\"19 de 29\"><figure class=\"swiper-slide-inner\"><img decoding=\"async\" class=\"swiper-slide-image\" src=\"https:\/\/abreme.com.br\/wp-content\/uploads\/2025\/12\/IMG_3461-Medio.jpg\" alt=\"Patrocinadora REAL FERF\u00cdL \u2013 Cl\u00e1udio C\u00e9sar Fantin \u2013 S\u00f4nia Siv\u00e9rio \u2013 Cicero Andr\u00e9 de Souza \u2013 Andreia Raggio \u2013 Simone Silv\u00e9rio \u2013 Luiz Ant\u00f4nio Boeno Costa \u2013 Jos\u00e9 Lu\u00eds Reina \u2013 Ricardo dos Reis \u2013 Francisco Marconi \u2013 Rodinei Escocard \u2013 Guilherme Santos \u2013 Washington Moreira \u2013 Rosangela Oliveira \u2013 Vilma Rodrigues. \nCicero Andr\u00e9 de Souza tamb\u00e9m recebeu homenagens com o Pr\u00eamio Persona Abreme 2025.\" \/><figcaption class=\"elementor-image-carousel-caption\">Patrocinadora REAL FERF\u00cdL \u2013 Cl\u00e1udio C\u00e9sar Fantin \u2013 S\u00f4nia Siv\u00e9rio \u2013 Cicero Andr\u00e9 de Souza \u2013 Andreia Raggio \u2013 Simone Silv\u00e9rio \u2013 Luiz Ant\u00f4nio Boeno Costa \u2013 Jos\u00e9 Lu\u00eds Reina \u2013 Ricardo dos Reis \u2013 Francisco Marconi \u2013 Rodinei Escocard \u2013 Guilherme Santos \u2013 Washington Moreira \u2013 Rosangela Oliveira \u2013 Vilma Rodrigues. \nCicero Andr\u00e9 de Souza tamb\u00e9m recebeu homenagens com o Pr\u00eamio Persona Abreme 2025.\n<\/figcaption><\/figure><\/div><div class=\"swiper-slide\" role=\"group\" aria-roledescription=\"slide\" aria-label=\"20 de 29\"><figure class=\"swiper-slide-inner\"><img decoding=\"async\" class=\"swiper-slide-image\" src=\"https:\/\/abreme.com.br\/wp-content\/uploads\/2025\/12\/IMG_3467-Medio.jpg\" alt=\"Patrocinadora RITTAL \u2013 Javier Aguirrezabal \u2013 Ta\u00eds Santos \u2013 Patr\u00edcia Freitas \u2013 Alex Lima \u2013 Fabiano Silv\u00e9rio \u2013 Fernando Costa \u2013 Andr\u00e9 Biscaro \u2013 Matheus Carvalho \u2013 Marcelo Machado - Felipe Maxi.\" \/><figcaption class=\"elementor-image-carousel-caption\">Patrocinadora RITTAL \u2013 Javier Aguirrezabal \u2013 Ta\u00eds Santos \u2013 Patr\u00edcia Freitas \u2013 Alex Lima \u2013 Fabiano Silv\u00e9rio \u2013 Fernando Costa \u2013 Andr\u00e9 Biscaro \u2013 Matheus Carvalho \u2013 Marcelo Machado - Felipe Maxi.<\/figcaption><\/figure><\/div><div class=\"swiper-slide\" role=\"group\" aria-roledescription=\"slide\" aria-label=\"21 de 29\"><figure class=\"swiper-slide-inner\"><img decoding=\"async\" class=\"swiper-slide-image\" src=\"https:\/\/abreme.com.br\/wp-content\/uploads\/2025\/12\/IMG_3477-Medio.jpg\" alt=\"Patrocinadora SCHNEIDER ELECTRIC \u2013 Joyce Morozowski \u2013 Roberto Rossi \u2013 Daniel Henrique Gatti \u2013 Raphael Vittorete \u2013 Fellipe Brand\u00e3o \u2013 Tamir Dias \u2013 Ricardo Menck \u2013 Cau\u00ea Diniz \u2013 Marcos Paulo Barbosa \u2013 Diego Relvas.\" \/><figcaption class=\"elementor-image-carousel-caption\">Patrocinadora SCHNEIDER ELECTRIC \u2013 Joyce Morozowski \u2013 Roberto Rossi \u2013 Daniel Henrique Gatti \u2013 Raphael Vittorete \u2013 Fellipe Brand\u00e3o \u2013 Tamir Dias \u2013 Ricardo Menck \u2013 Cau\u00ea Diniz \u2013 Marcos Paulo Barbosa \u2013 Diego Relvas.<\/figcaption><\/figure><\/div><div class=\"swiper-slide\" role=\"group\" aria-roledescription=\"slide\" aria-label=\"22 de 29\"><figure class=\"swiper-slide-inner\"><img decoding=\"async\" class=\"swiper-slide-image\" src=\"https:\/\/abreme.com.br\/wp-content\/uploads\/2025\/12\/IMG_3485-Medio.jpg\" alt=\"Patrocinadora SIEMENS \u2013 Pablo Fava \u2013 Rafael Dias - Bianca Cerveira \u2013 Pablo Rodrigues \u2013 Danilo Alonso \u2013 F\u00e1bio Oliva \u2013 Beatriz Dobelin \u2013 Leonardo Beleboni \u2013 Thiago Souza \u2013 Elaine Porto \u2013 Thiago Franco \u2013 Amanda Santos - Robson Santos.\" \/><figcaption class=\"elementor-image-carousel-caption\">Patrocinadora SIEMENS \u2013 Pablo Fava \u2013 Rafael Dias - Bianca Cerveira \u2013 Pablo Rodrigues \u2013 Danilo Alonso \u2013 F\u00e1bio Oliva \u2013 Beatriz Dobelin \u2013 Leonardo Beleboni \u2013 Thiago Souza \u2013 Elaine Porto \u2013 Thiago Franco \u2013 Amanda Santos - Robson Santos.<\/figcaption><\/figure><\/div><div class=\"swiper-slide\" role=\"group\" aria-roledescription=\"slide\" aria-label=\"23 de 29\"><figure class=\"swiper-slide-inner\"><img decoding=\"async\" class=\"swiper-slide-image\" src=\"https:\/\/abreme.com.br\/wp-content\/uploads\/2025\/12\/IMG_3493-Medio.jpg\" alt=\"Patrocinadora SIL FIOS E CABOS EL\u00c9TRICOS \u2013 Silvio Barone Junior \u2013 Maria Luiza Carillo Barone (n\u00e3o est\u00e1 na foto) \u2013 Nelson Volyk \u2013 Robson J. Santos \u2013 Luciana Barone  -  Rodolfo F. Santos \u2013 Pedro Morelli - Jos\u00e9 Assump\u00e7\u00e3o \u2013 Walter Sedano e F\u00e1bio Luis Addias.\" \/><figcaption class=\"elementor-image-carousel-caption\">Patrocinadora SIL FIOS E CABOS EL\u00c9TRICOS \u2013 Silvio Barone Junior \u2013 Maria Luiza Carillo Barone (n\u00e3o est\u00e1 na foto) \u2013 Nelson Volyk \u2013 Robson J. Santos \u2013 Luciana Barone  -  Rodolfo F. Santos \u2013 Pedro Morelli - Jos\u00e9 Assump\u00e7\u00e3o \u2013 Walter Sedano e F\u00e1bio Luis Addias.<\/figcaption><\/figure><\/div><div class=\"swiper-slide\" role=\"group\" aria-roledescription=\"slide\" aria-label=\"24 de 29\"><figure class=\"swiper-slide-inner\"><img decoding=\"async\" class=\"swiper-slide-image\" src=\"https:\/\/abreme.com.br\/wp-content\/uploads\/2025\/12\/IMG_3503-Medio.jpg\" alt=\"Patrocinadora STECK \u2013 Rog\u00e9rio Martello \u2013 Thomas Belaisch \u2013 Fernando Moreira \u2013 Daniel Santos \u2013 D\u00e9bora Horvat \u2013 S\u00e9rgio Pascon \u2013 Elainy Prud\u00eancio \u2013 Alexis R\u00fabio \u2013 Soraia Anceti \u2013 Viviane Dias \u2013 Shirley Holanda.\" \/><figcaption class=\"elementor-image-carousel-caption\">Patrocinadora STECK \u2013 Rog\u00e9rio Martello \u2013 Thomas Belaisch \u2013 Fernando Moreira \u2013 Daniel Santos \u2013 D\u00e9bora Horvat \u2013 S\u00e9rgio Pascon \u2013 Elainy Prud\u00eancio \u2013 Alexis R\u00fabio \u2013 Soraia Anceti \u2013 Viviane Dias \u2013 Shirley Holanda.<\/figcaption><\/figure><\/div><div class=\"swiper-slide\" role=\"group\" aria-roledescription=\"slide\" aria-label=\"25 de 29\"><figure class=\"swiper-slide-inner\"><img decoding=\"async\" class=\"swiper-slide-image\" src=\"https:\/\/abreme.com.br\/wp-content\/uploads\/2025\/12\/IMG_3513-Medio.jpg\" alt=\"Patrocinadora TELBRA \u2013 Pedro Di Prospero \u2013 Pedro Jacinto \u2013 Cristiano Moraes \u2013 Den\u00edlson Vinhas \u2013 Jo\u00e3o Rodrigues \u2013 Ricardo Marinho \u2013 Phelipe Souza \u2013 Janderson Barbosa \u2013 Caio Di Prospero \u2013 Guilherme Di Prospero.\" \/><figcaption class=\"elementor-image-carousel-caption\">Patrocinadora TELBRA \u2013 Pedro Di Prospero \u2013 Pedro Jacinto \u2013 Cristiano Moraes \u2013 Den\u00edlson Vinhas \u2013 Jo\u00e3o Rodrigues \u2013 Ricardo Marinho \u2013 Phelipe Souza \u2013 Janderson Barbosa \u2013 Caio Di Prospero \u2013 Guilherme Di Prospero.<\/figcaption><\/figure><\/div><div class=\"swiper-slide\" role=\"group\" aria-roledescription=\"slide\" aria-label=\"26 de 29\"><figure class=\"swiper-slide-inner\"><img decoding=\"async\" class=\"swiper-slide-image\" src=\"https:\/\/abreme.com.br\/wp-content\/uploads\/2025\/12\/IMG_3527-Medio.jpg\" alt=\"Patrocinadora WALE CONDULETES \u2013 Wagner Capitani \u2013 Wagner Alessandro Capitani \u2013 Wagner Leandro Capitani \u2013 Gabriel da Silva Sousa \u2013 Eduardo Lopes \u2013 Jos\u00e9 Alberto Freitas da Ressurei\u00e7\u00e3o \u2013 Fabiano Arruta.\" \/><figcaption class=\"elementor-image-carousel-caption\">Patrocinadora WALE CONDULETES \u2013 Wagner Capitani \u2013 Wagner Alessandro Capitani \u2013 Wagner Leandro Capitani \u2013 Gabriel da Silva Sousa \u2013 Eduardo Lopes \u2013 Jos\u00e9 Alberto Freitas da Ressurei\u00e7\u00e3o \u2013 Fabiano Arruta.<\/figcaption><\/figure><\/div><div class=\"swiper-slide\" role=\"group\" aria-roledescription=\"slide\" aria-label=\"27 de 29\"><figure class=\"swiper-slide-inner\"><img decoding=\"async\" class=\"swiper-slide-image\" src=\"https:\/\/abreme.com.br\/wp-content\/uploads\/2025\/12\/IMG_3537-Medio.jpg\" alt=\"Patrocinadora WEG \u2013 Paulo Roberto Kr\u00fcger \u2013 Paulo Rog\u00e9rio Braz \u2013 Marcos Ant\u00f4nio de Farias \u2013 Jos\u00e9 Francisco Ribeiro Soares \u2013 Adeilton Lu\u00eds de Souza Silva \u2013 Marcos Roberto C. Losso \u2013 Mauricio Roberto Matosso \u2013 Ant\u00f4nio Luis Faria Gon\u00e7alves \u2013 Paulo Rodrigo de Oliveira \u2013 Marcos Roberto F. dos Santos \u2013 Fernando S\u00e9rgio Boscoli Wolf \u2013 Danilo Antonioli de Ara\u00fajo.\" \/><figcaption class=\"elementor-image-carousel-caption\">Patrocinadora WEG \u2013 Paulo Roberto Kr\u00fcger \u2013 Paulo Rog\u00e9rio Braz \u2013 Marcos Ant\u00f4nio de Farias \u2013 Jos\u00e9 Francisco Ribeiro Soares \u2013 Adeilton Lu\u00eds de Souza Silva \u2013 Marcos Roberto C. Losso \u2013 Mauricio Roberto Matosso \u2013 Ant\u00f4nio Luis Faria Gon\u00e7alves \u2013 Paulo Rodrigo de Oliveira \u2013 Marcos Roberto F. dos Santos \u2013 Fernando S\u00e9rgio Boscoli Wolf \u2013 Danilo Antonioli de Ara\u00fajo.<\/figcaption><\/figure><\/div><div class=\"swiper-slide\" role=\"group\" aria-roledescription=\"slide\" aria-label=\"28 de 29\"><figure class=\"swiper-slide-inner\"><img decoding=\"async\" class=\"swiper-slide-image\" src=\"https:\/\/abreme.com.br\/wp-content\/uploads\/2025\/12\/IMG_3538-Medio.jpg\" alt=\"Patrocinadora WEIDM\u00dcLLER CONEXEL \u2013 Deodato Vicente \u2013 Andr\u00e9 Pisaneschi \u2013 Henrique Sanches \u2013 Felipe Oliveira \u2013 D\u00e9bora Mancini \u2013 Nat\u00e1lia C. Silva \u2013 Rosemeire Pisaneschi \u2013 Ilana Nakashima \u2013 Raquel Boaventura - Joyce Santos.\" \/><figcaption class=\"elementor-image-carousel-caption\">Patrocinadora WEIDM\u00dcLLER CONEXEL \u2013 Deodato Vicente \u2013 Andr\u00e9 Pisaneschi \u2013 Henrique Sanches \u2013 Felipe Oliveira \u2013 D\u00e9bora Mancini \u2013 Nat\u00e1lia C. Silva \u2013 Rosemeire Pisaneschi \u2013 Ilana Nakashima \u2013 Raquel Boaventura - Joyce Santos.<\/figcaption><\/figure><\/div><div class=\"swiper-slide\" role=\"group\" aria-roledescription=\"slide\" aria-label=\"29 de 29\"><figure class=\"swiper-slide-inner\"><img decoding=\"async\" class=\"swiper-slide-image\" src=\"https:\/\/abreme.com.br\/wp-content\/uploads\/2025\/12\/IMG_3547-Medio.jpg\" alt=\"Patrocinadora WETZEL \u2013 Andr\u00e9 Lu\u00eds Wetzel \u2013 Nicole Wetzel \u2013 S\u00e9rgio Moreto \u2013 Walter Martinelli \u2013 Moacir Tassinari \u2013 Cleber Gon\u00e7alves \u2013 Jos\u00e9 M\u00e1rcio Dias Gomes \u2013 Marcy Soares \u2013 Suelen Ribeiro \u2013 Rafael Saramento.\" \/><figcaption class=\"elementor-image-carousel-caption\">Patrocinadora WETZEL \u2013 Andr\u00e9 Lu\u00eds Wetzel \u2013 Nicole Wetzel \u2013 S\u00e9rgio Moreto \u2013 Walter Martinelli \u2013 Moacir Tassinari \u2013 Cleber Gon\u00e7alves \u2013 Jos\u00e9 M\u00e1rcio Dias Gomes \u2013 Marcy Soares \u2013 Suelen Ribeiro \u2013 Rafael Saramento.<\/figcaption><\/figure><\/div>\t\t\t<\/div>\n\t\t\t\t\t\t\t\t\t\t\t\t<div class=\"elementor-swiper-button elementor-swiper-button-prev\" role=\"button\" tabindex=\"0\">\n\t\t\t\t\t\t<svg aria-hidden=\"true\" class=\"e-font-icon-svg e-eicon-chevron-left\" viewBox=\"0 0 1000 1000\" xmlns=\"http:\/\/www.w3.org\/2000\/svg\"><path d=\"M646 125C629 125 613 133 604 142L308 442C296 454 292 471 292 487 292 504 296 521 308 533L604 854C617 867 629 875 646 875 663 875 679 871 692 858 704 846 713 829 713 812 713 796 708 779 692 767L438 487 692 225C700 217 708 204 708 187 708 171 704 154 692 142 675 129 663 125 646 125Z\"><\/path><\/svg>\t\t\t\t\t<\/div>\n\t\t\t\t\t<div class=\"elementor-swiper-button elementor-swiper-button-next\" role=\"button\" tabindex=\"0\">\n\t\t\t\t\t\t<svg aria-hidden=\"true\" class=\"e-font-icon-svg e-eicon-chevron-right\" viewBox=\"0 0 1000 1000\" xmlns=\"http:\/\/www.w3.org\/2000\/svg\"><path d=\"M696 533C708 521 713 504 713 487 713 471 708 454 696 446L400 146C388 133 375 125 354 125 338 125 325 129 313 142 300 154 292 171 292 187 292 204 296 221 308 233L563 492 304 771C292 783 288 800 288 817 288 833 296 850 308 863 321 871 338 875 354 875 371 875 388 867 400 854L696 533Z\"><\/path><\/svg>\t\t\t\t\t<\/div>\n\t\t\t\t\n\t\t\t\t\t\t\t\t\t<\/div>\n\t\t\t\t\t\t<\/div>\n\t\t\t\t<\/div>\n\t\t\t\t\t<\/div>\n\t\t\t\t<\/div>\n\t\t<div class=\"elementor-element elementor-element-7fb5430 e-flex e-con-boxed wpr-particle-no wpr-jarallax-no wpr-parallax-no wpr-sticky-section-no wpr-equal-height-no e-con e-parent\" data-id=\"7fb5430\" data-element_type=\"container\">\n\t\t\t\t\t<div class=\"e-con-inner\">\n\t\t\t\t<div class=\"elementor-element elementor-element-792890a elementor-widget elementor-widget-heading\" data-id=\"792890a\" data-element_type=\"widget\" data-widget_type=\"heading.default\">\n\t\t\t\t<div class=\"elementor-widget-container\">\n\t\t\t\t\t<h2 class=\"elementor-heading-title elementor-size-default\">Premiados e Destaques - \"Fornecedores do Ano 2025\"<\/h2>\t\t\t\t<\/div>\n\t\t\t\t<\/div>\n\t\t\t\t\t<\/div>\n\t\t\t\t<\/div>\n\t\t<div class=\"elementor-element elementor-element-4c1052c e-flex e-con-boxed wpr-particle-no wpr-jarallax-no wpr-parallax-no wpr-sticky-section-no wpr-equal-height-no e-con e-parent\" data-id=\"4c1052c\" data-element_type=\"container\">\n\t\t\t\t\t<div class=\"e-con-inner\">\n\t\t\t\t<div class=\"elementor-element elementor-element-b25dcb8 elementor-arrows-position-inside elementor-widget elementor-widget-image-carousel\" data-id=\"b25dcb8\" data-element_type=\"widget\" data-settings=\"{&quot;slides_to_show&quot;:&quot;1&quot;,&quot;navigation&quot;:&quot;arrows&quot;,&quot;autoplay&quot;:&quot;yes&quot;,&quot;pause_on_hover&quot;:&quot;yes&quot;,&quot;pause_on_interaction&quot;:&quot;yes&quot;,&quot;autoplay_speed&quot;:5000,&quot;infinite&quot;:&quot;yes&quot;,&quot;effect&quot;:&quot;slide&quot;,&quot;speed&quot;:500}\" data-widget_type=\"image-carousel.default\">\n\t\t\t\t<div class=\"elementor-widget-container\">\n\t\t\t\t\t\t\t<div class=\"elementor-image-carousel-wrapper swiper\" role=\"region\" aria-roledescription=\"carousel\" aria-label=\"Carrossel de imagens\" dir=\"ltr\">\n\t\t\t<div class=\"elementor-image-carousel swiper-wrapper\" aria-live=\"off\">\n\t\t\t\t\t\t\t\t<div class=\"swiper-slide\" role=\"group\" aria-roledescription=\"slide\" aria-label=\"1 de 38\"><figure class=\"swiper-slide-inner\"><img decoding=\"async\" class=\"swiper-slide-image\" src=\"https:\/\/abreme.com.br\/wp-content\/uploads\/2025\/12\/Foto-300-Medio.jpg\" alt=\"Pr\u00eamio Abreme Fornecedores 2025\nSegmento ILUMINA\u00c7\u00c3O\" \/><figcaption class=\"elementor-image-carousel-caption\">Pr\u00eamio Abreme Fornecedores 2025\nSegmento ILUMINA\u00c7\u00c3O\n<\/figcaption><\/figure><\/div><div class=\"swiper-slide\" role=\"group\" aria-roledescription=\"slide\" aria-label=\"2 de 38\"><figure class=\"swiper-slide-inner\"><img decoding=\"async\" class=\"swiper-slide-image\" src=\"https:\/\/abreme.com.br\/wp-content\/uploads\/2025\/12\/Foto-301-Medio.jpg\" alt=\"Pr\u00eamio Abreme Fornecedores 2025\nSegmento ILUMINA\u00c7\u00c3O\" \/><figcaption class=\"elementor-image-carousel-caption\">Pr\u00eamio Abreme Fornecedores 2025\nSegmento ILUMINA\u00c7\u00c3O\n<\/figcaption><\/figure><\/div><div class=\"swiper-slide\" role=\"group\" aria-roledescription=\"slide\" aria-label=\"3 de 38\"><figure class=\"swiper-slide-inner\"><img decoding=\"async\" class=\"swiper-slide-image\" src=\"https:\/\/abreme.com.br\/wp-content\/uploads\/2025\/12\/Foto-303-Medio.jpg\" alt=\"Diretor Abreme Gerson Salles entrega a Marcel Serafim e Rodolfo Naves da empresa ELGIN, Trof\u00e9u categoria Bronze Segmento Ilumina\u00e7\u00e3o.\" \/><figcaption class=\"elementor-image-carousel-caption\">Diretor Abreme Gerson Salles entrega a Marcel Serafim e Rodolfo Naves da empresa ELGIN, Trof\u00e9u categoria Bronze Segmento Ilumina\u00e7\u00e3o.<\/figcaption><\/figure><\/div><div class=\"swiper-slide\" role=\"group\" aria-roledescription=\"slide\" aria-label=\"4 de 38\"><figure class=\"swiper-slide-inner\"><img decoding=\"async\" class=\"swiper-slide-image\" src=\"https:\/\/abreme.com.br\/wp-content\/uploads\/2025\/12\/Foto-305-Medio.jpg\" alt=\"Diretor Abreme Thiago Espinheira entrega a Jean Carlos Baseto diretor da empresa LEDVANCE, Trof\u00e9u categoria Prata Segmento Ilumina\u00e7\u00e3o.\" \/><figcaption class=\"elementor-image-carousel-caption\">Diretor Abreme Thiago Espinheira entrega a Jean Carlos Baseto diretor da empresa LEDVANCE, Trof\u00e9u categoria Prata Segmento Ilumina\u00e7\u00e3o.<\/figcaption><\/figure><\/div><div class=\"swiper-slide\" role=\"group\" aria-roledescription=\"slide\" aria-label=\"5 de 38\"><figure class=\"swiper-slide-inner\"><img decoding=\"async\" class=\"swiper-slide-image\" src=\"https:\/\/abreme.com.br\/wp-content\/uploads\/2025\/12\/Foto-307-Medio.jpg\" alt=\"Diretor Abreme Reinaldo Gavioli entrega a Patr\u00edcia Lima e Cristiane Alves representantes da empresa AVANT, Trof\u00e9u categoria Ouro Segmento Ilumina\u00e7\u00e3o.\" \/><figcaption class=\"elementor-image-carousel-caption\">Diretor Abreme Reinaldo Gavioli entrega a Patr\u00edcia Lima e Cristiane Alves representantes da empresa AVANT, Trof\u00e9u categoria Ouro Segmento Ilumina\u00e7\u00e3o.\n<\/figcaption><\/figure><\/div><div class=\"swiper-slide\" role=\"group\" aria-roledescription=\"slide\" aria-label=\"6 de 38\"><figure class=\"swiper-slide-inner\"><img decoding=\"async\" class=\"swiper-slide-image\" src=\"https:\/\/abreme.com.br\/wp-content\/uploads\/2025\/12\/Foto-309-Medio.jpg\" alt=\"Pr\u00eamio Destaque do Ano 2025 \u2013 Segmento Ilumina\u00e7\u00e3o\" \/><figcaption class=\"elementor-image-carousel-caption\">Pr\u00eamio Destaque do Ano 2025 \u2013 Segmento Ilumina\u00e7\u00e3o<\/figcaption><\/figure><\/div><div class=\"swiper-slide\" role=\"group\" aria-roledescription=\"slide\" aria-label=\"7 de 38\"><figure class=\"swiper-slide-inner\"><img decoding=\"async\" class=\"swiper-slide-image\" src=\"https:\/\/abreme.com.br\/wp-content\/uploads\/2025\/12\/Foto-310-Medio.jpg\" alt=\"Diretora Abreme Veridiana Gannam entrega a Valdinei Chaves Gerente Comercial da empresa BRILIA, Placa destaque no ranking 2025 segmento Ilumina\u00e7\u00e3o.\" \/><figcaption class=\"elementor-image-carousel-caption\">Diretora Abreme Veridiana Gannam entrega a Valdinei Chaves Gerente Comercial da empresa BRILIA, Placa destaque no ranking 2025 segmento Ilumina\u00e7\u00e3o.<\/figcaption><\/figure><\/div><div class=\"swiper-slide\" role=\"group\" aria-roledescription=\"slide\" aria-label=\"8 de 38\"><figure class=\"swiper-slide-inner\"><img decoding=\"async\" class=\"swiper-slide-image\" src=\"https:\/\/abreme.com.br\/wp-content\/uploads\/2025\/12\/Foto-311-Medio.jpg\" alt=\"Pr\u00eamio Abreme Fornecedores 2025\nSegmento FIOS E CABOS.\" \/><figcaption class=\"elementor-image-carousel-caption\">Pr\u00eamio Abreme Fornecedores 2025\nSegmento FIOS E CABOS.\n<\/figcaption><\/figure><\/div><div class=\"swiper-slide\" role=\"group\" aria-roledescription=\"slide\" aria-label=\"9 de 38\"><figure class=\"swiper-slide-inner\"><img decoding=\"async\" class=\"swiper-slide-image\" src=\"https:\/\/abreme.com.br\/wp-content\/uploads\/2025\/12\/Foto-313-Medio-1.jpg\" alt=\"Diretor Abreme Carlos Henrique Castanho entrega a M\u00e1rio Casemiro Anderlini diretor da empresa NAMBEI, Trof\u00e9u categoria Bronze Segmento Fios e Cabos.\" \/><figcaption class=\"elementor-image-carousel-caption\">Diretor Abreme Carlos Henrique Castanho entrega a M\u00e1rio Casemiro Anderlini diretor da empresa NAMBEI, Trof\u00e9u categoria Bronze Segmento Fios e Cabos.\n<\/figcaption><\/figure><\/div><div class=\"swiper-slide\" role=\"group\" aria-roledescription=\"slide\" aria-label=\"10 de 38\"><figure class=\"swiper-slide-inner\"><img decoding=\"async\" class=\"swiper-slide-image\" src=\"https:\/\/abreme.com.br\/wp-content\/uploads\/2025\/12\/Foto-315-Medio.jpg\" alt=\"Diretor Abreme Francisco Simon entrega a Luciana Barone e Silvio Barone Jr diretores da empresa SIL FIOS E CABOS EL\u00c9TRICOS, Trof\u00e9u categoria Prata Segmento Fios e Cabos.\" \/><figcaption class=\"elementor-image-carousel-caption\">Diretor Abreme Francisco Simon entrega a Luciana Barone e Silvio Barone Jr diretores da empresa SIL FIOS E CABOS EL\u00c9TRICOS, Trof\u00e9u categoria Prata Segmento Fios e Cabos.\n<\/figcaption><\/figure><\/div><div class=\"swiper-slide\" role=\"group\" aria-roledescription=\"slide\" aria-label=\"11 de 38\"><figure class=\"swiper-slide-inner\"><img decoding=\"async\" class=\"swiper-slide-image\" src=\"https:\/\/abreme.com.br\/wp-content\/uploads\/2025\/12\/Foto-317-Medio.jpg\" alt=\"Diretor Abreme Ricardo Daizem entrega a Rafael e Gustavo Verrone Ruas diretores da empresa COBRECOM, Trof\u00e9u categoria Ouro Segmento Fios e Cabos.\" \/><figcaption class=\"elementor-image-carousel-caption\">Diretor Abreme Ricardo Daizem entrega a Rafael e Gustavo Verrone Ruas diretores da empresa COBRECOM, Trof\u00e9u categoria Ouro Segmento Fios e Cabos.<\/figcaption><\/figure><\/div><div class=\"swiper-slide\" role=\"group\" aria-roledescription=\"slide\" aria-label=\"12 de 38\"><figure class=\"swiper-slide-inner\"><img decoding=\"async\" class=\"swiper-slide-image\" src=\"https:\/\/abreme.com.br\/wp-content\/uploads\/2025\/12\/Foto-319-Medio.jpg\" alt=\"Pr\u00eamio Destaque do Ano 2025 \u2013 Segmento Fios e Cabos\" \/><figcaption class=\"elementor-image-carousel-caption\">Pr\u00eamio Destaque do Ano 2025 \u2013 Segmento Fios e Cabos\n\n<\/figcaption><\/figure><\/div><div class=\"swiper-slide\" role=\"group\" aria-roledescription=\"slide\" aria-label=\"13 de 38\"><figure class=\"swiper-slide-inner\"><img decoding=\"async\" class=\"swiper-slide-image\" src=\"https:\/\/abreme.com.br\/wp-content\/uploads\/2025\/12\/Foto-320-Medio.jpg\" alt=\"Diretor Abreme Paulo Roberto Campos entrega a Jenner Iaconno e Paulo C\u00e9sar Iaconno diretores da empresa Induscabos, Placa destaque no ranking 2025 segmento Fios e Cabos.\" \/><figcaption class=\"elementor-image-carousel-caption\">Diretor Abreme Paulo Roberto Campos entrega a Jenner Iaconno e Paulo C\u00e9sar Iaconno diretores da empresa Induscabos, Placa destaque no ranking 2025 segmento Fios e Cabos.\n<\/figcaption><\/figure><\/div><div class=\"swiper-slide\" role=\"group\" aria-roledescription=\"slide\" aria-label=\"14 de 38\"><figure class=\"swiper-slide-inner\"><img decoding=\"async\" class=\"swiper-slide-image\" src=\"https:\/\/abreme.com.br\/wp-content\/uploads\/2025\/12\/Foto-321-Medio.jpg\" alt=\"Pr\u00eamio Abreme Fornecedores 2025\nSegmento DISPOSITIVOS EL\u00c9TRICOS RESIDENCIAIS\" \/><figcaption class=\"elementor-image-carousel-caption\">Pr\u00eamio Abreme Fornecedores 2025\nSegmento DISPOSITIVOS EL\u00c9TRICOS RESIDENCIAIS\n<\/figcaption><\/figure><\/div><div class=\"swiper-slide\" role=\"group\" aria-roledescription=\"slide\" aria-label=\"15 de 38\"><figure class=\"swiper-slide-inner\"><img decoding=\"async\" class=\"swiper-slide-image\" src=\"https:\/\/abreme.com.br\/wp-content\/uploads\/2025\/12\/Foto-323-Medio.jpg\" alt=\"Diretor Abreme Gerson Salles entrega a Edjane Bezerra, Carlos Bezerra e M\u00e1rcio Martins diretores da empresa Ilumi Materiais El\u00e9tricos, Trof\u00e9u categoria Bronze Segmento Dispositivos El\u00e9tricos Residenciais.\" \/><figcaption class=\"elementor-image-carousel-caption\">Diretor Abreme Gerson Salles entrega a Edjane Bezerra, Carlos Bezerra e M\u00e1rcio Martins diretores da empresa Ilumi Materiais El\u00e9tricos, Trof\u00e9u categoria Bronze Segmento Dispositivos El\u00e9tricos Residenciais.<\/figcaption><\/figure><\/div><div class=\"swiper-slide\" role=\"group\" aria-roledescription=\"slide\" aria-label=\"16 de 38\"><figure class=\"swiper-slide-inner\"><img decoding=\"async\" class=\"swiper-slide-image\" src=\"https:\/\/abreme.com.br\/wp-content\/uploads\/2025\/12\/Foto-325-Medio.jpg\" alt=\"O diretor da Abreme, Jo\u00e3o Carlos Faria Jr., em men\u00e7\u00e3o \u00e0 entrega do Trof\u00e9u \u00e0 empresa vencedora FAME, na categoria Prata \u2013 segmento Dispositivos El\u00e9tricos Residenciais.\" \/><figcaption class=\"elementor-image-carousel-caption\">O diretor da Abreme, Jo\u00e3o Carlos Faria Jr., em men\u00e7\u00e3o \u00e0 entrega do Trof\u00e9u \u00e0 empresa vencedora FAME, na categoria Prata \u2013 segmento Dispositivos El\u00e9tricos Residenciais. <\/figcaption><\/figure><\/div><div class=\"swiper-slide\" role=\"group\" aria-roledescription=\"slide\" aria-label=\"17 de 38\"><figure class=\"swiper-slide-inner\"><img decoding=\"async\" class=\"swiper-slide-image\" src=\"https:\/\/abreme.com.br\/wp-content\/uploads\/2025\/12\/Foto-327-Medio.jpg\" alt=\"Diretor Abreme Marcos Sutiro entrega a Rog\u00e9rio Martello e Thomas Belaisch diretores da empresa STECK, Trof\u00e9u categoria Ouro Segmento Dispositivos El\u00e9tricos Residenciais.\" \/><figcaption class=\"elementor-image-carousel-caption\">Diretor Abreme Marcos Sutiro entrega a Rog\u00e9rio Martello e Thomas Belaisch diretores da empresa STECK, Trof\u00e9u categoria Ouro Segmento Dispositivos El\u00e9tricos Residenciais.\n<\/figcaption><\/figure><\/div><div class=\"swiper-slide\" role=\"group\" aria-roledescription=\"slide\" aria-label=\"18 de 38\"><figure class=\"swiper-slide-inner\"><img decoding=\"async\" class=\"swiper-slide-image\" src=\"https:\/\/abreme.com.br\/wp-content\/uploads\/2025\/12\/Foto-329-Medio.jpg\" alt=\"Pr\u00eamio Destaque do Ano 2025 \u2013 Segmento Ilumina\u00e7\u00e3o\" \/><figcaption class=\"elementor-image-carousel-caption\">Pr\u00eamio Destaque do Ano 2025 \u2013 Segmento Ilumina\u00e7\u00e3o<\/figcaption><\/figure><\/div><div class=\"swiper-slide\" role=\"group\" aria-roledescription=\"slide\" aria-label=\"19 de 38\"><figure class=\"swiper-slide-inner\"><img decoding=\"async\" class=\"swiper-slide-image\" src=\"https:\/\/abreme.com.br\/wp-content\/uploads\/2025\/12\/Foto-330-Medio.jpg\" alt=\"Diretor Abreme Carlos Henrique Castanho entrega a Matheus Guerra e Jonathan Santos representantes da empresa Tramontina, Placa destaque no ranking 2025 segmento Dispositivos El\u00e9tricos Residenciais.\" \/><figcaption class=\"elementor-image-carousel-caption\">Diretor Abreme Carlos Henrique Castanho entrega a Matheus Guerra e Jonathan Santos representantes da empresa Tramontina, Placa destaque no ranking 2025 segmento Dispositivos El\u00e9tricos Residenciais.<\/figcaption><\/figure><\/div><div class=\"swiper-slide\" role=\"group\" aria-roledescription=\"slide\" aria-label=\"20 de 38\"><figure class=\"swiper-slide-inner\"><img decoding=\"async\" class=\"swiper-slide-image\" src=\"https:\/\/abreme.com.br\/wp-content\/uploads\/2025\/12\/Foto-331-Medio.jpg\" alt=\"Pr\u00eamio Abreme Fornecedores 2025\nSegmento DISPOSITIVOS EL\u00c9TRICOS INDUSTRIAIS\" \/><figcaption class=\"elementor-image-carousel-caption\">Pr\u00eamio Abreme Fornecedores 2025\nSegmento DISPOSITIVOS EL\u00c9TRICOS INDUSTRIAIS\n<\/figcaption><\/figure><\/div><div class=\"swiper-slide\" role=\"group\" aria-roledescription=\"slide\" aria-label=\"21 de 38\"><figure class=\"swiper-slide-inner\"><img decoding=\"async\" class=\"swiper-slide-image\" src=\"https:\/\/abreme.com.br\/wp-content\/uploads\/2025\/12\/Foto-333-Medio.jpg\" alt=\"Diretor Abreme Marcos Sutiro entrega a Bianca Cerveira Gerente de vendas da empresa Siemens, Trof\u00e9u categoria Bronze segmento Dispositivos El\u00e9tricos Industriais.\" \/><figcaption class=\"elementor-image-carousel-caption\">Diretor Abreme Marcos Sutiro entrega a Bianca Cerveira Gerente de vendas da empresa Siemens, Trof\u00e9u categoria Bronze segmento Dispositivos El\u00e9tricos Industriais.<\/figcaption><\/figure><\/div><div class=\"swiper-slide\" role=\"group\" aria-roledescription=\"slide\" aria-label=\"22 de 38\"><figure class=\"swiper-slide-inner\"><img decoding=\"async\" class=\"swiper-slide-image\" src=\"https:\/\/abreme.com.br\/wp-content\/uploads\/2025\/12\/Foto-335-Medio.jpg\" alt=\"Diretor Abreme Jo\u00e3o Carlos Faria Jr entrega a Thomas Belaisch e Daniel Gatti diretores da empresa Schneider Electric, Trof\u00e9u categoria Prata segmento Dispositivos El\u00e9tricos Industriais.\" \/><figcaption class=\"elementor-image-carousel-caption\">Diretor Abreme Jo\u00e3o Carlos Faria Jr entrega a Thomas Belaisch e Daniel Gatti diretores da empresa Schneider Electric, Trof\u00e9u categoria Prata segmento Dispositivos El\u00e9tricos Industriais.<\/figcaption><\/figure><\/div><div class=\"swiper-slide\" role=\"group\" aria-roledescription=\"slide\" aria-label=\"23 de 38\"><figure class=\"swiper-slide-inner\"><img decoding=\"async\" class=\"swiper-slide-image\" src=\"https:\/\/abreme.com.br\/wp-content\/uploads\/2025\/12\/Foto-337-Medio.jpg\" alt=\"Diretor Abreme Paulo Roberto Campos entrega a Paulo Roberto Kr\u00fcger diretor de vendas WEG automa\u00e7\u00e3o, Trof\u00e9u categoria Ouro segmento Dispositivos El\u00e9tricos Industriais.\" \/><figcaption class=\"elementor-image-carousel-caption\">Diretor Abreme Paulo Roberto Campos entrega a Paulo Roberto Kr\u00fcger diretor de vendas WEG automa\u00e7\u00e3o, Trof\u00e9u categoria Ouro segmento Dispositivos El\u00e9tricos Industriais.<\/figcaption><\/figure><\/div><div class=\"swiper-slide\" role=\"group\" aria-roledescription=\"slide\" aria-label=\"24 de 38\"><figure class=\"swiper-slide-inner\"><img decoding=\"async\" class=\"swiper-slide-image\" src=\"https:\/\/abreme.com.br\/wp-content\/uploads\/2025\/12\/Foto-339-Medio.jpg\" alt=\"Pr\u00eamio Destaque do Ano 2025 \u2013 Segmento Dispositivos El\u00e9tricos Industriais.\" \/><figcaption class=\"elementor-image-carousel-caption\">Pr\u00eamio Destaque do Ano 2025 \u2013 Segmento Dispositivos El\u00e9tricos Industriais.\n<\/figcaption><\/figure><\/div><div class=\"swiper-slide\" role=\"group\" aria-roledescription=\"slide\" aria-label=\"25 de 38\"><figure class=\"swiper-slide-inner\"><img decoding=\"async\" class=\"swiper-slide-image\" src=\"https:\/\/abreme.com.br\/wp-content\/uploads\/2025\/12\/Foto-340-Medio.jpg\" alt=\"Diretora Abreme Veridiana Gannam entrega a Fernado Leonardis e Marcelo Vilela diretores da empresa ABB GE, Placa destaque no ranking 2025 segmento Dispositivos El\u00e9tricos Industriais.\" \/><figcaption class=\"elementor-image-carousel-caption\">Diretora Abreme Veridiana Gannam entrega a Fernado Leonardis e Marcelo Vilela diretores da empresa ABB GE, Placa destaque no ranking 2025 segmento Dispositivos El\u00e9tricos Industriais.\n<\/figcaption><\/figure><\/div><div class=\"swiper-slide\" role=\"group\" aria-roledescription=\"slide\" aria-label=\"26 de 38\"><figure class=\"swiper-slide-inner\"><img decoding=\"async\" class=\"swiper-slide-image\" src=\"https:\/\/abreme.com.br\/wp-content\/uploads\/2025\/12\/Foto-341-Medio.jpg\" alt=\"Pr\u00eamio Abreme Fornecedores 2025\nSegmento INFRAESTRUTURA\" \/><figcaption class=\"elementor-image-carousel-caption\">Pr\u00eamio Abreme Fornecedores 2025\nSegmento INFRAESTRUTURA\n\n<\/figcaption><\/figure><\/div><div class=\"swiper-slide\" role=\"group\" aria-roledescription=\"slide\" aria-label=\"27 de 38\"><figure class=\"swiper-slide-inner\"><img decoding=\"async\" class=\"swiper-slide-image\" src=\"https:\/\/abreme.com.br\/wp-content\/uploads\/2025\/12\/Foto-343-Medio.jpg\" alt=\"Diretor Abreme Francisco Simon entrega a Andr\u00e9 Luiz Wetzel, Nicole Wetzel e Moacir Tassinari da empresa Wetzel, Trof\u00e9u categoria Bronze Segmento Infraestrutura.\" \/><figcaption class=\"elementor-image-carousel-caption\">Diretor Abreme Francisco Simon entrega a Andr\u00e9 Luiz Wetzel, Nicole Wetzel e Moacir Tassinari da empresa Wetzel, Trof\u00e9u categoria Bronze Segmento Infraestrutura.<\/figcaption><\/figure><\/div><div class=\"swiper-slide\" role=\"group\" aria-roledescription=\"slide\" aria-label=\"28 de 38\"><figure class=\"swiper-slide-inner\"><img decoding=\"async\" class=\"swiper-slide-image\" src=\"https:\/\/abreme.com.br\/wp-content\/uploads\/2025\/12\/Foto-345-Medio.jpg\" alt=\"Diretor Abreme Reinaldo Gavioli entrega a Jos\u00e9 de Ara\u00fajo Junior diretor da empresa Perfil L\u00edder, Trof\u00e9u categoria Prata Segmento Infraestrutura.\" \/><figcaption class=\"elementor-image-carousel-caption\">Diretor Abreme Reinaldo Gavioli entrega a Jos\u00e9 de Ara\u00fajo Junior diretor da empresa Perfil L\u00edder, Trof\u00e9u categoria Prata Segmento Infraestrutura.\n<\/figcaption><\/figure><\/div><div class=\"swiper-slide\" role=\"group\" aria-roledescription=\"slide\" aria-label=\"29 de 38\"><figure class=\"swiper-slide-inner\"><img decoding=\"async\" class=\"swiper-slide-image\" src=\"https:\/\/abreme.com.br\/wp-content\/uploads\/2025\/12\/Foto-347-Medio.jpg\" alt=\"Diretor Abreme Thiago Espinheira entrega a Matheus Guerra e Jonathan dos Santos representantes da empresa Tramontina, Trof\u00e9u categoria Ouro Segmento Infraestrutura.\" \/><figcaption class=\"elementor-image-carousel-caption\">Diretor Abreme Thiago Espinheira entrega a Matheus Guerra e Jonathan dos Santos representantes da empresa Tramontina, Trof\u00e9u categoria Ouro Segmento Infraestrutura.\n<\/figcaption><\/figure><\/div><div class=\"swiper-slide\" role=\"group\" aria-roledescription=\"slide\" aria-label=\"30 de 38\"><figure class=\"swiper-slide-inner\"><img decoding=\"async\" class=\"swiper-slide-image\" src=\"https:\/\/abreme.com.br\/wp-content\/uploads\/2025\/12\/Foto-349-Medio.jpg\" alt=\"Pr\u00eamio Abreme Fornecedores 2025\nSegmento INFRAESTRUTURA\" \/><figcaption class=\"elementor-image-carousel-caption\">Pr\u00eamio Abreme Fornecedores 2025\nSegmento INFRAESTRUTURA\n<\/figcaption><\/figure><\/div><div class=\"swiper-slide\" role=\"group\" aria-roledescription=\"slide\" aria-label=\"31 de 38\"><figure class=\"swiper-slide-inner\"><img decoding=\"async\" class=\"swiper-slide-image\" src=\"https:\/\/abreme.com.br\/wp-content\/uploads\/2025\/12\/Foto-350-Medio.jpg\" alt=\"Diretor Abreme Ricardo Daizem entrega a Itamar Garbin e Gilberto Pimenta representantes da empresa Grupo Intelli, Placa destaque no ranking 2025 segmento Infraestrutura.\" \/><figcaption class=\"elementor-image-carousel-caption\">Diretor Abreme Ricardo Daizem entrega a Itamar Garbin e Gilberto Pimenta representantes da empresa Grupo Intelli, Placa destaque no ranking 2025 segmento Infraestrutura.<\/figcaption><\/figure><\/div><div class=\"swiper-slide\" role=\"group\" aria-roledescription=\"slide\" aria-label=\"32 de 38\"><figure class=\"swiper-slide-inner\"><img decoding=\"async\" class=\"swiper-slide-image\" src=\"https:\/\/abreme.com.br\/wp-content\/uploads\/2025\/12\/Foto-352-Medio.jpg\" alt=\"Diretor Abreme Ricardo Daizem entrega a Robson dos Santos \u2013 Luciana Barone e Silvio Barone Junior da empresa Sil Fios e Cabos El\u00e9tricos, Trof\u00e9u 1\u00aa Edi\u00e7\u00e3o Sustentabilidade, a premia\u00e7\u00e3o reconhece a Sil Fios e Cabos El\u00e9tricos por suas pr\u00e1ticas sustent\u00e1veis e compromisso com a efici\u00eancia energ\u00e9tica no setor de materiais el\u00e9tricos.\" \/><figcaption class=\"elementor-image-carousel-caption\">Diretor Abreme Ricardo Daizem entrega a Robson dos Santos \u2013 Luciana Barone e Silvio Barone Junior da empresa Sil Fios e Cabos El\u00e9tricos, Trof\u00e9u 1\u00aa Edi\u00e7\u00e3o Sustentabilidade, a premia\u00e7\u00e3o reconhece a Sil Fios e Cabos El\u00e9tricos por suas pr\u00e1ticas sustent\u00e1veis e compromisso com a efici\u00eancia energ\u00e9tica no setor de materiais el\u00e9tricos. <\/figcaption><\/figure><\/div><div class=\"swiper-slide\" role=\"group\" aria-roledescription=\"slide\" aria-label=\"33 de 38\"><figure class=\"swiper-slide-inner\"><img decoding=\"async\" class=\"swiper-slide-image\" src=\"https:\/\/abreme.com.br\/wp-content\/uploads\/2025\/12\/Foto-353-Medio.jpg\" alt=\"Premio Fornecedores do Ano 2025\" \/><figcaption class=\"elementor-image-carousel-caption\">Premio Fornecedores do Ano 2025<\/figcaption><\/figure><\/div><div class=\"swiper-slide\" role=\"group\" aria-roledescription=\"slide\" aria-label=\"34 de 38\"><figure class=\"swiper-slide-inner\"><img decoding=\"async\" class=\"swiper-slide-image\" src=\"https:\/\/abreme.com.br\/wp-content\/uploads\/2025\/12\/Foto-354-Medio.jpg\" alt=\"Diretor Abreme Ricardo Daizem entrega a Robson dos Santos \u2013 Luciana Barone e Silvio Barone Junior da empresa Sil Fios e Cabos El\u00e9tricos, Trof\u00e9u 1\u00aa Edi\u00e7\u00e3o Sustentabilidade, a premia\u00e7\u00e3o reconhece a Sil Fios e Cabos El\u00e9tricos por suas pr\u00e1ticas sustent\u00e1veis e compromisso com a efici\u00eancia energ\u00e9tica no setor de materiais el\u00e9tricos.\" \/><figcaption class=\"elementor-image-carousel-caption\">Diretor Abreme Ricardo Daizem entrega a Robson dos Santos \u2013 Luciana Barone e Silvio Barone Junior da empresa Sil Fios e Cabos El\u00e9tricos, Trof\u00e9u 1\u00aa Edi\u00e7\u00e3o Sustentabilidade, a premia\u00e7\u00e3o reconhece a Sil Fios e Cabos El\u00e9tricos por suas pr\u00e1ticas sustent\u00e1veis e compromisso com a efici\u00eancia energ\u00e9tica no setor de materiais el\u00e9tricos. <\/figcaption><\/figure><\/div><div class=\"swiper-slide\" role=\"group\" aria-roledescription=\"slide\" aria-label=\"35 de 38\"><figure class=\"swiper-slide-inner\"><img decoding=\"async\" class=\"swiper-slide-image\" src=\"https:\/\/abreme.com.br\/wp-content\/uploads\/2025\/12\/Foto-355-Medio.jpg\" alt=\"Premio Fornecedores do Ano 2025\" \/><figcaption class=\"elementor-image-carousel-caption\">Premio Fornecedores do Ano 2025<\/figcaption><\/figure><\/div><div class=\"swiper-slide\" role=\"group\" aria-roledescription=\"slide\" aria-label=\"36 de 38\"><figure class=\"swiper-slide-inner\"><img decoding=\"async\" class=\"swiper-slide-image\" src=\"https:\/\/abreme.com.br\/wp-content\/uploads\/2025\/12\/Foto-356-Medio.jpg\" alt=\"Premio Fornecedores do Ano 2025\" \/><figcaption class=\"elementor-image-carousel-caption\">Premio Fornecedores do Ano 2025<\/figcaption><\/figure><\/div><div class=\"swiper-slide\" role=\"group\" aria-roledescription=\"slide\" aria-label=\"37 de 38\"><figure class=\"swiper-slide-inner\"><img decoding=\"async\" class=\"swiper-slide-image\" src=\"https:\/\/abreme.com.br\/wp-content\/uploads\/2025\/12\/Foto-357-Medio.jpg\" alt=\"Premio Fornecedores do Ano 2025\" \/><figcaption class=\"elementor-image-carousel-caption\">Premio Fornecedores do Ano 2025<\/figcaption><\/figure><\/div><div class=\"swiper-slide\" role=\"group\" aria-roledescription=\"slide\" aria-label=\"38 de 38\"><figure class=\"swiper-slide-inner\"><img decoding=\"async\" class=\"swiper-slide-image\" src=\"https:\/\/abreme.com.br\/wp-content\/uploads\/2025\/12\/Foto-358-Medio.jpg\" alt=\"Diretor Abreme Marcos Sutiro entrega a Rafael Verrone Ruas e Gustavo Verrone Ruas diretores da empresa Cobrecom, Trof\u00e9u Melhor Fornecedor do Ano 2025, ao lados dos diretores da empresa, Srta. Mariana Longato prestigiando o momento.\" \/><figcaption class=\"elementor-image-carousel-caption\">Diretor Abreme Marcos Sutiro entrega a Rafael Verrone Ruas e Gustavo Verrone Ruas diretores da empresa Cobrecom, Trof\u00e9u Melhor Fornecedor do Ano 2025, ao lados dos diretores da empresa, Srta. Mariana Longato prestigiando o momento.<\/figcaption><\/figure><\/div>\t\t\t<\/div>\n\t\t\t\t\t\t\t\t\t\t\t\t<div class=\"elementor-swiper-button elementor-swiper-button-prev\" role=\"button\" tabindex=\"0\">\n\t\t\t\t\t\t<svg aria-hidden=\"true\" class=\"e-font-icon-svg e-eicon-chevron-left\" viewBox=\"0 0 1000 1000\" xmlns=\"http:\/\/www.w3.org\/2000\/svg\"><path d=\"M646 125C629 125 613 133 604 142L308 442C296 454 292 471 292 487 292 504 296 521 308 533L604 854C617 867 629 875 646 875 663 875 679 871 692 858 704 846 713 829 713 812 713 796 708 779 692 767L438 487 692 225C700 217 708 204 708 187 708 171 704 154 692 142 675 129 663 125 646 125Z\"><\/path><\/svg>\t\t\t\t\t<\/div>\n\t\t\t\t\t<div class=\"elementor-swiper-button elementor-swiper-button-next\" role=\"button\" tabindex=\"0\">\n\t\t\t\t\t\t<svg aria-hidden=\"true\" class=\"e-font-icon-svg e-eicon-chevron-right\" viewBox=\"0 0 1000 1000\" xmlns=\"http:\/\/www.w3.org\/2000\/svg\"><path d=\"M696 533C708 521 713 504 713 487 713 471 708 454 696 446L400 146C388 133 375 125 354 125 338 125 325 129 313 142 300 154 292 171 292 187 292 204 296 221 308 233L563 492 304 771C292 783 288 800 288 817 288 833 296 850 308 863 321 871 338 875 354 875 371 875 388 867 400 854L696 533Z\"><\/path><\/svg>\t\t\t\t\t<\/div>\n\t\t\t\t\n\t\t\t\t\t\t\t\t\t<\/div>\n\t\t\t\t\t\t<\/div>\n\t\t\t\t<\/div>\n\t\t\t\t\t<\/div>\n\t\t\t\t<\/div>\n\t\t<div class=\"elementor-element elementor-element-e5901ba e-flex e-con-boxed wpr-particle-no wpr-jarallax-no wpr-parallax-no wpr-sticky-section-no wpr-equal-height-no e-con e-parent\" data-id=\"e5901ba\" data-element_type=\"container\">\n\t\t\t\t\t<div class=\"e-con-inner\">\n\t\t\t\t<div class=\"elementor-element elementor-element-7dde337 elementor-widget elementor-widget-heading\" data-id=\"7dde337\" data-element_type=\"widget\" data-widget_type=\"heading.default\">\n\t\t\t\t<div class=\"elementor-widget-container\">\n\t\t\t\t\t<h2 class=\"elementor-heading-title elementor-size-default\">Momentos do evento <br>\u201cFornecedores do Ano 2025 Abreme\u201d <\/h2>\t\t\t\t<\/div>\n\t\t\t\t<\/div>\n\t\t\t\t\t<\/div>\n\t\t\t\t<\/div>\n\t\t<div class=\"elementor-element elementor-element-0eb0463 e-flex e-con-boxed wpr-particle-no wpr-jarallax-no wpr-parallax-no wpr-sticky-section-no wpr-equal-height-no e-con e-parent\" data-id=\"0eb0463\" data-element_type=\"container\">\n\t\t\t\t\t<div class=\"e-con-inner\">\n\t\t\t\t<div class=\"elementor-element elementor-element-c82ee93 elementor-widget elementor-widget-video\" data-id=\"c82ee93\" data-element_type=\"widget\" data-settings=\"{&quot;youtube_url&quot;:&quot;https:\\\/\\\/youtu.be\\\/9DNGjXvX1V0&quot;,&quot;video_type&quot;:&quot;youtube&quot;,&quot;controls&quot;:&quot;yes&quot;}\" data-widget_type=\"video.default\">\n\t\t\t\t<div class=\"elementor-widget-container\">\n\t\t\t\t\t\t\t<div class=\"elementor-wrapper elementor-open-inline\">\n\t\t\t<div class=\"elementor-video\"><\/div>\t\t<\/div>\n\t\t\t\t\t\t<\/div>\n\t\t\t\t<\/div>\n\t\t\t\t\t<\/div>\n\t\t\t\t<\/div>\n\t\t<div class=\"elementor-element elementor-element-4a65303 e-flex e-con-boxed wpr-particle-no wpr-jarallax-no wpr-parallax-no wpr-sticky-section-no wpr-equal-height-no e-con e-parent\" data-id=\"4a65303\" data-element_type=\"container\">\n\t\t\t\t\t<div class=\"e-con-inner\">\n\t\t\t\t<div class=\"elementor-element elementor-element-766eaaa elementor-widget elementor-widget-heading\" data-id=\"766eaaa\" data-element_type=\"widget\" data-widget_type=\"heading.default\">\n\t\t\t\t<div class=\"elementor-widget-container\">\n\t\t\t\t\t<h2 class=\"elementor-heading-title elementor-size-default\">Persona Abreme 2025<\/h2>\t\t\t\t<\/div>\n\t\t\t\t<\/div>\n\t\t\t\t\t<\/div>\n\t\t\t\t<\/div>\n\t\t<div class=\"elementor-element elementor-element-808818b e-flex e-con-boxed wpr-particle-no wpr-jarallax-no wpr-parallax-no wpr-sticky-section-no wpr-equal-height-no e-con e-parent\" data-id=\"808818b\" data-element_type=\"container\">\n\t\t\t\t\t<div class=\"e-con-inner\">\n\t\t\t\t<div class=\"elementor-element elementor-element-ce4b9c7 elementor-arrows-position-outside elementor-widget elementor-widget-image-carousel\" data-id=\"ce4b9c7\" data-element_type=\"widget\" data-settings=\"{&quot;slides_to_show&quot;:&quot;1&quot;,&quot;effect&quot;:&quot;fade&quot;,&quot;navigation&quot;:&quot;arrows&quot;,&quot;autoplay&quot;:&quot;yes&quot;,&quot;pause_on_hover&quot;:&quot;yes&quot;,&quot;pause_on_interaction&quot;:&quot;yes&quot;,&quot;autoplay_speed&quot;:5000,&quot;infinite&quot;:&quot;yes&quot;,&quot;speed&quot;:500}\" data-widget_type=\"image-carousel.default\">\n\t\t\t\t<div class=\"elementor-widget-container\">\n\t\t\t\t\t\t\t<div class=\"elementor-image-carousel-wrapper swiper\" role=\"region\" aria-roledescription=\"carousel\" aria-label=\"Carrossel de imagens\" dir=\"ltr\">\n\t\t\t<div class=\"elementor-image-carousel swiper-wrapper\" aria-live=\"off\">\n\t\t\t\t\t\t\t\t<div class=\"swiper-slide\" role=\"group\" aria-roledescription=\"slide\" aria-label=\"1 de 12\"><figure class=\"swiper-slide-inner\"><img decoding=\"async\" class=\"swiper-slide-image\" src=\"https:\/\/abreme.com.br\/wp-content\/uploads\/2025\/12\/Foto-359-Medio.jpg\" alt=\"Pr\u00eamio Persona ABREME\" \/><\/figure><\/div><div class=\"swiper-slide\" role=\"group\" aria-roledescription=\"slide\" aria-label=\"2 de 12\"><figure class=\"swiper-slide-inner\"><img decoding=\"async\" class=\"swiper-slide-image\" src=\"https:\/\/abreme.com.br\/wp-content\/uploads\/2025\/12\/Foto-360-Medio.jpg\" alt=\"Pr\u00eamio Persona ABREME\" \/><\/figure><\/div><div class=\"swiper-slide\" role=\"group\" aria-roledescription=\"slide\" aria-label=\"3 de 12\"><figure class=\"swiper-slide-inner\"><img decoding=\"async\" class=\"swiper-slide-image\" src=\"https:\/\/abreme.com.br\/wp-content\/uploads\/2025\/12\/Foto-361-Medio.jpg\" alt=\"Pr\u00eamio Persona ABREME\" \/><\/figure><\/div><div class=\"swiper-slide\" role=\"group\" aria-roledescription=\"slide\" aria-label=\"4 de 12\"><figure class=\"swiper-slide-inner\"><img decoding=\"async\" class=\"swiper-slide-image\" src=\"https:\/\/abreme.com.br\/wp-content\/uploads\/2025\/12\/Foto-362-Medio.jpg\" alt=\"Diretor Abreme Reinaldo Gavioli em momento que antecede a entrega do Trof\u00e9u Persona Abreme 2025.\" \/><figcaption class=\"elementor-image-carousel-caption\">Diretor Abreme Reinaldo Gavioli em momento que antecede a entrega do Trof\u00e9u Persona Abreme 2025.<\/figcaption><\/figure><\/div><div class=\"swiper-slide\" role=\"group\" aria-roledescription=\"slide\" aria-label=\"5 de 12\"><figure class=\"swiper-slide-inner\"><img decoding=\"async\" class=\"swiper-slide-image\" src=\"https:\/\/abreme.com.br\/wp-content\/uploads\/2025\/12\/Foto-363-Medio.jpg\" alt=\"Pr\u00eamio Persona ABREME\" \/><\/figure><\/div><div class=\"swiper-slide\" role=\"group\" aria-roledescription=\"slide\" aria-label=\"6 de 12\"><figure class=\"swiper-slide-inner\"><img decoding=\"async\" class=\"swiper-slide-image\" src=\"https:\/\/abreme.com.br\/wp-content\/uploads\/2025\/12\/Foto-364-Medio.jpg\" alt=\"O Pr\u00eamio Persona ABREME  caracteriza-se pela concess\u00e3o de um \u00fanico trof\u00e9u ao profissional empreendedor que mais se destacou por sua atua\u00e7\u00e3o, trajet\u00f3ria e relevante contribui\u00e7\u00e3o para o desenvolvimento do setor de material el\u00e9trico no Brasil.\nPara a edi\u00e7\u00e3o de 2025, a ABREME por seu diretor Reinaldo Gavioli homenageia C\u00edcero Andr\u00e9 de Souza, presidente da empresa Real Perfil, com o Pr\u00eamio Persona ABREME 2025, em reconhecimento ao seu hist\u00f3rico profissional, lideran\u00e7a empresarial e impacto positivo no fortalecimento e crescimento do setor.\nNesta modalidade, o premiado \u00e9 indicado exclusivamente pela Diretoria da ABREME, refor\u00e7ando o car\u00e1ter institucional e o elevado prest\u00edgio do homenageado.\" \/><figcaption class=\"elementor-image-carousel-caption\">O Pr\u00eamio Persona ABREME  caracteriza-se pela concess\u00e3o de um \u00fanico trof\u00e9u ao profissional empreendedor que mais se destacou por sua atua\u00e7\u00e3o, trajet\u00f3ria e relevante contribui\u00e7\u00e3o para o desenvolvimento do setor de material el\u00e9trico no Brasil.\nPara a edi\u00e7\u00e3o de 2025, a ABREME por seu diretor Reinaldo Gavioli homenageia C\u00edcero Andr\u00e9 de Souza, presidente da empresa Real Perfil, com o Pr\u00eamio Persona ABREME 2025, em reconhecimento ao seu hist\u00f3rico profissional, lideran\u00e7a empresarial e impacto positivo no fortalecimento e crescimento do setor.\nNesta modalidade, o premiado \u00e9 indicado exclusivamente pela Diretoria da ABREME, refor\u00e7ando o car\u00e1ter institucional e o elevado prest\u00edgio do homenageado.<\/figcaption><\/figure><\/div><div class=\"swiper-slide\" role=\"group\" aria-roledescription=\"slide\" aria-label=\"7 de 12\"><figure class=\"swiper-slide-inner\"><img decoding=\"async\" class=\"swiper-slide-image\" src=\"https:\/\/abreme.com.br\/wp-content\/uploads\/2025\/12\/Foto-365-Medio.jpg\" alt=\"Cicero Andr\u00e9 de Souza em discurso de agradecimento pela homenagem prestada.\" \/><figcaption class=\"elementor-image-carousel-caption\">Cicero Andr\u00e9 de Souza em discurso de agradecimento pela homenagem prestada.<\/figcaption><\/figure><\/div><div class=\"swiper-slide\" role=\"group\" aria-roledescription=\"slide\" aria-label=\"8 de 12\"><figure class=\"swiper-slide-inner\"><img decoding=\"async\" class=\"swiper-slide-image\" src=\"https:\/\/abreme.com.br\/wp-content\/uploads\/2025\/12\/Foto-366-Medio.jpg\" alt=\"Pr\u00eamio Persona ABREME\" \/><\/figure><\/div><div class=\"swiper-slide\" role=\"group\" aria-roledescription=\"slide\" aria-label=\"9 de 12\"><figure class=\"swiper-slide-inner\"><img decoding=\"async\" class=\"swiper-slide-image\" src=\"https:\/\/abreme.com.br\/wp-content\/uploads\/2025\/12\/Foto-367-Medio.jpg\" alt=\"Pr\u00eamio Persona ABREME\" \/><\/figure><\/div><div class=\"swiper-slide\" role=\"group\" aria-roledescription=\"slide\" aria-label=\"10 de 12\"><figure class=\"swiper-slide-inner\"><img decoding=\"async\" class=\"swiper-slide-image\" src=\"https:\/\/abreme.com.br\/wp-content\/uploads\/2025\/12\/Foto-368-Medio.jpg\" alt=\"Pr\u00eamio Persona ABREME\" \/><\/figure><\/div><div class=\"swiper-slide\" role=\"group\" aria-roledescription=\"slide\" aria-label=\"11 de 12\"><figure class=\"swiper-slide-inner\"><img decoding=\"async\" class=\"swiper-slide-image\" src=\"https:\/\/abreme.com.br\/wp-content\/uploads\/2025\/12\/Foto-369-Medio.jpg\" alt=\"Pr\u00eamio Persona ABREME\" \/><\/figure><\/div><div class=\"swiper-slide\" role=\"group\" aria-roledescription=\"slide\" aria-label=\"12 de 12\"><figure class=\"swiper-slide-inner\"><img decoding=\"async\" class=\"swiper-slide-image\" src=\"https:\/\/abreme.com.br\/wp-content\/uploads\/2025\/12\/Foto-370-Medio.jpg\" alt=\"Pr\u00eamio Persona ABREME\" \/><\/figure><\/div>\t\t\t<\/div>\n\t\t\t\t\t\t\t\t\t\t\t\t<div class=\"elementor-swiper-button elementor-swiper-button-prev\" role=\"button\" tabindex=\"0\">\n\t\t\t\t\t\t<svg aria-hidden=\"true\" class=\"e-font-icon-svg e-eicon-chevron-left\" viewBox=\"0 0 1000 1000\" xmlns=\"http:\/\/www.w3.org\/2000\/svg\"><path d=\"M646 125C629 125 613 133 604 142L308 442C296 454 292 471 292 487 292 504 296 521 308 533L604 854C617 867 629 875 646 875 663 875 679 871 692 858 704 846 713 829 713 812 713 796 708 779 692 767L438 487 692 225C700 217 708 204 708 187 708 171 704 154 692 142 675 129 663 125 646 125Z\"><\/path><\/svg>\t\t\t\t\t<\/div>\n\t\t\t\t\t<div class=\"elementor-swiper-button elementor-swiper-button-next\" role=\"button\" tabindex=\"0\">\n\t\t\t\t\t\t<svg aria-hidden=\"true\" class=\"e-font-icon-svg e-eicon-chevron-right\" viewBox=\"0 0 1000 1000\" xmlns=\"http:\/\/www.w3.org\/2000\/svg\"><path d=\"M696 533C708 521 713 504 713 487 713 471 708 454 696 446L400 146C388 133 375 125 354 125 338 125 325 129 313 142 300 154 292 171 292 187 292 204 296 221 308 233L563 492 304 771C292 783 288 800 288 817 288 833 296 850 308 863 321 871 338 875 354 875 371 875 388 867 400 854L696 533Z\"><\/path><\/svg>\t\t\t\t\t<\/div>\n\t\t\t\t\n\t\t\t\t\t\t\t\t\t<\/div>\n\t\t\t\t\t\t<\/div>\n\t\t\t\t<\/div>\n\t\t\t\t\t<\/div>\n\t\t\t\t<\/div>\n\t\t<div class=\"elementor-element elementor-element-e005ff4 e-flex e-con-boxed wpr-particle-no wpr-jarallax-no wpr-parallax-no wpr-sticky-section-no wpr-equal-height-no e-con e-parent\" data-id=\"e005ff4\" data-element_type=\"container\">\n\t\t\t\t\t<div class=\"e-con-inner\">\n\t\t\t\t<div class=\"elementor-element elementor-element-a72d7c5 elementor-widget elementor-widget-heading\" data-id=\"a72d7c5\" data-element_type=\"widget\" data-widget_type=\"heading.default\">\n\t\t\t\t<div class=\"elementor-widget-container\">\n\t\t\t\t\t<h2 class=\"elementor-heading-title elementor-size-default\">Pr\u00eamio Persona Abreme 2025 \u2013 Homenagem ao empres\u00e1rio C\u00edcero Andr\u00e9 de Souza, vencedor desta edi\u00e7\u00e3o.<\/h2>\t\t\t\t<\/div>\n\t\t\t\t<\/div>\n\t\t\t\t\t<\/div>\n\t\t\t\t<\/div>\n\t\t<div class=\"elementor-element elementor-element-bbff5c5 e-flex e-con-boxed wpr-particle-no wpr-jarallax-no wpr-parallax-no wpr-sticky-section-no wpr-equal-height-no e-con e-parent\" data-id=\"bbff5c5\" data-element_type=\"container\">\n\t\t\t\t\t<div class=\"e-con-inner\">\n\t\t\t\t<div class=\"elementor-element elementor-element-b4ec231 elementor-widget elementor-widget-video\" data-id=\"b4ec231\" data-element_type=\"widget\" data-settings=\"{&quot;youtube_url&quot;:&quot;https:\\\/\\\/www.youtube.com\\\/watch?v=tu-ATAucCMg&quot;,&quot;video_type&quot;:&quot;youtube&quot;,&quot;controls&quot;:&quot;yes&quot;}\" data-widget_type=\"video.default\">\n\t\t\t\t<div class=\"elementor-widget-container\">\n\t\t\t\t\t\t\t<div class=\"elementor-wrapper elementor-open-inline\">\n\t\t\t<div class=\"elementor-video\"><\/div>\t\t<\/div>\n\t\t\t\t\t\t<\/div>\n\t\t\t\t<\/div>\n\t\t\t\t\t<\/div>\n\t\t\t\t<\/div>\n\t\t<div class=\"elementor-element elementor-element-02f8513 e-flex e-con-boxed wpr-particle-no wpr-jarallax-no wpr-parallax-no wpr-sticky-section-no wpr-equal-height-no e-con e-parent\" data-id=\"02f8513\" data-element_type=\"container\">\n\t\t\t\t\t<div class=\"e-con-inner\">\n\t\t\t\t<div class=\"elementor-element elementor-element-5bd8903 elementor-widget elementor-widget-heading\" data-id=\"5bd8903\" data-element_type=\"widget\" data-widget_type=\"heading.default\">\n\t\t\t\t<div class=\"elementor-widget-container\">\n\t\t\t\t\t<h2 class=\"elementor-heading-title elementor-size-default\">Galeria - Diretoria Abreme 2025<\/h2>\t\t\t\t<\/div>\n\t\t\t\t<\/div>\n\t\t\t\t\t<\/div>\n\t\t\t\t<\/div>\n\t\t<div class=\"elementor-element elementor-element-6498374 e-flex e-con-boxed wpr-particle-no wpr-jarallax-no wpr-parallax-no wpr-sticky-section-no wpr-equal-height-no e-con e-parent\" data-id=\"6498374\" data-element_type=\"container\">\n\t\t\t\t\t<div class=\"e-con-inner\">\n\t\t\t\t<div class=\"elementor-element elementor-element-915baf0 elementor-arrows-position-outside elementor-widget elementor-widget-image-carousel\" data-id=\"915baf0\" data-element_type=\"widget\" data-settings=\"{&quot;slides_to_show&quot;:&quot;1&quot;,&quot;effect&quot;:&quot;fade&quot;,&quot;navigation&quot;:&quot;arrows&quot;,&quot;autoplay&quot;:&quot;yes&quot;,&quot;pause_on_hover&quot;:&quot;yes&quot;,&quot;pause_on_interaction&quot;:&quot;yes&quot;,&quot;autoplay_speed&quot;:5000,&quot;infinite&quot;:&quot;yes&quot;,&quot;speed&quot;:500}\" data-widget_type=\"image-carousel.default\">\n\t\t\t\t<div class=\"elementor-widget-container\">\n\t\t\t\t\t\t\t<div class=\"elementor-image-carousel-wrapper swiper\" role=\"region\" aria-roledescription=\"carousel\" aria-label=\"Carrossel de imagens\" dir=\"ltr\">\n\t\t\t<div class=\"elementor-image-carousel swiper-wrapper\" aria-live=\"off\">\n\t\t\t\t\t\t\t\t<div class=\"swiper-slide\" role=\"group\" aria-roledescription=\"slide\" aria-label=\"1 de 14\"><figure class=\"swiper-slide-inner\"><img decoding=\"async\" class=\"swiper-slide-image\" src=\"https:\/\/abreme.com.br\/wp-content\/uploads\/2025\/12\/Foto-222-Medio.jpg\" alt=\"Diretoria Abreme \u2013 Jo\u00e3o Carlos Faria Jr. \u2013 Ricardo R. Daizem \u2013 Marcos A.A.Sutiro \u2013 Carlos Henrique Castanho \u2013 Francisco Simon \u2013 Veridiana G. Bernaba Jorge \u2013 Thiago Espinheira Ferreira \u2013 Gerson Salles \u2013 Reinaldo Gavioli \u2013 Paulo Roberto de Campos.\" \/><figcaption class=\"elementor-image-carousel-caption\">Diretoria Abreme \u2013 Jo\u00e3o Carlos Faria Jr. \u2013 Ricardo R. Daizem \u2013 Marcos A.A.Sutiro \u2013 Carlos Henrique Castanho \u2013 Francisco Simon \u2013 Veridiana G. Bernaba Jorge \u2013 Thiago Espinheira Ferreira \u2013 Gerson Salles \u2013 Reinaldo Gavioli \u2013 Paulo Roberto de Campos.\n<\/figcaption><\/figure><\/div><div class=\"swiper-slide\" role=\"group\" aria-roledescription=\"slide\" aria-label=\"2 de 14\"><figure class=\"swiper-slide-inner\"><img decoding=\"async\" class=\"swiper-slide-image\" src=\"https:\/\/abreme.com.br\/wp-content\/uploads\/2025\/12\/Foto-133-Medio.jpg\" alt=\"Diretoria Abreme\" \/><\/figure><\/div><div class=\"swiper-slide\" role=\"group\" aria-roledescription=\"slide\" aria-label=\"3 de 14\"><figure class=\"swiper-slide-inner\"><img decoding=\"async\" class=\"swiper-slide-image\" src=\"https:\/\/abreme.com.br\/wp-content\/uploads\/2025\/12\/Foto-138-Medio.jpg\" alt=\"Diretoria Abreme\" \/><\/figure><\/div><div class=\"swiper-slide\" role=\"group\" aria-roledescription=\"slide\" aria-label=\"4 de 14\"><figure class=\"swiper-slide-inner\"><img decoding=\"async\" class=\"swiper-slide-image\" src=\"https:\/\/abreme.com.br\/wp-content\/uploads\/2025\/12\/Foto-139-Medio.jpg\" alt=\"Diretoria Abreme\" \/><\/figure><\/div><div class=\"swiper-slide\" role=\"group\" aria-roledescription=\"slide\" aria-label=\"5 de 14\"><figure class=\"swiper-slide-inner\"><img decoding=\"async\" class=\"swiper-slide-image\" src=\"https:\/\/abreme.com.br\/wp-content\/uploads\/2025\/12\/Foto-132-Medio.jpg\" alt=\"Diretoria Abreme\" \/><\/figure><\/div><div class=\"swiper-slide\" role=\"group\" aria-roledescription=\"slide\" aria-label=\"6 de 14\"><figure class=\"swiper-slide-inner\"><img decoding=\"async\" class=\"swiper-slide-image\" src=\"https:\/\/abreme.com.br\/wp-content\/uploads\/2025\/12\/Foto-135-Medio.jpg\" alt=\"Diretoria Abreme\" \/><\/figure><\/div><div class=\"swiper-slide\" role=\"group\" aria-roledescription=\"slide\" aria-label=\"7 de 14\"><figure class=\"swiper-slide-inner\"><img decoding=\"async\" class=\"swiper-slide-image\" src=\"https:\/\/abreme.com.br\/wp-content\/uploads\/2025\/12\/Foto-140-Medio.jpg\" alt=\"Diretoria Abreme\" \/><\/figure><\/div><div class=\"swiper-slide\" role=\"group\" aria-roledescription=\"slide\" aria-label=\"8 de 14\"><figure class=\"swiper-slide-inner\"><img decoding=\"async\" class=\"swiper-slide-image\" src=\"https:\/\/abreme.com.br\/wp-content\/uploads\/2025\/12\/Foto-137-Medio.jpg\" alt=\"Diretoria Abreme\" \/><\/figure><\/div><div class=\"swiper-slide\" role=\"group\" aria-roledescription=\"slide\" aria-label=\"9 de 14\"><figure class=\"swiper-slide-inner\"><img decoding=\"async\" class=\"swiper-slide-image\" src=\"https:\/\/abreme.com.br\/wp-content\/uploads\/2025\/12\/Foto-136-Medio.jpg\" alt=\"Diretoria Abreme\" \/><\/figure><\/div><div class=\"swiper-slide\" role=\"group\" aria-roledescription=\"slide\" aria-label=\"10 de 14\"><figure class=\"swiper-slide-inner\"><img decoding=\"async\" class=\"swiper-slide-image\" src=\"https:\/\/abreme.com.br\/wp-content\/uploads\/2025\/12\/Foto-141-Medio.jpg\" alt=\"Diretoria Abreme\" \/><\/figure><\/div><div class=\"swiper-slide\" role=\"group\" aria-roledescription=\"slide\" aria-label=\"11 de 14\"><figure class=\"swiper-slide-inner\"><img decoding=\"async\" class=\"swiper-slide-image\" src=\"https:\/\/abreme.com.br\/wp-content\/uploads\/2025\/12\/Foto-134-Medio.jpg\" alt=\"Diretoria Abreme\" \/><\/figure><\/div><div class=\"swiper-slide\" role=\"group\" aria-roledescription=\"slide\" aria-label=\"12 de 14\"><figure class=\"swiper-slide-inner\"><img decoding=\"async\" class=\"swiper-slide-image\" src=\"https:\/\/abreme.com.br\/wp-content\/uploads\/2025\/12\/Foto-178-Medio.jpg\" alt=\"Gustavo Fiusa marido de Veridiana G. Bernaba Jorge \u2013 Francisco Simon \u2013 Paulo Roberto de  Campos \u2013 Ricardo R. Daizem \u2013 Marcos A.A. Sutiro e Jo\u00e3o Carlos Faria Jr.\" \/><figcaption class=\"elementor-image-carousel-caption\">Gustavo Fiusa marido de Veridiana G. Bernaba Jorge \u2013 Francisco Simon \u2013 Paulo Roberto de  Campos \u2013 Ricardo R. Daizem \u2013 Marcos A.A. Sutiro e Jo\u00e3o Carlos Faria Jr.<\/figcaption><\/figure><\/div><div class=\"swiper-slide\" role=\"group\" aria-roledescription=\"slide\" aria-label=\"13 de 14\"><figure class=\"swiper-slide-inner\"><img decoding=\"async\" class=\"swiper-slide-image\" src=\"https:\/\/abreme.com.br\/wp-content\/uploads\/2025\/12\/Foto-174-Medio.jpg\" alt=\"Francisco Simon diretor Abreme em entrevista com RF Comunica\u00e7\u00e3o e Marketing ag\u00eancia contratada pela Abreme.\" \/><figcaption class=\"elementor-image-carousel-caption\">Francisco Simon diretor Abreme em entrevista com RF Comunica\u00e7\u00e3o e Marketing ag\u00eancia contratada pela Abreme.<\/figcaption><\/figure><\/div><div class=\"swiper-slide\" role=\"group\" aria-roledescription=\"slide\" aria-label=\"14 de 14\"><figure class=\"swiper-slide-inner\"><img decoding=\"async\" class=\"swiper-slide-image\" src=\"https:\/\/abreme.com.br\/wp-content\/uploads\/2025\/12\/Foto-177-Medio.jpg\" alt=\"Francisco Simon \u2013 Paulo Roberto de Campos \u2013 Marcos A.A. Sutiro diretores da Abreme.\" \/><figcaption class=\"elementor-image-carousel-caption\">Francisco Simon \u2013 Paulo Roberto de Campos \u2013 Marcos A.A. Sutiro diretores da Abreme.<\/figcaption><\/figure><\/div>\t\t\t<\/div>\n\t\t\t\t\t\t\t\t\t\t\t\t<div class=\"elementor-swiper-button elementor-swiper-button-prev\" role=\"button\" tabindex=\"0\">\n\t\t\t\t\t\t<svg aria-hidden=\"true\" class=\"e-font-icon-svg e-eicon-chevron-left\" viewBox=\"0 0 1000 1000\" xmlns=\"http:\/\/www.w3.org\/2000\/svg\"><path d=\"M646 125C629 125 613 133 604 142L308 442C296 454 292 471 292 487 292 504 296 521 308 533L604 854C617 867 629 875 646 875 663 875 679 871 692 858 704 846 713 829 713 812 713 796 708 779 692 767L438 487 692 225C700 217 708 204 708 187 708 171 704 154 692 142 675 129 663 125 646 125Z\"><\/path><\/svg>\t\t\t\t\t<\/div>\n\t\t\t\t\t<div class=\"elementor-swiper-button elementor-swiper-button-next\" role=\"button\" tabindex=\"0\">\n\t\t\t\t\t\t<svg aria-hidden=\"true\" class=\"e-font-icon-svg e-eicon-chevron-right\" viewBox=\"0 0 1000 1000\" xmlns=\"http:\/\/www.w3.org\/2000\/svg\"><path d=\"M696 533C708 521 713 504 713 487 713 471 708 454 696 446L400 146C388 133 375 125 354 125 338 125 325 129 313 142 300 154 292 171 292 187 292 204 296 221 308 233L563 492 304 771C292 783 288 800 288 817 288 833 296 850 308 863 321 871 338 875 354 875 371 875 388 867 400 854L696 533Z\"><\/path><\/svg>\t\t\t\t\t<\/div>\n\t\t\t\t\n\t\t\t\t\t\t\t\t\t<\/div>\n\t\t\t\t\t\t<\/div>\n\t\t\t\t<\/div>\n\t\t\t\t\t<\/div>\n\t\t\t\t<\/div>\n\t\t<div class=\"elementor-element elementor-element-99b9ffe e-flex e-con-boxed wpr-particle-no wpr-jarallax-no wpr-parallax-no wpr-sticky-section-no wpr-equal-height-no e-con e-parent\" data-id=\"99b9ffe\" data-element_type=\"container\">\n\t\t\t\t\t<div class=\"e-con-inner\">\n\t\t\t\t<div class=\"elementor-element elementor-element-245e85c elementor-widget elementor-widget-heading\" data-id=\"245e85c\" data-element_type=\"widget\" data-widget_type=\"heading.default\">\n\t\t\t\t<div class=\"elementor-widget-container\">\n\t\t\t\t\t<h2 class=\"elementor-heading-title elementor-size-default\">Coquetel e convidados - Pr\u00eamio Abreme 2025 <\/h2>\t\t\t\t<\/div>\n\t\t\t\t<\/div>\n\t\t\t\t\t<\/div>\n\t\t\t\t<\/div>\n\t\t<div class=\"elementor-element elementor-element-5cd948f e-flex e-con-boxed wpr-particle-no wpr-jarallax-no wpr-parallax-no wpr-sticky-section-no wpr-equal-height-no e-con e-parent\" data-id=\"5cd948f\" data-element_type=\"container\">\n\t\t\t\t\t<div class=\"e-con-inner\">\n\t\t\t\t<div class=\"elementor-element elementor-element-b69057f elementor-arrows-position-outside elementor-widget elementor-widget-image-carousel\" data-id=\"b69057f\" data-element_type=\"widget\" data-settings=\"{&quot;slides_to_show&quot;:&quot;1&quot;,&quot;effect&quot;:&quot;fade&quot;,&quot;navigation&quot;:&quot;arrows&quot;,&quot;autoplay&quot;:&quot;yes&quot;,&quot;pause_on_hover&quot;:&quot;yes&quot;,&quot;pause_on_interaction&quot;:&quot;yes&quot;,&quot;autoplay_speed&quot;:5000,&quot;infinite&quot;:&quot;yes&quot;,&quot;speed&quot;:500}\" data-widget_type=\"image-carousel.default\">\n\t\t\t\t<div class=\"elementor-widget-container\">\n\t\t\t\t\t\t\t<div class=\"elementor-image-carousel-wrapper swiper\" role=\"region\" aria-roledescription=\"carousel\" aria-label=\"Carrossel de imagens\" dir=\"ltr\">\n\t\t\t<div class=\"elementor-image-carousel swiper-wrapper\" aria-live=\"off\">\n\t\t\t\t\t\t\t\t<div class=\"swiper-slide\" role=\"group\" aria-roledescription=\"slide\" aria-label=\"1 de 108\"><figure class=\"swiper-slide-inner\"><img decoding=\"async\" class=\"swiper-slide-image\" src=\"https:\/\/abreme.com.br\/wp-content\/uploads\/2025\/12\/Foto-266-Medio.jpg\" alt=\"Coquetel\" \/><\/figure><\/div><div class=\"swiper-slide\" role=\"group\" aria-roledescription=\"slide\" aria-label=\"2 de 108\"><figure class=\"swiper-slide-inner\"><img decoding=\"async\" class=\"swiper-slide-image\" src=\"https:\/\/abreme.com.br\/wp-content\/uploads\/2025\/12\/Foto-237-Medio.jpg\" alt=\"Coquetel\" \/><\/figure><\/div><div class=\"swiper-slide\" role=\"group\" aria-roledescription=\"slide\" aria-label=\"3 de 108\"><figure class=\"swiper-slide-inner\"><img decoding=\"async\" class=\"swiper-slide-image\" src=\"https:\/\/abreme.com.br\/wp-content\/uploads\/2025\/12\/Foto-231-Medio.jpg\" alt=\"Coquetel\" \/><\/figure><\/div><div class=\"swiper-slide\" role=\"group\" aria-roledescription=\"slide\" aria-label=\"4 de 108\"><figure class=\"swiper-slide-inner\"><img decoding=\"async\" class=\"swiper-slide-image\" src=\"https:\/\/abreme.com.br\/wp-content\/uploads\/2025\/12\/Foto-219-Medio.jpg\" alt=\"Coquetel\" \/><\/figure><\/div><div class=\"swiper-slide\" role=\"group\" aria-roledescription=\"slide\" aria-label=\"5 de 108\"><figure class=\"swiper-slide-inner\"><img decoding=\"async\" class=\"swiper-slide-image\" src=\"https:\/\/abreme.com.br\/wp-content\/uploads\/2025\/12\/Foto-210-Medio.jpg\" alt=\"Coquetel\" \/><\/figure><\/div><div class=\"swiper-slide\" role=\"group\" aria-roledescription=\"slide\" aria-label=\"6 de 108\"><figure class=\"swiper-slide-inner\"><img decoding=\"async\" class=\"swiper-slide-image\" src=\"https:\/\/abreme.com.br\/wp-content\/uploads\/2025\/12\/Foto-187-Medio.jpg\" alt=\"Coquetel\" \/><\/figure><\/div><div class=\"swiper-slide\" role=\"group\" aria-roledescription=\"slide\" aria-label=\"7 de 108\"><figure class=\"swiper-slide-inner\"><img decoding=\"async\" class=\"swiper-slide-image\" src=\"https:\/\/abreme.com.br\/wp-content\/uploads\/2025\/12\/Foto-186-Medio.jpg\" alt=\"Coquetel\" \/><\/figure><\/div><div class=\"swiper-slide\" role=\"group\" aria-roledescription=\"slide\" aria-label=\"8 de 108\"><figure class=\"swiper-slide-inner\"><img decoding=\"async\" class=\"swiper-slide-image\" src=\"https:\/\/abreme.com.br\/wp-content\/uploads\/2025\/12\/Foto-299-Medio.jpg\" alt=\"Coquetel\" \/><\/figure><\/div><div class=\"swiper-slide\" role=\"group\" aria-roledescription=\"slide\" aria-label=\"9 de 108\"><figure class=\"swiper-slide-inner\"><img decoding=\"async\" class=\"swiper-slide-image\" src=\"https:\/\/abreme.com.br\/wp-content\/uploads\/2025\/12\/Foto-263-Medio.jpg\" alt=\"Diretor Abreme Thiago Espinheira Ferreira em discurso de abertura do evento 2025.\" \/><figcaption class=\"elementor-image-carousel-caption\">Diretor Abreme Thiago Espinheira Ferreira em discurso de abertura do evento 2025.<\/figcaption><\/figure><\/div><div class=\"swiper-slide\" role=\"group\" aria-roledescription=\"slide\" aria-label=\"10 de 108\"><figure class=\"swiper-slide-inner\"><img decoding=\"async\" class=\"swiper-slide-image\" src=\"https:\/\/abreme.com.br\/wp-content\/uploads\/2025\/12\/Foto-278-Medio.jpg\" alt=\"Diretor Abreme Thiago Espinheira Ferreira em discurso de abertura do evento 2025.\" \/><figcaption class=\"elementor-image-carousel-caption\">Diretor Abreme Thiago Espinheira Ferreira em discurso de abertura do evento 2025.<\/figcaption><\/figure><\/div><div class=\"swiper-slide\" role=\"group\" aria-roledescription=\"slide\" aria-label=\"11 de 108\"><figure class=\"swiper-slide-inner\"><img decoding=\"async\" class=\"swiper-slide-image\" src=\"https:\/\/abreme.com.br\/wp-content\/uploads\/2025\/12\/Foto-264-Medio.jpg\" alt=\"Diretor Abreme Thiago Espinheira Ferreira em discurso de abertura do evento 2025.\" \/><figcaption class=\"elementor-image-carousel-caption\">Diretor Abreme Thiago Espinheira Ferreira em discurso de abertura do evento 2025.<\/figcaption><\/figure><\/div><div class=\"swiper-slide\" role=\"group\" aria-roledescription=\"slide\" aria-label=\"12 de 108\"><figure class=\"swiper-slide-inner\"><img decoding=\"async\" class=\"swiper-slide-image\" src=\"https:\/\/abreme.com.br\/wp-content\/uploads\/2025\/12\/Foto-262-Medio.jpg\" alt=\"Diretor Abreme Thiago Espinheira Ferreira em discurso de abertura do evento 2025.\" \/><figcaption class=\"elementor-image-carousel-caption\">Diretor Abreme Thiago Espinheira Ferreira em discurso de abertura do evento 2025.<\/figcaption><\/figure><\/div><div class=\"swiper-slide\" role=\"group\" aria-roledescription=\"slide\" aria-label=\"13 de 108\"><figure class=\"swiper-slide-inner\"><img decoding=\"async\" class=\"swiper-slide-image\" src=\"https:\/\/abreme.com.br\/wp-content\/uploads\/2025\/12\/Foto-253-Medio.jpg\" alt=\"Coquetel\" \/><\/figure><\/div><div class=\"swiper-slide\" role=\"group\" aria-roledescription=\"slide\" aria-label=\"14 de 108\"><figure class=\"swiper-slide-inner\"><img decoding=\"async\" class=\"swiper-slide-image\" src=\"https:\/\/abreme.com.br\/wp-content\/uploads\/2025\/12\/Foto-248-Medio.jpg\" alt=\"Coquetel\" \/><\/figure><\/div><div class=\"swiper-slide\" role=\"group\" aria-roledescription=\"slide\" aria-label=\"15 de 108\"><figure class=\"swiper-slide-inner\"><img decoding=\"async\" class=\"swiper-slide-image\" src=\"https:\/\/abreme.com.br\/wp-content\/uploads\/2025\/12\/Foto-239-Medio.jpg\" alt=\"Coquetel\" \/><\/figure><\/div><div class=\"swiper-slide\" role=\"group\" aria-roledescription=\"slide\" aria-label=\"16 de 108\"><figure class=\"swiper-slide-inner\"><img decoding=\"async\" class=\"swiper-slide-image\" src=\"https:\/\/abreme.com.br\/wp-content\/uploads\/2025\/12\/Foto-232-Medio.jpg\" alt=\"Coquetel\" \/><\/figure><\/div><div class=\"swiper-slide\" role=\"group\" aria-roledescription=\"slide\" aria-label=\"17 de 108\"><figure class=\"swiper-slide-inner\"><img decoding=\"async\" class=\"swiper-slide-image\" src=\"https:\/\/abreme.com.br\/wp-content\/uploads\/2025\/12\/Foto-212-Medio.jpg\" alt=\"Coquetel\" \/><\/figure><\/div><div class=\"swiper-slide\" role=\"group\" aria-roledescription=\"slide\" aria-label=\"18 de 108\"><figure class=\"swiper-slide-inner\"><img decoding=\"async\" class=\"swiper-slide-image\" src=\"https:\/\/abreme.com.br\/wp-content\/uploads\/2025\/12\/Foto-189-Medio.jpg\" alt=\"Coquetel\" \/><\/figure><\/div><div class=\"swiper-slide\" role=\"group\" aria-roledescription=\"slide\" aria-label=\"19 de 108\"><figure class=\"swiper-slide-inner\"><img decoding=\"async\" class=\"swiper-slide-image\" src=\"https:\/\/abreme.com.br\/wp-content\/uploads\/2025\/12\/Foto-271-Medio.jpg\" alt=\"Momento do Hino Nacional.\" \/><figcaption class=\"elementor-image-carousel-caption\">Momento do Hino Nacional.<\/figcaption><\/figure><\/div><div class=\"swiper-slide\" role=\"group\" aria-roledescription=\"slide\" aria-label=\"20 de 108\"><figure class=\"swiper-slide-inner\"><img decoding=\"async\" class=\"swiper-slide-image\" src=\"https:\/\/abreme.com.br\/wp-content\/uploads\/2025\/12\/Foto-270-Medio.jpg\" alt=\"Momento do Hino Nacional.\" \/><figcaption class=\"elementor-image-carousel-caption\">Momento do Hino Nacional.<\/figcaption><\/figure><\/div><div class=\"swiper-slide\" role=\"group\" aria-roledescription=\"slide\" aria-label=\"21 de 108\"><figure class=\"swiper-slide-inner\"><img decoding=\"async\" class=\"swiper-slide-image\" src=\"https:\/\/abreme.com.br\/wp-content\/uploads\/2025\/12\/Foto-274-Medio.jpg\" alt=\"Momento do Hino Nacional.\" \/><figcaption class=\"elementor-image-carousel-caption\">Momento do Hino Nacional.<\/figcaption><\/figure><\/div><div class=\"swiper-slide\" role=\"group\" aria-roledescription=\"slide\" aria-label=\"22 de 108\"><figure class=\"swiper-slide-inner\"><img decoding=\"async\" class=\"swiper-slide-image\" src=\"https:\/\/abreme.com.br\/wp-content\/uploads\/2025\/12\/Foto-272-Medio.jpg\" alt=\"Momento do Hino Nacional.\" \/><figcaption class=\"elementor-image-carousel-caption\">Momento do Hino Nacional.<\/figcaption><\/figure><\/div><div class=\"swiper-slide\" role=\"group\" aria-roledescription=\"slide\" aria-label=\"23 de 108\"><figure class=\"swiper-slide-inner\"><img decoding=\"async\" class=\"swiper-slide-image\" src=\"https:\/\/abreme.com.br\/wp-content\/uploads\/2025\/12\/Foto-276-Medio.jpg\" alt=\"Momento do Hino Nacional.\" \/><figcaption class=\"elementor-image-carousel-caption\">Momento do Hino Nacional.<\/figcaption><\/figure><\/div><div class=\"swiper-slide\" role=\"group\" aria-roledescription=\"slide\" aria-label=\"24 de 108\"><figure class=\"swiper-slide-inner\"><img decoding=\"async\" class=\"swiper-slide-image\" src=\"https:\/\/abreme.com.br\/wp-content\/uploads\/2025\/12\/Foto-273-Medio.jpg\" alt=\"Momento do Hino Nacional.\" \/><figcaption class=\"elementor-image-carousel-caption\">Momento do Hino Nacional.<\/figcaption><\/figure><\/div><div class=\"swiper-slide\" role=\"group\" aria-roledescription=\"slide\" aria-label=\"25 de 108\"><figure class=\"swiper-slide-inner\"><img decoding=\"async\" class=\"swiper-slide-image\" src=\"https:\/\/abreme.com.br\/wp-content\/uploads\/2025\/12\/Foto-275-Medio.jpg\" alt=\"Momento do Hino Nacional.\" \/><figcaption class=\"elementor-image-carousel-caption\">Momento do Hino Nacional.<\/figcaption><\/figure><\/div><div class=\"swiper-slide\" role=\"group\" aria-roledescription=\"slide\" aria-label=\"26 de 108\"><figure class=\"swiper-slide-inner\"><img decoding=\"async\" class=\"swiper-slide-image\" src=\"https:\/\/abreme.com.br\/wp-content\/uploads\/2025\/12\/Foto-277-Medio.jpg\" alt=\"Momento do Hino Nacional.\" \/><figcaption class=\"elementor-image-carousel-caption\">Momento do Hino Nacional.<\/figcaption><\/figure><\/div><div class=\"swiper-slide\" role=\"group\" aria-roledescription=\"slide\" aria-label=\"27 de 108\"><figure class=\"swiper-slide-inner\"><img decoding=\"async\" class=\"swiper-slide-image\" src=\"https:\/\/abreme.com.br\/wp-content\/uploads\/2025\/12\/Foto-241-Medio.jpg\" alt=\"Coquetel\" \/><\/figure><\/div><div class=\"swiper-slide\" role=\"group\" aria-roledescription=\"slide\" aria-label=\"28 de 108\"><figure class=\"swiper-slide-inner\"><img decoding=\"async\" class=\"swiper-slide-image\" src=\"https:\/\/abreme.com.br\/wp-content\/uploads\/2025\/12\/Foto-240-Medio.jpg\" alt=\"Coquetel\" \/><\/figure><\/div><div class=\"swiper-slide\" role=\"group\" aria-roledescription=\"slide\" aria-label=\"29 de 108\"><figure class=\"swiper-slide-inner\"><img decoding=\"async\" class=\"swiper-slide-image\" src=\"https:\/\/abreme.com.br\/wp-content\/uploads\/2025\/12\/Foto-259-Medio.jpg\" alt=\"Coquetel\" \/><\/figure><\/div><div class=\"swiper-slide\" role=\"group\" aria-roledescription=\"slide\" aria-label=\"30 de 108\"><figure class=\"swiper-slide-inner\"><img decoding=\"async\" class=\"swiper-slide-image\" src=\"https:\/\/abreme.com.br\/wp-content\/uploads\/2025\/12\/Foto-254-Medio.jpg\" alt=\"Coquetel\" \/><\/figure><\/div><div class=\"swiper-slide\" role=\"group\" aria-roledescription=\"slide\" aria-label=\"31 de 108\"><figure class=\"swiper-slide-inner\"><img decoding=\"async\" class=\"swiper-slide-image\" src=\"https:\/\/abreme.com.br\/wp-content\/uploads\/2025\/12\/Foto-233-Medio.jpg\" alt=\"Coquetel\" \/><\/figure><\/div><div class=\"swiper-slide\" role=\"group\" aria-roledescription=\"slide\" aria-label=\"32 de 108\"><figure class=\"swiper-slide-inner\"><img decoding=\"async\" class=\"swiper-slide-image\" src=\"https:\/\/abreme.com.br\/wp-content\/uploads\/2025\/12\/Foto-192-Medio.jpg\" alt=\"Coquetel\" \/><\/figure><\/div><div class=\"swiper-slide\" role=\"group\" aria-roledescription=\"slide\" aria-label=\"33 de 108\"><figure class=\"swiper-slide-inner\"><img decoding=\"async\" class=\"swiper-slide-image\" src=\"https:\/\/abreme.com.br\/wp-content\/uploads\/2025\/12\/Foto-261-Medio.jpg\" alt=\"Coquetel\" \/><\/figure><\/div><div class=\"swiper-slide\" role=\"group\" aria-roledescription=\"slide\" aria-label=\"34 de 108\"><figure class=\"swiper-slide-inner\"><img decoding=\"async\" class=\"swiper-slide-image\" src=\"https:\/\/abreme.com.br\/wp-content\/uploads\/2025\/12\/Foto-255-Medio.jpg\" alt=\"Coquetel\" \/><\/figure><\/div><div class=\"swiper-slide\" role=\"group\" aria-roledescription=\"slide\" aria-label=\"35 de 108\"><figure class=\"swiper-slide-inner\"><img decoding=\"async\" class=\"swiper-slide-image\" src=\"https:\/\/abreme.com.br\/wp-content\/uploads\/2025\/12\/Foto-194-Medio.jpg\" alt=\"Coquetel\" \/><\/figure><\/div><div class=\"swiper-slide\" role=\"group\" aria-roledescription=\"slide\" aria-label=\"36 de 108\"><figure class=\"swiper-slide-inner\"><img decoding=\"async\" class=\"swiper-slide-image\" src=\"https:\/\/abreme.com.br\/wp-content\/uploads\/2025\/12\/Foto-193-Medio.jpg\" alt=\"Coquetel\" \/><\/figure><\/div><div class=\"swiper-slide\" role=\"group\" aria-roledescription=\"slide\" aria-label=\"37 de 108\"><figure class=\"swiper-slide-inner\"><img decoding=\"async\" class=\"swiper-slide-image\" src=\"https:\/\/abreme.com.br\/wp-content\/uploads\/2025\/12\/Foto-183-Medio.jpg\" alt=\"Coquetel\" \/><\/figure><\/div><div class=\"swiper-slide\" role=\"group\" aria-roledescription=\"slide\" aria-label=\"38 de 108\"><figure class=\"swiper-slide-inner\"><img decoding=\"async\" class=\"swiper-slide-image\" src=\"https:\/\/abreme.com.br\/wp-content\/uploads\/2025\/12\/Foto-109-Medio.jpg\" alt=\"Coquetel\" \/><\/figure><\/div><div class=\"swiper-slide\" role=\"group\" aria-roledescription=\"slide\" aria-label=\"39 de 108\"><figure class=\"swiper-slide-inner\"><img decoding=\"async\" class=\"swiper-slide-image\" src=\"https:\/\/abreme.com.br\/wp-content\/uploads\/2025\/12\/Foto-290-Medio.jpg\" alt=\"Dra. M\u00e1rcia Andr\u00e9ia Leria Gerente Hospitalar do GPACI em agradecimento a doa\u00e7\u00e3o recebida.\" \/><figcaption class=\"elementor-image-carousel-caption\">Dra. M\u00e1rcia Andr\u00e9ia Leria Gerente Hospitalar do GPACI em agradecimento a doa\u00e7\u00e3o recebida.<\/figcaption><\/figure><\/div><div class=\"swiper-slide\" role=\"group\" aria-roledescription=\"slide\" aria-label=\"40 de 108\"><figure class=\"swiper-slide-inner\"><img decoding=\"async\" class=\"swiper-slide-image\" src=\"https:\/\/abreme.com.br\/wp-content\/uploads\/2025\/12\/Foto-269-Medio.jpg\" alt=\"Adriana Bittar Mestre de cerimonias.\" \/><figcaption class=\"elementor-image-carousel-caption\">Adriana Bittar Mestre de cerimonias.<\/figcaption><\/figure><\/div><div class=\"swiper-slide\" role=\"group\" aria-roledescription=\"slide\" aria-label=\"41 de 108\"><figure class=\"swiper-slide-inner\"><img decoding=\"async\" class=\"swiper-slide-image\" src=\"https:\/\/abreme.com.br\/wp-content\/uploads\/2025\/12\/Foto-242-Medio.jpg\" alt=\"Coquetel\" \/><\/figure><\/div><div class=\"swiper-slide\" role=\"group\" aria-roledescription=\"slide\" aria-label=\"42 de 108\"><figure class=\"swiper-slide-inner\"><img decoding=\"async\" class=\"swiper-slide-image\" src=\"https:\/\/abreme.com.br\/wp-content\/uploads\/2025\/12\/Foto-195-Medio.jpg\" alt=\"Coquetel\" \/><\/figure><\/div><div class=\"swiper-slide\" role=\"group\" aria-roledescription=\"slide\" aria-label=\"43 de 108\"><figure class=\"swiper-slide-inner\"><img decoding=\"async\" class=\"swiper-slide-image\" src=\"https:\/\/abreme.com.br\/wp-content\/uploads\/2025\/12\/Foto-184-Medio.jpg\" alt=\"Coquetel\" \/><\/figure><\/div><div class=\"swiper-slide\" role=\"group\" aria-roledescription=\"slide\" aria-label=\"44 de 108\"><figure class=\"swiper-slide-inner\"><img decoding=\"async\" class=\"swiper-slide-image\" src=\"https:\/\/abreme.com.br\/wp-content\/uploads\/2025\/12\/Foto-110-Medio.jpg\" alt=\"Coquetel\" \/><\/figure><\/div><div class=\"swiper-slide\" role=\"group\" aria-roledescription=\"slide\" aria-label=\"45 de 108\"><figure class=\"swiper-slide-inner\"><img decoding=\"async\" class=\"swiper-slide-image\" src=\"https:\/\/abreme.com.br\/wp-content\/uploads\/2025\/12\/Foto-244-Medio.jpg\" alt=\"Coquetel\" \/><\/figure><\/div><div class=\"swiper-slide\" role=\"group\" aria-roledescription=\"slide\" aria-label=\"46 de 108\"><figure class=\"swiper-slide-inner\"><img decoding=\"async\" class=\"swiper-slide-image\" src=\"https:\/\/abreme.com.br\/wp-content\/uploads\/2025\/12\/Foto-199-Medio.jpg\" alt=\"Coquetel\" \/><\/figure><\/div><div class=\"swiper-slide\" role=\"group\" aria-roledescription=\"slide\" aria-label=\"47 de 108\"><figure class=\"swiper-slide-inner\"><img decoding=\"async\" class=\"swiper-slide-image\" src=\"https:\/\/abreme.com.br\/wp-content\/uploads\/2025\/12\/Foto-197-Medio.jpg\" alt=\"Coquetel\" \/><\/figure><\/div><div class=\"swiper-slide\" role=\"group\" aria-roledescription=\"slide\" aria-label=\"48 de 108\"><figure class=\"swiper-slide-inner\"><img decoding=\"async\" class=\"swiper-slide-image\" src=\"https:\/\/abreme.com.br\/wp-content\/uploads\/2025\/12\/Foto-196-Medio.jpg\" alt=\"Coquetel\" \/><\/figure><\/div><div class=\"swiper-slide\" role=\"group\" aria-roledescription=\"slide\" aria-label=\"49 de 108\"><figure class=\"swiper-slide-inner\"><img decoding=\"async\" class=\"swiper-slide-image\" src=\"https:\/\/abreme.com.br\/wp-content\/uploads\/2025\/12\/Foto-185-Medio.jpg\" alt=\"Coquetel\" \/><\/figure><\/div><div class=\"swiper-slide\" role=\"group\" aria-roledescription=\"slide\" aria-label=\"50 de 108\"><figure class=\"swiper-slide-inner\"><img decoding=\"async\" class=\"swiper-slide-image\" src=\"https:\/\/abreme.com.br\/wp-content\/uploads\/2025\/12\/Foto-294-Medio.jpg\" alt=\"Presidente Qualifio \u2013 Paulo C\u00e9sar Iaconno.\" \/><figcaption class=\"elementor-image-carousel-caption\">Presidente Qualifio \u2013 Paulo C\u00e9sar Iaconno.<\/figcaption><\/figure><\/div><div class=\"swiper-slide\" role=\"group\" aria-roledescription=\"slide\" aria-label=\"51 de 108\"><figure class=\"swiper-slide-inner\"><img decoding=\"async\" class=\"swiper-slide-image\" src=\"https:\/\/abreme.com.br\/wp-content\/uploads\/2025\/12\/Foto-293-Medio.jpg\" alt=\"Presidente Qualifio \u2013 Paulo C\u00e9sar Iaconno.\" \/><figcaption class=\"elementor-image-carousel-caption\">Presidente Qualifio \u2013 Paulo C\u00e9sar Iaconno.<\/figcaption><\/figure><\/div><div class=\"swiper-slide\" role=\"group\" aria-roledescription=\"slide\" aria-label=\"52 de 108\"><figure class=\"swiper-slide-inner\"><img decoding=\"async\" class=\"swiper-slide-image\" src=\"https:\/\/abreme.com.br\/wp-content\/uploads\/2025\/12\/Foto-295-Medio.jpg\" alt=\"Presidente Qualifio \u2013 Paulo C\u00e9sar Iaconno.\" \/><figcaption class=\"elementor-image-carousel-caption\">Presidente Qualifio \u2013 Paulo C\u00e9sar Iaconno.<\/figcaption><\/figure><\/div><div class=\"swiper-slide\" role=\"group\" aria-roledescription=\"slide\" aria-label=\"53 de 108\"><figure class=\"swiper-slide-inner\"><img decoding=\"async\" class=\"swiper-slide-image\" src=\"https:\/\/abreme.com.br\/wp-content\/uploads\/2025\/12\/Foto-250-Medio.jpg\" alt=\"Coquetel\" \/><\/figure><\/div><div class=\"swiper-slide\" role=\"group\" aria-roledescription=\"slide\" aria-label=\"54 de 108\"><figure class=\"swiper-slide-inner\"><img decoding=\"async\" class=\"swiper-slide-image\" src=\"https:\/\/abreme.com.br\/wp-content\/uploads\/2025\/12\/Foto-214-Medio.jpg\" alt=\"Coquetel\" \/><\/figure><\/div><div class=\"swiper-slide\" role=\"group\" aria-roledescription=\"slide\" aria-label=\"55 de 108\"><figure class=\"swiper-slide-inner\"><img decoding=\"async\" class=\"swiper-slide-image\" src=\"https:\/\/abreme.com.br\/wp-content\/uploads\/2025\/12\/Foto-200-Medio.jpg\" alt=\"Coquetel\" \/><\/figure><\/div><div class=\"swiper-slide\" role=\"group\" aria-roledescription=\"slide\" aria-label=\"56 de 108\"><figure class=\"swiper-slide-inner\"><img decoding=\"async\" class=\"swiper-slide-image\" src=\"https:\/\/abreme.com.br\/wp-content\/uploads\/2025\/12\/Foto-198-Medio.jpg\" alt=\"Coquetel\" \/><\/figure><\/div><div class=\"swiper-slide\" role=\"group\" aria-roledescription=\"slide\" aria-label=\"57 de 108\"><figure class=\"swiper-slide-inner\"><img decoding=\"async\" class=\"swiper-slide-image\" src=\"https:\/\/abreme.com.br\/wp-content\/uploads\/2025\/12\/Foto-188-Medio.jpg\" alt=\"Coquetel\" \/><\/figure><\/div><div class=\"swiper-slide\" role=\"group\" aria-roledescription=\"slide\" aria-label=\"58 de 108\"><figure class=\"swiper-slide-inner\"><img decoding=\"async\" class=\"swiper-slide-image\" src=\"https:\/\/abreme.com.br\/wp-content\/uploads\/2025\/12\/Foto-111-Medio.jpg\" alt=\"Coquetel\" \/><\/figure><\/div><div class=\"swiper-slide\" role=\"group\" aria-roledescription=\"slide\" aria-label=\"59 de 108\"><figure class=\"swiper-slide-inner\"><img decoding=\"async\" class=\"swiper-slide-image\" src=\"https:\/\/abreme.com.br\/wp-content\/uploads\/2025\/12\/Foto-252-Medio.jpg\" alt=\"Coquetel\" \/><\/figure><\/div><div class=\"swiper-slide\" role=\"group\" aria-roledescription=\"slide\" aria-label=\"60 de 108\"><figure class=\"swiper-slide-inner\"><img decoding=\"async\" class=\"swiper-slide-image\" src=\"https:\/\/abreme.com.br\/wp-content\/uploads\/2025\/12\/Foto-243-Medio.jpg\" alt=\"Coquetel\" \/><\/figure><\/div><div class=\"swiper-slide\" role=\"group\" aria-roledescription=\"slide\" aria-label=\"61 de 108\"><figure class=\"swiper-slide-inner\"><img decoding=\"async\" class=\"swiper-slide-image\" src=\"https:\/\/abreme.com.br\/wp-content\/uploads\/2025\/12\/Foto-217-Medio.jpg\" alt=\"Coquetel\" \/><\/figure><\/div><div class=\"swiper-slide\" role=\"group\" aria-roledescription=\"slide\" aria-label=\"62 de 108\"><figure class=\"swiper-slide-inner\"><img decoding=\"async\" class=\"swiper-slide-image\" src=\"https:\/\/abreme.com.br\/wp-content\/uploads\/2025\/12\/Foto-204-Medio.jpg\" alt=\"Coquetel\" \/><\/figure><\/div><div class=\"swiper-slide\" role=\"group\" aria-roledescription=\"slide\" aria-label=\"63 de 108\"><figure class=\"swiper-slide-inner\"><img decoding=\"async\" class=\"swiper-slide-image\" src=\"https:\/\/abreme.com.br\/wp-content\/uploads\/2025\/12\/Foto-179-Medio.jpg\" alt=\"Equipe REDSTATION Produ\u00e7\u00e3o Musical sob a coordena\u00e7\u00e3o de Rodrigo Oliveira \u2013 Ao violino Ana Paula Eloi e teclado Marcelo Frenkiel.\" \/><figcaption class=\"elementor-image-carousel-caption\">Equipe REDSTATION Produ\u00e7\u00e3o Musical sob a coordena\u00e7\u00e3o de Rodrigo Oliveira \u2013 Ao violino Ana Paula Eloi e teclado Marcelo Frenkiel.\n<\/figcaption><\/figure><\/div><div class=\"swiper-slide\" role=\"group\" aria-roledescription=\"slide\" aria-label=\"64 de 108\"><figure class=\"swiper-slide-inner\"><img decoding=\"async\" class=\"swiper-slide-image\" src=\"https:\/\/abreme.com.br\/wp-content\/uploads\/2025\/12\/Foto-112-Medio.jpg\" alt=\"Coquetel\" \/><\/figure><\/div><div class=\"swiper-slide\" role=\"group\" aria-roledescription=\"slide\" aria-label=\"65 de 108\"><figure class=\"swiper-slide-inner\"><img decoding=\"async\" class=\"swiper-slide-image\" src=\"https:\/\/abreme.com.br\/wp-content\/uploads\/2025\/12\/Foto-298-Medio.jpg\" alt=\"Coquetel\" \/><\/figure><\/div><div class=\"swiper-slide\" role=\"group\" aria-roledescription=\"slide\" aria-label=\"66 de 108\"><figure class=\"swiper-slide-inner\"><img decoding=\"async\" class=\"swiper-slide-image\" src=\"https:\/\/abreme.com.br\/wp-content\/uploads\/2025\/12\/Foto-267-Medio.jpg\" alt=\"Coquetel\" \/><\/figure><\/div><div class=\"swiper-slide\" role=\"group\" aria-roledescription=\"slide\" aria-label=\"67 de 108\"><figure class=\"swiper-slide-inner\"><img decoding=\"async\" class=\"swiper-slide-image\" src=\"https:\/\/abreme.com.br\/wp-content\/uploads\/2025\/12\/Foto-245-Medio.jpg\" alt=\"Coquetel\" \/><\/figure><\/div><div class=\"swiper-slide\" role=\"group\" aria-roledescription=\"slide\" aria-label=\"68 de 108\"><figure class=\"swiper-slide-inner\"><img decoding=\"async\" class=\"swiper-slide-image\" src=\"https:\/\/abreme.com.br\/wp-content\/uploads\/2025\/12\/Foto-228-Medio.jpg\" alt=\"Coquetel\" \/><\/figure><\/div><div class=\"swiper-slide\" role=\"group\" aria-roledescription=\"slide\" aria-label=\"69 de 108\"><figure class=\"swiper-slide-inner\"><img decoding=\"async\" class=\"swiper-slide-image\" src=\"https:\/\/abreme.com.br\/wp-content\/uploads\/2025\/12\/Foto-220-Medio.jpg\" alt=\"Coquetel\" \/><\/figure><\/div><div class=\"swiper-slide\" role=\"group\" aria-roledescription=\"slide\" aria-label=\"70 de 108\"><figure class=\"swiper-slide-inner\"><img decoding=\"async\" class=\"swiper-slide-image\" src=\"https:\/\/abreme.com.br\/wp-content\/uploads\/2025\/12\/Foto-206-Medio.jpg\" alt=\"Coquetel\" \/><\/figure><\/div><div class=\"swiper-slide\" role=\"group\" aria-roledescription=\"slide\" aria-label=\"71 de 108\"><figure class=\"swiper-slide-inner\"><img decoding=\"async\" class=\"swiper-slide-image\" src=\"https:\/\/abreme.com.br\/wp-content\/uploads\/2025\/12\/Foto-191-Medio.jpg\" alt=\"Coquetel\" \/><\/figure><\/div><div class=\"swiper-slide\" role=\"group\" aria-roledescription=\"slide\" aria-label=\"72 de 108\"><figure class=\"swiper-slide-inner\"><img decoding=\"async\" class=\"swiper-slide-image\" src=\"https:\/\/abreme.com.br\/wp-content\/uploads\/2025\/12\/Foto-249-Medio.jpg\" alt=\"Coquetel\" \/><\/figure><\/div><div class=\"swiper-slide\" role=\"group\" aria-roledescription=\"slide\" aria-label=\"73 de 108\"><figure class=\"swiper-slide-inner\"><img decoding=\"async\" class=\"swiper-slide-image\" src=\"https:\/\/abreme.com.br\/wp-content\/uploads\/2025\/12\/Foto-234-Medio.jpg\" alt=\"Coquetel\" \/><\/figure><\/div><div class=\"swiper-slide\" role=\"group\" aria-roledescription=\"slide\" aria-label=\"74 de 108\"><figure class=\"swiper-slide-inner\"><img decoding=\"async\" class=\"swiper-slide-image\" src=\"https:\/\/abreme.com.br\/wp-content\/uploads\/2025\/12\/Foto-227-Medio.jpg\" alt=\"Coquetel\" \/><\/figure><\/div><div class=\"swiper-slide\" role=\"group\" aria-roledescription=\"slide\" aria-label=\"75 de 108\"><figure class=\"swiper-slide-inner\"><img decoding=\"async\" class=\"swiper-slide-image\" src=\"https:\/\/abreme.com.br\/wp-content\/uploads\/2025\/12\/Foto-215-Medio.jpg\" alt=\"Coquetel\" \/><\/figure><\/div><div class=\"swiper-slide\" role=\"group\" aria-roledescription=\"slide\" aria-label=\"76 de 108\"><figure class=\"swiper-slide-inner\"><img decoding=\"async\" class=\"swiper-slide-image\" src=\"https:\/\/abreme.com.br\/wp-content\/uploads\/2025\/12\/Foto-208-Medio.jpg\" alt=\"Coquetel\" \/><\/figure><\/div><div class=\"swiper-slide\" role=\"group\" aria-roledescription=\"slide\" aria-label=\"77 de 108\"><figure class=\"swiper-slide-inner\"><img decoding=\"async\" class=\"swiper-slide-image\" src=\"https:\/\/abreme.com.br\/wp-content\/uploads\/2025\/12\/Foto-207-Medio.jpg\" alt=\"Coquetel\" \/><\/figure><\/div><div class=\"swiper-slide\" role=\"group\" aria-roledescription=\"slide\" aria-label=\"78 de 108\"><figure class=\"swiper-slide-inner\"><img decoding=\"async\" class=\"swiper-slide-image\" src=\"https:\/\/abreme.com.br\/wp-content\/uploads\/2025\/12\/Foto-115-Medio.jpg\" alt=\"Coquetel\" \/><\/figure><\/div><div class=\"swiper-slide\" role=\"group\" aria-roledescription=\"slide\" aria-label=\"79 de 108\"><figure class=\"swiper-slide-inner\"><img decoding=\"async\" class=\"swiper-slide-image\" src=\"https:\/\/abreme.com.br\/wp-content\/uploads\/2025\/12\/Foto-235-Medio.jpg\" alt=\"Coquetel\" \/><\/figure><\/div><div class=\"swiper-slide\" role=\"group\" aria-roledescription=\"slide\" aria-label=\"80 de 108\"><figure class=\"swiper-slide-inner\"><img decoding=\"async\" class=\"swiper-slide-image\" src=\"https:\/\/abreme.com.br\/wp-content\/uploads\/2025\/12\/Foto-229-Medio.jpg\" alt=\"Coquetel\" \/><\/figure><\/div><div class=\"swiper-slide\" role=\"group\" aria-roledescription=\"slide\" aria-label=\"81 de 108\"><figure class=\"swiper-slide-inner\"><img decoding=\"async\" class=\"swiper-slide-image\" src=\"https:\/\/abreme.com.br\/wp-content\/uploads\/2025\/12\/Foto-216-Medio.jpg\" alt=\"Coquetel\" \/><\/figure><\/div><div class=\"swiper-slide\" role=\"group\" aria-roledescription=\"slide\" aria-label=\"82 de 108\"><figure class=\"swiper-slide-inner\"><img decoding=\"async\" class=\"swiper-slide-image\" src=\"https:\/\/abreme.com.br\/wp-content\/uploads\/2025\/12\/Foto-211-Medio.jpg\" alt=\"Coquetel\" \/><\/figure><\/div><div class=\"swiper-slide\" role=\"group\" aria-roledescription=\"slide\" aria-label=\"83 de 108\"><figure class=\"swiper-slide-inner\"><img decoding=\"async\" class=\"swiper-slide-image\" src=\"https:\/\/abreme.com.br\/wp-content\/uploads\/2025\/12\/Foto-181-Medio.jpg\" alt=\"Coquetel\" \/><\/figure><\/div><div class=\"swiper-slide\" role=\"group\" aria-roledescription=\"slide\" aria-label=\"84 de 108\"><figure class=\"swiper-slide-inner\"><img decoding=\"async\" class=\"swiper-slide-image\" src=\"https:\/\/abreme.com.br\/wp-content\/uploads\/2025\/12\/Foto-127-Medio.jpg\" alt=\"Coquetel\" \/><\/figure><\/div><div class=\"swiper-slide\" role=\"group\" aria-roledescription=\"slide\" aria-label=\"85 de 108\"><figure class=\"swiper-slide-inner\"><img decoding=\"async\" class=\"swiper-slide-image\" src=\"https:\/\/abreme.com.br\/wp-content\/uploads\/2025\/12\/Foto-236-Medio.jpg\" alt=\"Coquetel\" \/><\/figure><\/div><div class=\"swiper-slide\" role=\"group\" aria-roledescription=\"slide\" aria-label=\"86 de 108\"><figure class=\"swiper-slide-inner\"><img decoding=\"async\" class=\"swiper-slide-image\" src=\"https:\/\/abreme.com.br\/wp-content\/uploads\/2025\/12\/Foto-230-Medio.jpg\" alt=\"Coquetel\" \/><\/figure><\/div><div class=\"swiper-slide\" role=\"group\" aria-roledescription=\"slide\" aria-label=\"87 de 108\"><figure class=\"swiper-slide-inner\"><img decoding=\"async\" class=\"swiper-slide-image\" src=\"https:\/\/abreme.com.br\/wp-content\/uploads\/2025\/12\/Foto-218-Medio.jpg\" alt=\"Coquetel\" \/><\/figure><\/div><div class=\"swiper-slide\" role=\"group\" aria-roledescription=\"slide\" aria-label=\"88 de 108\"><figure class=\"swiper-slide-inner\"><img decoding=\"async\" class=\"swiper-slide-image\" src=\"https:\/\/abreme.com.br\/wp-content\/uploads\/2025\/12\/Foto-213-Medio.jpg\" alt=\"Coquetel\" \/><\/figure><\/div><div class=\"swiper-slide\" role=\"group\" aria-roledescription=\"slide\" aria-label=\"89 de 108\"><figure class=\"swiper-slide-inner\"><img decoding=\"async\" class=\"swiper-slide-image\" src=\"https:\/\/abreme.com.br\/wp-content\/uploads\/2025\/12\/Foto-284-Medio.jpg\" alt=\"Sandra Sacchelli Tripolone secret\u00e1ria executiva da Abreme e Dra. M\u00e1rcia Andr\u00e9ia Leria Gerente Hospitalar do GPACI -  no momento da entrega do cheque em doa\u00e7\u00e3o a entidade.\" \/><figcaption class=\"elementor-image-carousel-caption\">Sandra Sacchelli Tripolone secret\u00e1ria executiva da Abreme e Dra. M\u00e1rcia Andr\u00e9ia Leria Gerente Hospitalar do GPACI -  no momento da entrega do cheque em doa\u00e7\u00e3o a entidade.<\/figcaption><\/figure><\/div><div class=\"swiper-slide\" role=\"group\" aria-roledescription=\"slide\" aria-label=\"90 de 108\"><figure class=\"swiper-slide-inner\"><img decoding=\"async\" class=\"swiper-slide-image\" src=\"https:\/\/abreme.com.br\/wp-content\/uploads\/2025\/12\/Foto-190-Medio.jpg\" alt=\"Coquetel\" \/><\/figure><\/div><div class=\"swiper-slide\" role=\"group\" aria-roledescription=\"slide\" aria-label=\"91 de 108\"><figure class=\"swiper-slide-inner\"><img decoding=\"async\" class=\"swiper-slide-image\" src=\"https:\/\/abreme.com.br\/wp-content\/uploads\/2025\/12\/Foto-125-Medio.jpg\" alt=\"Coquetel\" \/><\/figure><\/div><div class=\"swiper-slide\" role=\"group\" aria-roledescription=\"slide\" aria-label=\"92 de 108\"><figure class=\"swiper-slide-inner\"><img decoding=\"async\" class=\"swiper-slide-image\" src=\"https:\/\/abreme.com.br\/wp-content\/uploads\/2025\/12\/Foto-101-Medio.jpg\" alt=\"Coquetel\" \/><\/figure><\/div><div class=\"swiper-slide\" role=\"group\" aria-roledescription=\"slide\" aria-label=\"93 de 108\"><figure class=\"swiper-slide-inner\"><img decoding=\"async\" class=\"swiper-slide-image\" src=\"https:\/\/abreme.com.br\/wp-content\/uploads\/2025\/12\/Foto-282-Medio.jpg\" alt=\"Coquetel\" \/><\/figure><\/div><div class=\"swiper-slide\" role=\"group\" aria-roledescription=\"slide\" aria-label=\"94 de 108\"><figure class=\"swiper-slide-inner\"><img decoding=\"async\" class=\"swiper-slide-image\" src=\"https:\/\/abreme.com.br\/wp-content\/uploads\/2025\/12\/Foto-281-Medio.jpg\" alt=\"Coquetel\" \/><\/figure><\/div><div class=\"swiper-slide\" role=\"group\" aria-roledescription=\"slide\" aria-label=\"95 de 108\"><figure class=\"swiper-slide-inner\"><img decoding=\"async\" class=\"swiper-slide-image\" src=\"https:\/\/abreme.com.br\/wp-content\/uploads\/2025\/12\/Foto-258-Medio.jpg\" alt=\"Coquetel\" \/><\/figure><\/div><div class=\"swiper-slide\" role=\"group\" aria-roledescription=\"slide\" aria-label=\"96 de 108\"><figure class=\"swiper-slide-inner\"><img decoding=\"async\" class=\"swiper-slide-image\" src=\"https:\/\/abreme.com.br\/wp-content\/uploads\/2025\/12\/Foto-209-Medio.jpg\" alt=\"Coquetel\" \/><\/figure><\/div><div class=\"swiper-slide\" role=\"group\" aria-roledescription=\"slide\" aria-label=\"97 de 108\"><figure class=\"swiper-slide-inner\"><img decoding=\"async\" class=\"swiper-slide-image\" src=\"https:\/\/abreme.com.br\/wp-content\/uploads\/2025\/12\/Foto-131-Medio.jpg\" alt=\"Coquetel\" \/><\/figure><\/div><div class=\"swiper-slide\" role=\"group\" aria-roledescription=\"slide\" aria-label=\"98 de 108\"><figure class=\"swiper-slide-inner\"><img decoding=\"async\" class=\"swiper-slide-image\" src=\"https:\/\/abreme.com.br\/wp-content\/uploads\/2025\/12\/Foto-260-Medio.jpg\" alt=\"Coquetel\" \/><\/figure><\/div><div class=\"swiper-slide\" role=\"group\" aria-roledescription=\"slide\" aria-label=\"99 de 108\"><figure class=\"swiper-slide-inner\"><img decoding=\"async\" class=\"swiper-slide-image\" src=\"https:\/\/abreme.com.br\/wp-content\/uploads\/2025\/12\/Foto-128-Medio.jpg\" alt=\"Coquetel\" \/><\/figure><\/div><div class=\"swiper-slide\" role=\"group\" aria-roledescription=\"slide\" aria-label=\"100 de 108\"><figure class=\"swiper-slide-inner\"><img decoding=\"async\" class=\"swiper-slide-image\" src=\"https:\/\/abreme.com.br\/wp-content\/uploads\/2025\/12\/Foto-129-Medio.jpg\" alt=\"Coquetel\" \/><\/figure><\/div><div class=\"swiper-slide\" role=\"group\" aria-roledescription=\"slide\" aria-label=\"101 de 108\"><figure class=\"swiper-slide-inner\"><img decoding=\"async\" class=\"swiper-slide-image\" src=\"https:\/\/abreme.com.br\/wp-content\/uploads\/2025\/12\/Foto-119-Medio.jpg\" alt=\"Coquetel\" \/><\/figure><\/div><div class=\"swiper-slide\" role=\"group\" aria-roledescription=\"slide\" aria-label=\"102 de 108\"><figure class=\"swiper-slide-inner\"><img decoding=\"async\" class=\"swiper-slide-image\" src=\"https:\/\/abreme.com.br\/wp-content\/uploads\/2025\/12\/Foto-106-Medio.jpg\" alt=\"Coquetel\" \/><\/figure><\/div><div class=\"swiper-slide\" role=\"group\" aria-roledescription=\"slide\" aria-label=\"103 de 108\"><figure class=\"swiper-slide-inner\"><img decoding=\"async\" class=\"swiper-slide-image\" src=\"https:\/\/abreme.com.br\/wp-content\/uploads\/2025\/12\/Foto-144-Medio.jpg\" alt=\"Equipe CM Produ\u00e7\u00f5es e Eventos sob coordena\u00e7\u00e3o de Cleide Mouzinho\u2013 Recep\u00e7\u00e3o do evento fornecedores do Ano Abreme 2025.\" \/><figcaption class=\"elementor-image-carousel-caption\">Equipe CM Produ\u00e7\u00f5es e Eventos sob coordena\u00e7\u00e3o de Cleide Mouzinho\u2013 Recep\u00e7\u00e3o do evento fornecedores do Ano Abreme 2025.<\/figcaption><\/figure><\/div><div class=\"swiper-slide\" role=\"group\" aria-roledescription=\"slide\" aria-label=\"104 de 108\"><figure class=\"swiper-slide-inner\"><img decoding=\"async\" class=\"swiper-slide-image\" src=\"https:\/\/abreme.com.br\/wp-content\/uploads\/2025\/12\/Foto-145-Medio.jpg\" alt=\"Equipe CM Produ\u00e7\u00f5es e Eventos sob coordena\u00e7\u00e3o de Cleide Mouzinho\u2013 Recep\u00e7\u00e3o do evento fornecedores do Ano Abreme 2025.\" \/><figcaption class=\"elementor-image-carousel-caption\">Equipe CM Produ\u00e7\u00f5es e Eventos sob coordena\u00e7\u00e3o de Cleide Mouzinho\u2013 Recep\u00e7\u00e3o do evento fornecedores do Ano Abreme 2025.<\/figcaption><\/figure><\/div><div class=\"swiper-slide\" role=\"group\" aria-roledescription=\"slide\" aria-label=\"105 de 108\"><figure class=\"swiper-slide-inner\"><img decoding=\"async\" class=\"swiper-slide-image\" src=\"https:\/\/abreme.com.br\/wp-content\/uploads\/2025\/12\/Foto-124-Medio.jpg\" alt=\"Coquetel\" \/><\/figure><\/div><div class=\"swiper-slide\" role=\"group\" aria-roledescription=\"slide\" aria-label=\"106 de 108\"><figure class=\"swiper-slide-inner\"><img decoding=\"async\" class=\"swiper-slide-image\" src=\"https:\/\/abreme.com.br\/wp-content\/uploads\/2025\/12\/Foto-120-mesa-impacto-Medio.jpg\" alt=\"Coquetel\" \/><\/figure><\/div><div class=\"swiper-slide\" role=\"group\" aria-roledescription=\"slide\" aria-label=\"107 de 108\"><figure class=\"swiper-slide-inner\"><img decoding=\"async\" class=\"swiper-slide-image\" src=\"https:\/\/abreme.com.br\/wp-content\/uploads\/2025\/12\/Foto-108-Medio.jpg\" alt=\"Coquetel\" \/><\/figure><\/div><div class=\"swiper-slide\" role=\"group\" aria-roledescription=\"slide\" aria-label=\"108 de 108\"><figure class=\"swiper-slide-inner\"><img decoding=\"async\" class=\"swiper-slide-image\" src=\"https:\/\/abreme.com.br\/wp-content\/uploads\/2025\/12\/Foto-107-Medio.jpg\" alt=\"Coquetel\" \/><\/figure><\/div>\t\t\t<\/div>\n\t\t\t\t\t\t\t\t\t\t\t\t<div class=\"elementor-swiper-button elementor-swiper-button-prev\" role=\"button\" tabindex=\"0\">\n\t\t\t\t\t\t<svg aria-hidden=\"true\" class=\"e-font-icon-svg e-eicon-chevron-left\" viewBox=\"0 0 1000 1000\" xmlns=\"http:\/\/www.w3.org\/2000\/svg\"><path d=\"M646 125C629 125 613 133 604 142L308 442C296 454 292 471 292 487 292 504 296 521 308 533L604 854C617 867 629 875 646 875 663 875 679 871 692 858 704 846 713 829 713 812 713 796 708 779 692 767L438 487 692 225C700 217 708 204 708 187 708 171 704 154 692 142 675 129 663 125 646 125Z\"><\/path><\/svg>\t\t\t\t\t<\/div>\n\t\t\t\t\t<div class=\"elementor-swiper-button elementor-swiper-button-next\" role=\"button\" tabindex=\"0\">\n\t\t\t\t\t\t<svg aria-hidden=\"true\" class=\"e-font-icon-svg e-eicon-chevron-right\" viewBox=\"0 0 1000 1000\" xmlns=\"http:\/\/www.w3.org\/2000\/svg\"><path d=\"M696 533C708 521 713 504 713 487 713 471 708 454 696 446L400 146C388 133 375 125 354 125 338 125 325 129 313 142 300 154 292 171 292 187 292 204 296 221 308 233L563 492 304 771C292 783 288 800 288 817 288 833 296 850 308 863 321 871 338 875 354 875 371 875 388 867 400 854L696 533Z\"><\/path><\/svg>\t\t\t\t\t<\/div>\n\t\t\t\t\n\t\t\t\t\t\t\t\t\t<\/div>\n\t\t\t\t\t\t<\/div>\n\t\t\t\t<\/div>\n\t\t\t\t\t<\/div>\n\t\t\t\t<\/div>\n\t\t<div class=\"elementor-element elementor-element-84883d5 e-flex e-con-boxed wpr-particle-no wpr-jarallax-no wpr-parallax-no wpr-sticky-section-no wpr-equal-height-no e-con e-parent\" data-id=\"84883d5\" data-element_type=\"container\">\n\t\t\t\t\t<div class=\"e-con-inner\">\n\t\t\t\t<div class=\"elementor-element elementor-element-0180782 elementor-widget elementor-widget-heading\" data-id=\"0180782\" data-element_type=\"widget\" data-widget_type=\"heading.default\">\n\t\t\t\t<div class=\"elementor-widget-container\">\n\t\t\t\t\t<h2 class=\"elementor-heading-title elementor-size-default\">Galeria Trof\u00e9us - Pr\u00eamio Abreme 2025<\/h2>\t\t\t\t<\/div>\n\t\t\t\t<\/div>\n\t\t\t\t\t<\/div>\n\t\t\t\t<\/div>\n\t\t<div class=\"elementor-element elementor-element-518d5bf e-flex e-con-boxed wpr-particle-no wpr-jarallax-no wpr-parallax-no wpr-sticky-section-no wpr-equal-height-no e-con e-parent\" data-id=\"518d5bf\" data-element_type=\"container\">\n\t\t\t\t\t<div class=\"e-con-inner\">\n\t\t\t\t<div class=\"elementor-element elementor-element-bd55b89 elementor-arrows-position-outside elementor-widget elementor-widget-image-carousel\" data-id=\"bd55b89\" data-element_type=\"widget\" data-settings=\"{&quot;slides_to_show&quot;:&quot;1&quot;,&quot;effect&quot;:&quot;fade&quot;,&quot;navigation&quot;:&quot;arrows&quot;,&quot;autoplay&quot;:&quot;yes&quot;,&quot;pause_on_hover&quot;:&quot;yes&quot;,&quot;pause_on_interaction&quot;:&quot;yes&quot;,&quot;autoplay_speed&quot;:5000,&quot;infinite&quot;:&quot;yes&quot;,&quot;speed&quot;:500}\" data-widget_type=\"image-carousel.default\">\n\t\t\t\t<div class=\"elementor-widget-container\">\n\t\t\t\t\t\t\t<div class=\"elementor-image-carousel-wrapper swiper\" role=\"region\" aria-roledescription=\"carousel\" aria-label=\"Carrossel de imagens\" dir=\"ltr\">\n\t\t\t<div class=\"elementor-image-carousel swiper-wrapper\" aria-live=\"off\">\n\t\t\t\t\t\t\t\t<div class=\"swiper-slide\" role=\"group\" aria-roledescription=\"slide\" aria-label=\"1 de 28\"><figure class=\"swiper-slide-inner\"><img decoding=\"async\" class=\"swiper-slide-image\" src=\"https:\/\/abreme.com.br\/wp-content\/uploads\/2025\/12\/Foto-173-Medio-682x1024.jpg\" alt=\"Trof\u00e9u 2025\" \/><\/figure><\/div><div class=\"swiper-slide\" role=\"group\" aria-roledescription=\"slide\" aria-label=\"2 de 28\"><figure class=\"swiper-slide-inner\"><img decoding=\"async\" class=\"swiper-slide-image\" src=\"https:\/\/abreme.com.br\/wp-content\/uploads\/2025\/12\/Foto-172-Medio-683x1024.jpg\" alt=\"Trof\u00e9u 2025\" \/><\/figure><\/div><div class=\"swiper-slide\" role=\"group\" aria-roledescription=\"slide\" aria-label=\"3 de 28\"><figure class=\"swiper-slide-inner\"><img decoding=\"async\" class=\"swiper-slide-image\" src=\"https:\/\/abreme.com.br\/wp-content\/uploads\/2025\/12\/Foto-171-Medio-683x1024.jpg\" alt=\"Trof\u00e9u 2025\" \/><\/figure><\/div><div class=\"swiper-slide\" role=\"group\" aria-roledescription=\"slide\" aria-label=\"4 de 28\"><figure class=\"swiper-slide-inner\"><img decoding=\"async\" class=\"swiper-slide-image\" src=\"https:\/\/abreme.com.br\/wp-content\/uploads\/2025\/12\/Foto-168-Medio-683x1024.jpg\" alt=\"Trof\u00e9u 2025\" \/><\/figure><\/div><div class=\"swiper-slide\" role=\"group\" aria-roledescription=\"slide\" aria-label=\"5 de 28\"><figure class=\"swiper-slide-inner\"><img decoding=\"async\" class=\"swiper-slide-image\" src=\"https:\/\/abreme.com.br\/wp-content\/uploads\/2025\/12\/Foto-170-Medio-1024x683.jpg\" alt=\"Trof\u00e9u 2025\" \/><\/figure><\/div><div class=\"swiper-slide\" role=\"group\" aria-roledescription=\"slide\" aria-label=\"6 de 28\"><figure class=\"swiper-slide-inner\"><img decoding=\"async\" class=\"swiper-slide-image\" src=\"https:\/\/abreme.com.br\/wp-content\/uploads\/2025\/12\/Foto-166-Medio-1024x683.jpg\" alt=\"Trof\u00e9u 2025\" \/><\/figure><\/div><div class=\"swiper-slide\" role=\"group\" aria-roledescription=\"slide\" aria-label=\"7 de 28\"><figure class=\"swiper-slide-inner\"><img decoding=\"async\" class=\"swiper-slide-image\" src=\"https:\/\/abreme.com.br\/wp-content\/uploads\/2025\/12\/Foto-165-Medio-683x1024.jpg\" alt=\"Trof\u00e9u 2025\" \/><\/figure><\/div><div class=\"swiper-slide\" role=\"group\" aria-roledescription=\"slide\" aria-label=\"8 de 28\"><figure class=\"swiper-slide-inner\"><img decoding=\"async\" class=\"swiper-slide-image\" src=\"https:\/\/abreme.com.br\/wp-content\/uploads\/2025\/12\/Foto-164-Medio-683x1024.jpg\" alt=\"Trof\u00e9u 2025\" \/><\/figure><\/div><div class=\"swiper-slide\" role=\"group\" aria-roledescription=\"slide\" aria-label=\"9 de 28\"><figure class=\"swiper-slide-inner\"><img decoding=\"async\" class=\"swiper-slide-image\" src=\"https:\/\/abreme.com.br\/wp-content\/uploads\/2025\/12\/Foto-163-Medio-683x1024.jpg\" alt=\"Trof\u00e9u 2025\" \/><\/figure><\/div><div class=\"swiper-slide\" role=\"group\" aria-roledescription=\"slide\" aria-label=\"10 de 28\"><figure class=\"swiper-slide-inner\"><img decoding=\"async\" class=\"swiper-slide-image\" src=\"https:\/\/abreme.com.br\/wp-content\/uploads\/2025\/12\/Foto-157-Medio-683x1024.jpg\" alt=\"Trof\u00e9u 2025\" \/><\/figure><\/div><div class=\"swiper-slide\" role=\"group\" aria-roledescription=\"slide\" aria-label=\"11 de 28\"><figure class=\"swiper-slide-inner\"><img decoding=\"async\" class=\"swiper-slide-image\" src=\"https:\/\/abreme.com.br\/wp-content\/uploads\/2025\/12\/Foto-156-Medio-683x1024.jpg\" alt=\"Trof\u00e9u 2025\" \/><\/figure><\/div><div class=\"swiper-slide\" role=\"group\" aria-roledescription=\"slide\" aria-label=\"12 de 28\"><figure class=\"swiper-slide-inner\"><img decoding=\"async\" class=\"swiper-slide-image\" src=\"https:\/\/abreme.com.br\/wp-content\/uploads\/2025\/12\/Foto-154-Medio-1024x683.jpg\" alt=\"Trof\u00e9u 2025\" \/><\/figure><\/div><div class=\"swiper-slide\" role=\"group\" aria-roledescription=\"slide\" aria-label=\"13 de 28\"><figure class=\"swiper-slide-inner\"><img decoding=\"async\" class=\"swiper-slide-image\" src=\"https:\/\/abreme.com.br\/wp-content\/uploads\/2025\/12\/Foto-151-Medio-683x1024.jpg\" alt=\"Trof\u00e9u 2025\" \/><\/figure><\/div><div class=\"swiper-slide\" role=\"group\" aria-roledescription=\"slide\" aria-label=\"14 de 28\"><figure class=\"swiper-slide-inner\"><img decoding=\"async\" class=\"swiper-slide-image\" src=\"https:\/\/abreme.com.br\/wp-content\/uploads\/2025\/12\/Foto-152-Medio-683x1024.jpg\" alt=\"Trof\u00e9u 2025\" \/><\/figure><\/div><div class=\"swiper-slide\" role=\"group\" aria-roledescription=\"slide\" aria-label=\"15 de 28\"><figure class=\"swiper-slide-inner\"><img decoding=\"async\" class=\"swiper-slide-image\" src=\"https:\/\/abreme.com.br\/wp-content\/uploads\/2025\/12\/Foto-150-Medio-1024x683.jpg\" alt=\"Trof\u00e9u 2025\" \/><\/figure><\/div><div class=\"swiper-slide\" role=\"group\" aria-roledescription=\"slide\" aria-label=\"16 de 28\"><figure class=\"swiper-slide-inner\"><img decoding=\"async\" class=\"swiper-slide-image\" src=\"https:\/\/abreme.com.br\/wp-content\/uploads\/2025\/12\/Foto-169-Medio-683x1024.jpg\" alt=\"Trof\u00e9u 2025\" \/><\/figure><\/div><div class=\"swiper-slide\" role=\"group\" aria-roledescription=\"slide\" aria-label=\"17 de 28\"><figure class=\"swiper-slide-inner\"><img decoding=\"async\" class=\"swiper-slide-image\" src=\"https:\/\/abreme.com.br\/wp-content\/uploads\/2025\/12\/Foto-167-Medio-683x1024.jpg\" alt=\"Trof\u00e9u 2025\" \/><\/figure><\/div><div class=\"swiper-slide\" role=\"group\" aria-roledescription=\"slide\" aria-label=\"18 de 28\"><figure class=\"swiper-slide-inner\"><img decoding=\"async\" class=\"swiper-slide-image\" src=\"https:\/\/abreme.com.br\/wp-content\/uploads\/2025\/12\/Foto-162-Medio-1024x683.jpg\" alt=\"Trof\u00e9u 2025\" \/><\/figure><\/div><div class=\"swiper-slide\" role=\"group\" aria-roledescription=\"slide\" aria-label=\"19 de 28\"><figure class=\"swiper-slide-inner\"><img decoding=\"async\" class=\"swiper-slide-image\" src=\"https:\/\/abreme.com.br\/wp-content\/uploads\/2025\/12\/Foto-161-Medio-683x1024.jpg\" alt=\"Trof\u00e9u 2025\" \/><\/figure><\/div><div class=\"swiper-slide\" role=\"group\" aria-roledescription=\"slide\" aria-label=\"20 de 28\"><figure class=\"swiper-slide-inner\"><img decoding=\"async\" class=\"swiper-slide-image\" src=\"https:\/\/abreme.com.br\/wp-content\/uploads\/2025\/12\/Foto-160-Medio-683x1024.jpg\" alt=\"Trof\u00e9u 2025\" \/><\/figure><\/div><div class=\"swiper-slide\" role=\"group\" aria-roledescription=\"slide\" aria-label=\"21 de 28\"><figure class=\"swiper-slide-inner\"><img decoding=\"async\" class=\"swiper-slide-image\" src=\"https:\/\/abreme.com.br\/wp-content\/uploads\/2025\/12\/Foto-159-Medio-683x1024.jpg\" alt=\"Trof\u00e9u 2025\" \/><\/figure><\/div><div class=\"swiper-slide\" role=\"group\" aria-roledescription=\"slide\" aria-label=\"22 de 28\"><figure class=\"swiper-slide-inner\"><img decoding=\"async\" class=\"swiper-slide-image\" src=\"https:\/\/abreme.com.br\/wp-content\/uploads\/2025\/12\/Foto-158-Medio-1024x683.jpg\" alt=\"Trof\u00e9u 2025\" \/><\/figure><\/div><div class=\"swiper-slide\" role=\"group\" aria-roledescription=\"slide\" aria-label=\"23 de 28\"><figure class=\"swiper-slide-inner\"><img decoding=\"async\" class=\"swiper-slide-image\" src=\"https:\/\/abreme.com.br\/wp-content\/uploads\/2025\/12\/Foto-155-Medio-683x1024.jpg\" alt=\"Trof\u00e9u 2025\" \/><\/figure><\/div><div class=\"swiper-slide\" role=\"group\" aria-roledescription=\"slide\" aria-label=\"24 de 28\"><figure class=\"swiper-slide-inner\"><img decoding=\"async\" class=\"swiper-slide-image\" src=\"https:\/\/abreme.com.br\/wp-content\/uploads\/2025\/12\/Foto-153-Medio-683x1024.jpg\" alt=\"Trof\u00e9u 2025\" \/><\/figure><\/div><div class=\"swiper-slide\" role=\"group\" aria-roledescription=\"slide\" aria-label=\"25 de 28\"><figure class=\"swiper-slide-inner\"><img decoding=\"async\" class=\"swiper-slide-image\" src=\"https:\/\/abreme.com.br\/wp-content\/uploads\/2025\/12\/Foto-149-Medio-1024x683.jpg\" alt=\"Foto (149) (M\u00e9dio)\" \/><\/figure><\/div><div class=\"swiper-slide\" role=\"group\" aria-roledescription=\"slide\" aria-label=\"26 de 28\"><figure class=\"swiper-slide-inner\"><img decoding=\"async\" class=\"swiper-slide-image\" src=\"https:\/\/abreme.com.br\/wp-content\/uploads\/2025\/12\/Foto-146-Medio-1024x683.jpg\" alt=\"Foto (146) (M\u00e9dio)\" \/><\/figure><\/div><div class=\"swiper-slide\" role=\"group\" aria-roledescription=\"slide\" aria-label=\"27 de 28\"><figure class=\"swiper-slide-inner\"><img decoding=\"async\" class=\"swiper-slide-image\" src=\"https:\/\/abreme.com.br\/wp-content\/uploads\/2025\/12\/Foto-148-Medio-1024x683.jpg\" alt=\"Trof\u00e9u 2025\" \/><\/figure><\/div><div class=\"swiper-slide\" role=\"group\" aria-roledescription=\"slide\" aria-label=\"28 de 28\"><figure class=\"swiper-slide-inner\"><img decoding=\"async\" class=\"swiper-slide-image\" src=\"https:\/\/abreme.com.br\/wp-content\/uploads\/2025\/12\/Foto-147-Medio-1024x683.jpg\" alt=\"Trof\u00e9u 2025\" \/><\/figure><\/div>\t\t\t<\/div>\n\t\t\t\t\t\t\t\t\t\t\t\t<div class=\"elementor-swiper-button elementor-swiper-button-prev\" role=\"button\" tabindex=\"0\">\n\t\t\t\t\t\t<svg aria-hidden=\"true\" class=\"e-font-icon-svg e-eicon-chevron-left\" viewBox=\"0 0 1000 1000\" xmlns=\"http:\/\/www.w3.org\/2000\/svg\"><path d=\"M646 125C629 125 613 133 604 142L308 442C296 454 292 471 292 487 292 504 296 521 308 533L604 854C617 867 629 875 646 875 663 875 679 871 692 858 704 846 713 829 713 812 713 796 708 779 692 767L438 487 692 225C700 217 708 204 708 187 708 171 704 154 692 142 675 129 663 125 646 125Z\"><\/path><\/svg>\t\t\t\t\t<\/div>\n\t\t\t\t\t<div class=\"elementor-swiper-button elementor-swiper-button-next\" role=\"button\" tabindex=\"0\">\n\t\t\t\t\t\t<svg aria-hidden=\"true\" class=\"e-font-icon-svg e-eicon-chevron-right\" viewBox=\"0 0 1000 1000\" xmlns=\"http:\/\/www.w3.org\/2000\/svg\"><path d=\"M696 533C708 521 713 504 713 487 713 471 708 454 696 446L400 146C388 133 375 125 354 125 338 125 325 129 313 142 300 154 292 171 292 187 292 204 296 221 308 233L563 492 304 771C292 783 288 800 288 817 288 833 296 850 308 863 321 871 338 875 354 875 371 875 388 867 400 854L696 533Z\"><\/path><\/svg>\t\t\t\t\t<\/div>\n\t\t\t\t\n\t\t\t\t\t\t\t\t\t<\/div>\n\t\t\t\t\t\t<\/div>\n\t\t\t\t<\/div>\n\t\t\t\t\t<\/div>\n\t\t\t\t<\/div>\n\t\t<div class=\"elementor-element elementor-element-fc88ca5 e-flex e-con-boxed wpr-particle-no wpr-jarallax-no wpr-parallax-no wpr-sticky-section-no wpr-equal-height-no e-con e-parent\" data-id=\"fc88ca5\" data-element_type=\"container\">\n\t\t\t\t\t<div class=\"e-con-inner\">\n\t\t\t\t<div class=\"elementor-element elementor-element-bd6b04d elementor-widget elementor-widget-heading\" data-id=\"bd6b04d\" data-element_type=\"widget\" data-widget_type=\"heading.default\">\n\t\t\t\t<div class=\"elementor-widget-container\">\n\t\t\t\t\t<h2 class=\"elementor-heading-title elementor-size-default\">Acesse o conte\u00fado e acompanhe, na \u00edntegra, \ntodos os momentos do evento Fornecedores do Ano 2025 <\/h2>\t\t\t\t<\/div>\n\t\t\t\t<\/div>\n\t\t\t\t\t<\/div>\n\t\t\t\t<\/div>\n\t\t<div class=\"elementor-element elementor-element-da9fcf0 e-flex e-con-boxed wpr-particle-no wpr-jarallax-no wpr-parallax-no wpr-sticky-section-no wpr-equal-height-no e-con e-parent\" data-id=\"da9fcf0\" data-element_type=\"container\">\n\t\t\t\t\t<div class=\"e-con-inner\">\n\t\t\t\t<div class=\"elementor-element elementor-element-4924d17 elementor-widget elementor-widget-video\" data-id=\"4924d17\" data-element_type=\"widget\" data-settings=\"{&quot;youtube_url&quot;:&quot;https:\\\/\\\/www.youtube.com\\\/watch?v=HggfDHeGoWQ&quot;,&quot;video_type&quot;:&quot;youtube&quot;,&quot;controls&quot;:&quot;yes&quot;}\" data-widget_type=\"video.default\">\n\t\t\t\t<div class=\"elementor-widget-container\">\n\t\t\t\t\t\t\t<div class=\"elementor-wrapper elementor-open-inline\">\n\t\t\t<div class=\"elementor-video\"><\/div>\t\t<\/div>\n\t\t\t\t\t\t<\/div>\n\t\t\t\t<\/div>\n\t\t\t\t\t<\/div>\n\t\t\t\t<\/div>\n\t\t\t\t<\/div>\n\t\t","protected":false},"excerpt":{"rendered":"<p>PR\u00caMIO ABREME 2025 OS DESTAQUES NO SEGMENTO DE MATERIAIS EL\u00c9TRICOS EST\u00c3O AQUI O Pr\u00eamio ABREME \u00e9 o mais importante reconhecimento do setor de revenda e distribui\u00e7\u00e3o de materiais el\u00e9tricos no Brasil. Em 2025, o pr\u00eamio celebra a 19\u00aa edi\u00e7\u00e3o do Pr\u00eamio Fornecedores do Ano e a 18\u00aa edi\u00e7\u00e3o do Pr\u00eamio Persona ABREME. Anualmente, um j\u00fari formado por renomados profissionais do mercado elege as empresas e personalidades que mais se destacam no segmento de materiais el\u00e9tricos. Momentos do evento \u201cFornecedores do Ano 2025 Abreme\u201d Pr\u00eamio &#8220;Fornecedores do Ano 2025&#8221; &#8211; Patrocinadores Patrocinadora ABB GE \u2013 Marcelo Vilela \u2013 Fernando Leonardis \u2013 Vinicius Rocha \u2013 Gustavo Vazzoler \u2013 Fernando Nunes \u2013 Fernando Rocha \u2013 Alex Cassemiro \u2013 Paulo Boccardo \u2013 Thiago Mendon\u00e7a \u2013 Samantha Sato \u2013 Tatiane Machado \u2013 Yannis Fadakis. Patrocinadora ALTRONIC \u2013 Thereza Cristina F. de Mello \u2013 Isabella Machado Lula \u2013 Huddson Pessoa \u2013 Felipe Chaves \u2013 Ol\u00edmpio Correa \u2013 Marcos Coelho \u2013 Kendra Ribeiro \u2013 Carolina Fonseca \u2013 Caio Braz \u2013 Leopoldo Santos. Patrocinadora B.LUX BUILDING \u2013 Alexandre de Andrade \u2013 Alexandre de Andrade Junior \u2013 Matheus de Souza \u2013 Giovanna Andrade \u2013 Jos\u00e9 Carlos Deleprane \u2013 Kleverson Lima \u2013 Maria Eduarda Alves \u2013 Luiz Lana \u2013 P\u00e9ricles Barbosa \u2013 Ramon Faria Silva Patrocinadora COBRECOM \u2013 Rafael Verrone Ruas \u2013 Gustavo Verrone Ruas \u2013 Fl\u00e1via Ruas &#8211; Jackson Santos \u2013 Bruno Bittar \u2013 Pedro Paulo Assump\u00e7\u00e3o \u2013 Mauro Moreno \u2013 Paulo Alessandro Delgado \u2013 F\u00e1bio Ferrara \u2013 Roberta Marques \u2013 Fl\u00e1vio Bragagniolo \u2013 Vinicius Castilho \u2013 Vitor Nic\u00e1cio \u2013 Lucas Bezerra \u2013 Gabriel Prado \u2013 Mariana Longato \u2013 Nat\u00e1lia Castro \u2013 Felipe Santos \u2013 Solange Longato \u2013 Cintia Assis \u2013 Gilberto Alvarenga. Patrocinadora ELGIN \u2013 Marcel Serafim \u2013 Rodolfo Naves \u2013 Adriano Grat\u00e3o \u2013 Fernando Fornazari \u2013 Juan Martins \u2013 F\u00e1bio Akira Munacata \u2013 Vanessa Rocha \u2013 Mirian Nunes \u2013 Rodolfo Bezerra. Patrocinadora GFC TUBOS E CONEX\u00d5ES \u2013 Danilo Di Pieri \u2013 Greice Ferrari \u2013 F\u00e1bio Ferreri \u2013 Joel Navarro Junior \u2013 Tiago Estopa \u2013 Marcelo Lopes \u2013 Felipe Siqueira \u2013 \u00c1lvaro Luccas \u2013 Gustavo Costa \u2013 Fabiane Rodrigues Patrocinadora GRUPO LUKMA \u2013 Rodrigo Lukasavicus \u2013 Sabrina Lukasavicus \u2013 Sandro Lukasavicus \u2013 Luiz Rodrigues Matos \u2013 Alex Bento C. Monteiro \u2013 Renato da Silva Junior \u2013 Mayara Fernanda de Oliveira \u2013 Caio Vinicius G. Silva \u2013 Leandro Estrela Bonafe \u2013 Jander Farias Bernardino. Patrocinadora HELLERMANN TYTON \u2013 Alexandro Zavarizi \u2013 Ricardo Fragata \u2013 Vinicius Silva de Andrade \u2013 Anderson Sato \u2013 Renato Bandeira \u2013 Ricardo Martuchi da Silva \u2013 Fabricio Mendes de Ara\u00fajo \u2013 Rose Izoppe \u2013 Rose Matos \u2013 Marcello Ruegger. Patrocinadora INDUSCABOS \u2013 Jenner Iaconno \u2013 Sandro Rezende \u2013 Paulo C\u00e9sar Iaconno \u2013 Robinson Fontalva \u2013 S\u00e9rgio Mellacci \u2013 Ricardo Moretti \u2013 Rodrigo \u2013 William \u2013 Marco \u2013 Blauth. Patrocinadora KRAUSMULLER \u2013 Luciano Ferreira Marra \u2013 Gabriel Orlando Cardoso \u2013 Leandro Polidoro \u2013 Moises Colla \u2013 Jessica F. Ramalho Campos \u2013 L\u00eddia Costa Martins \u2013 Jackeline G. da Cunha \u2013 Erik Nakakura \u2013 Marcelo Gomes \u2013 Virg\u00ednia Zanon de Orlando. Patrocinadora LEDVANCE \u2013 Anderson Alves \u2013 Charlys Mesquini \u2013 Everton Mello \u2013 Guilherme Profeta dos Santos \u2013 Jean Carlos Bazeto \u2013 Jozias Lapaz \u2013 Marcelo Chadalakian \u2013 Marcelo Motta \u2013 Marcos Ellert \u2013 Paula Silveira Mello \u2013 Jo\u00e3o H. Carvalho \u2013 Luan Donadon \u2013 M\u00e1rcio Chialastri \u2013 Nat\u00e1lia Ferreira \u2013 Nelson Gomes. Patrocinadora LEGRAND \u2013 Daniel Tatini \u2013 Alexandre Freitas \u2013 Thiago Freccia \u2013 Andr\u00e9a Bonfim \u2013 Fernando Gleriano \u2013 Gleiton Giovanelli \u2013 Deguimar Ribeiro \u2013 Radyjia Oliveira \u2013 Douglas Nunes \u2013 Sabrina Mori. Patrocinadora \u2013 MAR-GIRIUS \u2013 Renato Felipe dos Santos \u2013 Alessandro Poletti &#8211; Joice Fernanda da Silva \u2013 Rubens Parada \u2013 Haenae Ament \u2013 Nauber Porcel \u2013 Cristiano Marangoni \u2013 Vanessa Calbaiser \u2013 Tatiana Boccardo \u2013 Ant\u00f4nio Carlos Pussi. Patrocinadora MAXXBOX \u2013 Max Ribeiro \u2013 Jaime Cavalcante \u2013 Eduardo In\u00e1cio \u2013 Mariane Pinheiro \u2013 Ant\u00f4nio Marin \u2013 Thalles Prado Ribeiro \u2013 Camila Siqueira Ribeiro \u2013 C\u00e9sar Mattos \u2013 Tha\u00edsa Prado Ribeiro \u2013 M\u00e1rcio Kitayama (n\u00e3o est\u00e1 na foto). Patrocinadora NAVILLE \u2013 Fl\u00e1via Naville \u2013 Tha\u00eds Rebolo \u2013 Marcos Mendes \u2013 Rodrigo Rebolo \u2013 D\u00e9bora Schmidt \u2013 Alexandre Rocha \u2013 Thiago Aires \u2013 Lucas Vieira \u2013 Paulo Ferreira \u2013 Mariana C. Munhoz Silva Patrocinadora OUROLUX \u2013 Roberto Saheli \u2013 Lucinete Felipe \u2013 Douglas Moraes \u2013 F\u00e1bio Mancini \u2013 Bruno Felipe \u2013 Luiz Henrique Zago \u2013 Paulo Godoy \u2013 Rodrigo Paiva \u2013 Paulo Ribeiro \u2013 Renato C. do Amaral. Patrocinadora PERFIL L\u00cdDER \u2013 Edson Leiva \u2013 Isaias Ferreira \u2013 Vinicius Jos\u00e9 \u2013 Andr\u00e9 Silva \u2013 Edison Matte \u2013 Jos\u00e9 Ara\u00fajo Junior \u2013 Luis Felipe \u2013 Ant\u00f4nio Junior \u2013 Luis Oliveira \u2013 Jos\u00e9 Sim\u00f5es Filho. Patrocinadora PRYSMIAN \u2013 Abner Silva \u2013 Carlos Koda \u2013 Felipe Augusto \u2013 Luana Stefanutti \u2013 Marcela Colli \u2013 Renan Ozilio \u2013 Ricardo Avena \u2013 Rodrigo Silva \u2013 Tha\u00eds Girardi \u2013 Thais Oliveira \u2013 Constanzo Di Cicco \u2013 Gustavo Camargo \u2013 Marcelo Brides \u2013 Roberto Carlos Mantoani \u2013 Thiago Slesaczek. Patrocinadora REAL FERF\u00cdL \u2013 Cl\u00e1udio C\u00e9sar Fantin \u2013 S\u00f4nia Siv\u00e9rio \u2013 Cicero Andr\u00e9 de Souza \u2013 Andreia Raggio \u2013 Simone Silv\u00e9rio \u2013 Luiz Ant\u00f4nio Boeno Costa \u2013 Jos\u00e9 Lu\u00eds Reina \u2013 Ricardo dos Reis \u2013 Francisco Marconi \u2013 Rodinei Escocard \u2013 Guilherme Santos \u2013 Washington Moreira \u2013 Rosangela Oliveira \u2013 Vilma Rodrigues. Cicero Andr\u00e9 de Souza tamb\u00e9m recebeu homenagens com o Pr\u00eamio Persona Abreme 2025. Patrocinadora RITTAL \u2013 Javier Aguirrezabal \u2013 Ta\u00eds Santos \u2013 Patr\u00edcia Freitas \u2013 Alex Lima \u2013 Fabiano Silv\u00e9rio \u2013 Fernando Costa \u2013 Andr\u00e9 Biscaro \u2013 Matheus Carvalho \u2013 Marcelo Machado &#8211; Felipe Maxi. Patrocinadora SCHNEIDER ELECTRIC \u2013 Joyce Morozowski \u2013 Roberto Rossi \u2013 Daniel Henrique Gatti \u2013 Raphael Vittorete \u2013 Fellipe Brand\u00e3o \u2013 Tamir Dias \u2013 Ricardo Menck \u2013 Cau\u00ea Diniz \u2013 Marcos Paulo Barbosa \u2013 Diego Relvas. Patrocinadora SIEMENS \u2013 Pablo Fava \u2013 Rafael Dias &#8211; Bianca Cerveira \u2013 Pablo Rodrigues \u2013 Danilo Alonso \u2013 F\u00e1bio Oliva \u2013 Beatriz Dobelin \u2013 Leonardo Beleboni \u2013 Thiago Souza \u2013 Elaine Porto \u2013 Thiago Franco \u2013 Amanda Santos &#8211; Robson Santos. Patrocinadora SIL FIOS E CABOS EL\u00c9TRICOS \u2013 Silvio Barone Junior \u2013 Maria Luiza Carillo Barone (n\u00e3o est\u00e1 na<\/p>\n","protected":false},"author":5,"featured_media":0,"parent":0,"menu_order":0,"comment_status":"closed","ping_status":"closed","template":"","meta":{"site-sidebar-layout":"no-sidebar","site-content-layout":"","ast-site-content-layout":"full-width-container","site-content-style":"default","site-sidebar-style":"default","ast-global-header-display":"","ast-banner-title-visibility":"","ast-main-header-display":"","ast-hfb-above-header-display":"","ast-hfb-below-header-display":"","ast-hfb-mobile-header-display":"","site-post-title":"disabled","ast-breadcrumbs-content":"","ast-featured-img":"disabled","footer-sml-layout":"","ast-disable-related-posts":"","theme-transparent-header-meta":"","adv-header-id-meta":"","stick-header-meta":"","header-above-stick-meta":"","header-main-stick-meta":"","header-below-stick-meta":"","astra-migrate-meta-layouts":"default","ast-page-background-enabled":"default","ast-page-background-meta":{"desktop":{"background-color":"var(--ast-global-color-4)","background-image":"","background-repeat":"repeat","background-position":"center center","background-size":"auto","background-attachment":"scroll","background-type":"","background-media":"","overlay-type":"","overlay-color":"","overlay-opacity":"","overlay-gradient":""},"tablet":{"background-color":"","background-image":"","background-repeat":"repeat","background-position":"center center","background-size":"auto","background-attachment":"scroll","background-type":"","background-media":"","overlay-type":"","overlay-color":"","overlay-opacity":"","overlay-gradient":""},"mobile":{"background-color":"","background-image":"","background-repeat":"repeat","background-position":"center center","background-size":"auto","background-attachment":"scroll","background-type":"","background-media":"","overlay-type":"","overlay-color":"","overlay-opacity":"","overlay-gradient":""}},"ast-content-background-meta":{"desktop":{"background-color":"var(--ast-global-color-5)","background-image":"","background-repeat":"repeat","background-position":"center center","background-size":"auto","background-attachment":"scroll","background-type":"","background-media":"","overlay-type":"","overlay-color":"","overlay-opacity":"","overlay-gradient":""},"tablet":{"background-color":"var(--ast-global-color-5)","background-image":"","background-repeat":"repeat","background-position":"center center","background-size":"auto","background-attachment":"scroll","background-type":"","background-media":"","overlay-type":"","overlay-color":"","overlay-opacity":"","overlay-gradient":""},"mobile":{"background-color":"var(--ast-global-color-5)","background-image":"","background-repeat":"repeat","background-position":"center center","background-size":"auto","background-attachment":"scroll","background-type":"","background-media":"","overlay-type":"","overlay-color":"","overlay-opacity":"","overlay-gradient":""}},"footnotes":""},"class_list":["post-6086","page","type-page","status-publish","hentry"],"_links":{"self":[{"href":"https:\/\/abreme.com.br\/index.php?rest_route=\/wp\/v2\/pages\/6086","targetHints":{"allow":["GET"]}}],"collection":[{"href":"https:\/\/abreme.com.br\/index.php?rest_route=\/wp\/v2\/pages"}],"about":[{"href":"https:\/\/abreme.com.br\/index.php?rest_route=\/wp\/v2\/types\/page"}],"author":[{"embeddable":true,"href":"https:\/\/abreme.com.br\/index.php?rest_route=\/wp\/v2\/users\/5"}],"replies":[{"embeddable":true,"href":"https:\/\/abreme.com.br\/index.php?rest_route=%2Fwp%2Fv2%2Fcomments&post=6086"}],"version-history":[{"count":61,"href":"https:\/\/abreme.com.br\/index.php?rest_route=\/wp\/v2\/pages\/6086\/revisions"}],"predecessor-version":[{"id":6522,"href":"https:\/\/abreme.com.br\/index.php?rest_route=\/wp\/v2\/pages\/6086\/revisions\/6522"}],"wp:attachment":[{"href":"https:\/\/abreme.com.br\/index.php?rest_route=%2Fwp%2Fv2%2Fmedia&parent=6086"}],"curies":[{"name":"wp","href":"https:\/\/api.w.org\/{rel}","templated":true}]}}